{"id":20701,"date":"2016-11-01T14:47:25","date_gmt":"2016-11-01T20:47:25","guid":{"rendered":"http:\/\/nofm-radio.com\/?p=20701"},"modified":"2016-11-01T14:47:25","modified_gmt":"2016-11-01T20:47:25","slug":"estos-son-los-8-mejores-tuits-sobre-la-desaparicion-de-javier-n","status":"publish","type":"archivo","link":"https:\/\/nofm-radio.com\/?archivo=estos-son-los-8-mejores-tuits-sobre-la-desaparicion-de-javier-n","title":{"rendered":"Estos son los 8 mejores tuits sobre la desaparici\u00f3n de Javier &quot;N&quot;"},"content":{"rendered":"<p>Como si no fuera suficientemente absurda la c\u00ednica fuga de <strong>Javier Duarte<\/strong>, la <strong>PGR<\/strong> se ech\u00f3 hoy una de esas pifias de antolog\u00eda. Resulta que en el comunicado de un<strong> operativo de b\u00fasqueda<\/strong>, la procuradur\u00eda capitalina decidi\u00f3 rebautizar la <strong>ex gobernador<\/strong> con el nombre de Javier &#8220;N&#8221;, pues hay que proteger la identidad del <strong>presunto culpable<\/strong>, aunque todos sepamos de qui\u00e9n se trata. En fin, el formalismo ya dio sus frutos en la <strong>Red<\/strong>, que ya saben que necesita de muy poco para echar a andar el <strong>tren del mame<\/strong>.<br \/>\nAqu\u00ed los 8 mejores <strong>tuits<\/strong> respecto de <strong>Javier &#8220;N&#8221;<\/strong>. Disfruten y guarden el secreto, no sea que se vaya a enterar de que lo andamos buscando.<br \/>\n<strong>* El ling\u00fc\u00edsta<\/strong><\/p>\n<blockquote class=\"twitter-tweet\" data-lang=\"es\">\n<p dir=\"ltr\" lang=\"es\">Matem\u00e1ticas simples: Javier &#8220;N&#8221;.<br \/>\nJavier = Javier Duarte de Ochoa.<br \/>\n&#8220;N&#8221; = Variable que no tiene un n\u00famero fijo de sucesiones (o posesiones).<\/p>\n<p>\u2014 Jos\u00e9 Luis Montenegro (@montenegrojluis) <a href=\"https:\/\/twitter.com\/montenegrojluis\/status\/793522252641738752\">1 de noviembre de 2016<\/a><\/p><\/blockquote>\n<p><script src=\"\/\/platform.twitter.com\/widgets.js\" async=\"\" charset=\"utf-8\"><\/script><strong>* El dedazo<\/strong><\/p>\n<blockquote class=\"twitter-tweet\" data-lang=\"es\"><p>\nJavier &#8220;N&#8221; lo pueden atorar f\u00e1cilmente, por su peso, digo por su puesto.<br \/>\n\u2014 ANTONINO ROIZ (@ANTUANIOLI) <a href=\"https:\/\/twitter.com\/ANTUANIOLI\/status\/793546997781237760\">1 de noviembre de 2016<\/a>\n<\/p><\/blockquote>\n<p><script src=\"\/\/platform.twitter.com\/widgets.js\" async=\"\" charset=\"utf-8\"><\/script><br \/>\n<strong>* El &#8220;Bye bye, birdie&#8221;<\/strong><\/p>\n<blockquote class=\"twitter-tweet\" data-lang=\"es\">\n<p dir=\"ltr\" lang=\"es\">Javier Duarte alias Javier &#8220;N&#8221;<br \/>\nDice adi\u00f3s a todos sus fans<br \/>\nDesde alg\u00fan lugar&#8230;<br \/>\n(\u2022\u0361.\u032e \u2022\u0361 )<br \/>\n\u255a\u2550\u261e De la impunidad  <a href=\"https:\/\/t.co\/PWsvKmY7ND\">pic.twitter.com\/PWsvKmY7ND<\/a><\/p>\n<p>\u2014 ghost cat  (@marantino02) <a href=\"https:\/\/twitter.com\/marantino02\/status\/793532156991508480\">1 de noviembre de 2016<\/a><\/p><\/blockquote>\n<p><script src=\"\/\/platform.twitter.com\/widgets.js\" async=\"\" charset=\"utf-8\"><\/script><strong>* El Matem\u00e1tico<\/strong><\/p>\n<blockquote class=\"twitter-tweet\" data-lang=\"es\"><p>\nX=Javier &#8220;N&#8221;<br \/>\nSe Despeja Javier y me queda X=&#8221;N&#8221;<br \/>\nY Por eso no lo encuentran.<br \/>\n\u2014 Pelafust\u00e1n (@ElAmanteDeJulia) <a href=\"https:\/\/twitter.com\/ElAmanteDeJulia\/status\/793537168274698241\">1 de noviembre de 2016<\/a>\n<\/p><\/blockquote>\n<p><script src=\"\/\/platform.twitter.com\/widgets.js\" async=\"\" charset=\"utf-8\"><\/script><br \/>\n<strong>* La que ni en cuenta con el caso<\/strong><\/p>\n<blockquote class=\"twitter-tweet\" data-lang=\"es\">\n<p dir=\"ltr\" lang=\"es\"><a href=\"https:\/\/twitter.com\/javier_n_garcia\">@javier_n_garcia<\/a> Y lo que te quiero yo qu\u00e9 <\/p>\n<p>\u2014 Paula Gonz\u00e1lez (@_paulagonzalezh) <a href=\"https:\/\/twitter.com\/_paulagonzalezh\/status\/793535586946674693\">1 de noviembre de 2016<\/a><\/p><\/blockquote>\n<p><script src=\"\/\/platform.twitter.com\/widgets.js\" async=\"\" charset=\"utf-8\"><\/script><strong>* El golpe de l\u00f3gica<\/strong><\/p>\n<blockquote class=\"twitter-tweet\" data-lang=\"es\"><p>\nJavier &#8220;N&#8221; no lo encontraron mas bien no lo buscaron el tipo no es precisamente invisible.<br \/>\n\u2014 dannya aribel ramos (@AribelDannya) <a href=\"https:\/\/twitter.com\/AribelDannya\/status\/793545904191971328\">1 de noviembre de 2016<\/a>\n<\/p><\/blockquote>\n<p><script src=\"\/\/platform.twitter.com\/widgets.js\" async=\"\" charset=\"utf-8\"><\/script><br \/>\n<strong>* La que lo explica todo<\/strong><\/p>\n<blockquote class=\"twitter-tweet\" data-lang=\"es\">\n<p dir=\"ltr\" lang=\"es\">Javier &#8220;N&#8221;<br \/>\nNo dejo<br \/>\nNada<br \/>\nNi un peso y<br \/>\nNunca lo devolvera&#8230;<br \/>\n-ahora entiendo todo.<\/p>\n<p>\u2014 alejandra (@aaaalexa8) <a href=\"https:\/\/twitter.com\/aaaalexa8\/status\/793537221361930240\">1 de noviembre de 2016<\/a><\/p><\/blockquote>\n<p><script src=\"\/\/platform.twitter.com\/widgets.js\" async=\"\" charset=\"utf-8\"><\/script><strong>* El ya todo pas\u00f3 en Los Simspon<\/strong><\/p>\n<blockquote class=\"twitter-tweet\" data-lang=\"es\"><p>\nUn cierto\u00a0gobernador pr\u00f3fugo\u00a0a quien s\u00f3lo llamar\u00e9\u00a0Javier N&#8230; mm, no es muy obvio mejor digamos J. Duarte<br \/>\n\u2014 Miguel (@TecnoM1ke) <a href=\"https:\/\/twitter.com\/TecnoM1ke\/status\/793542310902366208\">1 de noviembre de 2016<\/a>\n<\/p><\/blockquote>\n<p>As\u00ed es, muchachos y muchachas, ahora nos queda claro que no importa los delitos que cometamos, ni lo mucho que nos persigan, siempre contaremos con la PGR para salvaguardar nuestra identidad secreta.<br \/>\n&nbsp;<br \/>\n<script src=\"\/\/platform.twitter.com\/widgets.js\" async=\"\" charset=\"utf-8\"><\/script><\/p>\n","protected":false},"template":"","meta":{"_id_youtube":"","_id_vimeo":"","_podcasts_duration":"","_podcasts_url":"","_podcasts_show":"","_prog_horario_dias":"","_prog_hora":"","_prog_duration":""},"class_list":["post-20701","archivo","type-archivo","status-publish","hentry"],"_links":{"self":[{"href":"https:\/\/nofm-radio.com\/index.php?rest_route=\/wp\/v2\/archivo\/20701","targetHints":{"allow":["GET"]}}],"collection":[{"href":"https:\/\/nofm-radio.com\/index.php?rest_route=\/wp\/v2\/archivo"}],"about":[{"href":"https:\/\/nofm-radio.com\/index.php?rest_route=\/wp\/v2\/types\/archivo"}],"wp:attachment":[{"href":"https:\/\/nofm-radio.com\/index.php?rest_route=%2Fwp%2Fv2%2Fmedia&parent=20701"}],"curies":[{"name":"wp","href":"https:\/\/api.w.org\/{rel}","templated":true}]}}