{"id":20870,"date":"2016-11-09T17:00:31","date_gmt":"2016-11-09T23:00:31","guid":{"rendered":"http:\/\/nofm-radio.com\/?p=20870"},"modified":"2016-11-09T17:00:31","modified_gmt":"2016-11-09T23:00:31","slug":"8-sucesos-que-creimos-que-acabarian-con-el-mundo-y-no-paso","status":"publish","type":"archivo","link":"https:\/\/nofm-radio.com\/?archivo=8-sucesos-que-creimos-que-acabarian-con-el-mundo-y-no-paso","title":{"rendered":"8 sucesos que cre\u00edmos que acabar\u00edan con el mundo (y no pas\u00f3)"},"content":{"rendered":"<p>El drama es lo de hoy, y tal parece que lo ser\u00e1 por un buen tiempo. El inesperado <strong>triunfo de Donald Trump<\/strong> en las <strong>elecciones presidenciales<\/strong> de ayer fue un balde de agua fr\u00eda para el mundo. Nadie tiene muy claro que puede pasar, pero era un hecho que nadie ten\u00eda demasiadas ganas de encontrarse en este escenario. Pero, aunque no lo creamos ahora, el mundo no acabar\u00e1. Si algo sabe hacer el <strong>mundo de la pol\u00edtica<\/strong> es volver a acomodarse para volver a ser la norma, para encajar todo en los carriles que parezcan correctos.<br \/>\nPara comprobarlo est\u00e1 la historia: ac\u00e1 les dejamos otros ocho sucesos que sacudieron al mundo, casi hasta el extremo de vaticinar el <strong>ocaso de las civilizaciones<\/strong>, y que al final cicatrizaron, de buena o mala manera, hasta dejar a la humanidad tal y como estaba: sumida en la apat\u00eda.<br \/>\n<strong>* La Toma de Par\u00eds<\/strong><br \/>\n<iframe loading=\"lazy\" src=\"https:\/\/www.youtube.com\/embed\/AzVCc76IepY\" width=\"560\" height=\"315\" frameborder=\"0\" allowfullscreen=\"allowfullscreen\"><\/iframe><br \/>\n<strong>* El muro de Berl\u00edn<\/strong><br \/>\n<iframe loading=\"lazy\" src=\"https:\/\/www.youtube.com\/embed\/IZvP5BxqZsw\" width=\"560\" height=\"315\" frameborder=\"0\" allowfullscreen=\"allowfullscreen\"><\/iframe><br \/>\n<strong>* Nixon y el Watergate<\/strong><br \/>\n<iframe loading=\"lazy\" src=\"https:\/\/www.youtube.com\/embed\/jXCxZE0hZ40\" width=\"560\" height=\"315\" frameborder=\"0\" allowfullscreen=\"allowfullscreen\"><\/iframe><br \/>\n<strong>* La crisis de los misiles<\/strong><br \/>\n<iframe loading=\"lazy\" src=\"https:\/\/www.youtube.com\/embed\/QtDAQB1sA9k\" width=\"560\" height=\"315\" frameborder=\"0\" allowfullscreen=\"allowfullscreen\"><\/iframe><br \/>\n<strong>* Chernobyl<\/strong><br \/>\n<iframe loading=\"lazy\" src=\"https:\/\/www.youtube.com\/embed\/j96dsu-ZTtI\" width=\"560\" height=\"315\" frameborder=\"0\" allowfullscreen=\"allowfullscreen\"><\/iframe><br \/>\n<strong>* La ca\u00edda de la URSS<\/strong><br \/>\n<iframe loading=\"lazy\" src=\"https:\/\/www.youtube.com\/embed\/8b9haR_OM9g\" width=\"560\" height=\"315\" frameborder=\"0\" allowfullscreen=\"allowfullscreen\"><\/iframe><br \/>\n<strong>* El ataque a las Torres Gemelas<\/strong><br \/>\n<iframe loading=\"lazy\" src=\"https:\/\/www.youtube.com\/embed\/c6N91YRIwhs\" width=\"560\" height=\"315\" frameborder=\"0\" allowfullscreen=\"allowfullscreen\"><\/iframe><br \/>\n<strong>* Brexit<\/strong><br \/>\n<iframe loading=\"lazy\" src=\"https:\/\/www.youtube.com\/embed\/VEALC1z3QG8\" width=\"560\" height=\"315\" frameborder=\"0\" allowfullscreen=\"allowfullscreen\"><\/iframe><br \/>\nAs\u00ed es, muchachos y muchachas, qu\u00e9 siglos nos han tocado, pero aqu\u00ed nos toc\u00f3 vivir: en un mundo de <strong>superpotencias<\/strong>\u00a0bajo el mando de un par de locos. Tal vez sea el momento de aceptar que esos momentos de crisis no son la excepci\u00f3n sino una regla que se cumple a cabalidad cada tanto tiempo.<\/p>\n","protected":false},"template":"","meta":{"_id_youtube":"","_id_vimeo":"","_podcasts_duration":"","_podcasts_url":"","_podcasts_show":"","_prog_horario_dias":"","_prog_hora":"","_prog_duration":""},"class_list":["post-20870","archivo","type-archivo","status-publish","hentry"],"_links":{"self":[{"href":"https:\/\/nofm-radio.com\/index.php?rest_route=\/wp\/v2\/archivo\/20870","targetHints":{"allow":["GET"]}}],"collection":[{"href":"https:\/\/nofm-radio.com\/index.php?rest_route=\/wp\/v2\/archivo"}],"about":[{"href":"https:\/\/nofm-radio.com\/index.php?rest_route=\/wp\/v2\/types\/archivo"}],"wp:attachment":[{"href":"https:\/\/nofm-radio.com\/index.php?rest_route=%2Fwp%2Fv2%2Fmedia&parent=20870"}],"curies":[{"name":"wp","href":"https:\/\/api.w.org\/{rel}","templated":true}]}}