{"id":21047,"date":"2016-11-18T13:57:20","date_gmt":"2016-11-18T19:57:20","guid":{"rendered":"http:\/\/nofm-radio.com\/?p=21047"},"modified":"2016-11-18T13:57:20","modified_gmt":"2016-11-18T19:57:20","slug":"los-perez-hijos-de-pedro-infante","status":"publish","type":"archivo","link":"https:\/\/nofm-radio.com\/?archivo=los-perez-hijos-de-pedro-infante","title":{"rendered":"Los P\u00e9rez, hijos de Pedro (Infante)"},"content":{"rendered":"<p>por <strong>Gabriela Astorga P\u00e9rez<\/strong><br \/>\n<a href=\"https:\/\/twitter.com\/Gastorgap\" target=\"_blank\" rel=\"noopener noreferrer\">@Gastorgap<\/a><\/p>\n<p style=\"text-align: right;\"><em>A los multicitados P\u00e9rez Medina<\/em><\/p>\n<p>En mi casa se habla con <strong>Pedro Infante<\/strong>. No a Pedro Infante, un poco s\u00ed de Pedro Infante, pero m\u00e1s con \u00e9l. Quiz\u00e1 junto con <strong>Michael Jordan<\/strong> (combinaci\u00f3n de campeones) sea la \u00fanica referencia universal en mi familia adem\u00e1s de la sangre.\u00a0Como si fuera una especie de bautizo, alguien se integra a la manada cuando puede integrar naturalmente a la conversaci\u00f3n alguna frase de alguna pel\u00edcula del Inmortal Pedrito. La frase no tiene que ser ni chistosa ni tener mucho sentido, pero si se sabe utilizar, el trabajo de los P\u00e9rez est\u00e1 hecho.<br \/>\nLas ma\u00f1anas en la casa de mi abuela se acompa\u00f1aban con <strong>La hora de Pedro Infante<\/strong> sonando en la consola que qued\u00f3 atrapada en su \u00e9poca y ahora s\u00f3lo toca\u00a0los cl\u00e1sicos de la AM. Aunque debo decir que la gloria de ver a todos cantar completito un disco de Pedro (en mi casa le hablamos de t\u00fa) pertenece a la generaci\u00f3n de mi mam\u00e1. La m\u00eda canta las canciones de las pel\u00edculas, as\u00ed como podemos recitar fragmentos completos de los guiones, y tenemos fotos de mis primos mayores posando como <em><strong>Dos tipos de cuidado<\/strong><\/em>.<br \/>\nCuriosamente, poco se celebra en mi casa las consideradas grandes actuaciones del<strong> \u00eddolo de Guam\u00fachil<\/strong>. Poco se ve la trilog\u00eda de <em><strong>Pepe, el Toro<\/strong><\/em>, o la actuaci\u00f3n del indio <strong>Tizoc<\/strong> que le vali\u00f3 el\u00a0<strong>Oso<\/strong><strong>\u00a0de Plata<\/strong>. El Pedro de los P\u00e9rez es m\u00e1s el de los <strong>hermanos Soler<\/strong>, el de <strong>Sara Garc\u00eda<\/strong> y <strong>Blanca Estela Pav\u00f3n<\/strong>, que el de <strong>Mar\u00eda F\u00e9lix<\/strong> o <strong>Libertad Lamarque<\/strong>. En ese sentido, la <strong>\u00e9poca de oro del cine mexicano<\/strong> es en esos papeles de Pedro algo efectivamente idealizado, mucho m\u00e1s cercano al chiste que al glamour, como siempre lo ha sido el cine mexicano. A quien se queja de que Pedro no sab\u00eda actuar, habr\u00eda que contestarle que, como dice uno de mis t\u00edos, la magia suced\u00eda cuando \u00e9l tocaba la guitarra y sonaba el <strong>mariachi<\/strong> entero.<br \/>\nNunca he escuchado a un miembro de mi familia decirse fan o admirador de Pedro Infante, aunque hayamos aprendido su vida en la voz de <strong>Arturo de C\u00f3rdova<\/strong>, o en las p\u00e1ginas que <strong>Cl\u00edo<\/strong> le dedic\u00f3 hace ya bastantes a\u00f1os. Nadie ha comprado su tequila, aunque s\u00ed hemos visitado su tumba que est\u00e1 en el mismo pante\u00f3n que alberga al patriarca de estos P\u00e9rez. Las visitas al <strong>Pante\u00f3n Jard\u00edn<\/strong>, aunque cada vez m\u00e1s escasas, a menudo pasan por ambas tumbas. Los menores de la familia conocen de o\u00eddas y recuerdos a Pedro Infante, como saben sobre el abuelo que pocos nietos alcanzamos a conocer. La memoria de mi familia est\u00e1 asentada en ellos, como la vida est\u00e1 fundamentada en mi abuela.<br \/>\nHoy Pedro Infante cumplir\u00eda 99 a\u00f1os (don Trino andar\u00eda por los 106) y no se hace nada especial en casa. Quiz\u00e1 por ah\u00ed alguien lo mencionar\u00e1 al paso, pero la pr\u00f3xima vez que alguien suelte un\u00a0&#8220;Medina, se\u00f1ora, Medina&#8221;, sabremos que la la familia sigue intacta.<br \/>\n<iframe loading=\"lazy\" src=\"https:\/\/www.youtube.com\/embed\/sOZVO7FmSgM\" width=\"560\" height=\"315\" frameborder=\"0\" allowfullscreen=\"allowfullscreen\"><\/iframe><\/p>\n","protected":false},"template":"","meta":{"_id_youtube":"","_id_vimeo":"","_podcasts_duration":"","_podcasts_url":"","_podcasts_show":"","_prog_horario_dias":"","_prog_hora":"","_prog_duration":""},"class_list":["post-21047","archivo","type-archivo","status-publish","hentry"],"_links":{"self":[{"href":"https:\/\/nofm-radio.com\/index.php?rest_route=\/wp\/v2\/archivo\/21047","targetHints":{"allow":["GET"]}}],"collection":[{"href":"https:\/\/nofm-radio.com\/index.php?rest_route=\/wp\/v2\/archivo"}],"about":[{"href":"https:\/\/nofm-radio.com\/index.php?rest_route=\/wp\/v2\/types\/archivo"}],"wp:attachment":[{"href":"https:\/\/nofm-radio.com\/index.php?rest_route=%2Fwp%2Fv2%2Fmedia&parent=21047"}],"curies":[{"name":"wp","href":"https:\/\/api.w.org\/{rel}","templated":true}]}}