{"id":21114,"date":"2016-11-25T15:36:01","date_gmt":"2016-11-25T21:36:01","guid":{"rendered":"http:\/\/nofm-radio.com\/?p=21114"},"modified":"2016-11-25T15:36:01","modified_gmt":"2016-11-25T21:36:01","slug":"microteatro-mexico-arranca-su-temporada-infantil-por-terror","status":"publish","type":"archivo","link":"https:\/\/nofm-radio.com\/?archivo=microteatro-mexico-arranca-su-temporada-infantil-por-terror","title":{"rendered":"Microteatro M\u00e9xico arranca su temporada infantil &quot;por terror&quot;"},"content":{"rendered":"<p style=\"text-align: justify;\"><span class=\"_Tgc\"> Para quien no lo tenga claro, el <strong>microteatro<\/strong> es un <strong>formato<\/strong> teatral consistente en la representaci\u00f3n de una micro obra de duraci\u00f3n inferior a los <strong>15 minutos<\/strong> para un n\u00famero m\u00e1ximo de <strong>15 espectadores<\/strong>, representado en un escenario en el que el p\u00fablico se encuentra integrado dentro de una sala de medidas inferiores a los <strong>15 metros cuadrados<\/strong>. Con esta introducci\u00f3n les presentamos el estreno de la temporada 24 de <strong>Micro Teatro M\u00e9xico <\/strong> que arranca este s\u00e1bado 26 de noviembre con un cartel que incluye tres obras de microteatro <strong>infantil<\/strong> para el deleite de los &#8220;chilpayates&#8221; y los no tan j\u00f3venes.<\/span><\/p>\n<p><em><strong>Las zapatillas rojas de Mar\u00eda<\/strong><\/em><br \/>\nMar\u00eda es una ni\u00f1a hu\u00e9rfana que confecciona zapatos con la basura. Un d\u00eda recibe una oferta para cambiar su vida a cambio de olvidar todo su pasado. Con muchas ganas de progresar acepta sin saber las terribles consecuencias que vivir\u00e1\u2026 Y quiz\u00e1s la vida le dar\u00e1 una segunda<br \/>\noportunidad sol\u00f3 si, sacrifica lo que m\u00e1s ama.<\/p>\n<p style=\"text-align: justify;\"><span class=\"_Tgc\"><strong>Con:<\/strong><\/span><\/p>\n<p style=\"text-align: justify;\"><span class=\"_Tgc\">Carol Borkan y Zar Kis\u00edn<\/span><\/p>\n<p style=\"text-align: justify;\"><strong><em>To\u00f1a. La espantap\u00e1jaros que no ten\u00eda amigos<\/em><br \/>\n<\/strong><\/p>\n<p style=\"text-align: justify;\">El m\u00e1s grande sue\u00f1o de To\u00f1a es ser amiga de los cuervos que vuelan todos los d\u00edas sobre el maizal\u00a0 onde vive. Los cuales jam\u00e1s bajan por m\u00e1s que To\u00f1a les invita de sus granos de ma\u00edz. Hasta que un d\u00eda, Pancha, una cuervito ciega, cae herida en las manos de To\u00f1a.<\/p>\n<p style=\"text-align: justify;\"><strong>Con:<\/strong><\/p>\n<p style=\"text-align: justify;\">Tony Hern\u00e1ndez, Eduardo Salamanca, Violeta Elizalde e Isma Cuevas<\/p>\n<p style=\"text-align: justify;\"><em><strong>El Magn\u00edfico vs el Horribl\u00edsimo &#8220;mostro&#8221; del drenaje<\/strong><\/em><\/p>\n<p style=\"text-align: justify;\">As\u00ed es la historia de dos personajes que se esconden tras la m\u00e1scara y la apariencia del malentendido, prejuicios y discriminaci\u00f3n, atrapados en el cuadril\u00e1tero-equil\u00e1tero de la eterna pelea del bien contra el mal.<\/p>\n<p style=\"text-align: justify;\"><strong>Con:<\/strong><\/p>\n<p style=\"text-align: justify;\">Mario Iv\u00e1n Garc\u00eda, Jos\u00e9 Gabriel Jim\u00e9nez y Miguel \u00c1ngel Cruz Ram\u00edrez<\/p>\n<p style=\"text-align: justify;\">La temporada de microteatro infantil termina \u00e9ste domingo 27 de noviembre y las funciones son los s\u00e1bados y domingos desde las 12 hasta las 15 horas en Roble #3 Col. Santa Mar\u00eda la Rivera, cerca del Metrobus Buenavista. Las entradas se pueden reservar en el tel\u00e9fono 63-90-50-46.<\/p>\n<p style=\"text-align: justify;\">\n","protected":false},"template":"","meta":{"_id_youtube":"","_id_vimeo":"","_podcasts_duration":"","_podcasts_url":"","_podcasts_show":"","_prog_horario_dias":"","_prog_hora":"","_prog_duration":""},"class_list":["post-21114","archivo","type-archivo","status-publish","hentry"],"_links":{"self":[{"href":"https:\/\/nofm-radio.com\/index.php?rest_route=\/wp\/v2\/archivo\/21114","targetHints":{"allow":["GET"]}}],"collection":[{"href":"https:\/\/nofm-radio.com\/index.php?rest_route=\/wp\/v2\/archivo"}],"about":[{"href":"https:\/\/nofm-radio.com\/index.php?rest_route=\/wp\/v2\/types\/archivo"}],"wp:attachment":[{"href":"https:\/\/nofm-radio.com\/index.php?rest_route=%2Fwp%2Fv2%2Fmedia&parent=21114"}],"curies":[{"name":"wp","href":"https:\/\/api.w.org\/{rel}","templated":true}]}}