{"id":21167,"date":"2016-11-28T19:34:05","date_gmt":"2016-11-29T01:34:05","guid":{"rendered":"http:\/\/nofm-radio.com\/?p=21167"},"modified":"2016-11-28T19:34:05","modified_gmt":"2016-11-29T01:34:05","slug":"fueelejercito-8-puntos-para-entender-las-revelaciones-de-laverdaderanochedeiguala","status":"publish","type":"archivo","link":"https:\/\/nofm-radio.com\/?archivo=fueelejercito-8-puntos-para-entender-las-revelaciones-de-laverdaderanochedeiguala","title":{"rendered":"#FueElEj\u00e9rcito: 8 puntos para entender las revelaciones de #LaVerdaderaNochedeIguala"},"content":{"rendered":"<p>Es un lugar com\u00fan hablar del caso <strong>Ayotzinapa<\/strong> como un parteaguas en este pa\u00eds. Aunque de ninguna manera (por desgracia) \u00fanico, la <strong>desaparici\u00f3n de 43 normalistas<\/strong> de la escuela rural<strong> Ra\u00fal Isidro Burgos<\/strong> es, como ya se ha dicho hasta el cansancio, un caso paradigm\u00e1tico y simb\u00f3lico. Ayotzinapa resume las consecuencias de a\u00f1os de corrupci\u00f3n e impunidad, de injusticia social y desigualdad, y sobre todo de una absoluta falta de derecho a la verdad. As\u00ed lo dice la periodista <strong>Anabel Hern\u00e1ndez<\/strong>, cuando habla de su nuevo libro <em><strong>La verdadera noche de Iguala<\/strong><\/em>. Adelantado en un <a href=\"http:\/\/hemeroteca.proceso.com.mx\/?page_id=390643\" target=\"_blank\" rel=\"noopener noreferrer\">reportaje publicado en el semanario <em><strong>Proceso<\/strong><\/em><\/a>, la investigaci\u00f3n de Hern\u00e1ndez establece una nueva versi\u00f3n de lo que sucedi\u00f3 el 26 y 27 de septiembre de 2014 en Guerrero. No es de sorprenderse que esta nueva investigaci\u00f3n contradiga, una vez m\u00e1s, la &#8220;<strong>verdad hist\u00f3rica<\/strong>&#8221; que ya nadie cree; pero lo que s\u00ed provoca una sorpresa indignante es la exposici\u00f3n vergonzosa de las autoridades mexicanas.<br \/>\nAqu\u00ed les dejamos 8 puntos para entender las dimensiones de <strong>#LaVeraderaNochedeIguala<\/strong>, las nuevas l\u00edneas de investigaci\u00f3n que establece y las muchas interrogantes que se abren con esta nueva versi\u00f3n de los hechos.<br \/>\n<strong>* \u00a0De d\u00f3nde sale la nueva versi\u00f3n de los hechos<\/strong><br \/>\nLa investigaci\u00f3n de Anabel Hern\u00e1ndez cruza la informaci\u00f3n de los distintos reportes, como el del <strong>GIEI<\/strong> de la<strong> Comisi\u00f3n Interamericana de \u00a0Derechos Humanos<\/strong>, con dos piezas clave: la primera son los testimonios de testigos de las noches del 26 y 27 de septiembre, y el del <strong>capo de la droga<\/strong> encargado de la plaza de Iguala, que aporta certeros elementos sobre la colusi\u00f3n de las fuerzas del orden de todos los niveles con las redes del narcotr\u00e1fico. La segunda pieza que conforma la columna vertebral del reportaje es la <strong>Evaluaci\u00f3n T\u00e9cnico Jur\u00eddica<\/strong> que la <strong>PGR<\/strong> realiz\u00f3 de la propia investigaci\u00f3n presentada como la &#8220;<strong>verdad hist\u00f3rica<\/strong>&#8220;. Este \u00faltimo documento no se hizo p\u00fablico por \u00f3rdenes de <strong>Enrique Pe\u00f1a Nieto<\/strong>, y se\u00f1ala las muchas anomal\u00edas de la investigaci\u00f3n de la procuradur\u00eda, as\u00ed como la clara intervenci\u00f3n y omisiones del ej\u00e9rcito en el caso. Al cruzar estas informaciones, se establece que los <strong>normalistas<\/strong> fueron detenidos, atacados y desaparecidos por miembros del ej\u00e9rcito que buscaban recuperar, por ordenes del capo encargado de la plaza, un <strong>cargamento de hero\u00edna<\/strong> valuado en casi 2 millones de d\u00f3lares, que iba oculto en uno de los camiones secuestrados por los estudiantes. A partir de esa premisa se destapa la gran podredumbre.<br \/>\n<a class=\"no-eff img-link lightbox\" href=\"http:\/\/nofm-radio.com\/wp-content\/uploads\/2016\/11\/La-noche-de-Iguala.jpg\"><img loading=\"lazy\" decoding=\"async\" class=\"size-full wp-image-21177 aligncenter\" src=\"http:\/\/nofm-radio.com\/wp-content\/uploads\/2016\/11\/La-noche-de-Iguala.jpg\" alt=\"la-noche-de-iguala\" width=\"600\" height=\"274\" \/><\/a><br \/>\n<strong>* La investigaci\u00f3n de la investigaci\u00f3n<\/strong><br \/>\nTras la publicaci\u00f3n de la segunda parte del informe del GIEI, y de los se\u00f1alamientos a <strong>Tom\u00e1s Zer\u00f3n<\/strong> respecto de las irregularidades en la recolecci\u00f3n de evidencias en el<strong> r\u00edo y el basurero de Cocula<\/strong>, la entonces titular de la PGR, <strong>Arely G\u00f3mez<\/strong>, acept\u00f3 que se realizara una auditor\u00eda de la investigaci\u00f3n presentada como la &#8220;verdad hist\u00f3rica&#8221;. La investigaci\u00f3n conducida por <strong>C\u00e9sar Alejandro Ch\u00e1vez Flores<\/strong>, visitador general de la procuradur\u00eda, concluy\u00f3 que las actuaciones de Tom\u00e1s Zer\u00f3n en la investigaci\u00f3n del caso deb\u00edan ser inv\u00e1lidas \u201cporque las ilegalidades cometidas antes y despu\u00e9s de las inspecciones ten\u00edan un efecto corruptor en la prueba&#8221;. Igualmente, las conclusiones destacan la omisa actuaci\u00f3n de las fuerzas armadas, tanto las polic\u00edas municipales y federales, como del ej\u00e9rcito. En particular, se pide que se investigue al capit\u00e1n<strong> Jos\u00e9 Mart\u00ednez Crespo<\/strong> por sus posibles nexos con el crimen organizado.<br \/>\nCuando la investigaci\u00f3n de Ch\u00e1vez Flores termin\u00f3, la procuradora le solicit\u00f3 cambiar sus conclusiones; de hecho, el visitador recibi\u00f3 amenazas verbales y escritas para omitir datos. Puesto que \u00e9l se neg\u00f3, Arely G\u00f3mez le pidi\u00f3 no hacerlo p\u00fablico hasta recibir el visto bueno del presidente. \u00c9ste nunca lleg\u00f3: el reporte no se hizo p\u00fablico, y lleg\u00f3 a las manos de Anabel Hern\u00e1ndez gracias a una fuente an\u00f3nima. Meses m\u00e1s tarde, tanto Ch\u00e1vez Flores como G\u00f3mez salieron de la PGR, el primero fue obligado a renunciar, mientras la segunda fue trasladada a la <strong>Secretar\u00eda de la Funci\u00f3n P\u00fablica<\/strong>.<br \/>\n<a class=\"no-eff img-link lightbox\" href=\"http:\/\/nofm-radio.com\/wp-content\/uploads\/2016\/11\/La-noche-de-Iguala-7.jpg\"><img loading=\"lazy\" decoding=\"async\" class=\"alignnone size-full wp-image-21175\" src=\"http:\/\/nofm-radio.com\/wp-content\/uploads\/2016\/11\/La-noche-de-Iguala-7.jpg\" alt=\"la-noche-de-iguala-7\" width=\"800\" height=\"535\" \/><\/a><br \/>\n<strong>* \u00bfY Tom\u00e1s Zer\u00f3n?<\/strong><br \/>\nAparentemente los cambios en la procuradur\u00eda sucedieron para proteger a <strong>Tom\u00e1s Zer\u00f3n<\/strong>. El ex titular de la <strong>Agencia de Investigaci\u00f3n Criminal<\/strong> no solamente no fue sancionado ni acusado por falsear informaci\u00f3n. El funcionario present\u00f3 su renuncia el 14 de septiembre de 2016, y una horas despu\u00e9s fue nombrado <strong>Secretario T\u00e9cnico del Consejo de Seguridad Nacional<\/strong>, un puesto que reporta directamente al presidente. La investigaci\u00f3n coloca una vez m\u00e1s a Tom\u00e1s Zer\u00f3n como un intocable en el equipo de Pe\u00f1a Nieto, y tambi\u00e9n como una pieza clave para esclarecer el caso Ayotzinapa.<br \/>\n<a class=\"no-eff img-link lightbox\" href=\"http:\/\/nofm-radio.com\/wp-content\/uploads\/2016\/11\/La-noche-de-Iguala-6.jpg\"><img loading=\"lazy\" decoding=\"async\" class=\"alignnone size-full wp-image-21174\" src=\"http:\/\/nofm-radio.com\/wp-content\/uploads\/2016\/11\/La-noche-de-Iguala-6.jpg\" alt=\"la-noche-de-iguala-6\" width=\"768\" height=\"421\" \/><\/a><br \/>\n<strong>* El\u00a0capo y el coronel<\/strong><br \/>\nLa investigaci\u00f3n\u00a0al capit\u00e1n Jos\u00e9 Mart\u00ednez Crespo pedida por la evaluaci\u00f3n de\u00a0C\u00e9sar Alejandro Ch\u00e1vez Flores es s\u00f3lo el inicio para descubrir la relaci\u00f3n entre el ej\u00e9rcito asentado en Iguala y el <strong>crimen organizado<\/strong>. Seg\u00fan el testimonio del capo encargado de la plaza, dentro de su n\u00f3mina se encuentraban soldados de distintos niveles de los 27 y 41 batallones de Iguala. Este capo fue un socio minoritario de <strong>Arturo Beltr\u00e1n Leyva<\/strong> que ha logrado permanecer fuera del ojo p\u00fablico. Despu\u00e9s de la muerte de Beltr\u00e1n Leyva, el capo se estableci\u00f3 en Guerrero, y tendi\u00f3 redes de complicidad dentro de polic\u00edas federales, municipales, y distintas autoridades de ministeriales de Iguala y otros municipios. \u00c9l fue el primero en enterarse de que los normalistas hab\u00edan tomado el cami\u00f3n que llevaba el cargamento de la droga, y quien orden\u00f3 al coronel de infanter\u00eda <strong>Jos\u00e9 Rodr\u00edguez P\u00e9rez<\/strong>, comandante del <strong>27 Batall\u00f3n<\/strong>, que lo recuperara a como diera lugar.<br \/>\n<a class=\"no-eff img-link lightbox\" href=\"http:\/\/nofm-radio.com\/wp-content\/uploads\/2016\/11\/La-noche-de-Iguala-5.jpg\"><img loading=\"lazy\" decoding=\"async\" class=\"alignnone size-full wp-image-21173\" src=\"http:\/\/nofm-radio.com\/wp-content\/uploads\/2016\/11\/La-noche-de-Iguala-5.jpg\" alt=\"la-noche-de-iguala-5\" width=\"960\" height=\"539\" \/><\/a><br \/>\n<strong>* La orden era recuperar la droga<\/strong><br \/>\nTras la orden, se despleg\u00f3 un operativo para recuperar el cami\u00f3n de la l\u00ednea <strong>Estrella de Oro<\/strong> con el cargamento de la droga, para evitar el debilitamiento del capo en la plaza. Las dimensiones y la violencia del ataque se salieron de control porque dos de los camiones tomados por los estudiantes eran pr\u00e1cticamente id\u00e9nticos. Ambos fueron detenidos, mientras otro cami\u00f3n parecido, el del equipo de futbol juvenil <strong>Los Avispones<\/strong>, era tambi\u00e9n atacado. El famoso quinto cami\u00f3n omitido por la investigaci\u00f3n de la PGR, y evidenciado en el <strong>informe del GIEI<\/strong> fue del que se recuper\u00f3 la droga. La confusi\u00f3n fue tal que uno de los choferes fue llevado ante el capo, quien lo dej\u00f3 en libertad. La orden de recuperar la droga se torn\u00f3 en la de desaparecer a los estudiantes cuando los normalistas se dieron cuenta que los militares descargaban <strong>hero\u00edna<\/strong>.<br \/>\n<a class=\"no-eff img-link lightbox\" href=\"http:\/\/nofm-radio.com\/wp-content\/uploads\/2016\/11\/La-noche-de-Iguala-4.jpg\"><img loading=\"lazy\" decoding=\"async\" class=\"alignnone size-full wp-image-21172\" src=\"http:\/\/nofm-radio.com\/wp-content\/uploads\/2016\/11\/La-noche-de-Iguala-4.jpg\" alt=\"la-noche-de-iguala-4\" width=\"960\" height=\"540\" \/><\/a><br \/>\n<strong>* Fue el ej\u00e9rcito: lo supieron todo desde el inicio<\/strong><br \/>\nUno de los pilares de la &#8220;verdad hist\u00f3rica&#8221; es el desconocimiento de las fuerzas castrenses sobre el actuar de las polic\u00edas municipales respecto de los estudiantes. <strong>Jes\u00fas Murillo Karam<\/strong> lo dijo claro en su presentaci\u00f3n: &#8220;Si hubieran sabido se hubieran puesto del lado de los polic\u00edas.&#8221; Sin embargo, la investigaci\u00f3n de Anabel Hern\u00e1ndez basada en la Evaluaci\u00f3n T\u00e9cnico Jur\u00eddica dejan en claro que el ej\u00e9rcito monitore\u00f3 todo el tiempo el recorrido de los normalistas desde que estaban <em>boteando<\/em> hasta los hospitales a los que recurrieron los heridos. La <strong>investigaci\u00f3n a la PGR<\/strong> reconoce al menos nueve comunicaciones entre el<strong> C4<\/strong> y miembros del ej\u00e9rcito con los cuarteles militares, la primera sucedi\u00f3 a las 19:30 horas del 26 de septiembre, momento en que, seg\u00fan el informe del GIEI, los estudiantes se hallaban a\u00fan en la caseta de cobro procedentes de Chilpancingo, y la \u00faltima sucede entre las 10 y las 12 horas del 27 de septiembre, cuando un helic\u00f3ptero de la <strong>Polic\u00eda Federal<\/strong> recorri\u00f3 los terrenos donde supuestamente fueron quemados los normalistas, sin notar evidencia del incendio. Las comunicaciones incluyen los reportes de soldados en los hospitales a los que llevaron a los heridos, que demuestran la omisi\u00f3n en el auxilio a civiles.<br \/>\n<a class=\"no-eff img-link lightbox\" href=\"http:\/\/nofm-radio.com\/wp-content\/uploads\/2016\/11\/La-noche-de-Iguala-2.jpg\"><img loading=\"lazy\" decoding=\"async\" class=\"alignnone size-full wp-image-21171\" src=\"http:\/\/nofm-radio.com\/wp-content\/uploads\/2016\/11\/La-noche-de-Iguala-2.jpg\" alt=\"la-noche-de-iguala-2\" width=\"960\" height=\"667\" \/><\/a><br \/>\n<strong>* Fue el ej\u00e9rcito: el ataque<\/strong><br \/>\nLa orden fue clara: recuperar la droga. La evidencia tambi\u00e9n: en las escenas del crimen se encontraron<strong> cartuchos G3<\/strong>, portados esa noche \u00fanicamente por miembros del ej\u00e9rcito, y los cartuchos est\u00e1n marcados con las letras FC (f\u00e1brica de cartuchos) a los que s\u00f3lo pueden tener acceso la Sedena. A eso se suman las denuncias de los familiares de Los Avispones y de otros civiles que acudieron a la entrada del 27 batall\u00f3n de Infanter\u00eda en busca de ayuda, la que les fue negada. A esto hay que agregar la evidencia de otra investigaci\u00f3n publicada en el libro <em><strong>La guerra que nos ocultan<\/strong><\/em>, enfocada en la muerte de <strong>Julio C\u00e9sar Mondrag\u00f3n<\/strong>, que presenta los metadatos del celular del normalista para demostrar que el tel\u00e9fono fue utilizado en la entrada del<strong> Cisen<\/strong> y en el <strong>Campo Militar n\u00famero 1<\/strong>, es decir, que la injerencia del ej\u00e9rcito en el caso Ayotzinapa va mucho m\u00e1s all\u00e1 de los cuarteles de Iguala, y que la <strong>Secretar\u00eda de la Defensa Nacional<\/strong> ha sido omisa durante los 26 meses de investigaciones.<br \/>\n<a class=\"no-eff img-link lightbox\" href=\"http:\/\/nofm-radio.com\/wp-content\/uploads\/2016\/11\/La-noche-de-Igual-3.jpg\"><img loading=\"lazy\" decoding=\"async\" class=\"alignnone size-full wp-image-21170\" src=\"http:\/\/nofm-radio.com\/wp-content\/uploads\/2016\/11\/La-noche-de-Igual-3.jpg\" alt=\"la-noche-de-igual-3\" width=\"800\" height=\"400\" \/><\/a><br \/>\n<strong>* Las interogantes<\/strong><br \/>\nSon muchas las preguntas que salen a la luz con esta nueva versi\u00f3n de los hechos: \u00bfqu\u00e9 papel juega Tom\u00e1s Zer\u00f3n en el gobierno de Enrique Pe\u00f1a Nieto? \u00bfCu\u00e1ndo se abrir\u00e1n los<strong> cuarteles militares<\/strong> para la b\u00fasqueda de los estudiantes? \u00bfA qu\u00e9 nivel llega la complicidad entre funcionarios y el crimen organizado? \u00bfQui\u00e9n est\u00e1 a cargo de la plaza de Iguala actualmente? \u00bfCu\u00e1ndo se investigar\u00e1 la aparente inexistencia del grupo<strong> Guerreros Unidos<\/strong>, presuntos responsables de la desaparici\u00f3n de los normalistas? \u00bfCu\u00e1ndo sabremos la verdad?<br \/>\n<iframe loading=\"lazy\" src=\"https:\/\/www.youtube.com\/embed\/O1cZSHrqMUI\" width=\"560\" height=\"315\" frameborder=\"0\" allowfullscreen=\"allowfullscreen\"><\/iframe><br \/>\nAs\u00ed es, muchachos y muchachas, es necesario \u00a0y urgente que difundamos estas nuevas revelaciones, y que exijamos consecuencias en la forma en que el gobierno mexicano atiende el caso. Si los periodistas ya hicieron la mitad del trabajo, nos corresponde demandarle al gobierno de Enrique Pe\u00f1a Nieto que haga lo necesario para esclarecer el caso. El libro <strong><em>La verdadera noche de Iguala<\/em><\/strong> se presenta este 1 de diciembre en la <strong>FIL de Guadalajara<\/strong>, y estar\u00e1 disponible en librer\u00edas a partir de esa fecha. Si quieren leer los primeros cap\u00edtulos, pueden echarles un ojo <a href=\"http:\/\/aristeguinoticias.com\/2511\/mexico\/la-verdadera-noche-de-iguala-la-historia-que-se-ha-querido-ocultar-primeroscapitulos\/\" target=\"_blank\" rel=\"noopener noreferrer\">aqu\u00ed<\/a>\u00a0a los fragmentos publicados por el portal <strong>Aristegui Noticias<\/strong>.<\/p>\n","protected":false},"template":"","meta":{"_id_youtube":"","_id_vimeo":"","_podcasts_duration":"","_podcasts_url":"","_podcasts_show":"","_prog_horario_dias":"","_prog_hora":"","_prog_duration":""},"class_list":["post-21167","archivo","type-archivo","status-publish","hentry"],"_links":{"self":[{"href":"https:\/\/nofm-radio.com\/index.php?rest_route=\/wp\/v2\/archivo\/21167","targetHints":{"allow":["GET"]}}],"collection":[{"href":"https:\/\/nofm-radio.com\/index.php?rest_route=\/wp\/v2\/archivo"}],"about":[{"href":"https:\/\/nofm-radio.com\/index.php?rest_route=\/wp\/v2\/types\/archivo"}],"wp:attachment":[{"href":"https:\/\/nofm-radio.com\/index.php?rest_route=%2Fwp%2Fv2%2Fmedia&parent=21167"}],"curies":[{"name":"wp","href":"https:\/\/api.w.org\/{rel}","templated":true}]}}