{"id":21232,"date":"2016-12-05T13:16:03","date_gmt":"2016-12-05T19:16:03","guid":{"rendered":"http:\/\/nofm-radio.com\/?p=21232"},"modified":"2016-12-05T13:16:03","modified_gmt":"2016-12-05T19:16:03","slug":"topless-brasileno-8-canciones-llenas-de-calle-rock-y-carimbo","status":"publish","type":"archivo","link":"https:\/\/nofm-radio.com\/?archivo=topless-brasileno-8-canciones-llenas-de-calle-rock-y-carimbo","title":{"rendered":"Topless brasile\u00f1o. 8 canciones llenas de calle, rock y carimb\u00f3"},"content":{"rendered":"<p>Por <strong>Alejandro Guerrero<\/strong><br \/>\n<a href=\"https:\/\/twitter.com\/elAleGuarrero\" target=\"_blank\" rel=\"noopener noreferrer\">@elAleGuarrero<\/a><br \/>\nComo ya todos sabemos, nuestro <strong>Ale Guerrero<\/strong> anda por tierra cariocas, pas\u00e1ndola mejor que nunca. Y como tambi\u00e9n todos sabemos, el Ale es un ser generoso por lo que ha decidido hacernos llegar la crema y nata de lo que est\u00e1 produciendo la <strong>escena independiente brasileira<\/strong>. Aqu\u00ed una primera muestra del Topless Brasile\u00f1o. Disfruten.<br \/>\n<strong>Luiza Lian &#8211; Falador<\/strong><br \/>\nEl sonido de <strong>Luiza Lian<\/strong> conjuga elementos r\u00edtmicos del <strong>carimb\u00f3<\/strong> (danza de roda de origen ind\u00edgena que es t\u00edpica del estado de <strong>Par\u00e1<\/strong>) con sonidos sintetizados de herramientas electr\u00f3nicas, aderezadas de una melodiosa voz\u2026 apenas miel para tus o\u00eddos. Esc\u00fachenla en este tema para encoxar (bailar pegadito juntando los muslos) suave mientras de lengua se comen un taco.<br \/>\n<iframe loading=\"lazy\" src=\"https:\/\/www.youtube.com\/embed\/9Av_Auxb-jc\" width=\"560\" height=\"315\" frameborder=\"0\" allowfullscreen=\"allowfullscreen\"><\/iframe><br \/>\n<strong>Z\u00e9 Pereira &#8211; Cobra Rasteira<\/strong><br \/>\nSiguiendo en la secuencia del carimb\u00f3, llega <strong>Z\u00e9 Pereira<\/strong>: tr\u00edo paulistano que tuve oportunidad de ver en vivo en la reciente edici\u00f3n del <strong>Festival \u00d3rbita<\/strong>. Es incre\u00edble lo que un bajo, una bater\u00eda y una guitarra pueden transmitir a la gente. Seguro te har\u00e1n mover la patita.<br \/>\n<iframe loading=\"lazy\" src=\"https:\/\/www.youtube.com\/embed\/cOC67d7-d6w\" width=\"560\" height=\"315\" frameborder=\"0\" allowfullscreen=\"allowfullscreen\"><\/iframe><br \/>\n<strong>Saulo Duarte e a Unidade &#8211; Zonzon<\/strong><br \/>\nSaulo Duarte lleva un rato sonando en estos lares. Ha participado en varios proyectos de diversas \u00edndoles. Aqu\u00ed presentamos un tema de su disco <em><strong>Quente<\/strong><\/em> que presenta una mezcla de estilos tradicionales como la lambada y el swing, que nos recuerdan al Amazonas.<br \/>\n<iframe loading=\"lazy\" src=\"https:\/\/www.youtube.com\/embed\/E2iOTgVaqXw\" width=\"560\" height=\"315\" frameborder=\"0\" allowfullscreen=\"allowfullscreen\"><\/iframe><br \/>\n<strong>Cidadao Instigado &#8211; Dizem que sou Louco por Voc\u00ea<\/strong><br \/>\nLlegamos as\u00ed a <strong>Cidadao Instigado<\/strong>, banda que muchos consideran lo mejor que se est\u00e1 haciendo en materia de <strong>rock<\/strong> en el Brasil. Su sonido combina fuertes riffs distorsionados con suaves melod\u00edas provenientes de la m\u00fasica popular, s\u00f3lidos solos de guitarra y figuras que acompa\u00f1an a la voz, creando atm\u00f3sferas psicod\u00e9licas que te introducen en una selva sonora salvaje.<br \/>\n<iframe loading=\"lazy\" src=\"https:\/\/www.youtube.com\/embed\/3jAXN_OFT20\" width=\"560\" height=\"315\" frameborder=\"0\" allowfullscreen=\"allowfullscreen\"><\/iframe><br \/>\n<strong>Aninha Martins &#8211; Faz Ideia<\/strong><br \/>\nAninha Martins es una de las nuevas grandes cantantes que est\u00e1 dando el Brasil para el mundo. Es dif\u00edcil sobresalir en una escena tan competida, con tanta historia y de gran calidad, sin embargo su potente voz le ha valido destacar y poco a poco va ganando el lugar que le corresponde dentro de las nuevas voces de la <strong>M\u00fasica Popular Brasileira<\/strong>. La tambi\u00e9n actriz posee un timbre muy especial, que la ha llevado a ser comparada con grandes leyendas como <strong>Mar\u00eda Beth\u00e2nia<\/strong> y <strong>Evinha<\/strong>. D\u00e9jense seducir por ella, se les pondr\u00e1 la piel de gallina.<br \/>\n<iframe loading=\"lazy\" src=\"https:\/\/www.youtube.com\/embed\/Q1n9aV79690\" width=\"560\" height=\"315\" frameborder=\"0\" allowfullscreen=\"allowfullscreen\"><\/iframe><br \/>\n<strong>Liniker e os Caramelows &#8211; Louise du Br\u00e9sil<\/strong><br \/>\nLa historia de Liniker parece ser extra\u00edda de una novela mexicana. Conjugando la realidad de la periferia paulista, promueve que cada quien se sienta libre y c\u00f3modo de ejercer su sexualidad como mejor le parezca. Sale a la luz a partir de tres v\u00eddeos que coloc\u00f3 en <strong>YouTube<\/strong> y que al paso de unos d\u00edas consiguieron millones de reproducciones, adem\u00e1s de un sin fin de gente ansiosa por escuchar m\u00e1s. Ha sido tal su \u00e9xito que lleva ya varios meses en interminables giras por el interior del pa\u00eds. Les dejo pues este tema proveniente de su primer y m\u00e1s reciente material llamado <em><strong>Remonta<\/strong><\/em>, seguro gozan.<br \/>\n<iframe loading=\"lazy\" src=\"https:\/\/www.youtube.com\/embed\/c4N2p3cRi88\" width=\"560\" height=\"315\" frameborder=\"0\" allowfullscreen=\"allowfullscreen\"><\/iframe><br \/>\n<strong>As Bahias e a Cozinha Mineira &#8211; Uma Can\u00e7ao pra Voc\u00ea<\/strong><br \/>\nRepresentando al estado de <strong>Minas Gerais<\/strong>, llegan As Bahias e a Cozinha Mineira, agrupaci\u00f3n que te har\u00e1 estremecer con la potencia de la voz de <strong>Assucena Assucena<\/strong> as\u00ed como balancear suave conforme los arreglos de la banda se desenvuelven en el c\u00e1lido espacio sonoro que desenvuelven gracias a sus timbres blueseros y profundas letras.<br \/>\n<iframe loading=\"lazy\" src=\"https:\/\/www.youtube.com\/embed\/OPDBOLJGvZ0\" width=\"560\" height=\"315\" frameborder=\"0\" allowfullscreen=\"allowfullscreen\"><\/iframe><br \/>\n<strong>Mamparra &#8211; cheia de rua<\/strong><br \/>\nLlegamos al final de este primer TopLessBrasil con un tema lleno de calle. La banda Mamparra oriunda de la megal\u00f3polis Sao Paulo, presenta temas c\u00e1lidos que te introducen al trance del balanceo suave y copado. D\u00e9jense llevar por sus c\u00e1lidos metales as\u00ed como las im\u00e1genes que dibujan en nuestra mente a partir de su sonido.<br \/>\n<iframe loading=\"lazy\" src=\"https:\/\/www.youtube.com\/embed\/pmdvDUAaqA0\" width=\"560\" height=\"315\" frameborder=\"0\" allowfullscreen=\"allowfullscreen\"><\/iframe><br \/>\nAgradezco mucho la ayuda de la <strong>DJ Gabriela Pensanuvem<\/strong> quien est\u00e1 siendo mi gu\u00eda por la densa floresta sonora que en el Brasil existe, sin su gentil cooperaci\u00f3n, el transitar por este mato, ser\u00eda harto dif\u00edcil, sin br\u00fajula, sin direcci\u00f3n.<\/p>\n","protected":false},"template":"","meta":{"_id_youtube":"","_id_vimeo":"","_podcasts_duration":"","_podcasts_url":"","_podcasts_show":"","_prog_horario_dias":"","_prog_hora":"","_prog_duration":""},"class_list":["post-21232","archivo","type-archivo","status-publish","hentry"],"_links":{"self":[{"href":"https:\/\/nofm-radio.com\/index.php?rest_route=\/wp\/v2\/archivo\/21232","targetHints":{"allow":["GET"]}}],"collection":[{"href":"https:\/\/nofm-radio.com\/index.php?rest_route=\/wp\/v2\/archivo"}],"about":[{"href":"https:\/\/nofm-radio.com\/index.php?rest_route=\/wp\/v2\/types\/archivo"}],"wp:attachment":[{"href":"https:\/\/nofm-radio.com\/index.php?rest_route=%2Fwp%2Fv2%2Fmedia&parent=21232"}],"curies":[{"name":"wp","href":"https:\/\/api.w.org\/{rel}","templated":true}]}}