{"id":21527,"date":"2017-01-20T12:56:08","date_gmt":"2017-01-20T18:56:08","guid":{"rendered":"http:\/\/nofm-radio.com\/?p=21527"},"modified":"2017-01-20T12:56:08","modified_gmt":"2017-01-20T18:56:08","slug":"es-trump-el-final-de-la-globalizacion","status":"publish","type":"archivo","link":"https:\/\/nofm-radio.com\/?archivo=es-trump-el-final-de-la-globalizacion","title":{"rendered":"\u00bfEs Trump el Final de la Globalizaci\u00f3n?"},"content":{"rendered":"<p>por <strong>Diego Casta\u00f1eda<\/strong><br \/>\n<a href=\"https:\/\/twitter.com\/DiegoCastaneda\" target=\"_blank\" rel=\"noopener noreferrer\">@DiegoCastaneda<\/a><br \/>\nHace algunos a\u00f1os me encontraba preparando mi examen final de la clase <strong>Historia Econ\u00f3mica desde el Siglo XIX<\/strong> (1820-2012) el cual giraba entorno a discutir el siguiente postulado \u201cLa <strong>globalizaci\u00f3n<\/strong> es un proyecto pol\u00edtico y no un proceso inevitable\u201d. De forma impl\u00edcita tal afirmaci\u00f3n contiene dos posibilidades:<br \/>\n1) si la globalizaci\u00f3n es un proyecto pol\u00edtico esto implica que puede dejar de existir en cuanto las <strong>condiciones pol\u00edticas<\/strong> que la sostienen desparecen.<br \/>\n2) si la globalizaci\u00f3n es un proceso inevitable por lo que es un fen\u00f3meno estructural e ineludible: lleg\u00f3 para quedarse.<br \/>\nLa llegada de <strong>Trump<\/strong> al poder en<strong> Estados Unidos,<\/strong> y la prominente agenda proteccionista que propone,\u00a0ha hecho que muchos, incluidas algunas de las mentes m\u00e1s brillantes del campo, se pregunten si lleg\u00f3 el ocaso de la globalizaci\u00f3n. Antes de entrar de lleno a tal cuestionamiento, vale\u00a0pena definir con algo de precisi\u00f3n que entendemos por \u201cglobalizaci\u00f3n\u201d<br \/>\nQuiz\u00e1 la forma m\u00e1s precisa de definir <strong>globalizaci\u00f3n<\/strong> para los efectos que son relevantes a la <strong>integraci\u00f3n econ\u00f3mica<\/strong> del mundo es la que hace <strong>Robert Cox:<\/strong><\/p>\n<blockquote><p>El proceso de internacionalizaci\u00f3n de la producci\u00f3n con una nueva divisi\u00f3n internacional del trabajo, nuevos movimientos migratorios y un ambiente competitivo que acelera esos procesos.<\/p><\/blockquote>\n<p>Partiendo de esta definici\u00f3n podemos entender que la globalizaci\u00f3n es un proceso o una serie de procesos que no denotan un punto final en la <strong>evoluci\u00f3n hist\u00f3rica del mundo<\/strong>, \u00e9sta puede transformarse, desparecer o perdurar de manera que es incierta y puede apuntar a un sin n\u00famero de direcciones al mismo tiempo.<br \/>\nDebido a que la globalizaci\u00f3n implica una serie de procesos inciertos, es posible que las sociedades la experimenten de formas distintas, algunas con mayor integraci\u00f3n, algunas con fragmentaci\u00f3n y aislamiento. Estos procesos han llevado consigo grandes transformaciones en el <strong>comercio mundial<\/strong>, en el<strong> rol del Estado<\/strong>, en los flujos comerciales, la integraci\u00f3n vertical de cadenas de valor, entre otras. Sin embargo, todos estos distintos aspectos est\u00e1n atados por un contexto pol\u00edtico y, por lo tanto, en la existencia de un consenso que le sostiene.<br \/>\n<iframe loading=\"lazy\" class=\"giphy-embed\" src=\"\/\/giphy.com\/embed\/l41YfnhA7QNddFD0Y\" width=\"480\" height=\"323\" frameborder=\"0\" allowfullscreen=\"allowfullscreen\"><\/iframe><br \/>\nLa globalizaci\u00f3n no es un proceso nuevo, algunos la sit\u00faan con el nacimiento del orden internacional de la posguerra de la <strong>Segunda Guerra Mundial;<\/strong>\u00a0otros de forma m\u00e1s acertada la ubican por lo menos en el siglo XIX. Pero es posible argumentar que en algunas de sus formas como el comercio internacional podr\u00edamos rastrear sus or\u00edgenes hasta la <strong>Liga Hanse\u00e1tica<\/strong> en la <strong>Edad Media<\/strong> o las flotas comerciales venecianas y las compa\u00f1\u00edas de las indias holandesa y brit\u00e1nica.<br \/>\nEn esencia, los aspectos m\u00e1s modernos de la globalizaci\u00f3n no est\u00e1n en el comercio, sino en la <strong>producci\u00f3n internacional<\/strong>, en la divisi\u00f3n internacional del trabajo y la integraci\u00f3n vertical (la fragmentaci\u00f3n de la producci\u00f3n en distintos procesos en distintos lugares geogr\u00e1ficos). Estos procesos modernos de la globalizaci\u00f3n han venido acompa\u00f1ados de cuestionamientos sobre la <strong>distribuci\u00f3n global del ingreso<\/strong> y de la riqueza, es decir sobre la <strong>desigualdad<\/strong> y el v\u00ednculo entre el comercio y el crecimiento econ\u00f3mico. La p\u00e9rdida de autonom\u00eda nacional al erosionar la capacidad de los estados para perseguir objetivos de <strong>pol\u00edticas p\u00fablicas<\/strong> nacionales, sobre los costos ambientales que est\u00e1n vinculados con el proceso de industrializaci\u00f3n de los pa\u00edses y la producci\u00f3n global, as\u00ed como el acelerado cambio tecnol\u00f3gico en el que vivimos.<br \/>\nEntonces partiendo de todo el contexto anterior \u00bfc\u00f3mo podemos discutir la afirmaci\u00f3n sobre si la globalizaci\u00f3n es un arreglo pol\u00edtico o un proceso inevitable?<br \/>\n<iframe loading=\"lazy\" class=\"giphy-embed\" src=\"\/\/giphy.com\/embed\/3o6Ei3wAkxj7aKe3XW\" width=\"480\" height=\"480\" frameborder=\"0\" allowfullscreen=\"allowfullscreen\"><\/iframe><br \/>\nEn mi opini\u00f3n, la forma m\u00e1s ilustrada de discutir el asunto en cuesti\u00f3n es reconociendo que la globalizaci\u00f3n s\u00ed es un <strong>arreglo pol\u00edtico<\/strong>, porque parte de una convenci\u00f3n aceptada en distintos niveles, desde el orden econ\u00f3mico y pol\u00edtico internacional hasta en lo dom\u00e9stico. Con toda seguridad, esta <strong>convenci\u00f3n<\/strong> tiene un proceso sist\u00e9mico que la refuerza conforme la din\u00e1mica de integraci\u00f3n econ\u00f3mica se acelera, pero esta aceleraci\u00f3n no la hace indetenible. Si miramos con atenci\u00f3n, en la historia podemos ver con facilidad que la econom\u00eda mundial en el siglo XIX era en muchas mediciones m\u00e1s global que la de hoy en d\u00eda: por ejemplo, con la libre movilidad del trabajo, con un orden internacional (el patr\u00f3n oro) completamente dise\u00f1ado para que las econom\u00edas nacionales tuvieran como \u00fanico objetivo la estabilidad cambiaria y los flujos comerciales.<br \/>\nA pesar de todo eso, el periodo de 1870-1914 que algunos llaman la <strong>primera era de la globalizaci\u00f3n<\/strong> colaps\u00f3 con el estallido de la <strong>Primera Guerra Mundial<\/strong> y las olas de proteccionismo que desat\u00f3. Incluso despu\u00e9s de terminada la Gran Guerra, la globalizaci\u00f3n nunca regres\u00f3 \u00a0sino hasta 1945 con el nacimiento del <strong>nuevo orden mundial<\/strong> y consenso liberal que la sosten\u00eda. As\u00ed que la primera lecci\u00f3n que debemos aprender es que la globalizaci\u00f3n al menos puede verse interrumpida cuando las condiciones pol\u00edticas que la sostienen cambian.<br \/>\n<iframe loading=\"lazy\" class=\"giphy-embed\" src=\"\/\/giphy.com\/embed\/Rx3Ppgb9uQKic\" width=\"480\" height=\"270\" frameborder=\"0\" allowfullscreen=\"allowfullscreen\"><\/iframe><br \/>\nVolviendo a la preocupaci\u00f3n de todos estos d\u00edas \u00bfpodr\u00eda <strong>Trump<\/strong> representar una nueva interrupci\u00f3n o incluso el fin de la globalizaci\u00f3n?<br \/>\nNo es la primera vez que se da por muerta la <strong>globalizaci\u00f3n<\/strong>. Tras los catastr\u00f3ficos ataques del <strong>11 de septiembre<\/strong> de 2001 en Nueva York los obituarios que se escribieron a la globalizaci\u00f3n fueron numerosos. No obstante, la globalizaci\u00f3n no se fue a ninguna parte. Una vez m\u00e1s, tras la crisis financiera de 2008-2009, los lamentos por el final de la llamada<strong> segunda era de la globalizaci\u00f3n<\/strong> volvieron a verse en todos los medios ,y de igual forma, la globalizaci\u00f3n no se fue a ning\u00fan lado.<br \/>\nAl contrario, lejos de morir, ha mostrado una tremenda <strong>resiliencia:<\/strong>\u00a0a pesar de que el comercio mundial, los <strong>flujos de capitales<\/strong> y otros indicadores se fueron en reversa, la globalizaci\u00f3n continu\u00f3 porque est\u00e1 entretejida social e institucionalmente a trav\u00e9s de arreglos pol\u00edticos y culturales, no s\u00f3lo econ\u00f3micos. Este entretejido ha hecho que la globalizaci\u00f3n misma se vuelva un objetivo de la estabilidad de las econom\u00edas del mundo. Esto se debe a que \u00a0estos arreglos pol\u00edticos provee el pegamento ideol\u00f3gico e institucional que ha facilitado, promovido y beneficiado la <strong>integraci\u00f3n<\/strong>.<br \/>\nCon el advenimiento de la<strong> administraci\u00f3n Trump<\/strong> es la tercera vez en lo que va del siglo XXI que muchos se preguntan si estamos en el fin de la globalizaci\u00f3n, algunos celebrando la tan anunciada muerte, otros con una profunda preocupaci\u00f3n por el posible nacimiento de un nuevo orden.<br \/>\n<iframe loading=\"lazy\" class=\"giphy-embed\" src=\"\/\/giphy.com\/embed\/pqZSDrEjCwdGw\" width=\"480\" height=\"270\" frameborder=\"0\" allowfullscreen=\"allowfullscreen\"><\/iframe><br \/>\nDe la forma en que yo veo las cosas, una vez m\u00e1s las exequias de la globalizaci\u00f3n tendr\u00e1n que esperar. Esto no quiere decir que no veremos cambios, tal como se han dado al menos durante los \u00faltimos 500 a\u00f1os. M\u00e1s que el fin de la globalizaci\u00f3n pienso que estamos observando el fin del fen\u00f3meno que se conoce como \u201c<strong>hiperglobalizaci\u00f3n<\/strong>\u201d, es decir, un momento singular en la <strong>historia econ\u00f3mica<\/strong> en la que la tasa de expansi\u00f3n del <strong>comercio global<\/strong> ha crecido a un ritmo muy superior a la que ha crecido la <strong>econom\u00eda del mundo<\/strong>. El fin de este periodo anuncia un retorno a la normalidad hist\u00f3rica, con un comercio en l\u00ednea con el crecimiento y donde \u00e9ste ya no se puede pensar como la salida r\u00e1pida para el desarrollo.<br \/>\nTrump y el <strong>proteccionismo<\/strong> que enarbola acelerara dichos cambios y, en consecuencias, har\u00e1 que algunos de los problemas que la r\u00e1pida integraci\u00f3n econ\u00f3mica y expansi\u00f3n comercial hab\u00edan ocultado durante mucho tiempo sean evidentes. Por ejemplo la falta de convergencia en niveles de desarrollo de muchas econom\u00edas en el mundo\u00a0o la creciente <strong>desigualdad<\/strong> en pa\u00edses como China, el gran ganador de la globalizaci\u00f3n en su fase m\u00e1s reciente.<br \/>\nAl mismo tiempo, Trump representa un cambio de \u00e9poca y el final del viejo consenso inaugurado por <strong>Thatcher y Reagan<\/strong> a finales de los a\u00f1os setenta y principios de los ochenta, abre la oportunidad de que generemos un nuevo consenso en el que la globalizaci\u00f3n coexista con un <strong>desarrollo m\u00e1s equitativo<\/strong> y haga frente a los retos que heredamos. Con toda certeza construir este nuevo consenso no ser\u00e1 sencillo y la pol\u00edtica econ\u00f3mica e internacional de Estados Unidos durante los pr\u00f3ximos a\u00f1os no har\u00e1 f\u00e1cil esta tarea, pero la hagamos o no lo m\u00e1s probable es que en algunos a\u00f1os cuando reflexionemos al respecto la globalizaci\u00f3n en alguna de sus formas, con los cambios que sufra y con las nuevas realidades pol\u00edticas, estar\u00e1 ah\u00ed tal como ha estado de distintas formas desde los tiempos de<strong> Thomas Munn<\/strong> hasta los de Amazon.<br \/>\n<iframe loading=\"lazy\" class=\"giphy-embed\" src=\"\/\/giphy.com\/embed\/z619OZp86JaBG\" width=\"480\" height=\"319\" frameborder=\"0\" allowfullscreen=\"allowfullscreen\"><\/iframe><\/p>\n","protected":false},"template":"","meta":{"_id_youtube":"","_id_vimeo":"","_podcasts_duration":"","_podcasts_url":"","_podcasts_show":"","_prog_horario_dias":"","_prog_hora":"","_prog_duration":""},"class_list":["post-21527","archivo","type-archivo","status-publish","hentry"],"_links":{"self":[{"href":"https:\/\/nofm-radio.com\/index.php?rest_route=\/wp\/v2\/archivo\/21527","targetHints":{"allow":["GET"]}}],"collection":[{"href":"https:\/\/nofm-radio.com\/index.php?rest_route=\/wp\/v2\/archivo"}],"about":[{"href":"https:\/\/nofm-radio.com\/index.php?rest_route=\/wp\/v2\/types\/archivo"}],"wp:attachment":[{"href":"https:\/\/nofm-radio.com\/index.php?rest_route=%2Fwp%2Fv2%2Fmedia&parent=21527"}],"curies":[{"name":"wp","href":"https:\/\/api.w.org\/{rel}","templated":true}]}}