{"id":21574,"date":"2017-01-23T15:20:49","date_gmt":"2017-01-23T21:20:49","guid":{"rendered":"http:\/\/nofm-radio.com\/?p=21574"},"modified":"2017-01-23T15:20:49","modified_gmt":"2017-01-23T21:20:49","slug":"fisicamaciza-espuma-cuantica-las-barbas-de-merlin","status":"publish","type":"archivo","link":"https:\/\/nofm-radio.com\/?archivo=fisicamaciza-espuma-cuantica-las-barbas-de-merlin","title":{"rendered":"#F\u00edsicaMaciza. Espuma cu\u00e1ntica, las barbas de Merl\u00edn"},"content":{"rendered":"<p>por<strong> Diego Vidal Cruz-Prieto<\/strong><br \/>\n<a href=\"https:\/\/twitter.com\/vidaleando\" target=\"_blank\" rel=\"noopener noreferrer\">@vidaleando<\/a><br \/>\n<em>A nadie le importa un carajo la ciencia o sus aplicaciones hasta que le detectan c\u00e1ncer.<\/em><br \/>\nPara que nadie la arme de pedo, ac\u00e1 les dejo el resultado que muetra\u00a0clarito que ustedes eligieron esta marihuanada de tema.<\/p>\n<blockquote class=\"twitter-tweet\" data-lang=\"en\">\n<p dir=\"ltr\" lang=\"es\">\u00bfDe qu\u00e9 quieres que hablemos en la siguiente <a href=\"https:\/\/twitter.com\/hashtag\/F%C3%ADsicaMaciza?src=hash\">#F\u00edsicaMaciza<\/a>? <a href=\"https:\/\/twitter.com\/hashtag\/VotaMacizo?src=hash\">#VotaMacizo<\/a><\/p>\n<p>\u2014 Diego Vidal (@vidaleando) <a href=\"https:\/\/twitter.com\/vidaleando\/status\/791661653288890368\">October 27, 2016<\/a><\/p><\/blockquote>\n<p><script src=\"\/\/platform.twitter.com\/widgets.js\" async=\"\" charset=\"utf-8\"><\/script><br \/>\nAhora s\u00ed, a lo que nos compete. Toca hablar del \u00e1rea menos comprendida de la f\u00edsica: <strong>la gravedad cu\u00e1ntica<\/strong>; llevamos m\u00e1s de 80 a\u00f1os tratando de hacer avances en esta \u00e1rea, en la que hemos avanzado m\u00e1s t\u00e9cnica que conceptualmente.<br \/>\nEs m\u00e1s, para poner las cosas en perspectiva, si pudi\u00e9ramos poner del 1 al 100 el avance en la comprensi\u00f3n de la <strong>naturaleza cu\u00e1ntica de la gravedad<\/strong>, estar\u00edamos en un 15; dando un avance de menos de 2 cada a\u00f1o.<br \/>\n<a class=\"no-eff img-link lightbox\" href=\"http:\/\/nofm-radio.com\/wp-content\/uploads\/2017\/01\/pain.jpg\"><img loading=\"lazy\" decoding=\"async\" class=\"alignnone size-full wp-image-21577\" src=\"http:\/\/nofm-radio.com\/wp-content\/uploads\/2017\/01\/pain.jpg\" alt=\"pain\" width=\"800\" height=\"800\" \/><\/a><br \/>\n\u00bfPor qu\u00e9 carajos la gravedad cu\u00e1ntica ha eludido a las mentes m\u00e1s brillantes de cada generaci\u00f3n? Hay muchas razones, pero hay una que es muy f\u00e1cil de visualizar: la <strong>espuma cu\u00e1ntica<\/strong>.<br \/>\n<a class=\"no-eff img-link lightbox\" href=\"http:\/\/nofm-radio.com\/wp-content\/uploads\/2017\/01\/espuma.gif\"><img loading=\"lazy\" decoding=\"async\" class=\"aligncenter wp-image-21575 size-full\" src=\"http:\/\/nofm-radio.com\/wp-content\/uploads\/2017\/01\/espuma.gif\" alt=\"espuma\" width=\"328\" height=\"567\" \/><\/a><br \/>\nCuando <strong>Einstein<\/strong> hizo su<strong> teor\u00eda general de la relatividad<\/strong>, aprendimos que el <strong>espacio tiempo<\/strong> no es un fondo fijo, sino una entidad que cambia y cuya din\u00e1mica depende de la distribuci\u00f3n de energ\u00eda en cierto evento, la cual lo curva, creando as\u00ed la gravedad. Si tiene din\u00e1mica, su teor\u00eda microsc\u00f3pica debe estar sujeta a cuantizaci\u00f3n. \u00bfPor qu\u00e9? Porque es lo que hemos observado con todos los fen\u00f3menos a microescala, las teor\u00edas que los describen ching\u00f3n son las teor\u00edas cu\u00e1nticas.<br \/>\nAhora, algo que siempre est\u00e1 presente en la <strong>cuantizaci\u00f3n<\/strong> es el<strong> principio de incertidumbre<\/strong>, el cual siempre se aplica a un par de variables complementarias: posici\u00f3n e inercia, tiempo y energ\u00eda, espacio-tiempo y curvatura, PRI y PAN. Lo que nos dice dicho principio es que mientras conozcamos una con mayor precisi\u00f3n, la otra fluctuar\u00e1 de modo tal que nunca conozcamos ambas al mismo tiempo; por eso puse <strong>PRI y PAN<\/strong>.<br \/>\n<iframe loading=\"lazy\" class=\"giphy-embed\" src=\"\/\/giphy.com\/embed\/l0ExwR88VcbgG6um4\" width=\"480\" height=\"240\" frameborder=\"0\" allowfullscreen=\"allowfullscreen\"><\/iframe><\/p>\n<p style=\"text-align: center;\"><strong>\u00bfPor qu\u00e9 la incertidumbre es un pedo?<\/strong><\/p>\n<p>En general no lo es, e incluso aprendimos a llevarnos bien con ella en teor\u00eda at\u00f3mica, estado s\u00f3lido, \u00f3ptica cu\u00e1ntica, etc\u00e9tera. El gran desvergue es cuando consideramos dos relaciones de incertidumbre, la primera es<br \/>\n<a class=\"no-eff img-link lightbox\" href=\"http:\/\/nofm-radio.com\/wp-content\/uploads\/2017\/01\/uncer1.png\"><img loading=\"lazy\" decoding=\"async\" class=\"size-full wp-image-21578 aligncenter\" src=\"http:\/\/nofm-radio.com\/wp-content\/uploads\/2017\/01\/uncer1.png\" alt=\"uncer1\" width=\"197\" height=\"58\" \/><\/a><br \/>\nAqu\u00ed la <strong>delta<\/strong> denota fluctuaci\u00f3n, la R curvatura, la x posici\u00f3n y la ele de al final es la<strong> longitud de Planck<\/strong>, la escala fundamental de distancia del universo. Entonces, mientras mejor conozcamos una regi\u00f3n del espacio-tiempo mayor ser\u00e1 la fluctuaci\u00f3n de la curvatura o, mientras mejor podamos precisar su curvatura menos sabremos donde est\u00e1 dicha regi\u00f3n. Ac\u00e1 hay un verguero de pedos pero hablemos s\u00f3lo de un par:\u00a0tomen por ejemplo el c\u00edrculo, esta figurita nos prende un mont\u00f3n porque tiene curvatura constante, lo cual es una consecuencia directa de que todos sus puntos sean equidistantes a su centro.<br \/>\nUsando este <strong>principio de incertidumbre<\/strong>, tenemos de dos sopas:<br \/>\n1. Nos paramos en la circunferencia, ya no hay incertidumbre de donde estamos pues podemos decir exactamente cuando mide el radio. Esto hace que la curvatura fluct\u00faa salvajemente llev\u00e1ndonos de una l\u00ednea (curvatura cero) a un punto (curvatura infinita). Es decir la curvatura dej\u00f3 de ser constante y s\u00f3lo un valor de todo su abanico de fluctuaci\u00f3n coincide con el de nuestro viaj\u00f3 amigo el c\u00edrculo. Nos quedamos sin c\u00edrculo pues.<br \/>\n2. Fijamos la curvatura. Ahora nuestra posici\u00f3n (radio) fluct\u00faa bien ac\u00e1. Llev\u00e1ndonos de un plano (radio infinito) a un punto (radio cero ). De nuevo, nos quedamos sin c\u00edrculo.<br \/>\nEste principio de incertidumbre desmorona la<strong> geometr\u00eda<\/strong>. Adem\u00e1s nos dice que el espacio-tiempo empieza a burbujear a nivel microsc\u00f3pico, formando as\u00ed la espuma cu\u00e1ntica.<br \/>\nLa segunda relaci\u00f3n de incertidumbre es un tanto heur\u00edstica y en ocasiones resulta peligroso invocarla; es m\u00e1s, la gente de la teor\u00eda cu\u00e1ntica de campos algebraica se vomita al verla, ya que se le pueden poner un chingo de peros. A\u00fan as\u00ed ah\u00ed va<br \/>\n<a class=\"no-eff img-link lightbox\" href=\"http:\/\/nofm-radio.com\/wp-content\/uploads\/2017\/01\/uncer2.png\"><img loading=\"lazy\" decoding=\"async\" class=\"size-full wp-image-21579 aligncenter\" src=\"http:\/\/nofm-radio.com\/wp-content\/uploads\/2017\/01\/uncer2.png\" alt=\"uncer2\" width=\"156\" height=\"82\" \/><\/a><br \/>\nDonde E es energ\u00eda, t es tiempo y la h barra se llama constante de Planck, siempre presente en fen\u00f3menos cu\u00e1nticos. Ahora, si recordamos lo que dice Einstein sobre la relaci\u00f3n masa-energ\u00eda y teniendo en cuenta que c es una constante por lo cual no puede fluctuar llegamos a<br \/>\n<a class=\"no-eff img-link lightbox\" href=\"http:\/\/nofm-radio.com\/wp-content\/uploads\/2017\/01\/uncer3.png\"><img loading=\"lazy\" decoding=\"async\" class=\"size-full wp-image-21580 aligncenter\" src=\"http:\/\/nofm-radio.com\/wp-content\/uploads\/2017\/01\/uncer3.png\" alt=\"uncer3\" width=\"437\" height=\"93\" \/><\/a><br \/>\nLo cual nos dice que en peque\u00f1os instantes de <strong>tiempo podemos<\/strong> crear masa, la cual a su vez distorsionar\u00e1 el espacio-tiempo incrementando su curvatura. Esto en escalas microsc\u00f3picas de tiempo hace que la visi\u00f3n anterior que ten\u00edamos sobre la espuma se haga m\u00e1s agresiva a\u00fan y m\u00e1s burbujeante.<br \/>\nA m\u00ed la relaci\u00f3n anterior no me acaba de agradar ya que en varias ocasiones implica que la energ\u00eda no posee un l\u00edmite inferior y por ende una inestabilidad nos puede llevar hasta el <strong>infinito negativo<\/strong>. Pero hay un modo de pensar en la naturaleza cu\u00e1ntica del espacio-tiempo que hace que el hervidero de espuma incrementa mucho m\u00e1s.<br \/>\nPiensen ustedes en el problema de observar <strong>fen\u00f3menos microsc\u00f3picos<\/strong>, para observar necesitamos enviar una se\u00f1al, al ser muy peque\u00f1a debe estar sujeta a preceptos cu\u00e1nticos y por tanto debe de ser una onda. Mientras m\u00e1s peque\u00f1o sea el fen\u00f3meno mayor frecuencia o menor longitud de onda debe tener la onda incidente para poder verlo; pasa lo mismo en el mar, una onda muy grande es imperceptible cuando est\u00e1s nadando (i.e. no te revuelca a la verga) mientras que una de tu tama\u00f1o te va acomodando un buen putazo.<br \/>\n<a class=\"no-eff img-link lightbox\" href=\"http:\/\/nofm-radio.com\/wp-content\/uploads\/2017\/01\/math.jpg\"><img loading=\"lazy\" decoding=\"async\" class=\"alignnone size-full wp-image-21576\" src=\"http:\/\/nofm-radio.com\/wp-content\/uploads\/2017\/01\/math.jpg\" alt=\"math\" width=\"680\" height=\"444\" \/><\/a><br \/>\nPara observar espacio-tiempo en escalas muy peque\u00f1as, debemos mandar se\u00f1ales con longitud de onda peque\u00f1a, lo cual implica que su frecuencia es alta y por tanto su energ\u00eda es alta. Pero si la <strong>energ\u00eda<\/strong> es alta, la relatividad general nos dice que el espacio-tiempo de debe curvar mucho, lo cual nos lleva al escenario anterior pero sin hacerle tanto a la mamada ni a la <strong>ciencia ficci\u00f3n<\/strong>.<br \/>\nEs as\u00ed entonces como emerge la espuma cu\u00e1ntica, la cual es una entidad meramente conceptual que sirve para visualizar el espacio-tiempo a nivel cu\u00e1ntico y entender por qu\u00e9 llevamos m\u00e1s de 80 a\u00f1os atorados con un problema, de hecho, el mayor periodo de tiempo que la raza humana se ha enfrentado a una <strong>cuesti\u00f3n cient\u00edfica<\/strong> sin poder resolverla.<br \/>\nEst\u00e9n al pendiente de futuras votaciones con el hashtag: <strong>#VotaMacizo<\/strong>, manden todas sus preguntas con <strong>#DudaMaciza<\/strong>.<\/p>\n","protected":false},"template":"","meta":{"_id_youtube":"","_id_vimeo":"","_podcasts_duration":"","_podcasts_url":"","_podcasts_show":"","_prog_horario_dias":"","_prog_hora":"","_prog_duration":""},"class_list":["post-21574","archivo","type-archivo","status-publish","hentry"],"_links":{"self":[{"href":"https:\/\/nofm-radio.com\/index.php?rest_route=\/wp\/v2\/archivo\/21574","targetHints":{"allow":["GET"]}}],"collection":[{"href":"https:\/\/nofm-radio.com\/index.php?rest_route=\/wp\/v2\/archivo"}],"about":[{"href":"https:\/\/nofm-radio.com\/index.php?rest_route=\/wp\/v2\/types\/archivo"}],"wp:attachment":[{"href":"https:\/\/nofm-radio.com\/index.php?rest_route=%2Fwp%2Fv2%2Fmedia&parent=21574"}],"curies":[{"name":"wp","href":"https:\/\/api.w.org\/{rel}","templated":true}]}}