{"id":21748,"date":"2017-01-26T14:47:43","date_gmt":"2017-01-26T20:47:43","guid":{"rendered":"http:\/\/nofm-radio.com\/?p=21748"},"modified":"2017-01-26T14:47:43","modified_gmt":"2017-01-26T20:47:43","slug":"trump-el-muro-y-la-politica-del-rechazo","status":"publish","type":"archivo","link":"https:\/\/nofm-radio.com\/?archivo=trump-el-muro-y-la-politica-del-rechazo","title":{"rendered":"Trump, el muro y la pol\u00edtica del rechazo"},"content":{"rendered":"<p>por<strong> Jhonnatan Curiel<\/strong><br \/>\n<a href=\"https:\/\/twitter.com\/jhonnatancuriel\" target=\"_blank\" rel=\"noopener noreferrer\">@jhonnatancuriel<\/a><br \/>\nEl <strong>muro<\/strong> existe desde los noventas con <strong>Clinton<\/strong>, se revitaliz\u00f3 en la primera d\u00e9cada del siglo XXI con <strong>Bush<\/strong>, se llen\u00f3 de drones y estrategias mort\u00edferas con <strong>Obama<\/strong>, y ahora <strong>Trump<\/strong> viene con el cuento de que lo van a construir. Su megaloman\u00eda no le permite entender que es un continuador en esta pol\u00edtica del rechazo.<br \/>\nAunque las tensiones se remontan a los<strong> Tratados de Guadalupe-Hidalgo<\/strong> en <strong>1848<\/strong>\u00a0en lo que se delimit\u00f3 la actual<strong> frontera<\/strong> y M\u00e9xico ced\u00eda m\u00e1s de la mitad de su territorio a <strong>Estados Unidos<\/strong> (California, Nevada, Utah, Nuevo M\u00e9xico y Texas, y extensiones de Arizona, Colorado, Wyoming, Kansas y Oklahoma), las primeras d\u00e9cadas del siglo XX fueron de divisi\u00f3n, rechazo y <strong>ocupaci\u00f3n neocolonial<\/strong> para localidades del norte mexicano que terminaron por transformar la frontera. En <em><strong>Tijuana La Horrible<\/strong><\/em> (2011), <strong>Humberto F\u00e9lix Berumen<\/strong> documenta c\u00f3mo para el caso de esta ciudad, inversionistas estadounidenses asociados a mafias de g\u00e1nsteres, junto la <strong>industria de Hollywood<\/strong>, la prensa estadounidense y las representaciones visuales en fotos, postales y literatura jugaron un papel crucial en la construcci\u00f3n de un imaginario pernicioso sobre esta frontera, que finalmente lleg\u00f3 a capitalizar la imagen de M\u00e9xico a inicios del siglo XX como un <strong>pa\u00eds violento<\/strong>, vicioso e ignorante que deb\u00eda ser contenido f\u00edsica y culturalmente con un l\u00edmite fronterizo, he aqu\u00ed un antecedente de la <strong>pol\u00edtica del rechazo<\/strong> en contra de M\u00e9xico.<br \/>\n<img loading=\"lazy\" decoding=\"async\" class=\"alignnone size-full wp-image-21750\" src=\"http:\/\/nofm-radio.com\/wp-content\/uploads\/2017\/01\/Frontera_Abbdel.jpg\" alt=\"Frontera_Abbdel\" width=\"3008\" height=\"2000\" \/><br \/>\nPosteriormente, en las d\u00e9cadas de los treinta y cuarenta, se da otro momento de disputa cultural por el <strong>racismo<\/strong> y la<strong> discriminaci\u00f3n<\/strong> hacia mexicanos en EU, que dio origen al movimiento de resistencia chicana en la uni\u00f3n americana, momento documentado por el antrop\u00f3logo<strong> Jos\u00e9 Manuel Valenzuela Arce<\/strong> en el libro <em><strong>Nosotros. Arte cultura e identidad en la frontera norte<\/strong><\/em> (2012), el cual narra la persecuci\u00f3n hacia mexicanos por grupos nacionalistas, las deportaciones masivas, as\u00ed como la creciente violencia en EUA hacia la cultura mexicana.<br \/>\nAunque el enfoque de <strong>seguridad fronteriza<\/strong> llega en la d\u00e9cada de los 60, no es hasta finales de los 80 e inicios de los 90 cuando el<strong> gobierno estadounidense<\/strong> endurece sus <strong>pol\u00edticas migratorias<\/strong> y <strong>estrategias de persecuci\u00f3n y captura<\/strong> contra migrantes. En 1994, bajo el periodo de <strong>Clinton<\/strong>, inicia el \u201c<strong>Operativo Guardi\u00e1n<\/strong>\u201d y otros operativos en la frontera sur de EUA, ordenando la construcci\u00f3n de una <strong>valla de seguridad<\/strong> para impedir la migraci\u00f3n. Algunos de los materiales utilizados para erigirlo fueron l\u00e1minas tra\u00eddas de la<strong> guerra del Golfo P\u00e9rsico<\/strong>, que con el paso del tiempo se convirtieron en una muralla corro\u00edda que se mantiene en la actualidad. Expresando simb\u00f3licamente c\u00f3mo esta primera muralla tambi\u00e9n es una expresi\u00f3n de las marcas que ha dejado la guerra.<br \/>\n<img loading=\"lazy\" decoding=\"async\" class=\"alignleft wp-image-21749\" src=\"http:\/\/nofm-radio.com\/wp-content\/uploads\/2017\/01\/Frontera.jpg\" alt=\"Frontera\" width=\"350\" height=\"231\" \/>Los atentados del <strong>11 de septiembre<\/strong> de 2001 trajeron un nuevo enfoque de seguridad en el periodo de <strong>Bush<\/strong>. Despu\u00e9s de este suceso, en 2005 se aprueba la construcci\u00f3n de una <strong>segunda muralla<\/strong> de m\u00e1s de 2 mil kil\u00f3metros de extensi\u00f3n, mejor fortificada y dotada con l\u00e1mparas de alta intensidad, c\u00e1maras infrarrojas, sensores de movimiento, veh\u00edculos todo-terreno y helic\u00f3pteros. Posteriormente, durante el periodo de <strong>Obama<\/strong> (2009-2017), la administraci\u00f3n que m\u00e1s ha deportado personas en la historia de EUA, se hacen ampliaciones y mejoras a la construcci\u00f3n del muro, se moviliza a la <strong>Guardia Nacional<\/strong>, se utilizan drones y se disparan los abusos por parte de la<strong> Patrulla Fronteriza<\/strong>, responsable de asesinar a menores en tr\u00e1nsito, migrantes bajo su custodia y de usar estrategias de tortura y persecuci\u00f3n que no buscaban capturar sino hacer que migrantes tomaran rutas riesgosas o se perdieran en el desierto.<br \/>\nLa (re)construcci\u00f3n del muro no es algo nuevo para la <strong>frontera norte de M\u00e9xico<\/strong>. Hay m\u00e1s de 3,180 kil\u00f3metros desde <strong>Playas de Tijuana<\/strong> en Baja California hasta<strong> Playa Bagdad<\/strong> en Tamaulipas, y existen zonas donde puede haber hasta tres barreras de contenci\u00f3n, mientras otras son poco protegidas por las condiciones topogr\u00e1ficas. La amenaza de Trump de erigir \u201c<strong>La Gran Muralla<\/strong>\u201d no es algo nuevo, sino una continuaci\u00f3n de esta pol\u00edtica del rechazo, y por m\u00e1s seguridad, equipamiento y altura que tenga su muro siempre habr\u00e1 maneras superarlo, al menos ocho d\u00e9cadas de migraci\u00f3n as\u00ed lo atestiguan. Tal y como lo expres\u00f3 <strong>Janeth Napolitano<\/strong>, funcionaria de seguridad fronteriza en el periodo de Obama respecto a la inefectividad del muro frente al impulso de la migraci\u00f3n, \u201cens\u00e9\u00f1ame un muro de 15 metros, que traer\u00e9 una escalera de 16 metros\u201d.<br \/>\nEn <strong>Tijuana<\/strong> llevamos d\u00e9cadas viendo y viviendo las transformaciones del muro, atestiguando los abusos, doli\u00e9ndonos por los asesinatos y desapariciones a manos de la patrulla fronteriza o grupos nacionalistas. De las m\u00e1s de 6,600 muertes desde el inicio del <strong>Operativo Gatekeeper<\/strong> en 1994 hasta los millones de deportados que se expulsaron en el periodo de Obama, las cicatrices de esta <strong>divisi\u00f3n geopol\u00edtica<\/strong> est\u00e1n presentes en el territorio.<br \/>\n<a class=\"no-eff img-link lightbox\" href=\"http:\/\/nofm-radio.com\/wp-content\/uploads\/2017\/01\/Frontera2.jpg\"><img loading=\"lazy\" decoding=\"async\" class=\"alignnone size-full wp-image-21751\" src=\"http:\/\/nofm-radio.com\/wp-content\/uploads\/2017\/01\/Frontera2.jpg\" alt=\"Frontera2\" width=\"4000\" height=\"3000\" \/><\/a><br \/>\nAunque no le parezca al nuevo presidente de EUA, ni la nueva muralla, ni su renovada vigilancia impedir\u00e1 los c\u00famulos de <strong>expresiones afectivas<\/strong> (familiares, de amistad y amorosas) que se tejen en esta frontera tan grande y compleja. A pesar de su <strong>discurso de odio<\/strong> y su apolog\u00eda del racismo, esperemos que estos hechos sean la semilla de una unidad sin precedentes. Porque la tierra no le pertenece, y porque no hay muro que no pueda ser colapsado por las escaleras de nuestros afectos ni por los t\u00faneles de nuestras pasiones.<br \/>\n________<br \/>\n<em>Jhonnatan Curiel\u00a0(Tijuana, 1986). Poeta, gestor cultural e investigador de estudios sociales. Ha publicado libros de poes\u00eda en M\u00e9xico, y actualmente es candidato a doctor en el Programa de Doctorado en Ciencias Sociales, Ni\u00f1ez y Juventud en Manizales, Colombia. Escribe en\u00a0 <\/em><a href=\"http:\/\/jhonnatancuriel.blogspot.mx\/\" target=\"_blank\" rel=\"noopener noreferrer\">jhonnatancuriel.blogspot.com<\/a><\/p>\n","protected":false},"template":"","meta":{"_id_youtube":"","_id_vimeo":"","_podcasts_duration":"","_podcasts_url":"","_podcasts_show":"","_prog_horario_dias":"","_prog_hora":"","_prog_duration":""},"class_list":["post-21748","archivo","type-archivo","status-publish","hentry"],"_links":{"self":[{"href":"https:\/\/nofm-radio.com\/index.php?rest_route=\/wp\/v2\/archivo\/21748","targetHints":{"allow":["GET"]}}],"collection":[{"href":"https:\/\/nofm-radio.com\/index.php?rest_route=\/wp\/v2\/archivo"}],"about":[{"href":"https:\/\/nofm-radio.com\/index.php?rest_route=\/wp\/v2\/types\/archivo"}],"wp:attachment":[{"href":"https:\/\/nofm-radio.com\/index.php?rest_route=%2Fwp%2Fv2%2Fmedia&parent=21748"}],"curies":[{"name":"wp","href":"https:\/\/api.w.org\/{rel}","templated":true}]}}