{"id":21803,"date":"2017-01-31T15:07:05","date_gmt":"2017-01-31T21:07:05","guid":{"rendered":"http:\/\/nofm-radio.com\/?p=21803"},"modified":"2017-01-31T15:07:05","modified_gmt":"2017-01-31T21:07:05","slug":"altiro-8-puntos-para-conocer-la-constitucioncdmx","status":"publish","type":"archivo","link":"https:\/\/nofm-radio.com\/?archivo=altiro-8-puntos-para-conocer-la-constitucioncdmx","title":{"rendered":"#AlTiro. 8 puntos para conocer la #Constituci\u00f3nCDMX"},"content":{"rendered":"<p>Todos lo cre\u00edamos imposible, pero lo lograron: la <strong>Asamblea Constituyente<\/strong> cumpli\u00f3 con el plazo y aprob\u00f3 hoy, 31 de enero de 2017, la primera <strong>Constituci\u00f3n de la CDMX<\/strong>. Estas \u00faltimas semana discutieron y aprobaron los m\u00e1s de veinte art\u00edculos faltantes para estrenar la <strong>Carta Magna<\/strong> capitalina justo en el umbral del centenario de la <strong>Constituci\u00f3n Federal<\/strong>. Con la aprobaci\u00f3n de la Constituci\u00f3n capitalina nos despedimos, oficialmente y para siempre, del amado <strong>Distrito Federal<\/strong>. Ahora los capitalinos nos regiremos por 71 art\u00edculos y 39 transitorios que se convertir\u00e1n en leyes secundarias.<br \/>\nAprovechando que son menos que los art\u00edculos de la federal, estar\u00eda bueno que ahora s\u00ed conoci\u00e9ramos nuestros <strong>derechos<\/strong>, sobre todo por aquello de que la <strong>Asamblea Constituyente<\/strong> estuvo medio ama\u00f1ada y no nos vayamos a amanecer el <strong>17 de septiembre de 2017<\/strong> con algunas agrias sorpresas.<br \/>\nAqu\u00ed les dejamos 8 puntos que debemos tener en cuenta todos los capitalinos sobre la <strong>Constituci\u00f3n de la CDMX<\/strong>.<br \/>\n<strong>* Revocaci\u00f3n de mandato, juicio pol\u00edtico y fuera fuero<\/strong><br \/>\nPrimero lo primero: una de las buenas noticias de la Carta Magna de la capital es el mayor <strong>empoderamiento de los ciudadanos<\/strong>, al menos en papel. La Constituci\u00f3n dicta que los ciudadanos podr\u00e1n solicitar la revocaci\u00f3n del mandato tanto del <strong>Jefe de Gobierno<\/strong> como de los alcaldes (antes delegados), una vez que los funcionarios hayan cumplido al menos la mitad de su mandato, y el 10 % del padr\u00f3n electoral lo solicite. Para la <strong>revocaci\u00f3n<\/strong> se recurrir\u00e1 a m\u00e9todos como el plebiscito o la consulta ciudadana, en ella deber\u00e1 participar al menos el 40% del padr\u00f3n y si el 60% de quienes participan lo aprueba, el funcionario p\u00fablico ser\u00e1 destituido. Parece mucha matem\u00e1tica, pero en realidad no los es tanto: si, aproximadamente, 1, 776, 000 ciudadanos lo piden, el gobernante se va. Otro motivo de destituci\u00f3n es una violaci\u00f3n grave a la Constituci\u00f3n local o el <strong>uso indebido de recursos p\u00fablicos<\/strong>, delitos por el que el funcionario p\u00fablico enfrentar\u00e1 <strong>juicio pol\u00edtico<\/strong>. Y deber\u00e1 enfrentarlo porque, como dicta el art. 72, &#8220;<strong>en la Ciudad de M\u00e9xico no hay fuero<\/strong>&#8220;.<br \/>\n<iframe loading=\"lazy\" class=\"giphy-embed\" src=\"\/\/giphy.com\/embed\/PXwTiVaBWPIsw\" width=\"480\" height=\"270\" frameborder=\"0\" allowfullscreen=\"allowfullscreen\"><\/iframe><br \/>\n<strong>* Ciudad habitable y gobierno eficiente: la carta a los Reyes<\/strong><br \/>\nSi una constituci\u00f3n es en gran medida una carta de deseos y principios, hay dos elementos de la reci\u00e9n estrenada que, sospechamos, se quedar\u00e1n en buenas intenciones. Y no es que seamos pesimistas, pero al echarle un ojo a los <strong>art\u00edculos 12 y 18<\/strong> nos cuesta tener fe. El primero dicta que los capitalinos tenemos derecho a un <strong>gobierno eficiente<\/strong>,\u00a0a una buena <strong>administraci\u00f3n p\u00fablica<\/strong> y a tener <strong>servicios p\u00fablicos<\/strong> de calidad, eficaces y eficientes. Claro que lo que no se especifica es c\u00f3mo se va a lograr eso, ni los procesos de control y rendici\u00f3n de cuentas con los que contaremos los ciudadanos. Por otro lado, el art. 18 trata de una <strong>ciudad habitable<\/strong>, es decir, que tenemos derecho a la movilidad, la convivencia, el entretenimiento y el ocio, todo garantizado por una jornada laboral razonable. La pregunta obvia es \u00bfrazonable seg\u00fan qui\u00e9n? En fin, el camino al infierno, y al trabajo, adem\u00e1s de ser en promedio de 1 hora, est\u00e1 tambi\u00e9n plagado de buenas intenciones.<br \/>\n<iframe loading=\"lazy\" class=\"giphy-embed\" src=\"\/\/giphy.com\/embed\/FGgf0htHFKTM4\" width=\"480\" height=\"328\" frameborder=\"0\" allowfullscreen=\"allowfullscreen\"><\/iframe><br \/>\n<strong>* Derechos fundamentales: ni un paso atr\u00e1s<\/strong><br \/>\n<strong>Matrimonio igualitario, derechos reproductivos y sexuales<\/strong>, eran derechos que todos vimos en riesgo con la conformaci\u00f3n partidista de la Asamblea Constituyente. Por fortuna, derechos conquistados como la interrupci\u00f3n legal del embarazo, el matrimonio entre personas del mismo sexo y la no discriminaci\u00f3n sexual ya son constitucionales. Ahora habr\u00e1 que exigir la correcta defensa de esos derechos y que el gobierno capitalino se encargue de garantizarlos ante embestidas intolerantes del <strong>Frente Nacional por al Familia<\/strong>, los m\u00e9dicos conservadores del sector salud, la <strong>Arquidi\u00f3cesis mexicana<\/strong> y un largo y penoso etc\u00e9tera.<br \/>\n<iframe loading=\"lazy\" class=\"giphy-embed\" src=\"\/\/giphy.com\/embed\/s2qXK8wAvkHTO\" width=\"480\" height=\"316\" frameborder=\"0\" allowfullscreen=\"allowfullscreen\"><\/iframe><br \/>\n<strong>* \u00a1Ah mira, la CDMX tiene ind\u00edgenas!<\/strong><br \/>\nTras m\u00e1s de 900 asambleas con la con los <strong>Pueblos y Barrios Originarios y Comunidades Ind\u00edgenas Residentes<\/strong>, se aprob\u00f3 constitucionalmente que las comunidades originarias tienen <strong>autonom\u00eda<\/strong> pol\u00edtica, social, econ\u00f3mica y cultural. La Ciudad de M\u00e9xico qued\u00f3 definida como un territorio pluricultural, pluriling\u00fce y multi\u00e9tnico. \u00a1Al fin! A alguien se le ocurri\u00f3 pensar no solamente el de los pueblos originarios de la capital sino tambi\u00e9n en el gran n\u00famero de ind\u00edgenas residentes en la ciudad. Los pueblos y comunidades originarios tendr\u00e1n derecho a partidas presupuestasles y medios de comunicaci\u00f3n espec\u00edficos. Otro punto importante es la <strong>protecci\u00f3n de cultivos<\/strong> como el ma\u00edz, frijol, amaranto, calabaza, nopal y chile, que no son suceptibles de apropiaci\u00f3n de empresas privadas, y deber\u00e1n ser protegidos de otros cultivos gen\u00e9ticamente modificados. Esta serie de art\u00edculos es\u00a0hist\u00f3torica en nuestro pa\u00eds, y de verdad debemos exigir que no pasen a la categor\u00eda de carta a los reyes.<br \/>\n<iframe loading=\"lazy\" class=\"giphy-embed\" src=\"\/\/giphy.com\/embed\/10C0OMW48WqLXG\" width=\"480\" height=\"480\" frameborder=\"0\" allowfullscreen=\"allowfullscreen\"><\/iframe><br \/>\n<strong>* Desarrollo Urbano<\/strong><br \/>\nLa controvertida y malentendida <strong>ley de la propiedad privada<\/strong> qued\u00f3 fuera de la Constituci\u00f3n. Que en realidad no era de la propiedad privada, sino que obligaba a las <strong>inmobiliarias<\/strong> (que no a los propietarios) a pagar una cuota sobre compraventa de bienes ra\u00edces y derechos de construcci\u00f3n para obras de <strong>desarrollo urbano<\/strong>. \u00c9ste fue uno de los \u00faltimos temas en discutirse y en desecharse. En temas de desarrollo urbano tambi\u00e9n qued\u00f3 fuera la prohibici\u00f3n de la <strong>gentrificaci\u00f3n<\/strong>, as\u00ed como los cambios de <strong>uso de suelo<\/strong> y el ordenamiento territorial. Al final, la discusi\u00f3n de estos temas se dejaron de lado pues, como bien lo dijo <strong>Alejandro Encinas<\/strong>, habr\u00e1 un litigio sea cual sea la determinaci\u00f3n de la Carta Magna. Quiz\u00e1 veamos m\u00e1s pronto de lo que pensamos una propuesta para reformar la reci\u00e9n nacida Constituci\u00f3n.<br \/>\n<iframe loading=\"lazy\" class=\"giphy-embed\" src=\"\/\/giphy.com\/embed\/9DwanYNmGoUrS\" width=\"480\" height=\"360\" frameborder=\"0\" allowfullscreen=\"allowfullscreen\"><\/iframe><br \/>\n<strong>* Representantes y gobierno de coalici\u00f3n<\/strong><br \/>\nSi bien la Constituci\u00f3n capitalina <strong>entrar\u00e1 en vigor el 17 de septiembre de este a\u00f1o<\/strong>, la parte que refiere a <strong>elecciones<\/strong> ser\u00e1 vigente desde el momento en que se publique en el <em><strong>Diario Oficial de la Federaci\u00f3n<\/strong><\/em>. Aunque hay varios detalles que definir respecto a la estructura de <strong>gobierno de la capital<\/strong>, lo que qued\u00f3 ya establecido es que los actuales delegados no podr\u00e1n aspirar a participar en la primera elecci\u00f3n por las alcald\u00edas en 2018. Igualmente, se determin\u00f3 que el <strong>Congreso<\/strong> local estar\u00e1 constituido por <strong>66 diputados<\/strong>, 33 de elecci\u00f3n polpular y 33 plurinominales, lo que impedir\u00e1 que alg\u00fan partido tenga la mayor\u00eda absoluta. Los diputados titulares y suplentes deber\u00e1n ser del mismo g\u00e9nero para garantizar la equidad en la conformaci\u00f3n. Finalmente, qued\u00f3 estipulado en la Constituci\u00f3n que est\u00e1n permitidos los <strong>gobiernos de coalici\u00f3n<\/strong> tanto para contender por la jefatura de gobierno, como por el poder legislativo. Si el 2018 pintaba para tener elecciones interesantes, la pelea por la capital sin duda le pone un nuevo saz\u00f3n.<br \/>\n<iframe loading=\"lazy\" class=\"giphy-embed\" src=\"\/\/giphy.com\/embed\/fCHXJR04vzaNy\" width=\"480\" height=\"270\" frameborder=\"0\" allowfullscreen=\"allowfullscreen\"><\/iframe><br \/>\n<strong>* Constituci\u00f3n hist\u00f3rica, plural ,\u00bfdiversa?<\/strong><br \/>\nNo sobra decirlo, en muchos sentidos, esta primera Constituci\u00f3n de la CDMX es hist\u00f3rica. Logr\u00f3, pese a mucho pron\u00f3sticos, reinvindicar exigencias ciudadanas de muchos a\u00f1os. Sin embargo, no hay que olvidar qui\u00e9n nos hizo esta Constituci\u00f3n. Mucho se habl\u00f3 de lo sucia que fue la conformaci\u00f3n de la Asamblea Constituyente, la manera alevosa en que los tres <strong>partidos<\/strong> principales se comieron el pastel, y a eso responde en muchos sentidos la Carta Magna. Ejemplos como el que se elimin\u00f3 el <strong>derecho a la vida digna<\/strong> porque el <strong>PAN<\/strong> quer\u00eda abrir una ventana para la prohibici\u00f3n del aborto, no son pocos. El hecho de que actores, periodistas, personajes de la sociedad civil estuvieran en la Constituyente no bastaron para quitarle el tinte partidista al proceso; los intereses pol\u00edticos causaron incluso la salida de algunos diputados que calificaron de falso el <strong>proceso legislativo<\/strong>. La Asamblea qued\u00f3 a deber en eso de una <strong>Constituci\u00f3n de ciudadanos para ciudadanos<\/strong>. La pregunta ahora es \u00bfc\u00f3mo nos apropiaremos de estos derechos otrogados, c\u00f3mo defenderemos los que quedaron fuera?<br \/>\n<iframe loading=\"lazy\" class=\"giphy-embed\" src=\"\/\/giphy.com\/embed\/l2JejKlxHfnClb8e4\" width=\"480\" height=\"362\" frameborder=\"0\" allowfullscreen=\"allowfullscreen\"><\/iframe><br \/>\n<strong>* Ciudadanos de la capital, sean felices<\/strong><br \/>\nLo dice la Constituci\u00f3n: la CDMX es una <strong>ciudad feliz<\/strong>. O al menos eso buscan garantizar las leyes aprobadas. Y no s\u00f3lo eso, en el peleado pre\u00e1mbulo de la Carta Magna se establece que \u00e9sta es fruto de la <strong>organizaci\u00f3n c\u00edvica<\/strong> y de la <strong>resistencia hist\u00f3rica<\/strong> contra la opresi\u00f3n. Lo m\u00e1s importante no es celebrar la Historia, es hacer que los derechos ahora consagrados no sean letra muerta, sino exigencia a nosotros mismos.<br \/>\n<iframe loading=\"lazy\" class=\"giphy-embed\" src=\"\/\/giphy.com\/embed\/26gsjOSeQbbduvOMg\" width=\"480\" height=\"360\" frameborder=\"0\" allowfullscreen=\"allowfullscreen\"><\/iframe><\/p>\n","protected":false},"template":"","meta":{"_id_youtube":"","_id_vimeo":"","_podcasts_duration":"","_podcasts_url":"","_podcasts_show":"","_prog_horario_dias":"","_prog_hora":"","_prog_duration":""},"class_list":["post-21803","archivo","type-archivo","status-publish","hentry"],"_links":{"self":[{"href":"https:\/\/nofm-radio.com\/index.php?rest_route=\/wp\/v2\/archivo\/21803","targetHints":{"allow":["GET"]}}],"collection":[{"href":"https:\/\/nofm-radio.com\/index.php?rest_route=\/wp\/v2\/archivo"}],"about":[{"href":"https:\/\/nofm-radio.com\/index.php?rest_route=\/wp\/v2\/types\/archivo"}],"wp:attachment":[{"href":"https:\/\/nofm-radio.com\/index.php?rest_route=%2Fwp%2Fv2%2Fmedia&parent=21803"}],"curies":[{"name":"wp","href":"https:\/\/api.w.org\/{rel}","templated":true}]}}