{"id":21975,"date":"2017-02-10T15:33:30","date_gmt":"2017-02-10T21:33:30","guid":{"rendered":"http:\/\/nofm-radio.com\/?p=21975"},"modified":"2017-02-10T15:33:30","modified_gmt":"2017-02-10T21:33:30","slug":"la-primera-vez-que-vi-a-mexico-en-un-mundial-usa-1994","status":"publish","type":"archivo","link":"https:\/\/nofm-radio.com\/?archivo=la-primera-vez-que-vi-a-mexico-en-un-mundial-usa-1994","title":{"rendered":"La primera vez que vi a M\u00e9xico en un Mundial: USA 1994"},"content":{"rendered":"<p>por<strong> \u00d3scar Muci\u00f1o<\/strong><br \/>\n<a href=\"https:\/\/twitter.com\/opmucino\" target=\"_blank\" rel=\"noopener noreferrer\">@opmucino<\/a><br \/>\nEl primero de<strong> enero de 199<\/strong>4 entr\u00f3 en vigor el <strong>Tratado de Libre Comercio de Am\u00e9rica del Norte<\/strong>, ese mismo d\u00eda el <strong>Ej\u00e9rcito Zapatista de Liberaci\u00f3n Nacional<\/strong> se levanta en armas como respuesta a una de las principales acciones del plan econ\u00f3mico del Salinato, que ya estaba en su \u00faltimo a\u00f1o.<br \/>\nEse <strong>A\u00f1o Nuevo<\/strong> lo pas\u00e9 en <strong>Mazatl\u00e1n<\/strong>, con la familia de un amigo de la cuadra cuyo pap\u00e1 era originario de ese puerto. Ah\u00ed pas\u00e9 tambi\u00e9n la Navidad, era la primera vez que pasaba esas fiestas sin mi familia. Cuando regres\u00e9 a casa encontr\u00e9 a mis padres consternados por el panorama social que estaba fragu\u00e1ndose, y eso que a\u00fan no ocurr\u00eda la devaluaci\u00f3n que se conoce como \u201c<strong>el error de diciembre<\/strong>\u201d. Ese a\u00f1o tambi\u00e9n se celebr\u00f3 el decimoquinto <strong>Mundial de F\u00fatbol<\/strong>, que tuvo como sede a los Estados Unidos.<br \/>\n<strong>M\u00e9xico<\/strong> asegur\u00f3 su clasificaci\u00f3n hasta el \u00faltimo momento en un partido contra <strong>Canad\u00e1<\/strong> y con anotaci\u00f3n del <strong>\u201cAbuelo\u201d Cruz<\/strong>. Yo ten\u00eda 10 a\u00f1os cuando, el 19 de junio, la <strong>Selecci\u00f3n Mexicana<\/strong> debut\u00f3 en el Mundial, despu\u00e9s de haber sido vetados del mundial en Italia por el conocido \u201cesc\u00e1ndalo de los cachirules\u201d, un castigo que tambi\u00e9n hab\u00eda relegado al combinado nacional de acudir a los <strong>Juegos Ol\u00edmpicos de 1988<\/strong>.<br \/>\n<img loading=\"lazy\" decoding=\"async\" class=\"alignleft wp-image-21977 size-medium\" src=\"http:\/\/nofm-radio.com\/wp-content\/uploads\/2017\/02\/Campos-250x357.jpg\" alt=\"Campos\" width=\"210\" height=\"300\" \/><br \/>\nEl primer cruce del grupo E, en el que sali\u00f3 sorteado el tricolor, era contra <strong>Noruega<\/strong>, quien llegaba al campeonato por segunda ocasi\u00f3n en su historia, y tras haber conseguido el primer lugar de su grupo en la clasificatoria europea (el segundo fue Holanda) y dejando fuera de la competici\u00f3n a la selecci\u00f3n inglesa.<br \/>\nFuimos a casa de mi abuela para ver el partido. Ese d\u00eda me atavi\u00e9 (o ataviaron) con un conjunto de playera y short blanco. La playera ten\u00eda un estampado de <strong>Jorge Campos, Piqu\u00e9 y Juanito<\/strong>, el \u00eddolo de la afici\u00f3n junto con las dos mascotas de los campeonatos celebrados en M\u00e9xico. La muda fue un regalo de mi abuelo.<br \/>\nLa selecci\u00f3n ten\u00eda como entrenador a <strong>Miguel Mej\u00eda Bar\u00f3n<\/strong> quien sustituy\u00f3 a <strong>C\u00e9sar Luis Menotti<\/strong> y ven\u00eda de haber salido campe\u00f3n con los <strong>Pumas<\/strong> en la temporada 90-91. Jorge Campos era la estrella del equipo, ese portero cuya alternancia en la delantera hab\u00eda despertado inter\u00e9s en otros pa\u00edses. En la delantera estaba <strong>Luis Garc\u00eda<\/strong> quien en ese momento militaba en el Atl\u00e9tico de Madrid, un <strong>Hugo S\u00e1nchez<\/strong> que estaba en sus \u00faltimos a\u00f1os. En la defensa <strong>Claudio Su\u00e1rez<\/strong> y <strong>Ram\u00edrez Perales<\/strong>, ambos de la cantera Puma, eran garant\u00eda de solvencia. En la media, <strong>Del Olmo<\/strong> ten\u00eda la batuta junto al \u201cmaestro\u201d <strong>Galindo<\/strong>.<br \/>\nEl partido fue tenso, de esos que se traban en medio campo, y con posibilidades de gol por ambos lados. Tanto Campos como <strong>Thorstvedt<\/strong>, arquero noruego, tuvieron varias intervenciones. Fue hasta el minuto 84 cuando lleg\u00f3 una del par de jugadas que dieron rumbo al partido.<br \/>\nEl bal\u00f3n vuela por el medio campo, Ram\u00edrez Perales no despeja sino revienta el bal\u00f3n, sin buscar a nadie, <strong>Bratseth<\/strong>, defensa noruego vuelve a meter al lado del campo mexicano el bal\u00f3n con un cabezazo. Del Olmo revienta mal y, peor a\u00fan, hacia su porter\u00eda, hacia donde est\u00e1 <strong>Fjoertoft<\/strong>, quien en ese momento militaba en la liga inglesa, el noruego pone el bal\u00f3n en tierra y de inmediato es recibido con una falta de Ram\u00edrez Perales. Aun as\u00ed el bal\u00f3n toma trayectoria de pase hacia el otro delantero noruego <strong>Rekdal<\/strong>, quien hab\u00eda entrado de cambio. Ram\u00f3n Ram\u00edrez intenta sin \u00e9xito cortar el rumbo del bal\u00f3n. El 10 noruego toma el bal\u00f3n y se perfila hacia Campos, Claudio Su\u00e1rez pega una carrera para detenerlo pero no llega a tiempo, Rekdal dispara cruzado de pierna derecha, de nada sirve la salida y estirada de Campos, quien queda tirado en el campo mientras los noruegos festejan la anotaci\u00f3n.<br \/>\n<iframe loading=\"lazy\" title=\"Noruega 1 Mexico 0 (Relato Victor Hugo) Mundial 1994\" width=\"640\" height=\"480\" src=\"https:\/\/www.youtube.com\/embed\/VYuloHUNGLs?feature=oembed\" frameborder=\"0\" allow=\"accelerometer; autoplay; clipboard-write; encrypted-media; gyroscope; picture-in-picture; web-share\" referrerpolicy=\"strict-origin-when-cross-origin\" allowfullscreen><\/iframe><br \/>\nLa segunda jugada ocurri\u00f3 ya empezado el tiempo de compensaci\u00f3n. Un bal\u00f3n llegaba a los pies de Ram\u00f3n Ram\u00edrez quien chuta, el bal\u00f3n llega a<strong> Zague<\/strong> para que s\u00f3lo la empuje hacia la red. Zague remata pero el bal\u00f3n pega en el poste izquierdo para despu\u00e9s volver a tomar direcci\u00f3n hacia Zague, quien en el suelo busca rematar con la \u201cmollera\u201d pero el bal\u00f3n toma altura (no direcci\u00f3n hacia el arco) y es despejado por la defensa noruega. Despu\u00e9s el silbatazo final, debut y derrota.<br \/>\n<iframe loading=\"lazy\" title=\"Error de Zague vs Noruega en el Mundial USA 1994\" width=\"640\" height=\"480\" src=\"https:\/\/www.youtube.com\/embed\/tgtifx0f6rs?feature=oembed\" frameborder=\"0\" allow=\"accelerometer; autoplay; clipboard-write; encrypted-media; gyroscope; picture-in-picture; web-share\" referrerpolicy=\"strict-origin-when-cross-origin\" allowfullscreen><\/iframe><br \/>\nTras el partido, acompa\u00f1\u00e9 a mi pap\u00e1 a la tienda, sinti\u00e9ndome avergonzado de mi atuendo, tra\u00eda yo una marca que delataba que hab\u00eda apoyado al equipo perdedor. Incluso creo que fue la primera vez que escuch\u00e9 aquella famosa frase de \u201c<strong>jugamos como nunca y perdimos como siempre<\/strong>\u201d. Estar del lado del perdedor no tiene gracia a los 10 a\u00f1os, uno no conoce que hay placer en el dolor y en el caer derrotado. El dependiente de la tienda not\u00f3 mi malestar por la ropa, y me dijo: as\u00ed es el <strong>futbol<\/strong>, a veces se gana y otras se pierde, pero no te averg\u00fcences. Palabras que ahora 22 a\u00f1os despu\u00e9s a\u00fan recuerdo me dieron algo que no sabr\u00eda llamar consuelo, pero s\u00ed me tranquilizaron y quitaron la incomodidad de mi playera con Campos estampado.<br \/>\nDespu\u00e9s vino el empate con <strong>Italia<\/strong>, con gol de Marcelino Bernal, y la victoria 2 a 0 contra Irlanda, con dos goles de Luis Garc\u00eda, uno de mis \u00eddolos de aquellos a\u00f1os. M\u00e9xico clasificar\u00eda como primero de grupo por la diferencia de goles y en octavos le tocar\u00eda jugar con <strong>Bulgaria<\/strong>, en ese famoso partido por sus<strong> penales<\/strong> fallados y los cambios que nunca realiz\u00f3 Mej\u00eda Bar\u00f3n. Pero yo ya hab\u00eda visto por primera vez a la Selecci\u00f3n en un Mundial, y me toc\u00f3 verla perder, y me toc\u00f3 avergonzarme de mi <strong>pa\u00eds<\/strong>. Algo a lo que ya estoy acostumbrado.<\/p>\n","protected":false},"template":"","meta":{"_id_youtube":"","_id_vimeo":"","_podcasts_duration":"","_podcasts_url":"","_podcasts_show":"","_prog_horario_dias":"","_prog_hora":"","_prog_duration":""},"class_list":["post-21975","archivo","type-archivo","status-publish","hentry"],"_links":{"self":[{"href":"https:\/\/nofm-radio.com\/index.php?rest_route=\/wp\/v2\/archivo\/21975","targetHints":{"allow":["GET"]}}],"collection":[{"href":"https:\/\/nofm-radio.com\/index.php?rest_route=\/wp\/v2\/archivo"}],"about":[{"href":"https:\/\/nofm-radio.com\/index.php?rest_route=\/wp\/v2\/types\/archivo"}],"wp:attachment":[{"href":"https:\/\/nofm-radio.com\/index.php?rest_route=%2Fwp%2Fv2%2Fmedia&parent=21975"}],"curies":[{"name":"wp","href":"https:\/\/api.w.org\/{rel}","templated":true}]}}