{"id":22035,"date":"2017-02-16T12:28:19","date_gmt":"2017-02-16T18:28:19","guid":{"rendered":"http:\/\/nofm-radio.com\/?p=22035"},"modified":"2017-02-16T12:28:19","modified_gmt":"2017-02-16T18:28:19","slug":"drakkar-xii-el-clan","status":"publish","type":"archivo","link":"https:\/\/nofm-radio.com\/?archivo=drakkar-xii-el-clan","title":{"rendered":"#Drakkar XII: El Clan"},"content":{"rendered":"<p class=\"ProfileHeaderCard-screenname u-inlineBlock u-dir\" dir=\"ltr\"><span style=\"font-weight: 400;\">Por <strong>Vikingo Morales <\/strong><\/span><a class=\"ProfileHeaderCard-screennameLink u-linkComplex js-nav\" href=\"https:\/\/twitter.com\/vikingomorales\">@<span class=\"u-linkComplex-target\">vikingomorales<\/span><\/a><span style=\"font-weight: 400;\"> y <strong>Diego Vidal-Cruzprieto <\/strong><\/span><a class=\"ProfileHeaderCard-screennameLink u-linkComplex js-nav\" href=\"https:\/\/twitter.com\/vidaleando\">@<span class=\"u-linkComplex-target\">vidaleando<\/span><\/a><\/p>\n<p><em><span style=\"font-weight: 400;\"><strong>Drakkar<\/strong>: una embarcaci\u00f3n de casco trincado que data del per\u00edodo comprendido entre los a\u00f1os 700 y 1000. Fue utilizada por los escandinavos, sajones y vikingos. <\/span><\/em><br \/>\n<em><span style=\"font-weight: 400;\">En <strong>NoFM <\/strong>el <strong>Drakkar <\/strong>se transforma en un nav\u00edo s\u00f3nico que semanalmente zarpar\u00e1 para contar una historia a trav\u00e9s de m\u00fasica seleccionada a manera de relieve y la tripulaci\u00f3n trazar\u00e1 la cartograf\u00eda del mar<\/span><\/em>.<br \/>\n<span style=\"font-weight: 400;\">Tal vez algunos de nosotros debemos ir a trav\u00e9s de oscuros y tortuosos caminos antes de que podamos encontrar el <em><strong>r\u00edo<\/strong><\/em> de la paz.<b> <\/b>Yo <em><strong>Ragnar Lodbrok<\/strong><\/em>, hijo de <em><strong>Sigurd Ring<\/strong><\/em>, heredero de <em><strong>Randver<\/strong><\/em>, rey de <em><strong>Dinamarca<\/strong><\/em> y conquistador de <em><strong>Par\u00eds<\/strong><\/em> les contar\u00e9 una historia: mi historia<\/span><br \/>\n<iframe loading=\"lazy\" src=\"https:\/\/www.youtube.com\/embed\/8lwPbnv3aWo\" width=\"560\" height=\"315\" frameborder=\"0\" allowfullscreen=\"allowfullscreen\"><\/iframe><br \/>\n<span style=\"font-weight: 400;\">Desde el d\u00eda de mi nacimiento supe lo que significaba ser un <em><strong>rey<\/strong><\/em>, lo supe desde que la <em><strong>sangre<\/strong><\/em> de mi padre empez\u00f3 a correr por mis venas.<b> <\/b>La moneda de cambio por el trono de mi padre fu\u00e9 la vida de su t\u00edo en la batalla de <em><strong>Br\u00e1vellir<\/strong><\/em>, su victoria lo coron\u00f3 como soberano de <em><strong>Dinamarca<\/strong><\/em> y <em><strong>Suecia<\/strong><\/em>.<b> <\/b>A pesar del terrible camino al trono de mi padre, mi nacimiento fue un momento feliz y nunca me molest\u00f3 la idea de que alg\u00fan d\u00eda yo tambi\u00e9n ser\u00eda un <em><strong>rey<\/strong><\/em>.<\/span><br \/>\n<iframe loading=\"lazy\" src=\"https:\/\/www.youtube.com\/embed\/z40fpVWL5mQ\" width=\"560\" height=\"315\" frameborder=\"0\" allowfullscreen=\"allowfullscreen\"><\/iframe><br \/>\nNo puedo decir que haya sido f\u00e1cil, el camino al <em><strong>poder<\/strong><\/em> nunca lo es. O que no me haya sentido confundido o solitario despu\u00e9s de todo, soy un <em><strong>vikingo<\/strong><\/em>. Para mi fortuna el sonido de los remos golpeando el agua se convirti\u00f3 en el remedio que liberar\u00eda mi coraz\u00f3n de cualquier duda, de cualquier angustia.<b> <\/b><span style=\"font-weight: 400;\">El haber sido un conde fue el eslab\u00f3n fundamental en la ruta a la gloria que por nacimiento me pertenece, el suelo de <em><strong>Kattegat<\/strong><\/em> me invoca por medio de las perseverantes aguas del <em><strong>B\u00e1ltico<\/strong><\/em>. \u00c9ste vac\u00edo custodiado por inclementes felinos es el temor de todo marinero que pretenda atravesarlo para llegar al <em><strong>Nordsee<\/strong><\/em>, sin embargo en mi designio voy a llenarlo.<b> <\/b>Tener esta responsabilidad sobre mis hombros jam\u00e1s impidi\u00f3 cuidar de mi<em><strong> clan<\/strong><\/em>, mi pueblo, este estrecho que es el hogar de muchos <em><strong>vikingos<\/strong><\/em> y <em><strong>valkirias<\/strong><\/em> fue mi primer familia y a \u00e9sta se le debe un respeto y cuidado peculiar. Una lecci\u00f3n otorgada por la gracia del padre de mi gente y particularmente el m\u00edo: <em><strong>Od\u00edn<\/strong><\/em>.<\/span><br \/>\n<iframe loading=\"lazy\" src=\"https:\/\/www.youtube.com\/embed\/daWSplj60hg\" width=\"560\" height=\"315\" frameborder=\"0\" allowfullscreen=\"allowfullscreen\"><\/iframe><br \/>\n<span style=\"font-weight: 400;\">Los <em><strong>vikingos<\/strong><\/em> sabemos muy bien lo que es pertenecer a una <em><strong>familia<\/strong><\/em>, para bien o para mal, lastre y bendici\u00f3n. Padres, hijos, hermanos, amigos, criados, hermanos jurados, parientes adoptivos y esclavos. Todos bajo un mismo techo, <em><strong>compartiendo<\/strong><\/em> el mismo pan. El amor que siempre nos tuvimos los unos con los otros nunca nos permiti\u00f3 olvidar, que antes que una corte o una casa real, \u00e9ramos una <em><strong>familia<\/strong><\/em>. Ser\u00e1 en esta posici\u00f3n de poder en la que ser\u00e9 recordado por la historia como el monarca que llev\u00f3 a su <em><strong>pueblo<\/strong><\/em> a la gloria. Mi saga ser\u00e1 escrita y cantada en el sal\u00f3n dorado. Los <em><strong>einherjar<\/strong><\/em> me reconocer\u00e1n no como un rey sino como el hombre que rem\u00f3 por el mar <em><strong>B\u00e1ltico<\/strong><\/em> y conquist\u00f3 tierras extranjeras.<b> <\/b>Por lo tanto estoy seguro de que \u00e9sta, mi coronaci\u00f3n, no es el s\u00edmbolo de un poder y un esplendor que se han ido, sino una declaraci\u00f3n de nuestras esperanzas por el futuro, y por lo a\u00f1os en los que, si la gracia de los <em><strong>Aesir<\/strong><\/em> me lo permite, tendr\u00e9 para reinar y ser su dirigente.<\/span><br \/>\n<iframe loading=\"lazy\" src=\"https:\/\/www.youtube.com\/embed\/7eANGHVQS9Q\" width=\"560\" height=\"315\" frameborder=\"0\" allowfullscreen=\"allowfullscreen\"><\/iframe><br \/>\n<span style=\"font-weight: 400;\">Las noticias viajan r\u00e1pido y m\u00e1s cuando son heroicas. La espada que <em><strong>Od\u00edn<\/strong><\/em> \u00a0puso en manos de <em><strong>Sigmund<\/strong><\/em> por fin hab\u00eda dado muerte al drag\u00f3n <em><strong>Fafner<\/strong><\/em>, empu\u00f1ada por <em><strong>Sigfried<\/strong><\/em>, hijo de <em><strong>Sigmund<\/strong><\/em>, y a su vez padre de la mujer que me presentar\u00eda a: <em><strong>Bjorn<\/strong><\/em>, <em><strong>Sigurd<\/strong><\/em>, <em><strong>Guthrod<\/strong><\/em>, <em><strong>Hvits\u00e4rk<\/strong><\/em>, <em><strong>Rognvald<\/strong><\/em> y a<em><strong> Ivar<\/strong><\/em> el deshuesado; todos<em><strong> hijos<\/strong><\/em> m\u00edos nacidos de ese amor que, durante tanto tiempo me embruj\u00f3.<b> <\/b>No hay rey sin reina, es as\u00ed que mi deber como jefe de este imperio es gobernar al lado de mi bella esposa <em><strong>Aslaug<\/strong><\/em>, una princesa que inspirar\u00e1 al linaje vikingo para llevarnos al gran premio despu\u00e9s de la vida: <em><strong>Valhalla<\/strong><\/em>. Mi corte se volver\u00e1 un tablero de ajedrez, pensamientos meticulosos, ego\u00edstas y oportunistas viciar\u00e1n el entorno. Mi reina estar\u00e1 a mi lado pero como mi contrincante, ella pretende ser mi fin movi\u00e9ndose por doquier, pero de un movimiento brindar\u00e9 una resoluci\u00f3n certera a este conflicto.<\/span><br \/>\n<iframe loading=\"lazy\" src=\"https:\/\/www.youtube.com\/embed\/As7lHXx2tJY\" width=\"560\" height=\"315\" frameborder=\"0\" allowfullscreen=\"allowfullscreen\"><\/iframe><br \/>\n<span style=\"font-weight: 400;\">El <em><strong>amor<\/strong><\/em> tiene muchos disfraces, a veces pasa junto a nosotros sin que nos demos cuenta, hacie\u0144donos sentir muy infelices cuando nos enteramos que as\u00ed fue. Mucho peor es cuando sucumbimos a las exigencias de nuestro propio ego, especialmente cuando viene disfrazado del amor.<\/span><b> <\/b><span style=\"font-weight: 400;\"><em><strong>Tyr<\/strong><\/em> el valeroso y <em><strong>Thor<\/strong><\/em> el poderoso pesan en mi conciencia; quiero que <em><strong>Muninn<\/strong><\/em> y <em><strong>Huginn<\/strong><\/em> los cuervos mensajeros le digan a mi padre -el de todos los dioses- que me he encargado de limpiar el <em><strong>Midgard<\/strong><\/em> de la inmundicia proveniente de los <em><strong>Jotuns<\/strong><\/em>.<\/span><b> <\/b><span style=\"font-weight: 400;\">Mat\u00e9 al <em><strong>Lindworm<\/strong><\/em> que representaba un obst\u00e1culo para lograr mi falso cometido. Casarme por segunda vez no fue un error, el error fue casarme sin sentir ese fuego en mi pecho que me apasion\u00f3 en tiempos anteriores. <em><strong>Thora<\/strong><\/em> fue probablemente a\u00fan m\u00e1s bella que mi anterior c\u00f3nyuge y eso result\u00f3 ser un cristal que me ceg\u00f3 sin misericordia.<\/span><br \/>\n<iframe loading=\"lazy\" src=\"https:\/\/www.youtube.com\/embed\/-Jh49xDNbCg\" width=\"560\" height=\"315\" frameborder=\"0\" allowfullscreen=\"allowfullscreen\"><\/iframe><b><\/b><br \/>\n<b> <\/b><span style=\"font-weight: 400;\">Mi nombre &#8211;<em><strong>Ragnar<\/strong><\/em>&#8211; proviene de la batalla que acontencer\u00e1 con el \u00faltimo canto del gallo, el sol se eclipsar\u00e1 en un torbellino de fuego y toda la vida habr\u00e1 de cesar. Sin embargo, mi legado dista de ser algo funesto. He conquistado el <em><strong>B\u00e1ltico<\/strong><\/em>, desde las <em><strong>Semigalias<\/strong><\/em>, hasta las <em><strong>Sambias<\/strong><\/em>.<\/span><b> <\/b><span style=\"font-weight: 400;\">Toda mi vida he estado luchando, a veces por causas justas y guerras necesarias, en otras ocasiones mis peleas han resultado ser un tremendo fracaso pero en <em><strong>Francia<\/strong><\/em> mi voluntad azotar\u00e1 sus costas sin piedad alguna y en <em><strong>Inglaterra<\/strong><\/em> encontrar\u00e9 mi fin, pero nunca mi derrota.<\/span><b> <\/b><span style=\"font-weight: 400;\">Felicidad, no me abandones. Te conozco caprichosa monarca, pos\u00e1ndose en las afortunadas flores que encuentras. Esc\u00fachame: estoy demasiado atado a toda esta realeza ahora \u00bfPuedo convencerte de venir a mi lado? Te ofrecer\u00e9 el n\u00e9ctar de cada bot\u00f3n en flor y la miel de cada fruto de la cosecha. Convertir\u00e9 la tierra en un jard\u00edn y el universo entero en un bosque, pero por favor, te ruego, no me abandones.<\/span><br \/>\n<iframe loading=\"lazy\" src=\"https:\/\/www.youtube.com\/embed\/lP94PlEtsEQ\" width=\"560\" height=\"315\" frameborder=\"0\" allowfullscreen=\"allowfullscreen\"><\/iframe><br \/>\n<span style=\"font-weight: 400;\">Nosotros los <em><strong>vikingos<\/strong> <\/em>veneramos a la mujer, ellas representan no s\u00f3lo la fertilidad, tambi\u00e9n el esplendor de <em><strong>Midgard<\/strong><\/em>. Somos tan trascendentes que los dioses han hecho sacrificios importantes por mantener nuestra existencia y nosotros los hombres debemos realizar las debidas ofrendas para que ellas nos sigan guiando por el camino correcto. Sin duda <em><strong>Ladgerda<\/strong><\/em> es la figura de poder que necesitamos para alcanzar las gloria eterna.<\/span><b> <\/b><span style=\"font-weight: 400;\">No hay <em><strong>amor<\/strong><\/em> como el primero, me complace pensar que es as\u00ed. Que no puede ocurrir dos veces, la fiebre del primer amor. Porque es una fiebre, una carga, una droga que enferma a los que se han vuelto sus prisioneros. Esos que comparten besos, que reciben y dan, mientras cada sonido y color se vuelven profundos y brillantes a su alrededor. Mi reina, mi vida, mi amor. Dicen que la voluntad de un rey es inquebrantable, pero el conocerte y amarte fue escrito por las Nornas cuando tendieron el telar de los destinos. Nuestro <em><strong>v\u00ednculo<\/strong><\/em> hierve pasi\u00f3n; naci\u00f3 de un cuenco ahogado en la sangre de <em><strong>Frodo<\/strong><\/em> y se sostiene por medio de nuestros corazones y el compromiso que tenemos con nuestra gente. Ahora que el amor de mi vida vuelve, estoy seguro de que el clan se inscribir\u00e1 en la eterna memoria de la historia. \u00a1Salve <em><strong>Ladgerda<\/strong><\/em>, reina de los nueve mundos!<\/span><br \/>\n<iframe loading=\"lazy\" src=\"https:\/\/www.youtube.com\/embed\/FRqDdFfHj8g\" width=\"560\" height=\"315\" frameborder=\"0\" allowfullscreen=\"allowfullscreen\"><\/iframe><br \/>\n<span style=\"font-weight: 400;\">Los <em><strong>vikingos<\/strong><\/em> sabemos que el <em><strong>amor<\/strong><\/em> es como la <em><strong>guerra<\/strong><\/em>: f\u00e1cil de comenzar y dif\u00edcil de terminar. Vivimos en un mundo en conflicto, fuimos creados para la <em><strong>aventura<\/strong><\/em>, y si no la tenemos, comenzamos a sacar las cosas de toda proporci\u00f3n para que parezca que tenemos una. Todo es v\u00e1lido en la guerra y en el amor.<\/span><b> <\/b><span style=\"font-weight: 400;\"><em><strong>Coraje<\/strong><\/em>, coraje por los nuestros. <\/span><br \/>\n\u00a1Lev\u00e1ntense guerreros, las lanzas se clavar\u00e1n, los escudos se astillar\u00e1n, es el d\u00eda de la espada, el d\u00eda de todo lo rojo que ha de parir el sol en las catacumbas de nuestros enemigos! \u00a1Zarpen conmigo hacia el fin del mundo y hacia la eterna gloria, c\u00fabranse de los elevados b\u00e1lsamos de Idun mientras reclaman su aliento por medio de su valor!<b> <\/b><br \/>\n<span style=\"font-weight: 400;\">Recito esas palabras con la mayor furia que mi garganta puede producir, mi rugido es escuchado entre mis guerreros que, ahora inspirados, derrotar\u00e1n a los <em><strong>galos<\/strong><\/em>. Mi rostro muestra un gesto de ira y confianza pero mis ojos saben que la <em><strong>masacre<\/strong><\/em> que suceder\u00e1 a continuaci\u00f3n ser\u00e1 un golpe muy fuerte hacia los n\u00fameros de mi ej\u00e9rcito, un golpe devastador para mi <em><strong>reputaci\u00f3n<\/strong><\/em>, un golpe que nos encamina, a m\u00ed y a mi <em><strong>clan<\/strong><\/em>, hacia el fin.<\/span><br \/>\n<iframe loading=\"lazy\" src=\"https:\/\/www.youtube.com\/embed\/U5QKpsVzndc\" width=\"560\" height=\"315\" frameborder=\"0\" allowfullscreen=\"allowfullscreen\"><\/iframe><br \/>\n<span style=\"font-weight: 400;\">Cabalgar\u00e9 a trav\u00e9s del <em><strong>arcoiris<\/strong><\/em> y pasar\u00e9 las puertas de <em><strong>Heimdall<\/strong><\/em>. En la casa de <em><strong>Od\u00edn<\/strong><\/em> yo estar\u00e9 de pie esperando junto con todos los <em><strong>Einherjars<\/strong><\/em> ansiosos por la batalla final. Cuando el sello se rompa en el cielo invernal todos los muertos me seguir\u00e1n y brindaremos justicia a trav\u00e9s de las garras de la tormenta. No lo olviden nunca, los dioses y yo descenderemos cuando los valientes perezcan.<\/span><b> <\/b><span style=\"font-weight: 400;\">S\u00e9 que he venido a morir. <em><strong>Aelle<\/strong><\/em> me ha capturado y mi ejecuci\u00f3n ser\u00e1 perpetrada por serpientes hambrientas. <\/span><br \/>\n<span style=\"font-weight: 400;\">\u00a1P\u00f3nganse serenas y claven bien sus colmillos! \u00a1Van a matar a un hombre! \u00a1A un rey! \u00a1A una leyenda!<\/span><b> <\/b><span style=\"font-weight: 400;\">Viv\u00ed una buena vida, larga y abundante. Am\u00e9 a bellas mujeres y conoc\u00ed a todos mis hijos. En tierra tuve a un <em><strong>clan<\/strong><\/em>, a una familia. En el mar a mis hermanos.<\/span><br \/>\n<span style=\"font-weight: 400;\">Todo y nada terminan aqu\u00ed, voy de paso, a otro viaje, al <em><strong>Valhalla<\/strong><\/em>; atr\u00e1s quedan mis d\u00edas de mercenario, de atracador, de comerciante; mi espada de guerrero y mi tim\u00f3n de navegante.<\/span><\/p>\n","protected":false},"template":"","meta":{"_id_youtube":"","_id_vimeo":"","_podcasts_duration":"","_podcasts_url":"","_podcasts_show":"","_prog_horario_dias":"","_prog_hora":"","_prog_duration":""},"class_list":["post-22035","archivo","type-archivo","status-publish","hentry"],"_links":{"self":[{"href":"https:\/\/nofm-radio.com\/index.php?rest_route=\/wp\/v2\/archivo\/22035","targetHints":{"allow":["GET"]}}],"collection":[{"href":"https:\/\/nofm-radio.com\/index.php?rest_route=\/wp\/v2\/archivo"}],"about":[{"href":"https:\/\/nofm-radio.com\/index.php?rest_route=\/wp\/v2\/types\/archivo"}],"wp:attachment":[{"href":"https:\/\/nofm-radio.com\/index.php?rest_route=%2Fwp%2Fv2%2Fmedia&parent=22035"}],"curies":[{"name":"wp","href":"https:\/\/api.w.org\/{rel}","templated":true}]}}