{"id":22101,"date":"2017-02-21T13:20:12","date_gmt":"2017-02-21T19:20:12","guid":{"rendered":"http:\/\/nofm-radio.com\/?p=22101"},"modified":"2017-02-21T13:20:12","modified_gmt":"2017-02-21T19:20:12","slug":"los-8-mejores-tuits-del-batazo-de-cuba-a-felipe-calderon","status":"publish","type":"archivo","link":"https:\/\/nofm-radio.com\/?archivo=los-8-mejores-tuits-del-batazo-de-cuba-a-felipe-calderon","title":{"rendered":"Los 8 mejores tuits del batazo de Cuba a Felipe Calder\u00f3n"},"content":{"rendered":"<p>Pues, como ya sabr\u00e1n a estas horas, hoy por la ma\u00f1ana pas\u00f3 esto<\/p>\n<blockquote class=\"twitter-tweet\" data-lang=\"es\">\n<p dir=\"ltr\" lang=\"es\">AMX: Nos informa Inmigraci\u00f3n de Cuba que pasajero FCH no est\u00e1 autorizado para entrar a Cuba y solicita que no sea documentado en vuelo AM451<\/p>\n<p>\u2014 Felipe Calder\u00f3n (@FelipeCalderon) <a href=\"https:\/\/twitter.com\/FelipeCalderon\/status\/834071065412374528\">21 de febrero de 2017<\/a><\/p><\/blockquote>\n<p><script src=\"\/\/platform.twitter.com\/widgets.js\" async=\"\" charset=\"utf-8\"><\/script>El ex presidente mexicano <strong>Felipe Calder\u00f3n<\/strong> no pudio viajar a<strong> Cuba<\/strong>, en donde asistir\u00eda a la entrega del <strong>Premio Oswaldo Pay\u00e1<\/strong>, que recibir\u00e1 el presidente de la OEA, <strong>Luis Almagro<\/strong>. Calder\u00f3n no fue el \u00fanico vetado de la isla, tambi\u00e9n a los periodistas <strong>Sol Garc\u00eda y Henry Constant\u00edn<\/strong> le impidieron viajar a La Habana. Hasta el momento es un misterio la raz\u00f3n por la que el gobierno cubano decidi\u00f3 impedirle la entrada a Calder\u00f3n. Pero, como siempre, nuestro amado Internet tiene una serie de posibles respuestas. Ac\u00e1 les dejamos los 8 mejores tuit sobre Cuba y Calder\u00f3n.<br \/>\n<strong>* El no es cr\u00edtica, es verdad<\/strong><\/p>\n<blockquote class=\"twitter-tweet\" data-lang=\"es\"><p>\n\u00bfQue por qu\u00e9 no se le autoriza entrar a Cuba?<br \/>\n <a href=\"https:\/\/t.co\/sWlwZETV3v\">pic.twitter.com\/sWlwZETV3v<\/a><br \/>\n\u2014 Alfredo Lecona (@AlfredoLecona) <a href=\"https:\/\/twitter.com\/AlfredoLecona\/status\/834098063018909696\">21 de febrero de 2017<\/a>\n<\/p><\/blockquote>\n<p><script src=\"\/\/platform.twitter.com\/widgets.js\" async=\"\" charset=\"utf-8\"><\/script><br \/>\n<strong>* El buen perdedor<\/strong><\/p>\n<blockquote class=\"twitter-tweet\" data-lang=\"es\">\n<p dir=\"ltr\" lang=\"es\">Cu\u00e1ndo quieres una cuba&#8230; pero Cuba no te quiere! <a href=\"https:\/\/t.co\/ASXj4cWZiQ\">pic.twitter.com\/ASXj4cWZiQ<\/a><\/p>\n<p>\u2014 \u2624 V\u00edctor Oviedo (@Oviedo308) <a href=\"https:\/\/twitter.com\/Oviedo308\/status\/834114877597691905\">21 de febrero de 2017<\/a><\/p><\/blockquote>\n<p><script src=\"\/\/platform.twitter.com\/widgets.js\" async=\"\" charset=\"utf-8\"><\/script><strong>* El exitoso<\/strong><\/p>\n<blockquote class=\"twitter-tweet\" data-lang=\"es\"><p>\nCuba: <a href=\"https:\/\/twitter.com\/hashtag\/CalderonSeQuedaSinCuba?src=hash\">#CalderonSeQuedaSinCuba<\/a> <a href=\"https:\/\/t.co\/bA4azCASvW\">pic.twitter.com\/bA4azCASvW<\/a><br \/>\n\u2014 Gerardo On (@GerardoOn) <a href=\"https:\/\/twitter.com\/GerardoOn\/status\/834113327882240001\">21 de febrero de 2017<\/a>\n<\/p><\/blockquote>\n<p><script src=\"\/\/platform.twitter.com\/widgets.js\" async=\"\" charset=\"utf-8\"><\/script><br \/>\n<strong>* El &#8220;Al cabo que ni quer\u00eda&#8221;<\/strong><\/p>\n<blockquote class=\"twitter-tweet\" data-lang=\"es\">\n<p dir=\"ltr\" lang=\"es\">Como cuando no te dejan entrar a Cuba&#8230;<br \/>\nSonr\u00edes y finges que no te importa. <a href=\"https:\/\/t.co\/Gbidy9SMsZ\">pic.twitter.com\/Gbidy9SMsZ<\/a><\/p>\n<p>\u2014 \u00a1JITOMATAZOS! (@DestellitoDeLuz) <a href=\"https:\/\/twitter.com\/DestellitoDeLuz\/status\/834112453575323649\">21 de febrero de 2017<\/a><\/p><\/blockquote>\n<p><script src=\"\/\/platform.twitter.com\/widgets.js\" async=\"\" charset=\"utf-8\"><\/script><strong>* El Autorreflexivo<\/strong><\/p>\n<blockquote class=\"twitter-tweet\" data-lang=\"es\"><p>\nComo cuando no te dejan entrar a Cuba porque ya te conocen. <a href=\"https:\/\/t.co\/bi21pXVOgB\">pic.twitter.com\/bi21pXVOgB<\/a><br \/>\n\u2014 Risco (@jrisco) <a href=\"https:\/\/twitter.com\/jrisco\/status\/834093984045625344\">21 de febrero de 2017<\/a>\n<\/p><\/blockquote>\n<p><script src=\"\/\/platform.twitter.com\/widgets.js\" async=\"\" charset=\"utf-8\"><\/script><br \/>\n<strong>* El escatol\u00f3gico<\/strong><\/p>\n<blockquote class=\"twitter-tweet\" data-lang=\"es\">\n<p dir=\"ltr\" lang=\"es\">Enhorabuena por Cuba, que impidi\u00f3 el arribo de materia fecal a su territorio.<\/p>\n<p>\u2014 zgs90 (@zgs90) <a href=\"https:\/\/twitter.com\/zgs90\/status\/834116412562104324\">21 de febrero de 2017<\/a><\/p><\/blockquote>\n<p><script src=\"\/\/platform.twitter.com\/widgets.js\" async=\"\" charset=\"utf-8\"><\/script><strong>* El comprensivo<\/strong><\/p>\n<blockquote class=\"twitter-tweet\" data-lang=\"es\"><p>\nEntonces ya les declaramos la guerra a Cuba Felipe Calder\u00f3n ? No sean gachos m\u00e1ndale su botella de Ron, porque se va a poner insoportable..<br \/>\n\u2014 mario alberto lopez, (@BLARYDECK) <a href=\"https:\/\/twitter.com\/BLARYDECK\/status\/834117647121788928\">21 de febrero de 2017<\/a>\n<\/p><\/blockquote>\n<p><script src=\"\/\/platform.twitter.com\/widgets.js\" async=\"\" charset=\"utf-8\"><\/script><br \/>\n<strong>* La mejor explicaci\u00f3n<\/strong><\/p>\n<blockquote class=\"twitter-tweet\" data-lang=\"es\">\n<p dir=\"ltr\" lang=\"es\">\u00bfCu\u00e1l es el colmo de Felipe Calde-ron?<br \/>\n-Que le nieguen una Cuba<\/p>\n<p>\u2014 M. Ferto (@ezkalibur) <a href=\"https:\/\/twitter.com\/ezkalibur\/status\/834118398430818304\">21 de febrero de 2017<\/a><\/p><\/blockquote>\n<p><script src=\"\/\/platform.twitter.com\/widgets.js\" async=\"\" charset=\"utf-8\"><\/script><\/p>\n","protected":false},"template":"","meta":{"_id_youtube":"","_id_vimeo":"","_podcasts_duration":"","_podcasts_url":"","_podcasts_show":"","_prog_horario_dias":"","_prog_hora":"","_prog_duration":""},"class_list":["post-22101","archivo","type-archivo","status-publish","hentry"],"_links":{"self":[{"href":"https:\/\/nofm-radio.com\/index.php?rest_route=\/wp\/v2\/archivo\/22101","targetHints":{"allow":["GET"]}}],"collection":[{"href":"https:\/\/nofm-radio.com\/index.php?rest_route=\/wp\/v2\/archivo"}],"about":[{"href":"https:\/\/nofm-radio.com\/index.php?rest_route=\/wp\/v2\/types\/archivo"}],"wp:attachment":[{"href":"https:\/\/nofm-radio.com\/index.php?rest_route=%2Fwp%2Fv2%2Fmedia&parent=22101"}],"curies":[{"name":"wp","href":"https:\/\/api.w.org\/{rel}","templated":true}]}}