{"id":22292,"date":"2017-02-24T16:44:31","date_gmt":"2017-02-24T22:44:31","guid":{"rendered":"http:\/\/nofm-radio.com\/?p=22292"},"modified":"2017-02-24T16:44:31","modified_gmt":"2017-02-24T22:44:31","slug":"la-primera-vez-que-vi-una-tarjeta-amarilla","status":"publish","type":"archivo","link":"https:\/\/nofm-radio.com\/?archivo=la-primera-vez-que-vi-una-tarjeta-amarilla","title":{"rendered":"La primera vez que vi una tarjeta amarilla"},"content":{"rendered":"<p>por <strong>\u00d3scar Muci\u00f1o<\/strong><br \/>\n<a href=\"https:\/\/twitter.com\/opmucino\" target=\"_blank\" rel=\"noopener noreferrer\">@opmucino<\/a><br \/>\nCuriosamente mi padre le va a las <strong>Chivas<\/strong> y yo le voy a los <strong>Pumas<\/strong> (tambi\u00e9n es curiosa la expresi\u00f3n le va, en vez de decir es aficionado), \u00e9l nunca intent\u00f3 inculcarme su afici\u00f3n, la m\u00eda naci\u00f3 siguiendo el ejemplo de mi t\u00edo Prudencio, hermano de mi mam\u00e1, quien hab\u00eda llegado de <strong>Oaxaca<\/strong> para estudiar su bachillerato y licenciatura en la <strong>UNAM<\/strong>, y que vivi\u00f3 un buen tiempo con el reci\u00e9n formado matrimonio de mis padres.<br \/>\nLo que s\u00ed intent\u00f3 mi padre fue inculcarme su gusto por el deporte (jug\u00f3 basquetbol, voleybol y f\u00fatbol). Jugaba en un equipo formado por sus amigos de la calle y sus primos, conocidos como \u201clos G\u00f3mez\u201d, algunos de ellos alcanzaron a jugar en ligas profesionales. El equipo se llamaba <strong>18 Club<\/strong> por el n\u00famero de la calle en la que viv\u00edan en la colonia Balbuena; el nombre en alg\u00fan momento deform\u00f3 a <strong>18 Chup<\/strong>. Incluso recuerdo que mi padre, cuando ve\u00edamos la transmisi\u00f3n de los partidos del <strong>Toluca<\/strong>, presum\u00eda que uno de sus primos (no de los G\u00f3mez) era el portero, el \u201cVenado\u201d Gutierrez.<br \/>\nTanta era su intenci\u00f3n de verme hacer<strong> deporte<\/strong> que vendi\u00f3 mi \u201ccarta\u201d a un<strong> equipo de f\u00fatbol<\/strong> formado por hijos de los vecinos de una de las cuadras de al lado, la calle donde estaba la tienda a la que acud\u00eda a comprar complementos para la comida como tostadas, crema, queso, refresco y su caguama.<br \/>\n<a class=\"no-eff img-link lightbox\" href=\"http:\/\/nofm-radio.com\/wp-content\/uploads\/2017\/02\/pumas-ultra.jpg\"><img loading=\"lazy\" decoding=\"async\" class=\"alignleft wp-image-22293\" src=\"http:\/\/nofm-radio.com\/wp-content\/uploads\/2017\/02\/pumas-ultra.jpg\" alt=\"pumas-ultra\" width=\"300\" height=\"224\" \/><\/a><br \/>\nRecuerdo que me llevaba al estadio <strong>Azteca<\/strong> a ver partidos como un Cruz Azul-Chivas. En aquellos tiempos cuando la entrada hasta arriba costaba 5 mil pesos viejos, y que uno pod\u00eda entrar con tortas y naranjadas Bonafina (3&#215;10 mil pesos). Despu\u00e9s me ha contado que se pod\u00eda pasar al estadio con una botella bien escondida, y servir cubas en las gradas.<br \/>\nO me llevaba al <strong>Ol\u00edmpico Universitario<\/strong> para presenciar un Pumas-Chivas, y no le importaba sentarse del lado de la porra Ultra de los Pumas, el equipo contrario en su coraz\u00f3n, \u00fanicamente para que yo gozara.<br \/>\nNo recuerdo el nombre del primer <strong>equipo llanero<\/strong> en el que jugu\u00e9, en la plantilla estaban los hermanos Jorge y El\u00edas, hijos del dependiente de la tienda, el primero m\u00e1s grande que El\u00edas y yo, que \u00e9ramos de la misma edad, con \u00e9l me dedicaba a jugar con ramas en la tierra durante los partidos en los que no \u00e9ramos convocados.<br \/>\nEl primer puesto que ocup\u00e9 en el equipo fue el de <strong>delantero<\/strong>, la primera vez que ingres\u00e9 al campo me sent\u00ed perdido, tarea dif\u00edcil el ubicarse en el terreno de juego, no era nada parecido al gol-para que jug\u00e1bamos en la calle, tan as\u00ed que en una de mis primeras actuaciones dentro del campo tuve una oportunidad clar\u00edsima; con el portero vencido control\u00e9 con lentitud el pase de uno de mis compa\u00f1eros, por desgracia al patear hacia la meta lanc\u00e9 mi disparo hacia un lado para decepci\u00f3n del entrenador y de mi padre. Como siempre, me perd\u00ed el <strong>gol.<\/strong><br \/>\nDespu\u00e9s de mi pifia frente al arco se me asign\u00f3 un puesto como medio, recuerdo que en ese juego uno de los laterales del equipo contrario (de quien no recuerdo su n\u00famero ni su nombre), con el <strong>bal\u00f3n<\/strong> en su pies me rebas\u00f3; en la carrera detr\u00e1s de \u00e9l me pareci\u00f3 f\u00e1cil propinarle un pisot\u00f3n en la pantorrilla, detuve bruscamente su carrera en busca de la<strong> porter\u00eda<\/strong>. Lo vi caer y dar tres marometas por el suelo. Me invadi\u00f3 un sentimiento de culpa que termin\u00f3 de afirmarse con el silbatazo del <strong>\u00e1rbitro<\/strong>, cuando el colegiado sac\u00f3 la <strong>tarjeta amarilla<\/strong> la culpa se volvi\u00f3 un nudo en la garganta. No est\u00e1 chido pegarle nam\u00e1s de huevos a alguien. Incluso dentro del juego est\u00e1 prohibido agredir, y aprenderlo es m\u00e1s duro cuando alguien con un cart\u00f3n color amarillo, color asociado a la amargura, te lo recuerda.<br \/>\nDespu\u00e9s, ya en la secundaria, milit\u00e9 en el <strong>Spartak<\/strong> con mis compa\u00f1eros de clase, fui expulsado, me consolid\u00e9 como <strong>defensa lateral<\/strong> (mi posici\u00f3n preferida hasta la fecha) y ganamos algunas ligas del <strong>Deportivo Ocean\u00eda<\/strong>. La sombra de la tarjeta amarilla me sigue: en el trabajo me han dicho que tras ver una (por falta de productividad) viene el despido; pero eso como las historias de triunfo no importan.<\/p>\n<p style=\"text-align: center;\"><strong><a href=\"https:\/\/thesolipsta.wordpress.com\/2013\/10\/08\/futboleros\/\" target=\"_blank\" rel=\"noopener noreferrer\">https:\/\/thesolipsta.wordpress.com\/2013\/10\/08\/futboleros\/<\/a><\/strong><\/p>\n","protected":false},"template":"","meta":{"_id_youtube":"","_id_vimeo":"","_podcasts_duration":"","_podcasts_url":"","_podcasts_show":"","_prog_horario_dias":"","_prog_hora":"","_prog_duration":""},"class_list":["post-22292","archivo","type-archivo","status-publish","hentry"],"_links":{"self":[{"href":"https:\/\/nofm-radio.com\/index.php?rest_route=\/wp\/v2\/archivo\/22292","targetHints":{"allow":["GET"]}}],"collection":[{"href":"https:\/\/nofm-radio.com\/index.php?rest_route=\/wp\/v2\/archivo"}],"about":[{"href":"https:\/\/nofm-radio.com\/index.php?rest_route=\/wp\/v2\/types\/archivo"}],"wp:attachment":[{"href":"https:\/\/nofm-radio.com\/index.php?rest_route=%2Fwp%2Fv2%2Fmedia&parent=22292"}],"curies":[{"name":"wp","href":"https:\/\/api.w.org\/{rel}","templated":true}]}}