{"id":22326,"date":"2017-03-01T10:26:34","date_gmt":"2017-03-01T16:26:34","guid":{"rendered":"http:\/\/nofm-radio.com\/?p=22326"},"modified":"2017-03-01T10:26:34","modified_gmt":"2017-03-01T16:26:34","slug":"22326","status":"publish","type":"archivo","link":"https:\/\/nofm-radio.com\/?archivo=22326","title":{"rendered":"Entre hip\u00f3critas te veas. 8 hechos que nos escandalizan de Trump, y que M\u00e9xico hace desde hace a\u00f1os"},"content":{"rendered":"<p>A nadie le queda duda que el enemigo com\u00fan del mundo mundial es ahora <strong>Donald Trump.<\/strong>\u00a0El l\u00edder del mundo libre tiene a la<strong> prensa<\/strong>\u00a0y a los pol\u00edticos de casi todos los pa\u00edses parados de pesta\u00f1as y sin mucha certeza de cu\u00e1l ser\u00e1 el siguiente paso. Ayer, en su primera comparecencia ante el <strong>Congreso <\/strong>estadounidense, Trump corrobor\u00f3 que, a diferencia de los pol\u00edticos a los que estamos acostumbradoS, \u00e9l al menos en discurso no se alejar\u00e1 de sus promesas de campa\u00f1a, en especial las que ata\u00f1en a nuestro M\u00e9xico lindo y querido.<br \/>\nEl presidente naranja se ha convertido en la <strong>n\u00e9mesis<\/strong> de nuestro pa\u00eds, y tambi\u00e9n en el chivo expiatorio de todos los males que nos aquejan. Si bien Trump no se ha cansado de amenazar a los <strong>migrantes<\/strong> y de poner en jaque a la econom\u00eda mexicana a base de tuitazos, lo cierto es que \u00a0muchas de las cosas que la opini\u00f3n p\u00fablica de nuestro pa\u00eds condena y reprueba del presidente estadounidense son cosas de todos los d\u00edas en M\u00e9xico. Como dicen las t\u00edas: es m\u00e1s f\u00e1cil ver la paja en el ojo ajeno que la viga en el propio, y para comprobarlo, aqu\u00ed les dejamos 8 cosas que nos indignan de <strong>Donald Trump<\/strong>, pero ya ni percibimos de nuestro gobierno y medios de comunicaci\u00f3n.<br \/>\n<strong>* Cero preparados para la vida<\/strong><br \/>\nUna de las cosas que m\u00e1s se le ha criticado a <strong>Donald Trump<\/strong> es su poca preparaci\u00f3n en el campo pol\u00edtico, detalle que se extendi\u00f3 \u00a0a la mayor parte de su <strong>gabinete<\/strong>. Aunque en M\u00e9xico no cantamos mal las rancheras. <strong>Enrique Pe\u00f1a Nieto<\/strong> lleg\u00f3 a la presidencia sin ning\u00fan tipo de experiencia a nivel federal, el \u00fanico cargo del alto nivel hab\u00eda sido la gobernatura del <strong>Estado de M\u00e9xico<\/strong>, a la cual lleg\u00f3 tambi\u00e9n mete\u00f3ricamente. Si hablamos del <strong>gabinete<\/strong>, podemos hacer esc\u00e1ndalo por la poca preparaci\u00f3n o los antecedentes de los elegidos de <strong>Trump<\/strong>, pero nosotros tambi\u00e9n tenemos a un <strong>Secretario de Educaci\u00f3n<\/strong> que quiere privatizar la <strong>educaci\u00f3n p\u00fablica<\/strong>, tenemos como funcionaria a una ex luchadora (saludos <strong>Carmelita Salinas<\/strong>), y ni siquiera tenemos que mencionar los m\u00faltiples desplantes machistas, racistas y sexistas que han salido a relucir en las oficinas del gobiernos mexicano: desde diputados diciendo que votar\u00edan la ley contra la trata de mujeres como usuarios, hasta el secretario de <strong>Desarrollo Social<\/strong> afirmando que no puede dialogar con una legisladora pues no es psiquiatra, pasando por el presidente del <strong>INE<\/strong> burl\u00e1ndose de un l\u00edder ind\u00edgena.<br \/>\n<iframe loading=\"lazy\" class=\"giphy-embed\" src=\"\/\/giphy.com\/embed\/3otPoO9zWfid8QyTE4\" width=\"480\" height=\"270\" frameborder=\"0\" allowfullscreen=\"allowfullscreen\"><\/iframe><br \/>\n<strong>* Militarizar las fronteras<\/strong><br \/>\nS\u00ed, <strong>Donald Trump<\/strong> ha decidido que los migrantes son los enemigos del pueblo estadounidense. Ha amenazado con militarizar las fronteras y desplegar a la <strong>Guardia Nacional<\/strong>,\u00a0y nosotros <strong>POR EXPERIENCIA<\/strong>, podemos decirle que as\u00ed no se detiene la migraci\u00f3n ilegal. As\u00ed es, <strong>M\u00e9xico<\/strong> ha militarizado las redadas migratorias desde hace m\u00e1s de diez a\u00f1os. Aunque la ley mexicana marca que s\u00f3lo el <strong>Instituto Nacional de Migraci\u00f3n<\/strong> puede detener a los migrantes, los retenes y redadas militares y polic\u00edacas se realizan a diestra y siniestra a lo largo de nuestro pa\u00eds. Y si nos clavamos a las condiciones de detenci\u00f3n, las formas de discriminaci\u00f3n, violencia y miseria que tienen que enfrentar mientras cruzan por nuestro pa\u00eds, estamos sumergidos en la pura crueldad.<br \/>\n<iframe loading=\"lazy\" class=\"giphy-embed\" src=\"\/\/giphy.com\/embed\/ypRIBscTKYmDm\" width=\"480\" height=\"360\" frameborder=\"0\" allowfullscreen=\"allowfullscreen\"><\/iframe><br \/>\n<strong>* Some bad hombres<\/strong><br \/>\nEl <strong>decreto migratorio de Donald Trump<\/strong> se caracteriza por la criminalizaci\u00f3n de los migrantes, a quienes mete en el costal de pandilleros, violadores y narcotraficantes. Ac\u00e1 en M\u00e9xico no hay una legislaci\u00f3n que los catalogue de esa manera, pero s\u00ed se les criminaliza de facto. Conocidas son las historias de centroamericanos y caribe\u00f1os que sufren <strong>discriminaci\u00f3n<\/strong> a tal grado que no les permiten abordar el transporte p\u00fablico porque la gente los asume como delincuentes, o no les venden comida porque dan una mala imagen a los negocios. Recientemente se dio a conocer que <strong>albergues de Tijuana<\/strong> que han avisado a migrantes extranjeros que tendr\u00e1n que abandonar el lugar pues se espera una gran cantidad de migrantes mexicanos sean repatriados y tendr\u00e1n prioridad para obtener apoyo. Menci\u00f3n aparte merece la manera en que el gobierno mexicano ha enfrentado la famosa guerra contra el narcotr\u00e1fico que ha criminalizado a miles de personas. Bajo la premisa del combate al <strong>crimen organizado<\/strong>, los muertos no importan si son narcos.<br \/>\n<iframe loading=\"lazy\" class=\"giphy-embed\" src=\"\/\/giphy.com\/embed\/mDCykkjaDQha\" width=\"480\" height=\"360\" frameborder=\"0\" allowfullscreen=\"allowfullscreen\"><\/iframe><br \/>\n<strong>* Guerra contra los medios<\/strong><br \/>\nSi alguien no ha bajado la guardia contra el presidente Trump son los medios de comunicaci\u00f3n. Los <strong>periodistas<\/strong> han emprendido la gran batalla contra el empresario, que ha respondido llam\u00e1ndolos los &#8220;enemigos del pueblo estadounidense&#8221;. Este enfrentamiento lo han adoptado los <strong>medios de comunicaci\u00f3n<\/strong> mexicanos, a\u00fan cuando son pocos periodistas los que tienen una actitud cr\u00edtica hacia el poder. Tanto as\u00ed que ninguno hace eco de los embates que el gobierno mexicano ha cometido contra varios medios de comunicaci\u00f3n. Y no hablamos s\u00f3lo del <strong>caso Aristegui<\/strong>, sino de las p\u00e9simas condiciones que todos los periodistas deben ejercer su labor, y que s\u00f3lo ha empeorado en los \u00faltimos diez a\u00f1os.<br \/>\n<iframe loading=\"lazy\" class=\"giphy-embed\" src=\"\/\/giphy.com\/embed\/mPYkYECaBm7Ju\" width=\"480\" height=\"230\" frameborder=\"0\" allowfullscreen=\"allowfullscreen\"><\/iframe><br \/>\n<strong>* Con todo por las armas<\/strong><br \/>\nLos d\u00edas m\u00e1s recientes, se dio a conocer que <strong>Donald Trump<\/strong> hab\u00eda decidido aumentar el <strong>presupuesto para armas<\/strong>. Con una declaraci\u00f3n incendiaria, como las que acostumbra, que afirmaba que <strong>EUA<\/strong> &#8220;ten\u00eda que empezar a ganar guerras de nuevo&#8221;, puso a temblar a todo el mundo. El poder armament\u00edstico y potencial destructivo de <strong>Estados Unidos<\/strong> es superior al de casi todos los pa\u00edses. El problema est\u00e1 cuando un gobierno invierte en armas, no para defenderse de una amenaza externa, sino para pelear una guerra al interior de sus fronteras. En este caso est\u00e1 M\u00e9xico, en los \u00faltimos a\u00f1os, se ha incrementado el presupuesto del<strong> Ej\u00e9rcito y la Marina<\/strong> de manera exponencial, pasamos de <strong>90 millones de pesos<\/strong> en 2014 a <strong>900 millones<\/strong> en 2017. Adem\u00e1s son recursos que no est\u00e1n sujetos a transparencia, por lo que no sabemos a qu\u00e9 se destinan.<br \/>\n<iframe loading=\"lazy\" class=\"giphy-embed\" src=\"\/\/giphy.com\/embed\/zpmJfnLhG3GrC\" width=\"480\" height=\"384\" frameborder=\"0\" allowfullscreen=\"allowfullscreen\"><\/iframe><br \/>\n<strong>* El hombre detr\u00e1s de la silla<\/strong><br \/>\n<strong>Steve Bannon<\/strong> se ha asumido como el hombre que en realidad gobierna a la naci\u00f3n m\u00e1s poderosa del mundo. No es la primera vez que escuchamos que la figura que se sienta en la silla presidencial es s\u00f3lo un t\u00edtere. Esa historia nos la sabemos de memoria: y no s\u00f3lo por el lugar com\u00fan de que Pe\u00f1a Nieto es la marioneta de <strong>Carlos Salinas de Gortari<\/strong>, sino porque se ha comprobado hasta el cansancio que el ahora presidente mexicano fue construido por poderes f\u00e1cticos. Puede ser que M\u00e9xico no tenga a un <strong>Bannon<\/strong>, pero es claro que hay muchos intereses que manejan las pol\u00edticas que salen de <strong>Los Pinos<\/strong>.<br \/>\n<iframe loading=\"lazy\" class=\"giphy-embed\" src=\"\/\/giphy.com\/embed\/l3vQXVnxved90KvEA\" width=\"480\" height=\"266\" frameborder=\"0\" allowfullscreen=\"allowfullscreen\"><\/iframe><br \/>\n<strong>* Fake News<\/strong><br \/>\nOtro de los hechos m\u00e1s condenables de la administraci\u00f3n de <strong>Donald Trump<\/strong> son el manejo de conceptos como &#8220;<strong>noticias falsas<\/strong>&#8221; y &#8220;<strong>hechos alternativos<\/strong>&#8221; para adecuar lo que sucede a los intereses propios. Y nuestro gobierno bien podr\u00eda adoptar como lema esa declaraci\u00f3n del presidente estadounidense en que dijo que b\u00e1sicamente todo ataque a lo que \u00e9l diga constituye una falsedad. Con <strong>Enrique Pe\u00f1a Nieto<\/strong> todo es cuesti\u00f3n de percepci\u00f3n: los ciudadanos percibimos que hay corrupci\u00f3n, malentendemos sus acciones como conflictos de inter\u00e9s o francos delitos. De <strong>Los Pinos<\/strong> han salido numerosos comunicados que desmienten publicaciones y declaraciones period\u00edsticas, pues se alejan de la realidad, aun cuando son comprobables. De igual manera, la negaci\u00f3n es la \u00fanica explicaci\u00f3n que sale de presidencia ante cualquier hecho contrario a sus intereses.<br \/>\n<iframe loading=\"lazy\" class=\"giphy-embed\" src=\"\/\/giphy.com\/embed\/VJs4DPyqO4qwo\" width=\"480\" height=\"270\" frameborder=\"0\" allowfullscreen=\"allowfullscreen\"><\/iframe><br \/>\n<strong>* No es mi presidente<\/strong><br \/>\nMarchas van y vienen con la misma consigna: no es mi presidente. Ambos personajes llegaron al poder sin el apoyo del <strong>voto popular<\/strong>, y evidenciaron fallas claras en los sistemas electorales de ambos pa\u00edses. Aunque hay que decir que la poca aceptaci\u00f3n popular no se restringe a lo electoral, sino al poco empate con las ideas y las formas de gobernar que ha impuesto los dos copetudos y que, pese a lo que parece ser el rechazo popular, mantienen una base de simpatizantes<br \/>\n<iframe loading=\"lazy\" class=\"giphy-embed\" src=\"\/\/giphy.com\/embed\/pvnOdqWTygHS\" width=\"480\" height=\"360\" frameborder=\"0\" allowfullscreen=\"allowfullscreen\"><\/iframe><br \/>\nAs\u00ed es, muchachos y muchachas, dos copetes un camino, como dir\u00eda <strong>Bronco<\/strong>. Y no es que tengamos que ignorar lo que sucede en Estados Unidos y que es muy condenable, sino tambi\u00e9n atender todo lo malo que tenemos por ac\u00e1. Tampoco olvidemos que, con todo, <strong>Trump<\/strong> en sus primeros meses de gobierno ya ha comparecido ante el Congreso de su pa\u00eds, cosa que no puede decir <strong>Enrique Pe\u00f1a Nieto<\/strong> a un paso de terminar su mandato.<br \/>\n&nbsp;<\/p>\n","protected":false},"template":"","meta":{"_id_youtube":"","_id_vimeo":"","_podcasts_duration":"","_podcasts_url":"","_podcasts_show":"","_prog_horario_dias":"","_prog_hora":"","_prog_duration":""},"class_list":["post-22326","archivo","type-archivo","status-publish","hentry"],"_links":{"self":[{"href":"https:\/\/nofm-radio.com\/index.php?rest_route=\/wp\/v2\/archivo\/22326","targetHints":{"allow":["GET"]}}],"collection":[{"href":"https:\/\/nofm-radio.com\/index.php?rest_route=\/wp\/v2\/archivo"}],"about":[{"href":"https:\/\/nofm-radio.com\/index.php?rest_route=\/wp\/v2\/types\/archivo"}],"wp:attachment":[{"href":"https:\/\/nofm-radio.com\/index.php?rest_route=%2Fwp%2Fv2%2Fmedia&parent=22326"}],"curies":[{"name":"wp","href":"https:\/\/api.w.org\/{rel}","templated":true}]}}