{"id":22785,"date":"2017-03-23T19:39:10","date_gmt":"2017-03-24T01:39:10","guid":{"rendered":"http:\/\/nofm-radio.com\/?p=22785"},"modified":"2017-03-23T19:39:10","modified_gmt":"2017-03-24T01:39:10","slug":"cdmxciudaddecine-fic-mexico-rumbo-al-2018","status":"publish","type":"archivo","link":"https:\/\/nofm-radio.com\/?archivo=cdmxciudaddecine-fic-mexico-rumbo-al-2018","title":{"rendered":"#CDMXCiudadDeCine: FIC M\u00e9xico rumbo al 2018"},"content":{"rendered":"<p>por <strong>Jes\u00fas Arelle <\/strong><br \/>\n<a href=\"https:\/\/twitter.com\/EpigmenioCross\" target=\"_blank\" rel=\"noopener noreferrer\">@EpigmenioCross<\/a><br \/>\n\u201cCiudad de M\u00e9xico, ciudad de cine\u201d, es el lema bajo el cual este nuevo festival buscar\u00e1 hacer llegar a la capital de nuestro pa\u00eds frescas y originales <strong>muestras cinematogr\u00e1ficas<\/strong>, tanto nacionales como internacionales. Con la intenci\u00f3n de consolidar a la <strong>Ciudad de M\u00e9xico<\/strong> como un punto de encuentro f\u00edlmico anual, la organizadora del festival, <strong>Marina S\u00e1nchez Salas<\/strong> y su equipo de programaci\u00f3n conformado por <strong>Rafael Mar\u00edn<\/strong> y <strong>Joaqu\u00edn Gonz\u00e1lez de la Vega<\/strong>, han trabajado desde 2014 en construir un espacio que permita difundir la cultura cinematogr\u00e1fica para el fortalecimiento de esta industria en nuestro pa\u00eds.<br \/>\nLa ma\u00f1ana del 23 de marzo se ha dado a conocer de manera oficial la nueva y renovada edici\u00f3n del <strong>FICM\u00e9xico<\/strong>, un festival creado con la intenci\u00f3n de convertirse en una de las principales plataformas de exhibici\u00f3n a nivel internacional. Todo debido al esfuerzo en conjunto y el apoyo de las m\u00e1s de 45 embajadas de los pa\u00edses con los que se ha trabajado hasta ahora, en vistas de tener una programaci\u00f3n de primera calidad para ofrecer.<br \/>\n<a class=\"no-eff img-link lightbox\" href=\"http:\/\/nofm-radio.com\/wp-content\/uploads\/2017\/03\/IMG_0746.jpg\"><img loading=\"lazy\" decoding=\"async\" class=\"alignnone size-full wp-image-22787\" src=\"http:\/\/nofm-radio.com\/wp-content\/uploads\/2017\/03\/IMG_0746.jpg\" alt=\"IMG_0746\" width=\"4032\" height=\"3024\" \/><\/a><br \/>\nEl festival se realizar\u00e1 en la Ciudad de M\u00e9xico del <strong>14 al 24 de junio de 2018<\/strong>, los escenarios estar\u00e1n listos para dar inicio al festival en el marco de su primera edici\u00f3n, en la cual el pa\u00eds invitado de honor ser\u00e1<strong> Cuba<\/strong>, lo que fortalecer\u00e1 los v\u00ednculos en la cinematograf\u00eda de ambos pa\u00edses, as\u00ed c\u00f3mo los de Am\u00e9rica Latina.<br \/>\nLa presencia de Cuba en el festival estar\u00e1 constituida en trono a m\u00e1s de 30 cintas, cuyos g\u00e9neros estar\u00e1n centrados en el de la ficci\u00f3n y el cine documental, habr\u00e1 invitados especiales, y se har\u00e1 un homenaje al cine de Cuba, que, como dijo hoy el intelectual oriundo de la isla <strong>Waldo Leyva<\/strong>, \u201cha dejado mucho al cine a pesar de las carencias\u201d.<br \/>\nEn total, se proyectar\u00e1n 150 cintas en 260 funciones, lo que har\u00e1 esta muestra iconogr\u00e1fica del cine algo bastante extenso, augurando un tremendo \u00e9xito para los realizadores. Si es el caso, en cada nueva edici\u00f3n del festival se seleccionar\u00e1 un pa\u00eds para llevar el t\u00edtulo de \u201c<strong>Pa\u00eds Invitado de Honor<\/strong>\u201d con la intenci\u00f3n de crear un inter\u00e9s por conocer m\u00e1s de sus culturas, artes y tradiciones, lo que permitir\u00e1 a los espectadores mexicanos profundizar m\u00e1s en su cinematograf\u00eda. Adem\u00e1s, se contar\u00e1 con la presencia y participaci\u00f3n de m\u00e1s de 40 pa\u00edses invitados de Latinoam\u00e9rica, Europa, Asia y \u00c1frica, quienes enviar\u00e1n lo mejor de su cine contempor\u00e1neo y ser\u00e1n incluidos en la programaci\u00f3n del FICM\u00e9xico.<br \/>\n<a class=\"no-eff img-link lightbox\" href=\"http:\/\/nofm-radio.com\/wp-content\/uploads\/2017\/03\/IMG_0755.jpg\"><img loading=\"lazy\" decoding=\"async\" class=\"alignnone size-full wp-image-22786\" src=\"http:\/\/nofm-radio.com\/wp-content\/uploads\/2017\/03\/IMG_0755.jpg\" alt=\"IMG_0755\" width=\"4032\" height=\"3024\" \/><\/a><br \/>\nLas<strong> convocatorias<\/strong> se abrir\u00e1n en noviembre de este a\u00f1o para las producciones mexicanas e internacionales que deseen formar parte de la selecci\u00f3n oficial, las <strong>competencias internacionales<\/strong> estar\u00e1n centradas en <strong>largometraje de ficci\u00f3n, documental, largometraje de animaci\u00f3n y c<\/strong><strong>ortometraje<\/strong>, mientras que para las secciones mexicanas estar\u00e1 limitado al largometraje de ficci\u00f3n y Documental.<br \/>\nPrevio al festival, se lanzar\u00e1n <strong>8 convocatorias especiales<\/strong> que permitir\u00e1n el desarrollo y participaci\u00f3n de nuevos talentos en FICM\u00e9xico. Entre las convocatorias de este a\u00f1o se encuentran una competencia para la realizaci\u00f3n del dise\u00f1o para el cartel oficial y un ciclo de talleres sobre guionismo y cr\u00edtica cinematogr\u00e1fica.<br \/>\nFICM\u00e9xico se perfila a ser uno de los festivales m\u00e1s concurridos y emblem\u00e1ticos de nuestro pa\u00eds, aun habiendo tantos a lo largo y ancho del territorio nacional. Se pretende aprovechar sus m\u00e1s de 25 sedes con la intenci\u00f3n de llegar a los diferentes espacios de proyecci\u00f3n para exhibir las diversas propuestas cinematogr\u00e1ficas que existen en el mundo, por m\u00e1s grande o peque\u00f1a que sea su producci\u00f3n.<br \/>\n<a class=\"no-eff img-link lightbox\" href=\"http:\/\/nofm-radio.com\/wp-content\/uploads\/2017\/03\/header_youtube.gif\"><img loading=\"lazy\" decoding=\"async\" class=\"alignnone size-full wp-image-22788\" src=\"http:\/\/nofm-radio.com\/wp-content\/uploads\/2017\/03\/header_youtube.gif\" alt=\"header_youtube\" width=\"900\" height=\"400\" \/><\/a><\/p>\n","protected":false},"template":"","meta":{"_id_youtube":"","_id_vimeo":"","_podcasts_duration":"","_podcasts_url":"","_podcasts_show":"","_prog_horario_dias":"","_prog_hora":"","_prog_duration":""},"class_list":["post-22785","archivo","type-archivo","status-publish","hentry"],"_links":{"self":[{"href":"https:\/\/nofm-radio.com\/index.php?rest_route=\/wp\/v2\/archivo\/22785","targetHints":{"allow":["GET"]}}],"collection":[{"href":"https:\/\/nofm-radio.com\/index.php?rest_route=\/wp\/v2\/archivo"}],"about":[{"href":"https:\/\/nofm-radio.com\/index.php?rest_route=\/wp\/v2\/types\/archivo"}],"wp:attachment":[{"href":"https:\/\/nofm-radio.com\/index.php?rest_route=%2Fwp%2Fv2%2Fmedia&parent=22785"}],"curies":[{"name":"wp","href":"https:\/\/api.w.org\/{rel}","templated":true}]}}