{"id":23016,"date":"2017-04-05T15:33:52","date_gmt":"2017-04-05T20:33:52","guid":{"rendered":"http:\/\/nofm-radio.com\/?p=23016"},"modified":"2017-04-05T15:33:52","modified_gmt":"2017-04-05T20:33:52","slug":"altiro-8-datos-urgentes-sobre-la-situacion-de-los-desplazados-en-mexico","status":"publish","type":"archivo","link":"https:\/\/nofm-radio.com\/?archivo=altiro-8-datos-urgentes-sobre-la-situacion-de-los-desplazados-en-mexico","title":{"rendered":"#AlTiro: 8 datos urgentes sobre la situaci\u00f3n de los desplazados en M\u00e9xico"},"content":{"rendered":"<p>Mucho hemos hablado en este espacio (aunque nunca es suficiente) de los riesgos de la <strong>Ley de Seguridad Interior<\/strong>. Uno de los temas que han quedado de lado en esta discusi\u00f3n es el de las personas desplazadas por la\u00a0<strong>violencia<\/strong>. Cuando hablamos de los peligros de <strong>militarizar<\/strong> en el pa\u00eds, nos enfocamos en las v\u00edctimas mortales de la violencia, pero reparamos poco en las personas que han tenido que abandonar el lugar en que habitan porque su vida corre riesgo.<br \/>\nLa<strong> Comisi\u00f3n Mexicana de Defensa y Promoci\u00f3n de los Derechos Humanos<\/strong> public\u00f3 recientemente el informe <em><strong>Desplazamiento interno forzado en M\u00e9xico<\/strong><\/em>, que analiza el fen\u00f3meno en nuestro pa\u00eds de 2009 a 2016, justo en el centro de la infame <strong>guerra contra el narcotr\u00e1fico<\/strong>. Los n\u00fameros son escalofriantes, as\u00ed como el hecho de que no haya ning\u00fan tipo de atenci\u00f3n especializada para los desplazados. Les dejamos 8 datos del informe que es necesario tener en mente para recordar que la violencia causa mucho m\u00e1s que muerte.<br \/>\n<strong>* \u00bfQu\u00e9 es un desplazado?<\/strong><br \/>\nEmpecemos por el principio: seg\u00fan la<strong> ONU<\/strong>, \u00a0los desplazados son &#8220;personas o grupos de personas que se han visto forzadas u obligadas a escapar o huir de su hogar o de su lugar de residencia habitual, en particular como resultado o para evitar los efectos de un conflicto armado, de situaciones de violencia generalizada, de violaciones de los derechos humanos o de cat\u00e1strofes naturales o provocadas por el ser humano, y que no han cruzado una frontera estatal internacionalmente reconocida\u201d. El <strong>desplazamiento<\/strong> puede ser individual, o masivo, es decir de grupos de m\u00e1s de diez personas.<br \/>\n<a class=\"no-eff img-link lightbox\" href=\"http:\/\/nofm-radio.com\/wp-content\/uploads\/2017\/04\/mapa-desplazamiento-Interno-forzado-en-mexico-2016.gif\"><img loading=\"lazy\" decoding=\"async\" class=\"alignnone size-full wp-image-23018\" src=\"http:\/\/nofm-radio.com\/wp-content\/uploads\/2017\/04\/mapa-desplazamiento-Interno-forzado-en-mexico-2016.gif\" alt=\"mapa-desplazamiento-Interno-forzado-en-mexico-2016\" width=\"580\" height=\"570\" \/><\/a><br \/>\n<strong>* El clima de violencia<\/strong><br \/>\nLas causas para que las personas abandonen sus lugares de residencia son dos principalmente: o bien huyen tras ser v\u00edctimas de alg\u00fan tipo de <strong>violaci\u00f3n a los derechos humanos<\/strong>; o huyen por temor a convertirse en v\u00edctimas en un clima de violencia generalizado, ante el cual est\u00e1n indefensos. Es decir, el desplazamiento no es s\u00f3lo una reacci\u00f3n, sino se ha convertido en una forma de <strong>prevenci\u00f3n<\/strong> de los ciudadanos.<br \/>\n<iframe loading=\"lazy\" class=\"giphy-embed\" src=\"\/\/giphy.com\/embed\/qDKGnloCO6QPC\" width=\"480\" height=\"361.92\" frameborder=\"0\" allowfullscreen=\"allowfullscreen\"><\/iframe><br \/>\n<strong>* Los n\u00fameros de la guerra contra el narco<\/strong><br \/>\nEntre 2009 y enero de 2017 se registraron <strong>310,527<\/strong> personas desplazadas. Durante 2016, se registraron <strong>29 episodios<\/strong> de desplazamiento masivo, es decir, la salida de grupos enteros a partir de un hecho de violencia espec\u00edfico. Estos episodios afectaron a <strong>23,169 personas<\/strong>. Hay que destacar que, de los 29 episodios registrados, 20 fueron causados directamente por la violencia surgida de la guerra contra el crimen organizado: 21, 031 personas huyeron para salvaguardar su vida ante <strong>enfrentamientos<\/strong> entre grupos del crimen organizado y fuerzas armadas.<br \/>\n<iframe loading=\"lazy\" class=\"giphy-embed\" src=\"\/\/giphy.com\/embed\/26vUvzFnGNhNmPN7y\" width=\"480\" height=\"480\" frameborder=\"0\" allowfullscreen=\"allowfullscreen\"><\/iframe><br \/>\n<strong>* Los pueblos fantasma<\/strong><br \/>\nEl fen\u00f3meno del desplazamiento afecta principalmente a 12 entidades del pa\u00eds: <strong>Chiapas, Chihuahua, Durango, Guerrero, Hidalgo, Jalisco, Michoac\u00e1n, Oaxaca, Sinaloa, Tamaulipas, Veracruz y Zacatecas<\/strong>. El estado que m\u00e1s ciudadanos ha expulsado es Michoac\u00e1n, de donde, durante el periodo analizado, han salido 10 mil personas. Se registran casos como el de la localidad <strong>Huixiopa, Sinaloa<\/strong>, abandonada por el 96% de su poblaci\u00f3n tras tres episodios de violencia durante 2016.<br \/>\n<iframe loading=\"lazy\" class=\"giphy-embed\" src=\"\/\/giphy.com\/embed\/3o6ZteUh3dv1ZK5RXa\" width=\"480\" height=\"320\" frameborder=\"0\" allowfullscreen=\"allowfullscreen\"><\/iframe><br \/>\n<strong>* Las otras violencias<\/strong><br \/>\nSi bien la gran mayor\u00eda de los desplazados son causa de la guerra contra el narco, otros tipos de violencia tambi\u00e9n desencadenan el traslado forzado. La <strong>violencia pol\u00edtica<\/strong>, como lo sucedido en <strong>Nochixtl\u00e1n<\/strong> el a\u00f1o pasado; la <strong>persecusi\u00f3n religiosa<\/strong>, los <strong>conflictos por la tierra<\/strong>, as\u00ed como la<strong> actividad extractiva de recursos naturales<\/strong> son causa de episodios de desplazamiento masivo.<br \/>\n<iframe loading=\"lazy\" class=\"giphy-embed\" src=\"\/\/giphy.com\/embed\/y8btJ3OOxT4sg\" width=\"413.7931034482758\" height=\"480\" frameborder=\"0\" allowfullscreen=\"allowfullscreen\"><\/iframe><br \/>\n<strong>* Los m\u00e1s vulnerables<\/strong><br \/>\nEl informe de la <strong>Comisi\u00f3n Mexicana de Defensa y Promoci\u00f3n de los Derechos Humanos<\/strong> arroja que las <strong>comunidades ind\u00edgenas<\/strong> son las m\u00e1s afectadas por el desplazamiento forzoso. El a\u00f1o pasado se registraron 7 episodios que obligaron al traslado de esta poblaci\u00f3n. Adem\u00e1s, las <strong>mujeres madres de familia<\/strong> son las v\u00edctimas m\u00e1s comunes de desplazamiento, quienes se trasladan para proteger su vida, las de sus hijos y las de los adultos mayores.<br \/>\n<iframe loading=\"lazy\" class=\"giphy-embed\" src=\"\/\/giphy.com\/embed\/OhQBBFi64Z81a\" width=\"480\" height=\"456.96\" frameborder=\"0\" allowfullscreen=\"allowfullscreen\"><\/iframe><br \/>\n<strong>* Los invisibles<\/strong><br \/>\nEl gobierno mexicano no reconoce como v\u00edctimas &#8220;oficiales&#8221; a los desplazados, por lo que no hay ning\u00fan tipo de atenci\u00f3n espec\u00edfica. Sin marco legal, <strong>programas de atenci\u00f3n<\/strong> o prevenci\u00f3n, las cifras de desplazados siguen en aumento. Por otro lado, puesto que el traslado de las v\u00edctimas es dentro de las fronteras mexicanas, no pueden recibir la <strong>categor\u00eda legal<\/strong> de desplazados, y por lo tanto, quedan fuera de la protecci\u00f3n que ofrece el <strong>derecho internacional<\/strong>.<br \/>\n<iframe loading=\"lazy\" class=\"giphy-embed\" src=\"\/\/giphy.com\/embed\/26uf43v00lJ9M87za\" width=\"480\" height=\"337.5\" frameborder=\"0\" allowfullscreen=\"allowfullscreen\"><\/iframe><br \/>\n<strong>* \u00bfA qu\u00e9 regresar?<\/strong><br \/>\nAnte la desprotecci\u00f3n gubernamental y la falta de registros oficiales, es casi imposible saber si los desplazados alguna vez regresan a sus lugares de origen. El informe de la CMDPDH, reporta que existieron <strong>5 episodios de retorno<\/strong>, aunque es seguro que los grupos que salen no regresan en su totalidad, y se desconoce c\u00f3mo regresaron, y si las condiciones de inseguridad y violencia de los lugares de residencia han mejorado. Por este motivo no puede garantizarse que los episodios de desplazamiento vayan a terminar pronto.<br \/>\n<iframe loading=\"lazy\" class=\"giphy-embed\" src=\"\/\/giphy.com\/embed\/ntRpAiuOqroeQ\" width=\"480\" height=\"372\" frameborder=\"0\" allowfullscreen=\"allowfullscreen\"><\/iframe><br \/>\n<a href=\"https:\/\/giphy.com\/gifs\/angry-rage-laser-ntRpAiuOqroeQ\">via GIPHY<\/a><br \/>\nAs\u00ed es, muchachos y muchachas, la <strong>militarizaci\u00f3n del pa\u00eds<\/strong> no s\u00f3lo se trata de un tema de poder, hay consecuencias que muchas personas viven en carne propia, desde la p\u00e9rdida de la vida, hasta el <strong>patrimonio<\/strong>, \u00a0y un lugar seguro al que puedan llamar pa\u00eds.<\/p>\n","protected":false},"template":"","meta":{"_id_youtube":"","_id_vimeo":"","_podcasts_duration":"","_podcasts_url":"","_podcasts_show":"","_prog_horario_dias":"","_prog_hora":"","_prog_duration":""},"class_list":["post-23016","archivo","type-archivo","status-publish","hentry"],"_links":{"self":[{"href":"https:\/\/nofm-radio.com\/index.php?rest_route=\/wp\/v2\/archivo\/23016","targetHints":{"allow":["GET"]}}],"collection":[{"href":"https:\/\/nofm-radio.com\/index.php?rest_route=\/wp\/v2\/archivo"}],"about":[{"href":"https:\/\/nofm-radio.com\/index.php?rest_route=\/wp\/v2\/types\/archivo"}],"wp:attachment":[{"href":"https:\/\/nofm-radio.com\/index.php?rest_route=%2Fwp%2Fv2%2Fmedia&parent=23016"}],"curies":[{"name":"wp","href":"https:\/\/api.w.org\/{rel}","templated":true}]}}