{"id":23099,"date":"2017-04-17T12:24:08","date_gmt":"2017-04-17T17:24:08","guid":{"rendered":"http:\/\/nofm-radio.com\/?p=23099"},"modified":"2017-04-17T12:24:08","modified_gmt":"2017-04-17T17:24:08","slug":"cuestionarionofm-gonzalo-garcia-de-planeta-no","status":"publish","type":"archivo","link":"https:\/\/nofm-radio.com\/?archivo=cuestionarionofm-gonzalo-garcia-de-planeta-no","title":{"rendered":"#CuestionarioNoFM: Gonzalo Garc\u00eda de Planeta No"},"content":{"rendered":"<p><em>Para comprender la coreograf\u00eda del momento, es necesario conocer a sus participantes. Por lo mismo presentamos el <strong>#CuestionarioNoFM<\/strong>, un veh\u00edculo para acercarnos de otra manera a los protagonistas que con su trabajo est\u00e1n marcando el ritmo con el cual se est\u00e1 bailando.<\/em><\/p>\n<p style=\"text-align: center;\"><strong>Gonzalo Garc\u00eda de Planeta No<\/strong><br \/>\n<strong> <a href=\"https:\/\/twitter.com\/planetano\" target=\"_blank\" rel=\"noopener noreferrer\">@planetano<\/a><\/strong><\/p>\n<p>&nbsp;<br \/>\nPocos casos como el de <strong>Planeta No<\/strong>. A partir de la salida de su primer <strong>EP<\/strong>, de nombre <strong>Matucana<\/strong>, la atenci\u00f3n que recibi\u00f3 fue demente. Y no es para menos. Con tan s\u00f3lo un pu\u00f1o de canciones maravillosas esta <strong>banda chilena<\/strong> consigui\u00f3 el despegue que otros van dise\u00f1ando tras muchos trabajos, y claro, mucho menos talento.<br \/>\nDespu\u00e9s vino <strong>Odio<\/strong>, de larga duraci\u00f3n, y supimos que no est\u00e1bamos frente a un evento hermoso y ef\u00edmero, sino frente a una banda con discurso, intenci\u00f3n, talento y rabia. De la cual <strong>Gonzalo Garc\u00eda<\/strong> es parte fundamental.<br \/>\nCon este nuevo ejercicio inauguramos una nueva temporada del <strong>#CuestionarioNoFM<\/strong>. Y qu\u00e9 mejor manera que con la palabra clara y resuelta de uno de los compositores m\u00e1s intrigantes y completos de su generaci\u00f3n.<br \/>\n<a class=\"no-eff img-link lightbox\" href=\"http:\/\/nofm-radio.com\/wp-content\/uploads\/2017\/04\/planeta-no2.jpg\"><img loading=\"lazy\" decoding=\"async\" class=\"alignnone size-full wp-image-23114\" src=\"http:\/\/nofm-radio.com\/wp-content\/uploads\/2017\/04\/planeta-no2.jpg\" alt=\"planeta no2\" width=\"2048\" height=\"1365\" \/><\/a><br \/>\n<strong>1. \u00bfQu\u00e9 nos puedes decir de tus abuelos?<\/strong><br \/>\nUno era fascista y despu\u00e9s se calm\u00f3 y otro era calmado y despu\u00e9s se puso fascista. Me ca\u00eda bien uno que era bien de clase media, era hincha de un equipo chico, era buena onda y m\u00e1s encima parece que f\u00edsicamente era igual a \u00e9l, as\u00ed que era flaco y medio feo. Al otro no me dejaron conocerlo, porque era divorciado. Con eso paso a demostrar que mis padres son fascistas tambi\u00e9n. Mis abuelas me dieron mucho pero yo no dimension\u00e9 nunca su lucha de vida, anda t\u00fa a imaginar: crecer como mujer a mediados del siglo XX. Una de ellas me compr\u00f3 enciclopedias y enciclopedias y yo creo que es responsable de que sea medio raro pero culto.<br \/>\n<strong>2. \u00bfQu\u00e9 nos puedes decir de tus padres?<\/strong><br \/>\nMuy intelectual el loco, muy buena persona. Lo quiero mucho.<br \/>\n<strong>3. \u00bfQui\u00e9n tuvo o tiene la voz m\u00e1s importante de tu vida?<\/strong><br \/>\nMis fantasmas, siempre estoy a punto de dejarme gobernar por ellos, es muy tenso. Pero se calman con el cari\u00f1o de los dem\u00e1s, sea verdadero o falso, lamentablemente.<br \/>\n<iframe loading=\"lazy\" src=\"https:\/\/www.youtube.com\/embed\/xcaSo2FnpCo\" width=\"560\" height=\"315\" frameborder=\"0\" allowfullscreen=\"allowfullscreen\"><\/iframe><br \/>\n<strong>4. Considerando que no elegimos d\u00f3nde nacer, \u00bfd\u00f3nde s\u00ed elegiste nacer?<\/strong><br \/>\nEn <strong>Chill\u00e1n<\/strong>, donde me cri\u00e9. Nunca he dejado de ser de ah\u00ed, en los otros lugares donde he estado, y lo que me gusta y no me gusta se queda marcado por esa experiencia.<br \/>\n<strong>5. Para ti \u00bfqui\u00e9nes son ellos y qui\u00e9nes nosotros?<\/strong><br \/>\nAntes ten\u00eda muy claro qui\u00e9n nos oprime y qui\u00e9nes \u00e9ramos oprimidos, pero unos a\u00f1os jugando a adulto me han mostrado que todos somos opresores, aunque podamos trabajarlo y trabajarnos. No hay formas de opresi\u00f3n menos v\u00e1lidas, s\u00f3lo opresiones que no sufres, por eso no te duelen.<br \/>\n<strong>6. \u00bfQu\u00e9 verbo define lo que haces y por qu\u00e9?<\/strong><br \/>\nNo s\u00e9, me parece re soberbio responder a este ejercicio.<br \/>\n<strong>7. \u00bfCu\u00e1l es tu materia prima?<\/strong><br \/>\nAgua, igual que un perro. Pero al perro nadie lo entrevista.<br \/>\n<iframe loading=\"lazy\" src=\"https:\/\/www.youtube.com\/embed\/O0u1ZGyOUzI?list=PLCll2JR_SR_yht6jRlO17TuJFKp9lvnuU\" width=\"560\" height=\"315\" frameborder=\"0\" allowfullscreen=\"allowfullscreen\"><\/iframe><br \/>\n8. Completa la frase<br \/>\n<strong><em>Y cuando muera&#8230; ah\u00ed junto a mi cruz tan s\u00f3lo quiero&#8230;<\/em><\/strong> que mi caj\u00f3n sea de rojo y negro, como mi coraz\u00f3n, \u00d1ublense!<br \/>\n<strong><em>Y si vivo cien a\u00f1os&#8230;<\/em><\/strong> de soledad?<br \/>\n<strong><em>All we are saying&#8230;<\/em><\/strong> is do not follow gringo phrases.<br \/>\n<strong><em>El d\u00eda que me quieras&#8230;<\/em><\/strong> no me dar\u00e9 cuenta. Nunca lo hago.<br \/>\n<strong><em>Si nos dejan&#8230;<\/em><\/strong> nunca nos dejan. Lo que nos dejan hacer, no sirve de casi nada.<br \/>\n<strong><em>Si yo fuera mujer&#8230;<\/em><\/strong> no tendr\u00eda la fuerza de resistir como una mujer resiste, dobla la vida.<br \/>\n<strong>9. Si este Planeta No, \u00bfqu\u00e9 planeta s\u00ed?<\/strong><br \/>\nEl que uno quiera po. La negaci\u00f3n de algo implica que hay una propuesta oculta en la cabeza y en el pecho, \u00bfo no?<br \/>\n<strong>10. \u00bfPor la raz\u00f3n o por la fuerza, odio quiero m\u00e1s que indiferencia, o terminar\u00a0bailando y pateando piedras? \u00bfPor qu\u00e9?<\/strong><br \/>\nPor la raz\u00f3n o la fuerza nunca. Al final todos terminamos bailando y pateando piedras, eso es lo que me encanta de <strong>Los Prisioneros<\/strong> &lt;3.<br \/>\n<a class=\"no-eff img-link lightbox\" href=\"http:\/\/nofm-radio.com\/wp-content\/uploads\/2017\/04\/planeta-no1.jpg\"><img loading=\"lazy\" decoding=\"async\" class=\"alignnone size-full wp-image-23113\" src=\"http:\/\/nofm-radio.com\/wp-content\/uploads\/2017\/04\/planeta-no1.jpg\" alt=\"planeta no1\" width=\"1148\" height=\"765\" \/><\/a><\/p>\n","protected":false},"template":"","meta":{"_id_youtube":"","_id_vimeo":"","_podcasts_duration":"","_podcasts_url":"","_podcasts_show":"","_prog_horario_dias":"","_prog_hora":"","_prog_duration":""},"class_list":["post-23099","archivo","type-archivo","status-publish","hentry"],"_links":{"self":[{"href":"https:\/\/nofm-radio.com\/index.php?rest_route=\/wp\/v2\/archivo\/23099","targetHints":{"allow":["GET"]}}],"collection":[{"href":"https:\/\/nofm-radio.com\/index.php?rest_route=\/wp\/v2\/archivo"}],"about":[{"href":"https:\/\/nofm-radio.com\/index.php?rest_route=\/wp\/v2\/types\/archivo"}],"wp:attachment":[{"href":"https:\/\/nofm-radio.com\/index.php?rest_route=%2Fwp%2Fv2%2Fmedia&parent=23099"}],"curies":[{"name":"wp","href":"https:\/\/api.w.org\/{rel}","templated":true}]}}