{"id":23101,"date":"2017-04-17T13:40:52","date_gmt":"2017-04-17T18:40:52","guid":{"rendered":"http:\/\/nofm-radio.com\/?p=23101"},"modified":"2017-04-17T13:40:52","modified_gmt":"2017-04-17T18:40:52","slug":"las-8-sonrisas-de-javier-duarte-que-no-debemos-olvidar-nunca","status":"publish","type":"archivo","link":"https:\/\/nofm-radio.com\/?archivo=las-8-sonrisas-de-javier-duarte-que-no-debemos-olvidar-nunca","title":{"rendered":"Las 8 sonrisas de Javier Duarte que no debemos olvidar nunca"},"content":{"rendered":"<p>La\u00a0<strong>captura de Javier Duarte<\/strong> es m\u00e1s que oportuna. Ya no digamos necesaria e imperativa para darle justicia a los millones de mexicanos defraudados por sus acciones, sino por lo conveniente que resulta en estos <strong>tiempos electorales<\/strong>. Nada m\u00e1s milagroso que la semana santa y las campa\u00f1as para que los gobernadores pr\u00f3fugos caigan como granizos. Y si en estos d\u00edas cae<strong> C\u00e9sar Duarte<\/strong>, ya no tendremos m\u00e1s que arrodillarnos y morir de la risa por al desesperaci\u00f3n del <strong>PRI<\/strong> para tratar de tapar el lodazal de quienes se promov\u00edan como la cara nueva de un partido con muy viejas ma\u00f1as.<br \/>\nEn fin, si se trata de hacer uso electoral de la <strong>ca\u00edda de Duarte<\/strong>, pues hay que sacar todos los trapitos. Y antes de reconocerle al gobierno de EPN la captura de un truh\u00e1n, de sumarse a las cr\u00edticas de los <strong>partidos pol\u00edticos<\/strong> respecto de los delitos cometidos por Duarte, veamos unas im\u00e1genes que dejan claro que pocos pueden hablar sin morderse la lengua.<br \/>\n<strong>* Chayito Robles y el desarrollo social<\/strong><br \/>\n<a class=\"no-eff img-link lightbox\" href=\"http:\/\/nofm-radio.com\/wp-content\/uploads\/2017\/04\/Duarte4.jpg\"><img loading=\"lazy\" decoding=\"async\" class=\"size-full wp-image-23103 aligncenter\" src=\"http:\/\/nofm-radio.com\/wp-content\/uploads\/2017\/04\/Duarte4.jpg\" alt=\"Duarte4\" width=\"440\" height=\"292\" \/><\/a><br \/>\n<strong>* Del Mazo (con todo)<\/strong><br \/>\n<a class=\"no-eff img-link lightbox\" href=\"http:\/\/nofm-radio.com\/wp-content\/uploads\/2017\/04\/Duarte3.jpg\"><img loading=\"lazy\" decoding=\"async\" class=\"size-full wp-image-23104 aligncenter\" src=\"http:\/\/nofm-radio.com\/wp-content\/uploads\/2017\/04\/Duarte3.jpg\" alt=\"Duarte3\" width=\"324\" height=\"160\" \/><\/a><br \/>\n<strong>* El viejo PRI, el Nuevo PRI, y el futuro PRI del panista Roberto Gil Zuarth<\/strong><br \/>\n<a class=\"no-eff img-link lightbox\" href=\"http:\/\/nofm-radio.com\/wp-content\/uploads\/2017\/04\/Duarte2.jpg\"><img loading=\"lazy\" decoding=\"async\" class=\"size-full wp-image-23105 aligncenter\" src=\"http:\/\/nofm-radio.com\/wp-content\/uploads\/2017\/04\/Duarte2.jpg\" alt=\"Duarte2\" width=\"570\" height=\"321\" \/><\/a><br \/>\n<strong>* Rodar a M\u00e9xico<\/strong><br \/>\n<a class=\"no-eff img-link lightbox\" href=\"http:\/\/nofm-radio.com\/wp-content\/uploads\/2017\/04\/Duarte1.jpg\"><img loading=\"lazy\" decoding=\"async\" class=\"size-full wp-image-23106 alignnone\" src=\"http:\/\/nofm-radio.com\/wp-content\/uploads\/2017\/04\/Duarte1.jpg\" alt=\"Duarte1\" width=\"1200\" height=\"800\" \/><\/a><br \/>\n<strong>* Regresamos contigo, Joaqu\u00edn<\/strong><br \/>\n<a class=\"no-eff img-link lightbox\" href=\"http:\/\/nofm-radio.com\/wp-content\/uploads\/2017\/04\/Duarte6.jpg\"><img loading=\"lazy\" decoding=\"async\" class=\"size-full wp-image-23102 aligncenter\" src=\"http:\/\/nofm-radio.com\/wp-content\/uploads\/2017\/04\/Duarte6.jpg\" alt=\"Duarte6\" width=\"720\" height=\"608\" \/><\/a><br \/>\n<strong>* Bienvenido al territorio Telcel<\/strong><br \/>\n<a class=\"no-eff img-link lightbox\" href=\"http:\/\/nofm-radio.com\/wp-content\/uploads\/2017\/04\/Duarte21.jpg\"><img loading=\"lazy\" decoding=\"async\" class=\"size-full wp-image-23111 aligncenter\" src=\"http:\/\/nofm-radio.com\/wp-content\/uploads\/2017\/04\/Duarte21.jpg\" alt=\"Duarte2\" width=\"460\" height=\"290\" \/><\/a><br \/>\n<strong>* Gobi\u00e9rnese Secretario Osorio Chong<\/strong><br \/>\n<a class=\"no-eff img-link lightbox\" href=\"http:\/\/nofm-radio.com\/wp-content\/uploads\/2017\/04\/Duarte.jpg\"><img loading=\"lazy\" decoding=\"async\" class=\"size-full wp-image-23110 aligncenter\" src=\"http:\/\/nofm-radio.com\/wp-content\/uploads\/2017\/04\/Duarte.jpg\" alt=\"Duarte\" width=\"620\" height=\"350\" \/><\/a><br \/>\n<strong>* Qu\u00e9 esto, qu\u00e9 lo otro, \u00a1salud!<\/strong><br \/>\n<a class=\"no-eff img-link lightbox\" href=\"http:\/\/nofm-radio.com\/wp-content\/uploads\/2017\/04\/Duarte5.jpg\"><img loading=\"lazy\" decoding=\"async\" class=\"size-full wp-image-23107 aligncenter\" src=\"http:\/\/nofm-radio.com\/wp-content\/uploads\/2017\/04\/Duarte5.jpg\" alt=\"F\u00c9LIX M\u00c1RQUEZ\" width=\"700\" height=\"467\" \/><\/a><br \/>\nAs\u00ed es, muchachos y muchachas, adem\u00e1s del cinismo de Duarte, estas im\u00e1genes dejan dos cosas claras: que s\u00f3lo basta ver las grandes sonrisas para notar que el ex gobernador era un gran anfitri\u00f3n, y que si habla lo que debiera hablar, pocos pol\u00edticos podr\u00edan salir bien parados, y para muestra les dejamos la sonrisa m\u00e1s macabra de todas.<br \/>\n<a class=\"no-eff img-link lightbox\" href=\"http:\/\/nofm-radio.com\/wp-content\/uploads\/2017\/04\/Duarte41.jpg\"><img loading=\"lazy\" decoding=\"async\" class=\"alignnone size-full wp-image-23116\" src=\"http:\/\/nofm-radio.com\/wp-content\/uploads\/2017\/04\/Duarte41.jpg\" alt=\"Duarte4\" width=\"1200\" height=\"800\" \/><\/a><\/p>\n","protected":false},"template":"","meta":{"_id_youtube":"","_id_vimeo":"","_podcasts_duration":"","_podcasts_url":"","_podcasts_show":"","_prog_horario_dias":"","_prog_hora":"","_prog_duration":""},"class_list":["post-23101","archivo","type-archivo","status-publish","hentry"],"_links":{"self":[{"href":"https:\/\/nofm-radio.com\/index.php?rest_route=\/wp\/v2\/archivo\/23101","targetHints":{"allow":["GET"]}}],"collection":[{"href":"https:\/\/nofm-radio.com\/index.php?rest_route=\/wp\/v2\/archivo"}],"about":[{"href":"https:\/\/nofm-radio.com\/index.php?rest_route=\/wp\/v2\/types\/archivo"}],"wp:attachment":[{"href":"https:\/\/nofm-radio.com\/index.php?rest_route=%2Fwp%2Fv2%2Fmedia&parent=23101"}],"curies":[{"name":"wp","href":"https:\/\/api.w.org\/{rel}","templated":true}]}}