{"id":23131,"date":"2017-04-19T12:17:18","date_gmt":"2017-04-19T17:17:18","guid":{"rendered":"http:\/\/nofm-radio.com\/?p=23131"},"modified":"2017-04-19T12:17:18","modified_gmt":"2017-04-19T17:17:18","slug":"resiste-en-defensa-de-la-ciencia","status":"publish","type":"archivo","link":"https:\/\/nofm-radio.com\/?archivo=resiste-en-defensa-de-la-ciencia","title":{"rendered":"Resiste. En defensa de la ciencia"},"content":{"rendered":"<p>por <strong>Diego Vidal-Cruzprieto<\/strong><br \/>\n<a href=\"https:\/\/twitter.com\/vidaleando\" target=\"_blank\" rel=\"noopener noreferrer\">@vidaleando<\/a><br \/>\nEn un mundo en el que el oscurantismo ha vuelto como mero pacto cotidiano, una trinchera fundamental para repelerlo y acabarlo es la ciencia; por ello, hoy se encuentra vulnerada en <strong>Occidente<\/strong>.<br \/>\n<strong>\u00bfQu\u00e9 pas\u00f3?<\/strong><br \/>\nEl 22 de abril es el <strong>D\u00eda de la Tierra<\/strong>, los invito a celebrarla fuera del usual contexto \u201cchairo\u201d y que se sumen a uno de sus frentes de defensa, pues el tiempo es de adviento.<br \/>\n<strong>\u00bfPor qu\u00e9?<\/strong><br \/>\nMiren sus pies y visualicen lo siguiente: abajo del pavimento que pisan hay tierra y todo lo excavable; a eso se le llama corteza, es r\u00edgida y esbelta. Luego sigue el manto, que es gelatinoso y caliente, imag\u00ednenlo como cristal soplado, pues. Sigue el n\u00facleo, una capa m\u00e1s caliente y menos espesa de roca fundida que rodea a una esfera de metal s\u00f3lido que gira a alt\u00edsimas velocidades y es responsable de generar una corriente tan inmensa que genera el campo magn\u00e9tico que rodea nuestro planeta. Dicho campo nos protege de rayos c\u00f3smicos y, en conjunto con las br\u00fajulas, nos hace quedar como pendejos cuando llegamos tarde a un lugar alegando que nos perdimos.<br \/>\n<strong>\u00bfPor qu\u00e9 ese debraye?<\/strong><br \/>\nPorque todo ese debraye es producto de conocer a nuestro planeta, y para eso se requiri\u00f3 algo fundamental: ciencia. Es por esto que el 22 de abril, d\u00eda de la Tierra, nos vamos a dar cita para defender a la ciencia, que se ha visto vulnerada a lo largo del hemisferio occidental, o si lo quieren en t\u00e9rminos geopol\u00edticos: de los <strong>Urales<\/strong> a la izquierda.<br \/>\n<a class=\"no-eff img-link lightbox\" href=\"http:\/\/nofm-radio.com\/wp-content\/uploads\/2017\/04\/Ciencia2.jpg\"><img loading=\"lazy\" decoding=\"async\" class=\"alignnone size-full wp-image-23151\" src=\"http:\/\/nofm-radio.com\/wp-content\/uploads\/2017\/04\/Ciencia2.jpg\" alt=\"Ciencia2\" width=\"1280\" height=\"977\" \/><\/a><br \/>\n<strong>\u00bfQui\u00e9n la ataca?<\/strong><br \/>\nPara este punto vamos a tomar un ejemplo muy armado que con pocas modificaciones se adapta muy bien: <em><strong>Star Wars<\/strong><\/em> antes del Episodio III. Tenemos a un grupo aislado de la sociedad pero venerado por ella, al menos en t\u00e9rminos de relaciones p\u00fablicas. Nadie entiende bien c\u00f3mo hacen lo que hacen y de hecho pocos se interesan realmente por esto, mientras produzcan resultados. Por otra parte, este grupo tampoco muestra mucho inter\u00e9s en comunicar a la sociedad el porqu\u00e9 de su relevancia actual y varias veces andan viviendo de rentas pasadas de sus antiguos d\u00edas de gloria. Son cr\u00edpticos y no ponen mucho \u00e9nfasis en la divulgaci\u00f3n de su profesi\u00f3n, adem\u00e1s de que su modo de organizarse resulta anacr\u00f3nico y en muchos casos sectario; es una estructura vertical: muchas ense\u00f1anzas se vuelven dogmas y pr\u00e1cticas muy cuestionables que son pasadas por alto, todo esto, por el bien de la orden.<br \/>\nS\u00ed, los cient\u00edficos ser\u00edan los Jedi antes del episodio III.<br \/>\nMe gustar\u00eda decir que <strong>Trump<\/strong> es el equivalente a <strong>Palpatine<\/strong> pero francamente se queda muy corto. As\u00ed que digamos que lo que se puede apreciar es un grupo que se percata que el conocimiento siempre ayuda a que el mundo sea m\u00e1s justo, y como esto va en contra de sus intereses, tratan de evitarlo a toda costa. Por ello, empiezan a trazar un plan para que los Jedi pierdan presencia y, ultimadamente, aniquilarlos: viejas t\u00e1cticas pri\u00edstas de chantaje, recorte de presupuestos, invenci\u00f3n de hechos alternativos. Venga, lean las noticias y nutran ustedes esta lista.<br \/>\nS\u00ed, la ola de oscurantismo pol\u00edtico -y aceptaci\u00f3n del mismo- ser\u00eda el Imperio antes de tomar la Rep\u00fablica.<br \/>\nY la galaxia somos nosotros: m\u00e1s all\u00e1 del bando al que pertenezcamos, estamos sumidos en un discurso donde se nos dice que los Jedi representan un gasto de dinero y que eso realmente nos vulnera econ\u00f3micamente. El imperio nunca nos dir\u00e1 que ellos crearon las condiciones que propician un sistema jodido, porque si bien quieren eliminar el conocimiento, no son nada tontos; saben que realmente lo tienen que acaparar.<br \/>\n<iframe loading=\"lazy\" class=\"giphy-embed\" src=\"\/\/giphy.com\/embed\/l3q2CYgSbSQEXVKP6\" width=\"480\" height=\"270\" frameborder=\"0\" allowfullscreen=\"allowfullscreen\"><\/iframe><br \/>\n<strong>\u00bfY esto en el mundo real?<\/strong><br \/>\nEsto en el mundo real se puede ver en acciones como<\/p>\n<ul>\n<li>El recorte que hizo Trump a la <strong>Agencia de Protecci\u00f3n Ambiental<\/strong> de E.E.U.U.<\/li>\n<li>El da\u00f1o NUEVO en 8,000 km de<strong> arrecife de coral<\/strong> en Australia.<\/li>\n<li>Estados sin ratificar o saliendo del <strong>protocolo de Kyoto<\/strong>.<\/li>\n<li>El golpe del Parlamento h\u00fangaro a la <strong>Universidad Central Europea<\/strong>.<\/li>\n<li>Los recortes al presupuesto de becas e investigaci\u00f3n en el <strong>Consejo Nacional de Ciencia y Tecnolog\u00eda de M\u00e9xico<\/strong>.<\/li>\n<\/ul>\n<p>Y la lista sigue, el da\u00f1o es cuantificable y resulta doloroso en una sociedad avanzada como la de hoy en d\u00eda. \u00bfPorque en eso vivimos, no? Vivimos en la \u00e9poca en la que podemos insultar a una persona del otro lado del planeta al instante, \u00bfeso es civilizaci\u00f3n? Es una \u00e9poca en la que todos podemos opinar sin reparo alguno en lo que decimos, \u00bfeso es <strong>libertad de expresi\u00f3n<\/strong>? Es una \u00e9poca en la que podemos saber lo que sea de quien sea, \u00bfeso es apertura?<br \/>\nNo, la hemos cagado. No somos una sociedad avanzada, ideol\u00f3gicamente al menos. Pero nunca nada es irreversible siempre y cuando tengamos firmes nuestros pies en las trincheras.<br \/>\nEs por eso que los invito a marchar este s\u00e1bado 22 de abril, del \u00c1ngel de la Independencia al <strong>Z\u00f3calo<\/strong> a partir de las 4.<br \/>\n<strong>\u00bfPor qu\u00e9 la ciencia es necesaria?<\/strong><br \/>\nMuchas veces caemos en la falacia de decir: o sea wey, es que est\u00e1n investigando espinas. \u00bfDe qu\u00e9 le va a servir eso al mundo? Y esto en parte, es culpa nuestra (de los cient\u00edficos). Porque nunca les hemos explicado c\u00f3mo funciona lo que hacemos, pecamos de soberbia a la hora de comunicarnos y no entendemos que le debemos la chamba a la confianza que la sociedad deposita en nosotros.<br \/>\nA mediados del s. XIX <strong>James Clerk Maxwell<\/strong>, el padre de la teor\u00eda electromagn\u00e9tica, fue el responsable de unificar la electricidad y el magnetismo en un marco te\u00f3rico matem\u00e1ticamente consistente; a ra\u00edz de esto se predijo la existencia de las <strong>ondas electromagn\u00e9ticas<\/strong>, para muchos estas ecuaciones contienen una belleza inimaginable, para otros no ten\u00edan nada de utilidad por s\u00ed solas, pero\u2026<br \/>\nLleg\u00f3 <strong>Heinrich Hertz<\/strong>, quien comprob\u00f3 la existencia de dichas ondas e incluso midi\u00f3 su velocidad, la cual coincid\u00eda con la velocidad de la luz, ya que la luz es una onda electromagn\u00e9tica en cierto espectro de frecuencias. Este descubrimiento fue clave para hacer las telecomunicaciones y la tecnolog\u00eda de los s. XX y XXI, lo cual podr\u00edamos decir que es relevante, si opinan lo contrario escriban un comentario abajo usando esa misma tecnolog\u00eda.<br \/>\n<a class=\"no-eff img-link lightbox\" href=\"http:\/\/nofm-radio.com\/wp-content\/uploads\/2017\/04\/Ciencia4.png\"><img loading=\"lazy\" decoding=\"async\" class=\"alignright wp-image-23153 size-medium\" src=\"http:\/\/nofm-radio.com\/wp-content\/uploads\/2017\/04\/Ciencia4-250x316.png\" alt=\"Ciencia4\" width=\"237\" height=\"300\" \/><\/a><br \/>\nTodo porque un mont\u00f3n de locos se sumaron a la curiosidad de otro ind\u00f3mito que vio algo muy bello en la naturaleza y que decidi\u00f3 estudiarlo de modo sistem\u00e1tico para comunicarlo con el resto de la parvada de locos que sienten la misma pasi\u00f3n. Y s\u00ed, despu\u00e9s de eso,\u00a0<strong>Snapchat<\/strong>.<br \/>\nEs m\u00e1s, para describir a mi batall\u00f3n les dejo la siguiente par\u00e1frasis de <strong>Duncan Watts<\/strong>:<br \/>\n<em>Nadie desciende con tanta furia y con tanto caudal como una manada de f\u00edsicos adrenalinizados por el aroma de un problema nuevo.<\/em><br \/>\nLo que quiero decir, hay cosas que no deben tener un fin \u201cpr\u00e1ctico\u201d, y dejarlas abarcar la mente de varios puede llevarnos a progresos inimaginables en la historia, es por eso que debemos mantenerlas. Hay que evitar caer en descubrir el agua tibia, o alguno de esos laberintos acad\u00e9micos que tanto da\u00f1o pueden llegar a hacer. Hay que evitarlos porque ser cient\u00edfico es ser franco, consecuente y \u00e9tico al hablar con la naturaleza.<br \/>\nNos dedicamos a <strong>resolver problemas<\/strong>, nos entrenan durante a\u00f1os para eso. Y es cierto, es hora de que nos involucremos m\u00e1s en el quehacer social y salgamos de nuestra torre de marfil. Pero en esta torre adquirimos una capacidad anal\u00edtica que no debe ser despreciada, debe ser aprovechada.<br \/>\nEntender a nuestro mundo nos ayuda a mejorar nuestra vida en \u00e9l, es un ejercicio de higiene mental y espiritual. Vivimos en un mundo sublime, no desperdiciemos la oportunidad de apreciarlo a trav\u00e9s de la comprensi\u00f3n.<br \/>\nProtejamos la ciencia: <a href=\"https:\/\/www.marchforscience.com\/event-details\/\" target=\"_blank\" rel=\"noopener noreferrer\">https:\/\/www.marchforscience.com\/mission\/<\/a><\/p>\n","protected":false},"template":"","meta":{"_id_youtube":"","_id_vimeo":"","_podcasts_duration":"","_podcasts_url":"","_podcasts_show":"","_prog_horario_dias":"","_prog_hora":"","_prog_duration":""},"class_list":["post-23131","archivo","type-archivo","status-publish","hentry"],"_links":{"self":[{"href":"https:\/\/nofm-radio.com\/index.php?rest_route=\/wp\/v2\/archivo\/23131","targetHints":{"allow":["GET"]}}],"collection":[{"href":"https:\/\/nofm-radio.com\/index.php?rest_route=\/wp\/v2\/archivo"}],"about":[{"href":"https:\/\/nofm-radio.com\/index.php?rest_route=\/wp\/v2\/types\/archivo"}],"wp:attachment":[{"href":"https:\/\/nofm-radio.com\/index.php?rest_route=%2Fwp%2Fv2%2Fmedia&parent=23131"}],"curies":[{"name":"wp","href":"https:\/\/api.w.org\/{rel}","templated":true}]}}