{"id":23260,"date":"2017-04-27T15:22:20","date_gmt":"2017-04-27T20:22:20","guid":{"rendered":"http:\/\/nofm-radio.com\/?p=23260"},"modified":"2017-04-27T15:22:20","modified_gmt":"2017-04-27T20:22:20","slug":"8-gifs-que-representan-las-peores-pesadillas-de-un-disenador-grafico","status":"publish","type":"archivo","link":"https:\/\/nofm-radio.com\/?archivo=8-gifs-que-representan-las-peores-pesadillas-de-un-disenador-grafico","title":{"rendered":"8 gifs que representan las peores pesadillas de un Dise\u00f1ador Gr\u00e1fico"},"content":{"rendered":"<p>Con la novedad de que hoy es <strong>D\u00eda del Dise\u00f1ador Gr\u00e1fico<\/strong>. Gracias a la ONU, La UNESCO y dem\u00e1s instituciones, el <strong>27 de abril<\/strong> es la fecha elegida para celebrar a esos seres de gran talento y, sobre todo, gran paciencia. Y hay que aceptarlo, el mundo no es nada amable con los dise\u00f1adores; por si no bastaran sus crisis creativas, la carga de chamba, eso de tratar de hacer convivir el arte con la practicidad, los pobres dise\u00f1adores deben tratar con personas cero sensibles, pero que se creen con los sentimientos a flor de piel.<br \/>\nEn fin, para celebrar, y tambi\u00e9n para pedir perd\u00f3n de rodillas, a nuestros a veces amados, a veces odiados, pero siempre necesarios dise\u00f1adores gr\u00edaficos, les dejamos en <strong>8 gifs<\/strong> las peores pesadillas de estos guerreros del l\u00e1piz. Disfruten.<br \/>\n<strong>* Las fechas de entrega<\/strong><br \/>\n<em>Lo necesito para ayer, \u00bftodav\u00eda no est\u00e1? , \u00bfcrees que lo puedas tener pronto?, es algo leve, en una tarde sale.\u00a0<\/em>Estas y\u00a0dem\u00e1s frases son la constante que tienen que soportar los dise\u00f1adores. No hay tal cosa como un cronograma de trabajo, sino m\u00e1s bien la atribulada mente del cliente.<br \/>\n<iframe loading=\"lazy\" class=\"giphy-embed\" src=\"\/\/giphy.com\/embed\/fSAPjQtwbj0zK\" width=\"480\" height=\"192\" frameborder=\"0\" allowfullscreen=\"allowfullscreen\"><\/iframe><br \/>\n&nbsp;<br \/>\n<strong>* Yo creo que esta s\u00ed es la versi\u00f3n final o&#8230;<\/strong><br \/>\n<em>A ver ponle esto, quita esto, mejor ponlo de nuevo, \u00bfy si es en blanco y negro?, yo creo que nos vamos por la primera opci\u00f3n, \u00bfese rojo no es muy rojo?<\/em>\u00a0Cada que un cliente dice &#8220;Creo que necesito tiempo para pensarlo&#8221;, \u00a0muere un hada del talento y la ilusi\u00f3n.<br \/>\n<iframe loading=\"lazy\" class=\"giphy-embed\" src=\"\/\/giphy.com\/embed\/nZ3VRSPKNlPnW\" width=\"480\" height=\"257.3333333333333\" frameborder=\"0\" allowfullscreen=\"allowfullscreen\"><\/iframe><br \/>\n&nbsp;<br \/>\n<strong>* Tienes total libertad creativa<\/strong><br \/>\n<em>Conf\u00edo en tu talento, ve c\u00f3mo lo sientes y nos propones algo, seguramente t\u00fa podr\u00e1s tenerlo m\u00e1s claro que yo&#8230; pero no es lo que ten\u00eda en mente, vi algo anoche que es totalmente lo que quiero, no lo puedes hacer m\u00e1s org\u00e1nico, m\u00e1s art d\u00e9co<\/em>. La libertad creativa del dise\u00f1ador termina cuando conoce a su cliente.<br \/>\n<iframe loading=\"lazy\" class=\"giphy-embed\" src=\"\/\/giphy.com\/embed\/VRKJ3FL6aTzt6\" width=\"480\" height=\"206.39999999999998\" frameborder=\"0\" allowfullscreen=\"allowfullscreen\"><\/iframe><br \/>\n<strong>\u00a0<\/strong><br \/>\n<strong>* \u00bfLe puedes incluir el dibujo de mi hijo al logo?<\/strong><br \/>\n<em>Es un artista, y apenas tiene cuatro.<\/em> *Muere el dise\u00f1ador*<br \/>\n<iframe loading=\"lazy\" class=\"giphy-embed\" src=\"\/\/giphy.com\/embed\/yeJTXGGu0ylB6\" width=\"480\" height=\"269.3333333333333\" frameborder=\"0\" allowfullscreen=\"allowfullscreen\"><\/iframe><br \/>\n&nbsp;<br \/>\n<strong>* Yo lo hago con la app<\/strong><br \/>\n<em>\u00bfEs necesaria tal inversi\u00f3n? hay programas que te permiten hacer los mismo. Mira, yo hece este en mi cel y no se ve tan distinto<\/em>. A\u00f1os de estudio y desarrollo de talento para ser comparado con wordart.<br \/>\n<iframe loading=\"lazy\" class=\"giphy-embed\" src=\"\/\/giphy.com\/embed\/3oEjI4Zgq0Xf7W6OXu\" width=\"480\" height=\"480\" frameborder=\"0\" allowfullscreen=\"allowfullscreen\"><\/iframe><br \/>\n&nbsp;<br \/>\n<strong>* Un trabajo fijo por dejar todos tus clientes<\/strong><br \/>\n<em>Si le entras, te necesito de tiempo completo. Tendr\u00edas que dejar tus otras chambitas.<\/em>\u00a0esas voces que suenan como sirenas en el mar, representan una de las decisiones m\u00e1s complejas para los dise\u00f1adores. Si la profesi\u00f3n casi trae la condici\u00f3n de freelancero en el ADN, la idea de atarse a un trabajo fijo siempre es peligrosa. Y no siempre sale bien.<br \/>\n<iframe loading=\"lazy\" class=\"giphy-embed\" src=\"\/\/giphy.com\/embed\/3o7bucykO6GArGACCk\" width=\"480\" height=\"265\" frameborder=\"0\" allowfullscreen=\"allowfullscreen\"><\/iframe><br \/>\n&nbsp;<br \/>\n<strong>* Mira, la fecha de pago<\/strong><br \/>\n<em>Ya est\u00e1, en cuanto me entregues la versi\u00f3n final te deposito, \u00bfno te ha aparece?<\/em> Si el dise\u00f1ador logra sobrevivir al cliente, queda esperar con los dedos cruzados a que caiga el pago. Eso cuando el pago existe, y no se entrega la chamba a acambio de proyecci\u00f3n.<br \/>\n<iframe loading=\"lazy\" class=\"giphy-embed\" src=\"\/\/giphy.com\/embed\/JfLdIahamXQI0\" width=\"480\" height=\"368\" frameborder=\"0\" allowfullscreen=\"allowfullscreen\"><\/iframe><br \/>\n&nbsp;<br \/>\n<strong>* Ah \u00bfno inclu\u00eda el IVA?<\/strong><br \/>\nEntregada la factura, siempre existe la posibilidad de que el apgo no sea lo que se esperaba: impuestos, descuentos y dem\u00e1s pueden jugar malas pasadas. El dise\u00f1ador sabe que un precio final, nunca es tan definitivo como suena.<br \/>\n<iframe loading=\"lazy\" class=\"giphy-embed\" src=\"\/\/giphy.com\/embed\/CGRGrltfvcd5C\" width=\"480\" height=\"463.72881355932196\" frameborder=\"0\" allowfullscreen=\"allowfullscreen\"><\/iframe><br \/>\nAs\u00ed es, muchachos y muchachas, si se rieron, lloraron o se identificaron, no nos queda m\u00e1s que pedirles que este 27 de abril piensen en sus dise\u00f1adores y, al menos hoy, no los maltraten tanto.<\/p>\n","protected":false},"template":"","meta":{"_id_youtube":"","_id_vimeo":"","_podcasts_duration":"","_podcasts_url":"","_podcasts_show":"","_prog_horario_dias":"","_prog_hora":"","_prog_duration":""},"class_list":["post-23260","archivo","type-archivo","status-publish","hentry"],"_links":{"self":[{"href":"https:\/\/nofm-radio.com\/index.php?rest_route=\/wp\/v2\/archivo\/23260","targetHints":{"allow":["GET"]}}],"collection":[{"href":"https:\/\/nofm-radio.com\/index.php?rest_route=\/wp\/v2\/archivo"}],"about":[{"href":"https:\/\/nofm-radio.com\/index.php?rest_route=\/wp\/v2\/types\/archivo"}],"wp:attachment":[{"href":"https:\/\/nofm-radio.com\/index.php?rest_route=%2Fwp%2Fv2%2Fmedia&parent=23260"}],"curies":[{"name":"wp","href":"https:\/\/api.w.org\/{rel}","templated":true}]}}