{"id":23289,"date":"2017-05-01T11:32:37","date_gmt":"2017-05-01T16:32:37","guid":{"rendered":"http:\/\/nofm-radio.com\/?p=23289"},"modified":"2017-05-01T11:32:37","modified_gmt":"2017-05-01T16:32:37","slug":"cuestionarionofm-abril-schmucler","status":"publish","type":"archivo","link":"https:\/\/nofm-radio.com\/?archivo=cuestionarionofm-abril-schmucler","title":{"rendered":"#CuestionarioNoFM. Abril Schmucler"},"content":{"rendered":"<p><em>Para comprender la coreograf\u00eda del momento, es necesario conocer a sus participantes. Por lo mismo presentamos el <strong>#CuestionarioNoFM<\/strong>, un veh\u00edculo para acercarnos de otra manera a los protagonistas que con su trabajo est\u00e1n marcando el ritmo con el cual se est\u00e1 bailando.<\/em><\/p>\n<p style=\"text-align: center;\"><strong>Abril Schmucler<\/strong><br \/>\n<a href=\"https:\/\/twitter.com\/SchmuclerT\" target=\"_blank\" rel=\"noopener noreferrer\"><strong> @SchmuclerT<\/strong><\/a><\/p>\n<p style=\"text-align: left;\">En el panorama del cine documental que en esto momentos se realiza en M\u00e9xico, muchos nombres relucen dentro de una generaci\u00f3n rica en reconocimientos y grandes trabajos, entre ellos se encuentra <strong>Abril Schmucler<\/strong>.<\/p>\n<p style=\"text-align: left;\">Su trabajo por la industria ha tocado el guionismo, la fotograf\u00eda y m\u00e1s en espec\u00edfico, la direcci\u00f3n y la producci\u00f3n. Entre su trabajo su puede encontrar joyitas como\u00a0<em><strong>Alicia M\u00e1s All\u00e1 Del Abismo,<\/strong> <strong>Tiempo Suspendido<\/strong><\/em>, <em><strong>No Quiero Dormir Sola<\/strong><\/em>, entre tantas otras.<\/p>\n<p style=\"text-align: left;\">Su intensa reflexi\u00f3n alrededor de la vida que de lo p\u00fablico pasa a lo privado a partir de la tensi\u00f3n de la c\u00e1mara, logra siempre un intenso di\u00e1logo entre lo que es contado y lo que se trata de decir.<strong> Abril<\/strong> es sin duda un referente del trabajo f\u00edlmico en la <strong>CDMX<\/strong> y sus palabras han repensado escenas, personajes y vidas incontables veces.<\/p>\n<p style=\"text-align: left;\"><a class=\"no-eff img-link lightbox\" href=\"http:\/\/nofm-radio.com\/wp-content\/uploads\/2017\/05\/Schmucler2.jpg\"><img loading=\"lazy\" decoding=\"async\" class=\"size-full wp-image-23293 aligncenter\" src=\"http:\/\/nofm-radio.com\/wp-content\/uploads\/2017\/05\/Schmucler2.jpg\" alt=\"Schmucler2\" width=\"565\" height=\"278\" \/><\/a><\/p>\n<p style=\"text-align: left;\"><strong>1. \u00bfQu\u00e9 nos puedes decir de tus abuelos?<\/strong><\/p>\n<p>Dos son mexicanos y dos son argentinos. Dos cat\u00f3licos casi fieles y dos ateos casi jud\u00edos.<br \/>\nLa abuela me regala bellos objetos de su abuela tra\u00eddos desde <strong>Odesa<\/strong> y tambi\u00e9n juegos de s\u00e1banas, muchos. El abuelo libros y caleidoscopios.<br \/>\nA los mexicanos los extra\u00f1o porque fallecieron hace unos a\u00f1os, a los argentinos porque viven all\u00e1.<br \/>\nElla me canta en <strong>iddish<\/strong> y sale de juerga con amigos de mi edad. \u00c9l me lleva a su casa en el campo cordob\u00e9s, me despierta temprano con el mate y hablamos el resto del d\u00eda sin interrupciones de ning\u00fan tipo.<br \/>\n2.\u00a0<strong>\u00bfQu\u00e9 nos puedes decir de tus padres?<\/strong><br \/>\nTengo el cuerpo de mi madre y el rostro de mi padre. Ella dirige una escuela donde la prioridad es la felicidad de los ni\u00f1os y resulta que aprenden por el mismo camino, \u00e9l es escritor y a veces tambi\u00e9n hace cine. Los dos estudiaron <strong>antropolog\u00eda<\/strong>, han tenido bares, han hecho teatro, televisi\u00f3n, han tenido centros culturales, han tenido grupos musicales y ambos se construyen las casas que han tenido sin necesidad de arquitectos e incluso de alba\u00f1iles. Est\u00e1n separados desde hace unos 25 a\u00f1os pero pasamos las vacaciones siempre juntos, quer\u00edan que los tres hermanos que somos seamos unidos pese a la geograf\u00eda, lo lograron. Siempre hubo instrumentos musicales en las dos casas, muchas palabras, y muchos viajes.<br \/>\n3.\u00a0<strong>\u00bfQui\u00e9n tuvo o tiene la voz m\u00e1s importante de tu vida?<\/strong><br \/>\nNo pensar\u00eda en una sola voz importante, las voces conversan todo el tiempo con la m\u00eda y ninguna tiene certezas, s\u00ed reflexiones. Entonces algunos amigos cercanos, otros muertos, conversan con mis autores favoritos, o con alguna pieza musical o con alguna pel\u00edcula. Las conversaciones son constantes y mutables, intuyo que yo las gu\u00edo hacia donde crea cierta luz. <strong>Joyce<\/strong> debatiendo con <strong>Juan Crist\u00f3bal<\/strong> sobre las decisiones de <strong>Barry Lyndon<\/strong> que podr\u00edan ser los m\u00edos y mis amigos en la cervecer\u00eda de la esquina bajando los colores de esa conversaci\u00f3n, de esa voz importante. Escucho a mucha gente y por \u00e9pocas algunos resuenan un poco m\u00e1s. A veces la voz importante es un disco entero, por ejemplo durante un a\u00f1o, el 2001, mi voz m\u00e1s importante fue el disco <strong><em>All that you can\u00b4t leave behind<\/em> <\/strong>de <strong>U2<\/strong>.<br \/>\n<iframe loading=\"lazy\" src=\"https:\/\/www.youtube.com\/embed\/f8TGpGnFs-s\" width=\"560\" height=\"315\" frameborder=\"0\" allowfullscreen=\"allowfullscreen\"><\/iframe><br \/>\n4.\u00a0<strong>Considerando que no elegimos d\u00f3nde nacer, \u00bfd\u00f3nde s\u00ed elegiste nacer?<\/strong><br \/>\nCreo que todav\u00eda no lo decido del todo, pero me inclin\u00e9 fuertemente por <strong>Irlanda<\/strong> (del sur), y todav\u00eda escucho su m\u00fasica con melancol\u00eda e incluso toco la flautita irlandesa para ponerme de buen humor algunas tardes. Cuando desembarqu\u00e9 en el puerto de Holyhead me sent\u00ed mucho m\u00e1s en paz que en otros hogares.\u00a0Aunque leg\u00edtimamente podr\u00eda decir que a veces nazco en la <strong>Ciudad de M\u00e9xico<\/strong> y a veces en <strong>Buenos Aires<\/strong>.<br \/>\n5.\u00a0<strong>Para ti \u00bfqui\u00e9nes son ellos y qui\u00e9nes nosotros?<\/strong><br \/>\nEllos ser\u00edan todos los dem\u00e1s de un lado, nosotros ser\u00edan todos los dem\u00e1s del otro, quiz\u00e1s nosotros estar\u00edan del lado izquierdo por alguna raz\u00f3n identitaria. Y yo creo que los mirar\u00eda a ambos bandos desde en medio, viendo c\u00f3mo pierden tiempo marcando sus fronteras, y tratar\u00eda de encontrar las siete diferencias.<br \/>\n6.\u00a0<strong>\u00bfQu\u00e9 verbo define lo que haces y por qu\u00e9?<\/strong><br \/>\n<strong>Aplazar<\/strong>. Porque mi lista de \u201ccosas para hacer\u201d es larga, diversa, ambiciosa, sencill\u00edsima, posible, pero todo me lleva a posponerla. Otras cosas de hecho.\u00a0Aunque m\u00e1s propiamente el verbo ser\u00eda <strong>Narrar<\/strong>. Produzco y dirigo pel\u00edculas que, a trav\u00e9s de su respectivo g\u00e9nero, narran hechos, emociones, ideas, preguntas. Hacer cine a veces se reduce a eso, a la narraci\u00f3n de una historia.<br \/>\n7.\u00a0<strong>\u00bfCu\u00e1l es tu materia prima?<\/strong><br \/>\nHaciendo cine la materia prima se convierte en una amplia masa de <strong>conceptos<\/strong>. El <strong>tiempo libre<\/strong>, la vida de los otros, la vida m\u00eda, la literatura, una pintura que intrigue, una buena canci\u00f3n que transporte hacia alg\u00fan lado. Ser\u00eda m\u00e1s interesante poder decir que mirar es mi materia prima, pero me pregunto si eso no es m\u00e1s bien la herramienta de trabajo.<br \/>\n8.\u00a0<strong>Completa la frase<\/strong><br \/>\n<strong><em>Y cuando muera&#8230; ah\u00ed junto a mi cruz tan s\u00f3lo quiero&#8230;<\/em><\/strong> que no haya ni una cruz ni un cuerpo encerrado bajo tanta tierra!<br \/>\n<em><strong>Y si vivo cien a\u00f1os&#8230;<\/strong><\/em> espero no aburrirme ni entristecerme demasiado.<br \/>\n<em><strong>All we are saying&#8230;<\/strong><\/em> should be strong, funny and in spanish.<br \/>\n<em><strong>El d\u00eda que me quieras&#8230;<\/strong><\/em> h\u00e1zmelo saber.<br \/>\n<em><strong>Si nos dejan&#8230;<\/strong><\/em> nos buscamos a otros.<br \/>\n<em><strong>If I were a boy&#8230;<\/strong> <\/em>so\u00f1ar\u00eda menos y actuar\u00eda m\u00e1s, supongo.<br \/>\n<iframe loading=\"lazy\" src=\"https:\/\/www.youtube.com\/embed\/xFswWQsaIM4\" width=\"560\" height=\"315\" frameborder=\"0\" allowfullscreen=\"allowfullscreen\"><\/iframe><br \/>\n<strong>9. \u00bfLa Ciudad de la furia, la Chilanga Banda o No soy de aqu\u00ed ni soy de all\u00e1? \u00bfPor qu\u00e9?<\/strong><br \/>\n<strong>Chilanga banda<\/strong>. Suceden muchas cosas en esa canci\u00f3n, hay varios personajes para imaginar, recrear, reconocer en las caminatas citadinas. Es como un documental del diario no s\u00f3lo chilango sino universal, una forma de ver un mundo al que no solemos acceder frecuentemente. Una canci\u00f3n que nos recuerde que estamos todos en la misma banda pese a nostros mismos. Adem\u00e1s me la habr\u00e9 echado unas siete mil veces con <strong>Jaime L\u00f3pez<\/strong> en sus largu\u00edsimos conciertos y las versiones siempre ten\u00edan un algo muy emocionante.<br \/>\n10.\u00a0<strong>\u00bfCuando cuentas sobre otros, qu\u00e9 cuentas sobre ti?<\/strong><br \/>\nTodo, hablar de los dem\u00e1s es dar una postura al respecto, o sea, hablar de ti misma. A veces es m\u00e1s evidente, a veces s\u00f3lo repetimos ecos de otros, pero cuando lo hago en serio, me delato yo misma f\u00e1cilmente.<br \/>\n<a class=\"no-eff img-link lightbox\" href=\"http:\/\/nofm-radio.com\/wp-content\/uploads\/2017\/05\/Schmucler.jpg\"><img loading=\"lazy\" decoding=\"async\" class=\"size-full wp-image-23294 aligncenter\" src=\"http:\/\/nofm-radio.com\/wp-content\/uploads\/2017\/05\/Schmucler.jpg\" alt=\"Schmucler\" width=\"453\" height=\"1189\" \/><\/a><\/p>\n","protected":false},"template":"","meta":{"_id_youtube":"","_id_vimeo":"","_podcasts_duration":"","_podcasts_url":"","_podcasts_show":"","_prog_horario_dias":"","_prog_hora":"","_prog_duration":""},"class_list":["post-23289","archivo","type-archivo","status-publish","hentry"],"_links":{"self":[{"href":"https:\/\/nofm-radio.com\/index.php?rest_route=\/wp\/v2\/archivo\/23289","targetHints":{"allow":["GET"]}}],"collection":[{"href":"https:\/\/nofm-radio.com\/index.php?rest_route=\/wp\/v2\/archivo"}],"about":[{"href":"https:\/\/nofm-radio.com\/index.php?rest_route=\/wp\/v2\/types\/archivo"}],"wp:attachment":[{"href":"https:\/\/nofm-radio.com\/index.php?rest_route=%2Fwp%2Fv2%2Fmedia&parent=23289"}],"curies":[{"name":"wp","href":"https:\/\/api.w.org\/{rel}","templated":true}]}}