{"id":23448,"date":"2017-05-09T17:29:51","date_gmt":"2017-05-09T22:29:51","guid":{"rendered":"http:\/\/nofm-radio.com\/?p=23448"},"modified":"2017-05-09T17:29:51","modified_gmt":"2017-05-09T22:29:51","slug":"celebras-algo-este-10-de-mayo","status":"publish","type":"archivo","link":"https:\/\/nofm-radio.com\/?archivo=celebras-algo-este-10-de-mayo","title":{"rendered":"\u00bfCelebras algo este 10 de mayo?"},"content":{"rendered":"<p>La historia m\u00e1s o menos difundida es esta: en 1922, el periodista<strong> Rafael Alduc\u00edn<\/strong>, director del peri\u00f3dico <em><strong>Exc\u00e9lsior<\/strong><\/em>, convoc\u00f3 por medio del diario a rendir un &#8220;homenaje de amor y ternura&#8221; a todas las madres. Design\u00f3 el <strong>10 de mayo<\/strong> como fecha para la fiesta que llenar\u00eda de flores las calles del pa\u00eds. Unos a\u00f1os antes\u00a0en <strong>Yucat\u00e1n<\/strong>, un grupo de <strong>mujeres activistas<\/strong> hab\u00eda impulsado candidaturas de mujeres a cargos de elecci\u00f3n popular, defend\u00eda la idea de <strong>maternidad como elecci\u00f3n<\/strong>, daba cursos de profilaxis y planificaci\u00f3n familiar, y hab\u00eda logrado la aprobaci\u00f3n de la <em><strong>Ley de Relaciones Familiares<\/strong><\/em> que instauraba\u00a0la equidad en el matrimonio y legalizaba el divorcio. Aunque no ha podido establecerse la relaci\u00f3n entre un hecho y otro, la convocatoria del <em>Exc\u00e9lsior<\/em> defend\u00eda el estereotipo tradicional de la madre contra ideas extranjeras que, con el apoyo de Jos\u00e9 Vasconcelos en la SEP y todo el gobierno de \u00c1lvaro Obreg\u00f3n prosper\u00f3: en sus p\u00e1ginas se le\u00edan ideas para regalos, en las escuelas se hac\u00eda promoci\u00f3n del <strong>D\u00eda de las Madres<\/strong>, y, unos a\u00f1os despu\u00e9s, hasta\u00a0obtuvo la bendici\u00f3n papal. As\u00ed fue que las generaciones futuras acabamos haciendo rica a <strong>Denisse de Kalafe<\/strong> y bordando\u00a0servilletas que,\u00a0aunque a veces terminaban haciendo ellas mismas, nuestras mam\u00e1s atesoran.<br \/>\nNoventa y cinco a\u00f1os despu\u00e9s el panorama no pinta muy distinto. El<strong> consumismo<\/strong> voraz, los embates de grupos de la iglesia contra la llamada &#8220;<strong>ideolog\u00eda de g\u00e9nero<\/strong>&#8220;, el predominio de los estereotipos de la <strong>madre abnegada<\/strong> en los<strong> medios de comunicaci\u00f3n<\/strong> (que se complementan con otros burlones como el de la <strong>mam\u00e1 luchona<\/strong>), conviven con luchas de grupos de mujeres en defensa de sus derechos fundamentales, de sus cuerpos, de sus vidas. Aunque la contraposici\u00f3n pareciera evidente, no lo es: al hablar de <strong>maternidad<\/strong>\u00a0entran en juego un c\u00famulo de cuestiones sociales, econ\u00f3micas, jur\u00eddicas, de salud, pol\u00edticas, ideol\u00f3gicas y un largo etc\u00e9tera.\u00a0En una sociedad que se debate entre uno de los picos m\u00e1s altos de embarazos adolescentes en los \u00faltimos a\u00f1os, sectores de mujeres que declaran con seguridad que no desean\u00a0ser madres, acciones gubernamentales que con una mano pintan de rosa cualquier programa y con otro revictimizan, ignoran y maltratan mujeres, y una continua lucha por la defensa de los cuerpos y las mentes femeninas, el 10 de mayo se presenta, m\u00e1s que como una celebraci\u00f3n obligada o desde\u00f1ada, como un ineludible punto de discusi\u00f3n.<br \/>\nSi hace casi un siglo el papel del medio de comunicaci\u00f3n fue imponer s\u00f3lo una visi\u00f3n de maternidad, para nosotros la obligaci\u00f3n ahora es servir como una plataforma para conocer, desde la<strong> experiencia de nueve mujeres<\/strong>, c\u00f3mo se van construyendo y reconstruyendo las ideas de maternidad actualmente. Les pedimos que se presentaran y tambi\u00e9n les preguntamos qu\u00e9 canci\u00f3n les gustar\u00eda que les cantaran, porque entre este mar de dudas lo \u00fanico que s\u00ed tenemos claro es que, este 10 de mayo, ni un peso m\u00e1s a Denisse de Kalafe.<br \/>\n<a class=\"no-eff img-link lightbox\" href=\"http:\/\/nofm-radio.com\/wp-content\/uploads\/2017\/05\/Mam\u00e12.jpg\"><img loading=\"lazy\" decoding=\"async\" class=\"size-full wp-image-23462 aligncenter\" src=\"http:\/\/nofm-radio.com\/wp-content\/uploads\/2017\/05\/Mam\u00e12.jpg\" alt=\"Mam\u00e12\" width=\"640\" height=\"589\" \/><\/a><br \/>\n&nbsp;<br \/>\nMi nombre es <strong>Ericka Vel\u00e1zquez<\/strong> y soy mam\u00e1 de una ni\u00f1a de 7 a\u00f1os.<br \/>\n<strong>\u00bfCelebras algo este 10 de mayo? \u00bfQu\u00e9? <\/strong><br \/>\nS\u00ed, el d\u00eda de las madres.<br \/>\n<strong>En tu contexto, \u00bfqu\u00e9 caracter\u00edstica te gustar\u00eda eliminar de la noci\u00f3n de mam\u00e1? <\/strong><br \/>\nLa mam\u00e1 es una s\u00faper mujer que debe hacer de todo, para todos, contra todos y a favor de su familia siempre, con los recursos que se le proporcionen.<br \/>\n<strong>\u00bfQu\u00e9 pregunta sobre maternidad escuchas constantemente y te mata de hueva? \u00bfPor qu\u00e9? <\/strong><br \/>\n\u00bfDuele mucho el parto?, no existe un modo m\u00e1gico de sacar una persona de tu cuerpo. Si no es un parto con dolor en el momento, es una ces\u00e1rea con dolor durante un mes despu\u00e9s.<br \/>\n<strong>Si pudieras cambiar algo del festival del 10 de mayo de tus hijos, \u00bfqu\u00e9 ser\u00eda y qu\u00e9 canci\u00f3n te gustar\u00eda que te cantaran? <\/strong><br \/>\nMe gustar\u00eda que hicieran el festival el s\u00e1bado, entre semana se complica por mi trabajo y el permiso que hay que pedir. Ver cantar a mi hija es muy agradable para m\u00ed, cualquier canci\u00f3n que cante me va a matar de emoci\u00f3n (voy a llorar y llorar como dir\u00eda ella).<br \/>\n<iframe loading=\"lazy\" src=\"https:\/\/www.youtube.com\/embed\/1WIsnC-h1d0\" width=\"560\" height=\"315\" frameborder=\"0\" allowfullscreen=\"allowfullscreen\"><\/iframe><br \/>\nMi nombre es <strong>Gabriela Gonz\u00e1lez Ortu\u00f1o<\/strong>, termino el doctorado en Estudios latinoamericanos en la UNAM, soy madre feminista y correctora de textos.<br \/>\n<strong>\u00bfCelebras algo este 10 de mayo? \u00bfQu\u00e9?<\/strong><br \/>\nEl 10 de mayo es una fecha con ciertas tensiones para m\u00ed porque me parece que es una celebraci\u00f3n impuesta, ya que responde a un modelo de mujer que sostiene maternidades tradicionales y roles cerrados de g\u00e9nero, es una celebraci\u00f3n que se instaura en contra de las mujeres feministas de principios de siglo xx que lucharon por la libertad de decidir sobre sus cuerpos y por su participaci\u00f3n pol\u00edtica. Sin embargo, tambi\u00e9n existen muchos afectos alrededor. En primer lugar, es complicado abstraerse del cari\u00f1o que se siente hacia las mujeres ancestrales: madre, t\u00edas, abuelas. Como la mayor parte de ellas esperan que ese d\u00eda el afecto tenga demostraciones espec\u00edficas, las festejo a ellas para agradecer lo que han hecho por m\u00ed. Tampoco puedo ausentarme de los festivales escolares, aunque una de las ventajas del Kinder al que asiste mi hija es que celebran el D\u00eda de la Familia a finales de mayo, incluso fue una de las razones por las que elegimos la escuela. Esto me parece mejor opci\u00f3n porque muestra a les peques que las familias son diversas y que hay que celebrarlas como sea que est\u00e9n compuestas, adem\u00e1s de que da pie para mostrar que las labores de cuidado son compartidas, no responsabilidad de una madre convencional.<br \/>\n<strong>En tu contexto, \u00bfqu\u00e9 caracter\u00edstica te gustar\u00eda eliminar de la noci\u00f3n de mam\u00e1?<\/strong><br \/>\nLas caracter\u00edsticas que me gustar\u00eda eliminar de la noci\u00f3n de madre. En primer lugar, estoy en contra de la naturalizaci\u00f3n de la idea que, una mujer, por serlo, debe ser madre. La maternidad debe ser una elecci\u00f3n, no una imposici\u00f3n que trae consigo una serie de roles a cumplir. De la noci\u00f3n de madre me gustar\u00eda eliminar la idea de sacrificio y abnegaci\u00f3n porque, aunque es verdad que, al decidir ejercer la maternidad se elije responsabilizarse de un ser humano, tambi\u00e9n creo que es important\u00edsimo contar con redes de apoyo para que las madres no se sientan aisladas ni pierdan la posibilidad de elegir; por supuesto esto va m\u00e1s all\u00e1 y atraviesan temas como el ejercicio de la paternidad en una sociedad profundamente machista. Creo que me gustar\u00eda m\u00e1s comenzar a pensar m\u00e1s en c\u00f3mo transformar las paternidades.<br \/>\n<strong>\u00bfQu\u00e9 pregunta sobre tu maternidad escuchas constantemente y te mata de hueva? \u00bfPor qu\u00e9?<\/strong><br \/>\nCuriosamente la pregunta acerca de mi maternidad que m\u00e1s hueva me ha dado me la hizo una investigadora que hac\u00eda entrevistas de maternidades feministas. Ella insist\u00eda en preguntarme cu\u00e1l es el conflicto al ser feminista y madre. Yo le contestaba que ninguno, que tal vez algunas personas alrededor estaban inc\u00f3modas con mis decisiones pero que yo no sent\u00eda contradicciones entre una posici\u00f3n y otra. Tambi\u00e9n he recibido comentarios de personas que se asumen de izquierda y que les parece que reproducirse es como volverte de derecha, como si la intenci\u00f3n de cambiar las cosas fuera exclusivo de personas sin hijes.<br \/>\n<strong>Si pudieras cambiar algo del festival del 10 de mayo de tus hijos, \u00bfqu\u00e9 ser\u00eda y qu\u00e9 canci\u00f3n te gustar\u00eda que te cantaran?<\/strong><br \/>\nYo cambiar\u00eda que s\u00f3lo haya festivales el 10 de mayo, deber\u00eda haber en muchas fechas m\u00e1s oportunidades para que les ni\u00f1es se expresen, bailen, canten. Por supuesto eso implicar\u00eda un cambio en la pol\u00edtica educativa y cultural, lo que, a su vez, cambiar\u00eda que cada a\u00f1o canten &#8220;Se\u00f1ora, se\u00f1ora&#8230;&#8221; o bailen &#8220;Yo tengo una bolita que me sube y me baja&#8230;&#8221; Y en un sue\u00f1o que ahora aparece muy lejano me encantar\u00eda escuchar en un festival escolar &#8220;Demoler&#8221; de Los Saicos aunque eso ya es una posici\u00f3n muy particular que no estoy segura que el resto de las madres disfrutar\u00eda, as\u00ed que con que exstieran espacios de formaci\u00f3n y expresi\u00f3n en artes para ni\u00f1es me dar\u00eda m\u00e1s que por bien servida.<br \/>\n<iframe loading=\"lazy\" src=\"https:\/\/www.youtube.com\/embed\/haVaaDLwWvI\" width=\"560\" height=\"315\" frameborder=\"0\" allowfullscreen=\"allowfullscreen\"><\/iframe><br \/>\nYo soy <strong>Karla Amozurrutia<\/strong>, soy mujer, hija, profesora, activista, pareja pero sobre todo, soy madre desde los dulces 23 de una hermosa reto\u00f1a llamada Jade desde hace 11 a\u00f1os.<br \/>\n<strong>\u00bfCelebras algo este 10 de mayo? \u00bfQu\u00e9?<\/strong><br \/>\nEste 10 de mayo recordaremos y celebraremos la memoria de mi s\u00faper abuelita materna que se nos fue hace poco y siempre hemos tenido como tradici\u00f3n, las mujeres de la familia \u2013encabezada desde hace un a\u00f1o y unos meses por mi abu- salir a comer o hacer una reuni\u00f3n, todas juntas. As\u00ed que este 10 de mayo es de ella. Siempre he cre\u00eddo que este d\u00eda promueve el consumismo excesivo y ratifica ciertas pr\u00e1cticas sociales de rol y estereotipos de g\u00e9nero, sin embargo, tambi\u00e9n puede ser un d\u00eda de reflexi\u00f3n femenina sobre qu\u00e9 significa ser madres, c\u00f3mo fue la maternidad de nuestras propias madres y c\u00f3mo se contrapone o se parece a la nuestra, por qu\u00e9 decidimos serlo y cu\u00e1les son los retos de hoy para una madre joven, trabajadora, adulta, soltera, etc y etc.<br \/>\n<strong>En tu contexto, \u00bfqu\u00e9 caracter\u00edstica te gustar\u00eda eliminar de la noci\u00f3n de mam\u00e1?<\/strong><br \/>\nA m\u00ed me gustar\u00eda eliminar de la noci\u00f3n de madre el odioso estereotipo de la abnegaci\u00f3n, \u201cuna madre debe ser abnegada\u201d, hay quienes creen que debe ser as\u00ed; as\u00ed fue como educaron a nuestra madre y nuestras abuelas en el contexto de la sociedad mexicana tradicional, porque la vida de una mujer que se convierte en madre debe ser renunciar a la libertad de mujer independiente y \u00e9sta debe convertirse en una ligada, dependiente, casi esclavizada, incorporada sin chistar, a la vida de los hijxs y peor a\u00fan, a la del marido. Ser madre tambi\u00e9n es ser libre. Tenemos que seguir luchando contra esa err\u00f3nea noci\u00f3n de maternidad.<br \/>\n<strong>\u00bfQu\u00e9 pregunta sobre tu maternidad escuchas constantemente y te mata de hueva? \u00bfPor qu\u00e9?<\/strong><br \/>\n\u00bfTener una hija adolescente debe ser lo peor, no? Y respondo: \u201cprobablemente, pero si no pasara por esa etapa intensa, no llegar\u00eda a ser la mujercita libre, aut\u00f3noma e independiente que ser\u00e1. As\u00ed que bienvenida la adolescencia, va a estar \u201clococh\u00f3n\u201d.<br \/>\n<strong>Si pudieras cambiar algo del festival del 10 de mayo de tus hijos, \u00bfqu\u00e9 ser\u00eda y qu\u00e9 canci\u00f3n te gustar\u00eda que te cantaran?<\/strong><br \/>\nAfortunadamente nunca fui a ning\u00fan festival del d\u00eda de las madres en el colegio de mi hija pues en ella no hay cosa semejante, la neta no me gustan esos festivales. Pero recuerdo los m\u00edos y los bailables que prepar\u00e1bamos por meses para ese d\u00eda, as\u00ed como las canciones que ensay\u00e1bamos en m\u00fasica para cant\u00e1rselas a nuestra mam\u00e1s \u2013la m\u00eda nunca asisti\u00f3-. Si me preguntaran qu\u00e9 canci\u00f3n me gustar\u00eda que me cantaran ese d\u00eda ser\u00eda \u201cMi cari\u00f1ito\u201d de Pedro Infante.<br \/>\n<iframe loading=\"lazy\" src=\"https:\/\/www.youtube.com\/embed\/x4Q5d-P_a8M\" width=\"560\" height=\"315\" frameborder=\"0\" allowfullscreen=\"allowfullscreen\"><\/iframe><br \/>\nHola, me llamo <strong>Magdalena.<\/strong><br \/>\n<strong>\u00bfCelebras algo este 10 de mayo? \u00bfQu\u00e9?<\/strong><br \/>\nS\u00ed, el d\u00eda de las madres, pero s\u00f3lo cuando era m\u00e1s joven. Actualmente no es un d\u00eda importante para m\u00ed.<br \/>\n<strong>En tu contexto, \u00bfqu\u00e9 caracter\u00edstica te gustar\u00eda eliminar de la noci\u00f3n de mam\u00e1? <\/strong><br \/>\nCreo que hay algunas mujeres que tienen a sus hijos sin quererlos, los maltratan o hasta los llegan a matar. Para m\u00ed el ser mam\u00e1 no s\u00f3lo es parirlos sino criarlos, educarlos y sobre todo quererlos, entonces yo le dar\u00eda el nombre de madre a aquella persona que estuvo hasta el momento en el que aprendiste a volar.<br \/>\n<strong>\u00bfQu\u00e9 pregunta sobre tu maternidad escuchas constantemente y te mata de hueva?\u00a0\u00bfPor qu\u00e9?<\/strong><br \/>\nMe da emoci\u00f3n cuando me preguntan acerca de mi parto por qu\u00e9 es una experiencia inolvidable, pero me caga cuando me preguntan \u00bfy es muy dif\u00edcil ser mam\u00e1? Porque obviamente es dif\u00edcil, est\u00e1s conociendo a un ser humano totalmente distinto a ti, llora, caga, come, ensucia, hay que ense\u00f1arles todo.<br \/>\n<strong>Si pudieras cambiar algo del festival del 10 de mayo de tus hijos, \u00bfqu\u00e9 ser\u00eda y qu\u00e9 canci\u00f3n te gustar\u00eda que te cantaran? <\/strong><br \/>\nSi hay algo que me aburre mucho de los festivales es que las mam\u00e1s est\u00e9n sentadas nom\u00e1s viendo, har\u00eda algo que las haga interactuar con los hijos como una obra de teatro o un concurso, yo que s\u00e9. Me gustar\u00eda que me cantaran A EME O de Aterciopelados.<br \/>\n<iframe loading=\"lazy\" src=\"https:\/\/www.youtube.com\/embed\/rxmgK0Zv7UM\" width=\"560\" height=\"315\" frameborder=\"0\" allowfullscreen=\"allowfullscreen\"><\/iframe><br \/>\nHola. Soy <strong>Mar\u00eda Rivera<\/strong>, mujer deconstruida, alguna vez mam\u00edfero feliz y madre inubicable.<br \/>\n<strong>\u00bfCelebras algo este 10 de mayo? \u00bfQu\u00e9?<\/strong><br \/>\nS\u00ed, que se acabe pronto. Celebrar la maternidad como convenci\u00f3n social, s\u00f3lo sirve para apuntalar la esclavitud de las mujeres, recordarles su condici\u00f3n de amorosa servidumbre configurada por el ente social desde que son gestantes.<br \/>\n<strong>En tu contexto, \u00bfqu\u00e9 caracter\u00edstica te gustar\u00eda eliminar de la noci\u00f3n de mam\u00e1?<\/strong><br \/>\nLa noci\u00f3n misma de maternidad.<br \/>\n<strong>\u00bfQu\u00e9 pregunta sobre tu maternidad escuchas constantemente y te mata de hueva?\u00a0\u00bfPor qu\u00e9?<\/strong><br \/>\nCreo que nadie pregunta sobre mi maternidad, afortunadamente. Lo que me puede llevar a un estado catat\u00f3nico es tener que relacionarme jugando el rol de &#8220;madre&#8221;. Soy totalmente intolerante a tener alg\u00fan tipo de contacto social, por breve que sea, bajo esta configuraci\u00f3n.<br \/>\n<strong>Si pudieras cambiar algo del festival del 10 de mayo de tus hijos, \u00bfqu\u00e9 ser\u00eda y qu\u00e9 canci\u00f3n te gustar\u00eda que te cantaran?<\/strong><br \/>\nNunca he ido a un festival del 10 de mayo. En la escuela de mi hija no se celebra. Me morir\u00eda de terror&#8230;<br \/>\nNo me gustar\u00eda que mi hija me cantara pero asistir\u00eda feliz a un festejo escolar de d\u00eda de las madres si se programaran estas dos canciones. Es m\u00e1s, pagar\u00eda por ir:<br \/>\n<iframe loading=\"lazy\" src=\"https:\/\/www.youtube.com\/embed\/xExX5RTCFQU\" width=\"560\" height=\"315\" frameborder=\"0\" allowfullscreen=\"allowfullscreen\"><\/iframe><br \/>\n<iframe loading=\"lazy\" src=\"https:\/\/www.youtube.com\/embed\/iSaB0imIQSs\" width=\"560\" height=\"315\" frameborder=\"0\" allowfullscreen=\"allowfullscreen\"><\/iframe><br \/>\nO que mi hija me cantara esta:<br \/>\n<iframe loading=\"lazy\" src=\"https:\/\/www.youtube.com\/embed\/iMKj5mS_71A\" width=\"560\" height=\"315\" frameborder=\"0\" allowfullscreen=\"allowfullscreen\"><\/iframe><br \/>\nMe llamo <strong>Mariana Ozuna Casta\u00f1eda<\/strong>, soy profesora en la UNAM de literatura mexicana desde hace 17 a\u00f1os. Adem\u00e1s de la docencia, realiz\u00f3 investigaci\u00f3n literaria: publico art\u00edculos, participo en proyectos de investigaci\u00f3n, seminarios, coloquios y otras organizaciones acad\u00e9micas. La docencia se ha convertido en un manantial de inspiraci\u00f3n y alegr\u00eda. Me hice madre de Trist\u00e1n a los 36 a\u00f1os, y desde que su nacimiento nos puso frente a frente y coraz\u00f3n con coraz\u00f3n he vuelto a ser alumna de tiempo completo.<br \/>\n<strong>\u00bfCelebras algo este 10 de mayo? \u00bfQu\u00e9?<\/strong><br \/>\nYo celebro mi maternidad muchas veces a la semana. El 10 de mayo he aprendido a reconocer esa incansable labor que muchas mujeres ejercen a diario y que no se limita a sus hijos procreados, sino a los cuidados que prodigan indiscriminadamente. Hay muchas madres que no tienen hijos.<br \/>\nHubo un tiempo en qu\u00e9 pensaba que el 10 de mayo y la maternidad eran prisiones ideol\u00f3gicas del patriarcado, desde hace casi una d\u00e9cada he ido construyendo con lecturas y autocr\u00edtica otra visi\u00f3n, una m\u00e1s compleja y menos simplista de la maternidad. Me he percatado de que el discurso hegem\u00f3nico contra la maternidad en muchos feminismos sataniza la maternidad desde la idea de ser individuo y capitalista. Las met\u00e1foras para hablar de la maternidad tienen que ver con &#8220;esclavitud&#8221;; &#8220;p\u00e9rdida de la identidad&#8221;; y una concepci\u00f3n reduccionista de la procreaci\u00f3n como &#8220;parto&#8221;, sin atender a la crianza y a que la maternidad es un aspecto m\u00e1s en el cual empoderarnos.<br \/>\nHay mucho que celebrar y agradecer y hacer en las maternidades actuales.<br \/>\n<strong>En tu contexto, \u00bfqu\u00e9 caracter\u00edstica te gustar\u00eda eliminar de la noci\u00f3n de mam\u00e1?<\/strong><br \/>\nMe gustar\u00eda que las personas dej\u00e1ramos de pensar en la maternidad como sacrificial, como la negaci\u00f3n de la propia personalidad. Tambi\u00e9n me gustar\u00eda que se pensara en la maternidad con la misma sutileza intelectual con la que se piensa el g\u00e9nero y el cuerpo, es decir, que se corporalizara la maternidad, que se hablara y se conociera m\u00e1s lo que de biol\u00f3gico hay en ella y no solo lo cultural e ideol\u00f3gico. Hay mucha investigaci\u00f3n ya acerca de los procesos fisiol\u00f3gicos en torno a la maternidad.<br \/>\n<strong>\u00bfQu\u00e9 pregunta sobre tu maternidad escuchas constantemente y te mata de hueva? \u00bfPor qu\u00e9?<\/strong><br \/>\nCuando mi embarazo comenz\u00f3 a notarse, muchos colegas me preguntaron &#8220;\u00bfpor qu\u00e9 te embarazaste?&#8221;, como si al hacerlo me hubiera arrojado de un tercer piso vestida de supergirl. Lo m\u00e1s asombroso es darme cuenta que en realidad la gente no quiere conocer mis respuestas, lo que desea es corroborar y replicar lo que ya asume como verdad. De manera que cuando digo que estoy feliz siendo mam\u00e1 de Trist\u00e1n, inmediatamente surgen las afirmaciones: &#8220;debe ser cansad\u00edsimo&#8221;; &#8220;ya no tienes tiempo para ti&#8221;; &#8220;seguro ya no vas a X o Z&#8221;; &#8220;es mucha responsabilidad, yo por eso&#8230;&#8221;. Lo m\u00e1s curioso es que esa gente no pregunta por Trist\u00e1n, y cuando les digo que me encanta criarlo, desconcertados dicen &#8220;Oh, qu\u00e9 padre&#8221; y ya. Hay quien me hace preguntas espec\u00edficas y respetuosas pero son las menos.<br \/>\n<strong>Si pudieras cambiar algo del festival del 10 de mayo de tus hijos, \u00bfqu\u00e9 ser\u00eda y qu\u00e9 canci\u00f3n te gustar\u00eda que te cantaran?<\/strong><br \/>\nNo pos que no hubiera festival, jajaja. A m\u00ed me gustar\u00eda que habl\u00e1ramos de lo que es nacer, la panza, las horas, que record\u00e1ramos colectivamente eso de la corporalidad de la maternidad. El festival es la forma de sacarle la vuelta al cuerpo femenino gestante, un cuerpo en tr\u00e1nsito, a m\u00ed me gusta contarle detalles de la gestaci\u00f3n a Trist\u00e1n, hablarle de cuando se mov\u00eda dentro de m\u00ed, y \u00e9l me hace preguntas y toca mi vientre y mis pechos y dice: yo sal\u00ed como Kirik\u00fa y tom\u00e9 caf\u00e9 de tu chichi. Nacer est\u00e1 en toda poderosa cosmogon\u00eda. Y para rolas: All you need is love.<br \/>\n<iframe loading=\"lazy\" src=\"https:\/\/player.vimeo.com\/video\/176129699\" width=\"640\" height=\"480\" frameborder=\"0\" allowfullscreen=\"allowfullscreen\"><\/iframe><br \/>\nSoy <strong>Maricela Guerrero Reyes<\/strong> escribo, trabajo en una oficina de 9.30 a 7 PM, r\u00edo mucho, vivo en la Ciudad de M\u00e9xico desde 1977.<br \/>\n<strong>\u00bfCelebras algo este 10 de mayo? \u00bfQu\u00e9?<\/strong><br \/>\n\u00bfEl d\u00eda de la madre? No, aunque lamento un poquito que en mi casa s\u00ed sea relevante para t\u00edas, primas y mi propia mam\u00e1 y pues tengo que ir. Es retecomplicado conciliar visiones del mundo tan divergentes, cada vez que pongo por ah\u00ed algunas de las consignas feministas como libertad de decidir o mejor repartici\u00f3n de las tareas de cuidados, hacen ojitos para arriba, y piensan, esta ya va a empezar, ac\u00e9rcale una sopita.<br \/>\n<strong>En tu contexto, \u00bfqu\u00e9 caracter\u00edstica te gustar\u00eda eliminar de la noci\u00f3n de mam\u00e1?<\/strong><br \/>\nQue las mam\u00e1s son sagradas o hero\u00ednas o algo as\u00ed, como si fu\u00e9ramos las \u00fanicas personas capaces de cuidar; eso es muy solemne, se insufla de melodrama, \u00bfqu\u00e9 har\u00edamos sin los chantajes maternos aprendidos en las pel\u00edculas de Libertad la M\u00e1rtir y Sarita Garc\u00eda?<br \/>\nAdem\u00e1s, esa idea atenta directamente contra una mejor valoraci\u00f3n y distribuci\u00f3n del trabajo. Si cuidar a otros no se hubiera hecho una actividad exclusiva de madres y mujeres, ser\u00eda un trabajo mejor valorado y podr\u00eda colectivizarse de mejor manera mediante guarder\u00edas y estancias.<br \/>\n<strong>\u00bfQu\u00e9 pregunta sobre tu maternidad escuchas constantemente y te mata de hueva? \u00bfPor qu\u00e9?<\/strong><br \/>\nM\u00e1s que matarme de hueva, en un principio me desconcertaba, ahora me da igual, las personas no pueden entender esquemas diferentes al que ven en las telenovelas. Desde que me separ\u00e9 del pap\u00e1 de los ni\u00f1os, ellos pasan tiempo con \u00e9l; es muy genial que convivan as\u00ed, y a m\u00ed me da tiempo para hacer cosas o descansar; y toda mi familia lo sabe; pero no pueden evitar siempre que me ven sin E. y S. preguntar \u00bfy los ni\u00f1os?<br \/>\nComo si no esperaran algo muy distinto a lo que siempre respondo, \u201cest\u00e1n con su pap\u00e1\u201d. Alguna vez responder\u00e9, se fueron de kibutz, andan en un crucero viendo ballenas; est\u00e1n viajando a la luna; los invitaron a arrullar ajolotes; o algo as\u00ed.<br \/>\n<strong>Si pudieras cambiar algo del festival del 10 de mayo de tus hijos, \u00bfqu\u00e9 ser\u00eda y qu\u00e9 canci\u00f3n te gustar\u00eda que te cantaran?<\/strong><br \/>\nSirva este foro para se\u00f1alar que los chamacos y yo agradecemos a la escuela en la que van y en la que nos sentimos muy a gusto, que no haya festival. Eso nos da oportunidad de cotorrear entre nosotros, la favorita de S. es Pelo suelto de Gloria Trevi y E. est\u00e1 imitando la voz de la Vetusta Morla para responder preguntas con mucho humor.<br \/>\n<iframe loading=\"lazy\" src=\"https:\/\/www.youtube.com\/embed\/o2nDQO98mJo\" width=\"560\" height=\"315\" frameborder=\"0\" allowfullscreen=\"allowfullscreen\"><\/iframe><br \/>\n<strong>Marisa<\/strong>, 32 a\u00f1os.<br \/>\n<strong>\u00bfCelebras algo este 10 de mayo? \u00bfQu\u00e9?<\/strong><br \/>\nPues se supone que el d\u00eda de la madres.<br \/>\n<strong>En tu contexto, \u00bfqu\u00e9 caracter\u00edstica te gustar\u00eda eliminar de la noci\u00f3n de mam\u00e1?<\/strong><br \/>\nMe encantar\u00eda eliminar la idea de que ser mam\u00e1 es &#8220;lo natural&#8221;; que al ser mam\u00e1 te vuelves esclavo de tus hijos y dejas de ser persona; que el ser mam\u00e1 es lo m\u00e1s satisfactorio que existe, entre otras cosas.<br \/>\n<strong>\u00bfQu\u00e9 pregunta sobre tu maternidad escuchas constantemente y te mata de hueva? \u00bfPor qu\u00e9?<\/strong><br \/>\nLa pregunta de &#8220;\u00bfPara cu\u00e1ndo la parejita\/ el hermanito?&#8221; Me zurra. A). No s\u00e9 si quiero otro hijo, b) si quisiera otro no va a ser pronto y c) qu\u00e9 chingados si no quiero tener otro&#8230; Y la preguntas &#8220;\u00bfHasta cu\u00e1ndo amamantaste?&#8221; &#8220;\u00bfYa lo llevas a la guarder\u00eda?&#8221; &#8220;\u00bfY todav\u00eda trabajas?&#8221; &#8220;\u00bfY su pap\u00e1 te ayuda?&#8221; &#8220;\u00bfY no lo extra\u00f1as cuando est\u00e1s en la oficina?&#8221; &#8220;\u00bfY bajaste de peso muy r\u00e1pido?&#8221; El por qu\u00e9 me cagan creo que se explica por s\u00ed mismo.<br \/>\n<strong>Si pudieras cambiar algo del festival del 10 de mayo de tus hijos, \u00bfqu\u00e9 ser\u00eda y qu\u00e9 canci\u00f3n te gustar\u00eda que te cantaran?<\/strong><br \/>\nAfortunadamente a\u00fan no tiene festivales del 10 de mayo. Y desde luego que casi cualquier canci\u00f3n menos Mother de Pink Floyd.<br \/>\n<iframe loading=\"lazy\" src=\"https:\/\/www.youtube.com\/embed\/z5CjaqZb5nM\" width=\"560\" height=\"315\" frameborder=\"0\" allowfullscreen=\"allowfullscreen\"><\/iframe><br \/>\n<strong>Tania Tagle<\/strong>, ensayista, editora, activista y madre de dos hijos, Nicol\u00e1s y Lucas.<br \/>\n<strong>\u00bfCelebras algo este 10 de mayo? \u00bfQue?<\/strong><br \/>\nEn casa no celebramos el 10 de mayo as\u00ed como no celebramos el D\u00eda del Padre porque creemos que, en la crianza, no debe haber roles asignados. Nos dividimos las tareas dom\u00e9sticas y de cuidado de acuerdo a las posibilidades de cada quien, no de acuerdo al g\u00e9nero. Claro que llamamos a las abuelas porque para ellas es importante y no les vamos a imponer nada, pero para nosotros es un d\u00eda como cualquier otro pero con un poco m\u00e1s de tr\u00e1fico.<br \/>\n<strong>En tu contexto, \u00bfqu\u00e9 caracter\u00edstica te gustar\u00eda eliminar de la noci\u00f3n de mam\u00e1?<\/strong><br \/>\nQue es un sacrificio que \u201cvale la pena\u201d, la maternidad no tendr\u00eda porqu\u00e9 valer la pena porque no tendr\u00eda porqu\u00e9 ser una pena en primer lugar. Creer que te sacrificas por tus hijos los pone en deuda contigo y eso me parece muy retorcido. No creo que sea posible desarrollar relaciones sanas cuando aprendes a amar y a ser amado a trav\u00e9s de la culpa.<br \/>\n<strong>\u00bfQu\u00e9 pregunta sobre tu maternidad escuchas constantemente y te mata de hueva?<\/strong><br \/>\nCon qui\u00e9n se quedan mis hijos cuando salgo, a trabajar, a divertirme o a lo que sea. Estoy segura de que a mi pareja no se lo preguntan nunca. Lo mismo cuando me dicen que no \u201cparezco\u201d mam\u00e1, como si la maternidad viniera con un look integrado.<br \/>\n<strong>\u00bfPor qu\u00e9?<\/strong><br \/>\nPorque refuerzan estereotipos t\u00f3xicos sobre la maternidad que vienen de un deseo de normar la vida y el comportamiento de las mujeres.<br \/>\n<strong>Si pudieras cambiar algo del festival del 10 de mayo de tus hijos, \u00bfqu\u00e9 ser\u00eda y qu\u00e9 canci\u00f3n te gustar\u00eda que te cantaran?<\/strong><br \/>\nLa verdad me gustar\u00eda que no hubiera festival porque siempre hay <em>shaming<\/em> a las mam\u00e1s que trabajan y no pueden asistir. Me ha tocado cada a\u00f1o y me parece horrible. Pero si hay que cantar debo decir que cuando escucho She\u2019s Like a Rainbow de los Rolling Stones siempre pienso en mi mam\u00e1.<br \/>\n<iframe loading=\"lazy\" src=\"https:\/\/www.youtube.com\/embed\/lUzcPXsKm1Y\" width=\"560\" height=\"315\" frameborder=\"0\" allowfullscreen=\"allowfullscreen\"><\/iframe><\/p>\n","protected":false},"template":"","meta":{"_id_youtube":"","_id_vimeo":"","_podcasts_duration":"","_podcasts_url":"","_podcasts_show":"","_prog_horario_dias":"","_prog_hora":"","_prog_duration":""},"class_list":["post-23448","archivo","type-archivo","status-publish","hentry"],"_links":{"self":[{"href":"https:\/\/nofm-radio.com\/index.php?rest_route=\/wp\/v2\/archivo\/23448","targetHints":{"allow":["GET"]}}],"collection":[{"href":"https:\/\/nofm-radio.com\/index.php?rest_route=\/wp\/v2\/archivo"}],"about":[{"href":"https:\/\/nofm-radio.com\/index.php?rest_route=\/wp\/v2\/types\/archivo"}],"wp:attachment":[{"href":"https:\/\/nofm-radio.com\/index.php?rest_route=%2Fwp%2Fv2%2Fmedia&parent=23448"}],"curies":[{"name":"wp","href":"https:\/\/api.w.org\/{rel}","templated":true}]}}