{"id":23484,"date":"2017-05-11T10:46:10","date_gmt":"2017-05-11T15:46:10","guid":{"rendered":"http:\/\/nofm-radio.com\/?p=23484"},"modified":"2017-05-11T10:46:10","modified_gmt":"2017-05-11T15:46:10","slug":"aqui-estamos-a-cinco-anos-de-yosoy132","status":"publish","type":"archivo","link":"https:\/\/nofm-radio.com\/?archivo=aqui-estamos-a-cinco-anos-de-yosoy132","title":{"rendered":"Aqu\u00ed estamos. A cinco a\u00f1os de #YoSoy132"},"content":{"rendered":"<p>por <strong>Mariana Favela<\/strong><br \/>\n<a href=\"https:\/\/twitter.com\/favulas\" target=\"_blank\" rel=\"noopener noreferrer\">@favulas<\/a><br \/>\nHoy hace cinco a\u00f1os nos sorprendi\u00f3 la irreverencia y nos naci\u00f3 un pa\u00eds lleno de <strong>esperanza<\/strong>. En unas horas las <strong>redes<\/strong> se hicieron risa y en pocos d\u00edas las calles se hicieron mares. Convulsi\u00f3n. Todo se desbord\u00f3. Hab\u00eda ido a muchas manifestaciones pero nunca hab\u00eda sentido ni visto lo que aquel <strong>23 de mayo<\/strong> se me tatu\u00f3 entre los huesos. La gente sal\u00eda de las oficinas para aplaudir con los ojos hechos agua. Trabajadores echaban porras desde las construcciones mientras uno de ellos sacud\u00eda con orgullo una camiseta con la cara del <strong>Ch\u00e9 Guevara<\/strong>. Ancianas, j\u00f3venes, doctoras, ni\u00f1as y vendedoras, nos miraban pasar, algunas, incluso, dejaban lo que estaban haciendo y se sumaban a lo que m\u00e1s que una marcha, parec\u00eda un carnaval. Incluso la gente que hab\u00eda quedado atrapada en los camiones por aquella movilizaci\u00f3n inesperada, aplaud\u00eda. No pude contener el llanto. Las jaranas no dejaron de tocar, no m\u00e1s, no m\u00e1s, mentiras ya no m\u00e1s, el arte va pa&#8217;lante y la tele va pa&#8217;tr\u00e1s, entonces no lo sab\u00edamos pero ah\u00ed, a nuestro lado est\u00e1bamos quienes poco a poco nos ir\u00edamos haciendo una familia. La energ\u00eda de las bailarinas, de las cirqueras y teatreras me sacudi\u00f3. En la estela se desbord\u00f3 todo. Salieron el arte y el amor a gritar <strong>rebeld\u00eda<\/strong> a las calles. Aquel d\u00eda marcar\u00eda nuestras vidas. Nunca me sent\u00ed m\u00e1s fuerte como cuando todos esos rostros nos miraron con esperanza. Nos sent\u00edamos fuertes porque sab\u00edamos que \u00e9ramos ellas, sab\u00edamos que nos cuidaban. Su amor, su ilusi\u00f3n y apoyo hicieron posible todo lo que vendr\u00eda despu\u00e9s.<br \/>\n<a class=\"no-eff img-link lightbox\" href=\"http:\/\/nofm-radio.com\/wp-content\/uploads\/2017\/05\/132estadio.jpg\"><img loading=\"lazy\" decoding=\"async\" class=\"size-full wp-image-23490 aligncenter\" src=\"http:\/\/nofm-radio.com\/wp-content\/uploads\/2017\/05\/132estadio.jpg\" alt=\"132estadio\" width=\"622\" height=\"397\" \/><\/a><br \/>\n<strong>#YoSoy132<\/strong> no es un movimiento, es un momento de la <strong>historia de M\u00e9xico<\/strong>, un momento de convocatoria y de ilusi\u00f3n. Un momento de agitaci\u00f3n convulsa y de muchos desvelos. Es por eso, un momento que le pertenece a todas. S\u00ed, algunas le dedicamos 24\/7, largas horas de <strong>asamblea<\/strong> y de discusi\u00f3n pero no era ni nunca ser\u00e1 nuestro. Es de todas quienes nos obligaron a despertar para que este pa\u00eds pudiera volver a so\u00f1ar. Cada una puso lo mejor de s\u00ed. Nos conocimos no a pesar sino gracias a nuestras diferencias. Nos hicimos generaci\u00f3n, no por coincidir en edad sino por nacernos algo propio, un sue\u00f1o. Nos hicimos generaci\u00f3n al permitirnos imaginar un poder m\u00e1s all\u00e1 de la dominaci\u00f3n y una pol\u00edtica encarnada, emotiva, ya no indolente ni criminal. Lo dijimos entonces y lo repito ahora a pesar de todas las diferencias que tambi\u00e9n hemos gestado en estos a\u00f1os, nacimos una pol\u00edtica de la confianza. Reclamamos nuestro <strong>derecho al futuro<\/strong>, a vivir sin miedo, sin guerra. Reconocimos que trabajar nuestros amores, afectos y el modo en el que nos relacionamos era lo m\u00e1s importante que podr\u00edamos hacer.<br \/>\nMuchos pensaron que nuestro prop\u00f3sito era detener a <strong>Pe\u00f1a Nieto<\/strong>. Tambi\u00e9n, pero no s\u00f3lo ni a pesar de todo. Lo mejor que deja la agitaci\u00f3n, las insurgencias desbordadas, esas que se derraman m\u00e1s all\u00e1 de los l\u00edmites prefigurados por el poder, no son organizaciones, corporaciones ni puestos. No. Lo mejor que puede dejar la agitaci\u00f3n en un pa\u00eds marcado por el autoritarismo, es la posibilidad de nacer otra <strong>cultura pol\u00edtica<\/strong>. Una que no enuncie el poder siempre en masculino y singular. Una capaz de organizarse de manera no centralizada ni jer\u00e1rquica. Y todo eso se logr\u00f3. Y nada de eso ser\u00eda, ni ser\u00e1 inmediato. Somos semilla, no fruto.<br \/>\nDespu\u00e9s de meses de entusiasmo vino la represi\u00f3n. \u00bf<strong>D\u00f3nde est\u00e1 #YoSoy132<\/strong>?, preguntaron los que unos meses antes nos dedicaban titulares y largas entrevistas pero entonces no cubrieron las decenas de detenciones arbitrarias, los golpes ni el terror. Defendimos la calle pero la represi\u00f3n avanz\u00f3. Pocos lo recuerdan pero entre el <strong>1DMX<\/strong> y <strong>Ayotzinapa<\/strong>, el z\u00f3calo estuvo cerrado. Ninguna movilizaci\u00f3n pudo llegar, s\u00f3lo Ayotzinapa nos dar\u00eda esa fuerza. Pero el miedo y la violencia reinstalaron el <strong>autoritarismo<\/strong> a punta de gases y de detenciones. Decidimos sobrevivir. Decidimos defender a las presas. Entendimos que el camino era largo y que no nos entregar\u00edamos con abnegaci\u00f3n revolucionaria. No, eso es lo que quer\u00eda el poder pero la nuestra es una lucha por y para la vida. A\u00fan as\u00ed nos arrancaron a algunas. Hoy, <strong>Nadia<\/strong>, rabiosas gritamos tu nombre. En ese tramo oscuro conocimos a muchas personas maravillosas quienes se convirtieron en nuestras maestras. Quienes cuando vieron a la sombra de la violencia extenderse sobre nosotras, nos abrazaron, nos cuidaron. Defensoras de los bosques y tierras. Quienes buscan desesperadas a sus hijas y familiares, quienes lloran su ausencia. Conocimos la herida abierta de este pa\u00eds en guerra y desde entonces con ellas estamos.<br \/>\n<a class=\"no-eff img-link lightbox\" href=\"http:\/\/nofm-radio.com\/wp-content\/uploads\/2017\/05\/132ayotzi.jpg\"><img loading=\"lazy\" decoding=\"async\" class=\"alignnone size-full wp-image-23491\" src=\"http:\/\/nofm-radio.com\/wp-content\/uploads\/2017\/05\/132ayotzi.jpg\" alt=\"132ayotzi\" width=\"1330\" height=\"750\" \/><\/a><br \/>\nCon la<strong> represi\u00f3n<\/strong> reci\u00e9n marcada en el alma y despu\u00e9s de varias semanas sin dormir por pesadillas recurrentes, recib\u00ed la llamada de una mujer admirable, una mujer con una larga historia de lucha. S\u00e9 que es dif\u00edcil de pensar, dijo Raquel, pero tienen que saber que la intensidad y el tama\u00f1o de la represi\u00f3n no es casual, es proporcional a nuestra fuerza, de ese tama\u00f1o les ven y por eso atacan con potencia. Silencio. Sus palabras se me colaron al cuerpo y por fin pudo salir el llanto. Desde entonces aquella tranquilidad me acompa\u00f1a, no para descansar, sino para seguir trabajando.<br \/>\nA los momentos de agitaci\u00f3n, cuando son verdaderos, les sigue el reforzamiento autoritario pero la historia es m\u00e1s larga que su furia y nuestra experiencia hoy es un poco m\u00e1s sabia que entonces. Ahora conocemos a muchas y nos conocemos con ellas. Ahora no tenemos prisa, aunque s\u00ed urgencia. Es una emergencia. <strong>Estamos en guerra<\/strong> y quien no lo crea que revise las cifras de <strong>desapariciones, muertes, asesinato de periodistas<\/strong> y<strong> feminicidios<\/strong>. Estamos en guerra pero por fin, no estamos solas. A quienes prefieran pensar en lo inmediato, a quienes se ajustan en la comodidad de la desesperanza les deseamos suerte para sobrevivir a la tormenta.<br \/>\n<a class=\"no-eff img-link lightbox\" href=\"http:\/\/nofm-radio.com\/wp-content\/uploads\/2017\/05\/132cu.jpg\"><img loading=\"lazy\" decoding=\"async\" class=\"alignnone size-full wp-image-23489\" src=\"http:\/\/nofm-radio.com\/wp-content\/uploads\/2017\/05\/132cu.jpg\" alt=\"132cu\" width=\"900\" height=\"600\" \/><\/a><br \/>\nHace unos d\u00edas <strong>Lesvy Berl\u00edn Rivera Osorio<\/strong> fue hallada sin vida en <strong>Ciudad Universitaria<\/strong>. Al d\u00eda siguiente su madre se uni\u00f3 a una movilizaci\u00f3n convocada en su apoyo. Qu\u00e9 fuerza. Qu\u00e9 sabidur\u00eda, pero sobre todo, qu\u00e9 infinita generosidad. La madre de Lesvy tom\u00f3 el micr\u00f3fono y esta fue su palabra:<br \/>\n&#8220;Yo les pido por favor que no cesen en las formas en que puedan manifestarse, no solo por la cuesti\u00f3n de nuestra hija, sino con todas las personas que ahorita no tienen voz y que si hay oportunidad de que se puedan crear este tipo de espacios lo hagamos. Van pasando movimientos y parece que el Estado piensa que son como momentos. #YoSoy132, en el caso ahorita de los compa\u00f1eros de Ayotzinapa. Y resulta que no, resulta que ah\u00ed estamos. Que est\u00e1 Atenco. Que est\u00e1n ahorita todas las autoridades independientes ind\u00edgenas que est\u00e1n por todos lados los gobiernos aut\u00f3nomos. Entonces yo creo que eso es un ejemplo, y que ustedes y cada uno de ustedes son un ejemplo vivo de lo que era mi hija tambi\u00e9n.<br \/>\nY veo sus caras, veo mucha esperanza y veo que mi hija ten\u00eda una misi\u00f3n muy grande y que ahora estoy empezando a entenderla.&#8221;<br \/>\nY s\u00ed. Estamos para quienes saben y quieren vernos, para quienes no, nunca estuvimos. Gracias a todas por ese verano de esperanza y una vida de digna rabia. Gracias a quienes compartimos ese inicio aunque no sabemos en qu\u00e9 va a terminar. Gracias por ayudarnos a descomponer las preguntas, por ense\u00f1arnos a dudar. Nuestras diferencias siguen siendo muchas, probablemente m\u00e1s que entonces, pero ahora entendemos la fuerza de aprender a escuchar. A esa familia, a quienes compartimos la<strong> pol\u00edtica del amor<\/strong> y la dimensi\u00f3n estrat\u00e9gica de la dispersi\u00f3n, quienes regalaron su trabajo, sue\u00f1os, alegr\u00edas y miedos, a todas nuestras maestras gracias. Aqu\u00ed estamos.<\/p>\n","protected":false},"template":"","meta":{"_id_youtube":"","_id_vimeo":"","_podcasts_duration":"","_podcasts_url":"","_podcasts_show":"","_prog_horario_dias":"","_prog_hora":"","_prog_duration":""},"class_list":["post-23484","archivo","type-archivo","status-publish","hentry"],"_links":{"self":[{"href":"https:\/\/nofm-radio.com\/index.php?rest_route=\/wp\/v2\/archivo\/23484","targetHints":{"allow":["GET"]}}],"collection":[{"href":"https:\/\/nofm-radio.com\/index.php?rest_route=\/wp\/v2\/archivo"}],"about":[{"href":"https:\/\/nofm-radio.com\/index.php?rest_route=\/wp\/v2\/types\/archivo"}],"wp:attachment":[{"href":"https:\/\/nofm-radio.com\/index.php?rest_route=%2Fwp%2Fv2%2Fmedia&parent=23484"}],"curies":[{"name":"wp","href":"https:\/\/api.w.org\/{rel}","templated":true}]}}