{"id":23526,"date":"2017-05-15T11:50:05","date_gmt":"2017-05-15T16:50:05","guid":{"rendered":"http:\/\/nofm-radio.com\/?p=23526"},"modified":"2017-05-15T11:50:05","modified_gmt":"2017-05-15T16:50:05","slug":"cuestionarionofm-andrea-gonar","status":"publish","type":"archivo","link":"https:\/\/nofm-radio.com\/?archivo=cuestionarionofm-andrea-gonar","title":{"rendered":"#CuestionarioNoFM. Andrea Gonar"},"content":{"rendered":"<p><em>Para comprender la coreograf\u00eda del momento, es necesario conocer a sus participantes. Por lo mismo presentamos el <strong>#CuestionarioNoFM<\/strong>, un veh\u00edculo para acercarnos de otra manera a los protagonistas que con su trabajo est\u00e1n marcando el ritmo con el cual se est\u00e1 bailando.<\/em><\/p>\n<p style=\"text-align: center;\"><strong>Andrea Gonar<\/strong><br \/>\n<strong> <a href=\"https:\/\/twitter.com\/andreagonar\" target=\"_blank\" rel=\"noopener noreferrer\">@andreagonar<\/a><\/strong><\/p>\n<p>Conocer\u00a0a la <strong>fot\u00f3grafa<\/strong> <strong>Andrea Gonar<\/strong> o su trabajo, es como tomarle el pulso a lo que est\u00e1 sucediendo en\u00a0<strong>la escena de la CDMX.<\/strong><br \/>\n<strong>El lente de Gonar<\/strong> ha retratado la ebullici\u00f3n y progreso ascendente de lo que ha pasado en los escenarios de esta ciudad de manera constante y puntual. Si un artista pasa por su c\u00e1mara, no solamente se ve como el m\u00e1s cabr\u00f3n del mundo, sino que sabemos que est\u00e1 haciendo algo digno de atenci\u00f3n. Su trabajo en el <strong>FotoMuseo Cuatro Caminos<\/strong> ya est\u00e1 dando mucho de qu\u00e9 hablar, y si quieren checar lo que va generando pueden abrir este link: <strong><a href=\"https:\/\/www.instagram.com\/andreagonar\/?hl=es\" target=\"_blank\" rel=\"noopener noreferrer\">ANDREA GONAR ES UNA JEFA TOTAL.<\/a><\/strong><br \/>\nCon un talento absoluto para entender que el escenario, m\u00e1s que una marquesina, es una <strong>experiencia ritual entre luz, p\u00fablico, sombra e int\u00e9rprete<\/strong>, no dudamos en afirmar que la mirada de <strong>Andrea Gonar<\/strong> ser\u00e1 de las m\u00e1s importantes en el <strong>contexto mexicano<\/strong> y su trabajo merecer\u00e1 la atenci\u00f3n de todo aquel que trate de entender un momento de este pa\u00eds.<br \/>\n<a class=\"no-eff img-link lightbox\" href=\"http:\/\/nofm-radio.com\/wp-content\/uploads\/2017\/05\/18492845_10154740449404576_488270677_n.jpg\"><img loading=\"lazy\" decoding=\"async\" class=\"aligncenter wp-image-23556 size-full\" src=\"http:\/\/nofm-radio.com\/wp-content\/uploads\/2017\/05\/18492845_10154740449404576_488270677_n.jpg\" alt=\"18492845_10154740449404576_488270677_n\" width=\"959\" height=\"959\" \/><\/a><br \/>\n<strong>1. \u00bfQu\u00e9 nos puedes decir de tus abuelos?<\/strong><br \/>\nCuando mi mam\u00e1 muera habr\u00e9 perdido a mis dos mam\u00e1s. Mis abuelos maternos fueron las primeras personas en mi vida que ve\u00eda diario y murieron. Sigo reconociendo algunas de sus man\u00edas en m\u00ed.<br \/>\n<strong>2. \u00bfQu\u00e9 nos puedes decir de tus padres?<\/strong><br \/>\nHay historias y patrones que es mejor que nunca se repitan.<br \/>\n<strong>3. \u00bfQui\u00e9n tuvo o tiene la voz m\u00e1s importante de tu vida?<\/strong><br \/>\nLas escucho todas, pero s\u00f3lo la de mi cabeza sabe la historia completa.<br \/>\n<br \/>\n<strong>4. Considerando que no elegimos d\u00f3nde nacer, \u00bfd\u00f3nde s\u00ed elegiste nacer?<\/strong><br \/>\nTengo una tendencia preocupante a aceptar las cosas como son. Me encanta el <strong>D.F.<\/strong>, pero nunca he podido nacer en otra parte.<br \/>\n<strong>5. Para ti, \u00bfqui\u00e9nes son ellos y qui\u00e9nes nosotros?<\/strong><br \/>\nNosotros somos los locos o los sosos o los otros. Pero en sentido estricto, hablo de nosotros para referirme a m\u00ed y a <strong>Baloo Goldsmit<\/strong>, mi equipo para todo.<br \/>\n<br \/>\n<strong>6. \u00bfQu\u00e9 verbo define lo que haces y por qu\u00e9?<\/strong><br \/>\nYo intento. Todo el tiempo intento hacer cosas, a veces lo logro y aveces no. No estoy segura de nada cuando lo hago, pero lo hago igual. Al final no quiero que nadie me pueda acusar de <strong><em>lack of trying<\/em><\/strong>.<br \/>\n<strong>7. \u00bfCu\u00e1l es tu materia prima?<\/strong><br \/>\nCuriosidad. Sin el &#8220;<strong>qu\u00e9 tal si&#8230;<\/strong>&#8221; no podr\u00eda trabajar en nada. Escoger\u00eda algo en concreto pero no me he decidido sobre el trabajo que quiero que me defina.<br \/>\n<br \/>\n<strong>8. Completa la frase<\/strong><br \/>\n<em><strong>Y cuando muera&#8230; ah\u00ed junto a mi cruz tan s\u00f3lo quiero&#8230;<\/strong><\/em> un buen epitafio.<br \/>\n<em><strong>Y si vivo cien a\u00f1os&#8230;<\/strong><\/em> tengo que dejar algo que alguien recuerde.<br \/>\n<em><strong>All we are saying&#8230;<\/strong><\/em> is give second chances a chance.<br \/>\n<em><strong>El d\u00eda que me quieras&#8230;<\/strong><\/em> seguramente yo tambi\u00e9n te querr\u00e9.<br \/>\n<em><strong>Si nos dejan&#8230;<\/strong><\/em> nos quedamos un ratito m\u00e1s.<br \/>\n<em><strong>If I were a boy&#8230;<\/strong><\/em> he pensado esto muchas veces pero en realidad no tengo idea. \u00bfQu\u00e9 hacen los ni\u00f1os adem\u00e1s de vestir de azul y no llorar?<br \/>\n<strong>9. Si el punk son tres acordes al infinito, \u00bfqu\u00e9 es fotografiar el punk?<\/strong><br \/>\nPienso en <strong>altos contrastes<\/strong> y <strong>blanco y negro<\/strong>. El punk ya fue fotografiado y no precisamente por m\u00ed. Pero me encantar\u00eda y cada vez que tenga oportunidad lo har\u00e9.<br \/>\n<strong>10. \u00bfEnfoque, encuadre o encuentro? \u00bfPor qu\u00e9?<\/strong><br \/>\n<strong>Encuentro<\/strong>. El enfoque y el encuadre vienen despu\u00e9s.<br \/>\nEs como cuando te ense\u00f1an el <strong>m\u00e9todo cient\u00edfico<\/strong>, el primer paso es la <strong>observaci\u00f3n<\/strong>. No por ser rigurosa con el m\u00e9todo, pero el primer paso s\u00ed es la observaci\u00f3n. Despu\u00e9s acotas tu enfoque y lo encuadras para capturarlo. La met\u00e1fora del cazador funciona bien para explicarlo. Es mucho de eso, del encuentro con el instante preciso.<br \/>\n<a class=\"no-eff img-link lightbox\" href=\"http:\/\/nofm-radio.com\/wp-content\/uploads\/2017\/05\/gggo.jpg\"><img loading=\"lazy\" decoding=\"async\" class=\"alignnone wp-image-23562 size-full\" src=\"http:\/\/nofm-radio.com\/wp-content\/uploads\/2017\/05\/gggo.jpg\" alt=\"gggo\" width=\"2048\" height=\"1365\" \/><\/a><\/p>\n","protected":false},"template":"","meta":{"_id_youtube":"","_id_vimeo":"","_podcasts_duration":"","_podcasts_url":"","_podcasts_show":"","_prog_horario_dias":"","_prog_hora":"","_prog_duration":""},"class_list":["post-23526","archivo","type-archivo","status-publish","hentry"],"_links":{"self":[{"href":"https:\/\/nofm-radio.com\/index.php?rest_route=\/wp\/v2\/archivo\/23526","targetHints":{"allow":["GET"]}}],"collection":[{"href":"https:\/\/nofm-radio.com\/index.php?rest_route=\/wp\/v2\/archivo"}],"about":[{"href":"https:\/\/nofm-radio.com\/index.php?rest_route=\/wp\/v2\/types\/archivo"}],"wp:attachment":[{"href":"https:\/\/nofm-radio.com\/index.php?rest_route=%2Fwp%2Fv2%2Fmedia&parent=23526"}],"curies":[{"name":"wp","href":"https:\/\/api.w.org\/{rel}","templated":true}]}}