{"id":23567,"date":"2017-05-15T16:55:02","date_gmt":"2017-05-15T21:55:02","guid":{"rendered":"http:\/\/nofm-radio.com\/?p=23567"},"modified":"2017-05-15T16:55:02","modified_gmt":"2017-05-15T21:55:02","slug":"los-ultimos-textos-de-javier-valdez-en-malayerba","status":"publish","type":"archivo","link":"https:\/\/nofm-radio.com\/?archivo=los-ultimos-textos-de-javier-valdez-en-malayerba","title":{"rendered":"Los \u00faltimos textos de Javier Valdez en Malayerba"},"content":{"rendered":"<p>Uno m\u00e1s. El <strong>sexto en lo que va de 2017<\/strong> y m\u00e1s de 30 en lo que va del sexenio de <strong>Enrique Pe\u00f1a Nieto<\/strong>. El d\u00eda de hoy asesinaron a tiros a <strong>Javier Valdez<\/strong>, periodista fundador de <strong>R\u00edo Doce<\/strong> y corresponsal de <strong>La Jornada<\/strong>, a las afueras de su oficina en <strong>Culiac\u00e1n, Sinaloa<\/strong>. Justo a una semana de que <strong>Periodistas Sin Fronteras<\/strong> volviera a calificar a <strong>M\u00e9xico<\/strong> como uno de <strong>los lugares m\u00e1s peligrosos para ejercer el periodismo<\/strong>,\u00a0al d\u00eda siguiente de que una caravana de ocho reporteros fuera asaltada en las carreteras de Guerrero, el mismo d\u00eda en que otro periodista en <strong>Nayarit<\/strong> denuncia amenazas de muerte pintadas en la barda de su casa, sucede este nuevo crimen. Desde su cuenta de twitter <strong>Pe\u00f1a Nieto<\/strong> condena el asesinato, la fiscal\u00eda estatal asume como una de las principales l\u00edneas de investigaci\u00f3n <strong>el trabajo period\u00edstico de Javier<\/strong>, mientras la fiscal\u00eda especializada en delitos contra la libertad de expresi\u00f3n sigue pasmada.<br \/>\nSeis periodistas han sido asesinados y parece que la indignaci\u00f3n no alacanza. <strong>No se mata la verdad matando periodistas<\/strong> decimos una vez m\u00e1s como mantra en busca de consuelo. Exigimos justicia mientras cada reportero de este pa\u00eds de juega el pellejo por nuestro <strong>derecho a la informaci\u00f3n y a la verdad<\/strong>. <strong>Javier Valdez<\/strong> llevaba a\u00f1os recibiendo amenazas por su trabajo; en <strong>2009<\/strong> las oficinas de <strong>R\u00edo Doce<\/strong> fueron atacadas con una granada. &#8220;<strong>Son tiempos violentos<\/strong>&#8220;, dijo Javier en esa ocasi\u00f3n. Son tiempos de luto, decimos nosotros. Son tiempos de decir que este ya es el fondo, queremos decir todos en este pa\u00eds.<br \/>\nLes dejamos <strong>los \u00faltimos 8 reportajes de Javier Valdez<\/strong> en su columna <strong>Malayerba<\/strong>. Ante un nuevo <strong>golpe a la libertad de expresi\u00f3n<\/strong>, no nos queda m\u00e1s que decir una vez m\u00e1s #TodoMenosMiedo.<br \/>\n<a class=\"no-eff img-link lightbox\" href=\"http:\/\/nofm-radio.com\/wp-content\/uploads\/2017\/05\/valdez-2.jpg\"><img loading=\"lazy\" decoding=\"async\" class=\"wp-image-23573 size-full aligncenter\" src=\"http:\/\/nofm-radio.com\/wp-content\/uploads\/2017\/05\/valdez-2.jpg\" alt=\"valdez 2\" width=\"760\" height=\"416\" \/><\/a><br \/>\n<strong>La lavadora<\/strong><br \/>\n<em>El hermano mayor siempre andaba cuid\u00e1ndolo. Un paso atr\u00e1s, pegado. M\u00e1s cerca que la sombra. As\u00ed ten\u00eda que pas\u00e1rsela porque el menor era travieso, alocado y ocurrente. Su adolescencia le dol\u00eda hasta los huesos y quiz\u00e1 por eso brincaba y saltaba, se iba de vago con los de la cuadra y se encaramaba en las trocas cuando se trataba de ir a dar la vuelta.<\/em> <strong><a href=\"http:\/\/riodoce.mx\/noticias\/columnas\/malayerba\/la-lavadora\" target=\"_blank\" rel=\"noopener noreferrer\">Lee el texto completo aqu\u00ed.<\/a><\/strong><br \/>\n<strong>El cocodrilo<\/strong><br \/>\n<em>No le gust\u00f3 la escuela as\u00ed que huy\u00f3 de ella y de la casa de sus padres. En la ciudad, andaba de vago y temerario, como buscando bronca por todos lados, piruetas en los cruceros, toreando carros y retando al sol. En una de esas pens\u00f3 que no le iba a pasar nada. Se sinti\u00f3 invencible, m\u00e1s que nunca, y salt\u00f3 sin fijarse al r\u00edo de acero y ruedas de la avenida: un cami\u00f3n de pasajeros lo atropell\u00f3 y los testigos dijeron que vieron c\u00f3mo las ruedas le aplastaban la panza.<\/em><strong> <a href=\"http:\/\/riodoce.mx\/noticias\/columnas\/malayerba\/el-cocodrilo\" target=\"_blank\" rel=\"noopener noreferrer\">Lee el texto completo aqu\u00ed.<\/a><\/strong><br \/>\n<strong>Oremos<\/strong><br \/>\n<em>Se fue de la ciudad cuando supo que lo buscaban. Hab\u00eda sido militar y luego de una invitaci\u00f3n de un oficial del ej\u00e9rcito, se meti\u00f3 a la polic\u00eda estatal. Muchos, incluso de rango, lo hab\u00edan hecho, para tener m\u00e1s estabilidad econ\u00f3mica y estar cerca de su familia. Pero en tierra de paz narca le hab\u00edan llegado los pistoleros y tuvo un pleito con ellos. Ahora no se pod\u00eda zafar.<\/em> <strong><a href=\"http:\/\/riodoce.mx\/noticias\/columnas\/malayerba\/oremos\" target=\"_blank\" rel=\"noopener noreferrer\">Lee el texto completo aqu\u00ed.<\/a><\/strong><br \/>\n<strong>El quinto en la lista<\/strong><br \/>\n<em>Soy el n\u00famero cinco. Lo dijo para que nadie lo oyera. Su voz baja llevaba los decibeles del cementerio, la tersura de las sombras cuando el d\u00eda se despide y el sol se cae, ya sin fuerza. Sus amigos se quedaron absortos. No sab\u00edan de lo que hablaba, pero se lo imaginaban. Soy el quinto, compadre. Es la neta. Ya mataron a cuatro, de un total de siete. El siguiente soy yo.<\/em> <a href=\"http:\/\/riodoce.mx\/noticias\/columnas\/malayerba\/el-quinto-en-la-lista\" target=\"_blank\" rel=\"noopener noreferrer\"><strong>Lee el texto completo aqu\u00ed.<\/strong><br \/>\n<\/a><br \/>\n<iframe loading=\"lazy\" src=\"https:\/\/player.vimeo.com\/video\/50253044\" width=\"640\" height=\"360\" frameborder=\"0\" allowfullscreen=\"allowfullscreen\"><\/iframe><br \/>\n<a href=\"https:\/\/vimeo.com\/50253044\">IPFA 2011 &#8211; Javier Valdez C\u00e1rdenas, Mexico<\/a> from <a href=\"https:\/\/vimeo.com\/cpjmultimedia\">Committee to Protect Journalists<\/a> on <a href=\"https:\/\/vimeo.com\">Vimeo<\/a>.<br \/>\n<strong>Que salga la perra<\/strong><br \/>\n<em>El ni\u00f1o se acerc\u00f3 a la maestra. Era un ni\u00f1o de buena conducta, aplicado en clase. Ella se agach\u00f3 para escucharlo. Le dijo que uno de sus compa\u00f1eros le hab\u00eda robado el dinero que llevaba para gastar en el recreo. Le pregunt\u00f3 qui\u00e9n y se\u00f1al\u00f3. Le dijo c\u00f3mo sabes que \u00e9l fue. Porque lo vi.<\/em> <a href=\"http:\/\/riodoce.mx\/noticias\/columnas\/malayerba\/que-salga-la-perra\" target=\"_blank\" rel=\"noopener noreferrer\"><strong>Lee el texto completo aqu\u00ed.<\/strong><br \/>\n<\/a><br \/>\n<strong>Te van a matar<\/strong><br \/>\n<em>Se lo dec\u00edan los amigos, los familiares, los compa\u00f1eros del gremio. Cabr\u00f3n, cu\u00eddate. Estos g\u00fceyes no tienen madre. Son unos malditos. Pero \u00e9l segu\u00eda escribiendo cr\u00edticas y denuncias en su columna, en uno de los diarios de la localidad: apedreando con sus teclas, sus palabras, el ejercicio del poder pol\u00edtico, la corrupci\u00f3n, la complicidad entre criminales y servidores p\u00fablicos, la polic\u00eda al servicio de la mafia.<\/em> <strong><a href=\"http:\/\/riodoce.mx\/noticias\/columnas\/malayerba\/te-van-a-matar\" target=\"_blank\" rel=\"noopener noreferrer\">Lee el texto completo aqu\u00ed.<\/a><\/strong><br \/>\n<strong>33 a\u00f1os<\/strong><br \/>\n<em>En su cumplea\u00f1os, la familia le hizo un pastel y algo de comida para sus amigos del barrio y de la escuela. Doce a\u00f1os. Pastel de chocolate, refrescos, palomitas, papas de la Sabritas, pizza y rolas de Shakira. Un punto negro, una horadaci\u00f3n, en esa semilla que ya era su vida lo hizo decir que s\u00ed a uno de sus vecinos: en la parte de atr\u00e1s de la casa le ofreci\u00f3 un toque de cigarro de mariguana.<\/em> <strong><a href=\"http:\/\/riodoce.mx\/noticias\/columnas\/malayerba\/33-anos\" target=\"_blank\" rel=\"noopener noreferrer\">Lee el texto completo aqu\u00ed.<\/a><\/strong><br \/>\n<strong>Los tenis<\/strong><br \/>\n<em>La orden del jefe no dio mil\u00edmetros para otras balas ni otro par de pesta\u00f1as: m\u00e1tenlo. Les dio instrucciones. Los del grupo contrario deb\u00edan entregar a ese, porque no hacerlo era empezar una guerra. Si no lo entregaban, los iban a aplastar. Cuando les dijo esto, el jefe piso fuerte, golpe\u00f3 el piso y lo removi\u00f3 con coraje, como cuando se aplasta con sa\u00f1a una cucaracha.<\/em> <a href=\"http:\/\/riodoce.mx\/noticias\/columnas\/malayerba\/los-tenis\" target=\"_blank\" rel=\"noopener noreferrer\"><strong>Lee el texto completo aqu\u00ed.<\/strong><br \/>\n<\/a><br \/>\n<a class=\"no-eff img-link lightbox\" href=\"http:\/\/nofm-radio.com\/wp-content\/uploads\/2017\/05\/valdez.jpg\"><img loading=\"lazy\" decoding=\"async\" class=\"alignnone wp-image-23571 size-full\" src=\"http:\/\/nofm-radio.com\/wp-content\/uploads\/2017\/05\/valdez.jpg\" alt=\"valdez\" width=\"1110\" height=\"580\" \/><\/a><\/p>\n","protected":false},"template":"","meta":{"_id_youtube":"","_id_vimeo":"","_podcasts_duration":"","_podcasts_url":"","_podcasts_show":"","_prog_horario_dias":"","_prog_hora":"","_prog_duration":""},"class_list":["post-23567","archivo","type-archivo","status-publish","hentry"],"_links":{"self":[{"href":"https:\/\/nofm-radio.com\/index.php?rest_route=\/wp\/v2\/archivo\/23567","targetHints":{"allow":["GET"]}}],"collection":[{"href":"https:\/\/nofm-radio.com\/index.php?rest_route=\/wp\/v2\/archivo"}],"about":[{"href":"https:\/\/nofm-radio.com\/index.php?rest_route=\/wp\/v2\/types\/archivo"}],"wp:attachment":[{"href":"https:\/\/nofm-radio.com\/index.php?rest_route=%2Fwp%2Fv2%2Fmedia&parent=23567"}],"curies":[{"name":"wp","href":"https:\/\/api.w.org\/{rel}","templated":true}]}}