{"id":23716,"date":"2017-05-24T16:38:20","date_gmt":"2017-05-24T21:38:20","guid":{"rendered":"http:\/\/nofm-radio.com\/?p=23716"},"modified":"2017-05-24T16:38:20","modified_gmt":"2017-05-24T21:38:20","slug":"cuestionarionofm-jesus-guerrero-de-ramona","status":"publish","type":"archivo","link":"https:\/\/nofm-radio.com\/?archivo=cuestionarionofm-jesus-guerrero-de-ramona","title":{"rendered":"#CuestionarioNoFM. Jes\u00fas Guerrero de Ramona"},"content":{"rendered":"<p><em>Para comprender la coreograf\u00eda del momento, es necesario conocer a sus participantes. Por lo mismo presentamos el <strong>#CuestionarioNoFM<\/strong>, un veh\u00edculo para acercarnos de otra manera a los protagonistas que con su trabajo est\u00e1n marcando el ritmo con el cual se est\u00e1 bailando.<\/em><\/p>\n<p style=\"text-align: center;\"><strong>Jes\u00fas Guerrero, de Ramona<\/strong><\/p>\n<p style=\"text-align: center;\"><strong><a href=\"https:\/\/twitter.com\/RamonaMusica\" target=\"_blank\" rel=\"noopener noreferrer\">@RamonaMusica<\/a><\/strong><\/p>\n<p>Nadie puede negar que <strong>Ramona<\/strong> es una de las bandas que, si lo pensamos en t\u00e9rminos de atletismo, lidera la formaci\u00f3n rumbo a una meta llamada <strong>el futuro del Rock Mexicano<\/strong>. Tampoco nadie puede negar que <strong>Jes\u00fas Guerrero<\/strong> es uno de los propulsores de este proyecto de <strong>Tijuana<\/strong>.<br \/>\nCon <strong>La Segunda Luz Del D\u00eda<\/strong>, primer <strong>LP<\/strong> de <strong>Jes\u00fas<\/strong> y <strong>Ramona<\/strong>, despertamos un d\u00eda ante la realidad de tener de frente a un proyecto con miras a alcanzar a los grandes auditorios con un sonido perfectamente bien calibrado, pensado e individual; cosa poco com\u00fan en la escena.<br \/>\nProximamente <strong>Ramona<\/strong> estrenar\u00e1 material, del cual <strong>Colores<\/strong> ha sido una de las primeras probadas. Tenemos claro que si, como asumimos, el disco marchar\u00e1 tras este sencillo, estamos a poco tiempo de escuchar uno de los mejores trabajos del a\u00f1o.<br \/>\n<a class=\"no-eff img-link lightbox\" href=\"http:\/\/nofm-radio.com\/wp-content\/uploads\/2017\/05\/RAMONA-JESUS-1.jpg\"><img loading=\"lazy\" decoding=\"async\" class=\"alignnone size-full wp-image-23727\" src=\"http:\/\/nofm-radio.com\/wp-content\/uploads\/2017\/05\/RAMONA-JESUS-1.jpg\" alt=\"RAMONA JESUS 1\" width=\"2048\" height=\"1365\" \/><\/a><br \/>\n<strong>1. \u00bfQu\u00e9 nos puedes decir de tus abuelos?<\/strong><br \/>\nRealmente s\u00f3lo pude conocer a mis 2 abuelas, mi abuela materna (Gloria) y mi abuela paterna (Gabina). Mi abuela Gabina es de <strong>Venezuela<\/strong>, la conoc\u00ed cuando ten\u00eda 11 a\u00f1os en <strong>Tijuana<\/strong>, fue a visitarme y a contarme de su vida y de mi padre, inculso en este nuevo disco hay un tema dedicado a ella. Mi abuela Gloria era muy linda y tambi\u00e9n rega\u00f1ona, con ella tuve la oportunidad de convivir m\u00e1s. Recuerdo mucho su casa, en un cuarto de su hogar grabamos nuestro primer disco \u00a8<strong><em>La segunda luz del d\u00eda<\/em><\/strong>\u00a8. Mi abuelo materno (Vicente Guerrero) era un se\u00f1or muy ambicioso con mucho dinero, dicen que siempre quiso tener un hijo m\u00fasico, me hubiera encantado conocerlo.<br \/>\n<strong>2. \u00bfQu\u00e9 nos puedes decir de tus padres?<\/strong><br \/>\nMi madre (Elisa) es una gran persona, creo que es el ser humano que m\u00e1s admiro por su bondad y su manera de amar. A ella les gusta mucho cantar, gracias a mi madre escucho mucha m\u00fasica de <strong>Roberto Carlos<\/strong>, <strong>Juan Gabriel<\/strong>, <strong>Julio Iglesias<\/strong>, <strong>Armando Manzanero<\/strong> y muchos m\u00e1s. Mi padre (Javier) tengo mucho tiempo sin hablar con \u00e9l. A pesar de que vivimos en la misma ciudad nunca puedo contactarlo. Aun as\u00ed lo quiero mucho y espero verlo muy pronto.<br \/>\n<iframe loading=\"lazy\" src=\"https:\/\/www.youtube.com\/embed\/SZ4Q3k2TH7E\" width=\"560\" height=\"315\" frameborder=\"0\" allowfullscreen=\"allowfullscreen\"><\/iframe><br \/>\n<strong>3. \u00bfQui\u00e9n tuvo o tiene la voz m\u00e1s importante de tu vida?<\/strong><br \/>\nMi madre, creo que ella siempre ha tenido un don para ver el alma de las personas. Me gusta mucho platicar y escucharla porque adem\u00e1s de que compartimos muchos gustos musicales que con casi nadie comparto, siempre terminamos bailando y ri\u00e9ndonos de todo.<br \/>\n<strong>4. Considerando que no elegimos d\u00f3nde nacer, \u00bfd\u00f3nde s\u00ed elegiste nacer?<\/strong><br \/>\nMe hubiera gustado nacer en el cuerpo de un changuito, ah\u00ed en la selva comi\u00e9ndome todos los pl\u00e1tanos que est\u00e9n a la vista, jajaja. A veces me pongo a pensar que soy muy afortunado de estar aqu\u00ed, de tener ese don para la m\u00fasica y poder explotarlo a lado de todos mis seres queridos.<br \/>\n<strong>5. Para ti \u00bfqui\u00e9nes son ellos y qui\u00e9nes nosotros?<\/strong><br \/>\nCreo que todos somos los mismos, todos formamos parte de todo. Creo que por eso existe lo malo y lo bueno.<br \/>\n<strong>6. \u00bfQu\u00e9 verbo define lo que haces y por qu\u00e9?<\/strong><br \/>\nAmar, porque todo lo que trato de hacer y decir siempre es con amor.<br \/>\n<strong>7. \u00bfCu\u00e1l es tu materia prima?<\/strong><br \/>\nLa m\u00fasica.<br \/>\n<iframe loading=\"lazy\" src=\"https:\/\/www.youtube.com\/embed\/cMMG9dd0K8w\" width=\"560\" height=\"315\" frameborder=\"0\" allowfullscreen=\"allowfullscreen\"><\/iframe><br \/>\n<strong>8. Completa la frase<\/strong><br \/>\n<em><strong>Y cuando muera\u2026 ah\u00ed junto a mi cruz tan s\u00f3lo quiero&#8230;<\/strong><\/em> una foto de toda mi familia y tambi\u00e9n una foto de mi perro Zandungo que ahorita est\u00e1 descansando.<br \/>\n<em><strong>Y si vivo cien a\u00f1os&#8230;<\/strong><\/em> cien a\u00f1os me voy de fiesta.<br \/>\n<em><strong>All we are saying&#8230;<\/strong><\/em> es que somos seres humanos y vamos a progresar juntos.<br \/>\n<em><strong>El d\u00eda que me quieras&#8230;<\/strong><\/em> me ir\u00e9 a festejar al tropics.<br \/>\n<em><strong>Si nos dejan&#8230;<\/strong><\/em> nos vamos a re\u00edr toda la vida.<br \/>\n<em><strong>Si yo fuera mujer&#8230;<\/strong><\/em> fuera baterista.<br \/>\n<strong>9. \u00bfRam\u00f3n Ram\u00edrez, la Comandanta Ramona o Ram\u00f3n Ay\u00e1la? \u00bfPor qu\u00e9?<\/strong><br \/>\n<strong>Ram\u00f3n Ayala<\/strong> por su primer grupo (<strong>Los rel\u00e1mpagos del norte<\/strong>).<br \/>\n<strong>10. \u00bfDe qu\u00e9 color es la frontera y con qu\u00e9 colores se pinta la m\u00fasica que sale de Tijuana?<\/strong><br \/>\nEs azul y se pinta con el color que t\u00fa decidas.<br \/>\n<a class=\"no-eff img-link lightbox\" href=\"http:\/\/nofm-radio.com\/wp-content\/uploads\/2017\/05\/JESUS-RAMONA.jpg\"><img loading=\"lazy\" decoding=\"async\" class=\"alignnone size-full wp-image-23726\" src=\"http:\/\/nofm-radio.com\/wp-content\/uploads\/2017\/05\/JESUS-RAMONA.jpg\" alt=\"JESUS RAMONA\" width=\"2048\" height=\"1407\" \/><\/a><\/p>\n","protected":false},"template":"","meta":{"_id_youtube":"","_id_vimeo":"","_podcasts_duration":"","_podcasts_url":"","_podcasts_show":"","_prog_horario_dias":"","_prog_hora":"","_prog_duration":""},"class_list":["post-23716","archivo","type-archivo","status-publish","hentry"],"_links":{"self":[{"href":"https:\/\/nofm-radio.com\/index.php?rest_route=\/wp\/v2\/archivo\/23716","targetHints":{"allow":["GET"]}}],"collection":[{"href":"https:\/\/nofm-radio.com\/index.php?rest_route=\/wp\/v2\/archivo"}],"about":[{"href":"https:\/\/nofm-radio.com\/index.php?rest_route=\/wp\/v2\/types\/archivo"}],"wp:attachment":[{"href":"https:\/\/nofm-radio.com\/index.php?rest_route=%2Fwp%2Fv2%2Fmedia&parent=23716"}],"curies":[{"name":"wp","href":"https:\/\/api.w.org\/{rel}","templated":true}]}}