{"id":23742,"date":"2017-05-26T17:41:06","date_gmt":"2017-05-26T22:41:06","guid":{"rendered":"http:\/\/nofm-radio.com\/?p=23742"},"modified":"2017-05-26T17:41:06","modified_gmt":"2017-05-26T22:41:06","slug":"laprimeravez-que-me-fui-de-pinta","status":"publish","type":"archivo","link":"https:\/\/nofm-radio.com\/?archivo=laprimeravez-que-me-fui-de-pinta","title":{"rendered":"#LaPrimeraVez que me fui de pinta"},"content":{"rendered":"<p>por <strong>\u00d3scar Muci\u00f1o<\/strong><br \/>\n<a href=\"https:\/\/twitter.com\/opmucino\" target=\"_blank\" rel=\"noopener noreferrer\">@opmucino<\/a><br \/>\nHay experiencias que no deber\u00edan vivirse mediadas ni falseadas, sino en la <strong>improvisaci\u00f3n<\/strong>, en la ilegalidad y enfrentando el miedo. A los <strong>actos de desobediencia<\/strong> no les viene bien el ox\u00edmoron: <strong>revuelta pac\u00edfica<\/strong>, paro activo, resistencia modulada o irse de pinta con permiso.<br \/>\nEn las primeras semanas de mi estad\u00eda en la<strong> Secundaria<\/strong>, mi madre en alguna pl\u00e1tica me dijo: \u00d3scar si alguna vez te vas de <strong>pinta<\/strong> mejor me avisas, porque qu\u00e9 tal si te pasa algo y nosotros no sabemos que no est\u00e1s en la escuela. Le dije que s\u00ed.<br \/>\nAs\u00ed que, cumpliendo la advertencia, o comentario, de mi madre, cuando en mi \u00faltimo a\u00f1o los compa\u00f1eros decidimos faltar en conjunto a clases, le avis\u00e9 un par de d\u00edas antes que me ir\u00eda con tal y cual compa\u00f1ero, que plane\u00e1bamos dirigirnos a la <strong>Feria de Chapultepec<\/strong>, que nos ir\u00edamos en metro, y ella me dijo que no hab\u00eda problema, que nos cuid\u00e1ramos mucho, hasta dinero me dio.<br \/>\nEsta confesi\u00f3n previa a cometer el delito no se las cont\u00e9 a mis compa\u00f1eros, no quise arruinar el momento con mi mojigater\u00eda, prefer\u00ed saborear un poco el ambiente de tensi\u00f3n que se percib\u00eda en el aire cuando en vez de dirigirnos a la puerta principal de la escuela nos encaminamos a una esquina alejada para tomar el cami\u00f3n que nos llevar\u00eda al <strong>metro Moctezuma<\/strong> y de ah\u00ed a ese bosque que ha sido m\u00edtico para las escapadas de cualquier habitante de esta mancha de concreto recientemente nombrada <strong>CDMX<\/strong>.<br \/>\nEn la mochila llev\u00e1bamos, preventivamente, \u201cropa de calle\u201d, porque los rumores dec\u00edan que los polic\u00edas sol\u00edan detener a los adolescentes en grupo vestidos de <strong>uniforme escolar<\/strong>, no s\u00e9 si lo sigan haciendo, seguramente s\u00ed, pero hace mucho tiempo que no me pongo un uniforme.<br \/>\nEn <strong>Chapultepec<\/strong> entramos a la feria, nos subimos a varios juegos y varias veces pues hab\u00eda muy pocas personas, por ende, las filas eran inexistentes. Salimos y en los pastos de enfrente jugamos unas cuantas retas con un bal\u00f3n que un compa\u00f1ero llev\u00f3, caminamos un poco por el bosque y antes de regresar comimos unos tacos de carnitas en alguno de los mercados aleda\u00f1os.<br \/>\nRegres\u00e9 sano y salvo a mi casa, para recibir la noticia que de la <strong>Direcci\u00f3n<\/strong> hab\u00edan llamado a nuestras hogares para avisar de la ausencia en colectivo, pues como puede inferirse se dieron cuenta que nos hab\u00edamos ido de pinta, al otro d\u00eda mis compa\u00f1eros llegaron ofuscados por el rega\u00f1o que recibieron, en mi casa, como se puede colegir, no hubo rega\u00f1o; lo que s\u00ed hubo fue un sentimiento de que las experiencias no deb\u00edan vivirse as\u00ed, sin riesgo, quedando bien en casa, sin afrontar las consecuencia propias de los <strong>actos transgresores<\/strong>, porque para m\u00ed era un acto que deb\u00eda ser transgresor. As\u00ed que hace unos meses despu\u00e9s volv\u00ed a irme de pinta, pero esta vez sin avisar.<br \/>\nLa Secundaria en la que curs\u00e9 es la n\u00famero 85 y se llama <strong>Rep\u00fablica de Francia<\/strong>, por ello llev\u00e1bamos clases de franc\u00e9s y cada quince d\u00edas cant\u00e1bamos <strong>La Marsellesa<\/strong> (sus primeras estrofas Allons enfants de la Patrie\/Le jour de gloire est arriv\u00e9 fueron lo \u00fanico del franc\u00e9s que ha quedado en m\u00ed). Adem\u00e1s, est\u00e1 ubicada frente al <strong>Deportivo Ocean\u00eda<\/strong>, lugar con canchas de f\u00fatbol, b\u00e1squetbol, b\u00e9isbol y alberca, a esta \u00faltima se pod\u00eda entrar realizando un pago simb\u00f3lico. Cuando iba a la Rep\u00fablica de Francia a\u00fan no estaba terminada la L\u00ednea B del metro (que corre de Buenavista a Ciudad Azteca, del D.F. pasando por Nezahualc\u00f3yotl y terminando en Ecatepec). A veces para evitar el trayecto al puente peatonal, y por ende esquivar a los porros de la <strong>Vocacional 10<\/strong> que nos taloneaban, atraves\u00e1bamos las v\u00edas y el and\u00e9n de la estaci\u00f3n Deportivo Ocean\u00eda, todav\u00eda en obra negra, para poder tomar el cami\u00f3n.<br \/>\nEsta digresi\u00f3n es para contextualizar que en nuestra segunda escapada de clases hicimos eso, cruzar la obra del metro e internarnos en el deportivo para entrar a nadar en la alberca. Misi\u00f3n exitosa en esa fase. Por desgracia, de nuevo llamaron a nuestras casas y, peor a\u00fan, el pap\u00e1 de uno de mis compa\u00f1eros, por razones que desconozco, supo que est\u00e1bamos en la alberca y ah\u00ed lleg\u00f3; le grit\u00f3 a mi compa\u00f1ero y se lo llev\u00f3 a rastras. Los dem\u00e1s, con miedo nos vestimos r\u00e1pidamente y nos alejamos, decidimos ir a <strong>Plaza Arag\u00f3n<\/strong>, ah\u00ed estuvimos en los videojuegos y caminando por sus alrededores mientras daba la hora de ir a casa y enfrentar el rega\u00f1o. Cuando llegu\u00e9 a casa, mi mam\u00e1 ya estaba enterada, me rega\u00f1\u00f3 y me pregunt\u00f3 porque lo hab\u00eda hecho sin avisarle, a lo que respond\u00ed: por eso, porque quer\u00eda hacerlo sin tu permiso.<br \/>\n<iframe loading=\"lazy\" src=\"https:\/\/www.youtube.com\/embed\/yQQZc9JoobE\" width=\"560\" height=\"315\" frameborder=\"0\" allowfullscreen=\"allowfullscreen\"><\/iframe><\/p>\n","protected":false},"template":"","meta":{"_id_youtube":"","_id_vimeo":"","_podcasts_duration":"","_podcasts_url":"","_podcasts_show":"","_prog_horario_dias":"","_prog_hora":"","_prog_duration":""},"class_list":["post-23742","archivo","type-archivo","status-publish","hentry"],"_links":{"self":[{"href":"https:\/\/nofm-radio.com\/index.php?rest_route=\/wp\/v2\/archivo\/23742","targetHints":{"allow":["GET"]}}],"collection":[{"href":"https:\/\/nofm-radio.com\/index.php?rest_route=\/wp\/v2\/archivo"}],"about":[{"href":"https:\/\/nofm-radio.com\/index.php?rest_route=\/wp\/v2\/types\/archivo"}],"wp:attachment":[{"href":"https:\/\/nofm-radio.com\/index.php?rest_route=%2Fwp%2Fv2%2Fmedia&parent=23742"}],"curies":[{"name":"wp","href":"https:\/\/api.w.org\/{rel}","templated":true}]}}