{"id":23753,"date":"2017-05-29T14:29:52","date_gmt":"2017-05-29T19:29:52","guid":{"rendered":"http:\/\/nofm-radio.com\/?p=23753"},"modified":"2017-05-29T14:29:52","modified_gmt":"2017-05-29T19:29:52","slug":"aqui-puedes-escuchar-el-programa-especial-el-botin-del-estado-de-mexico","status":"publish","type":"archivo","link":"https:\/\/nofm-radio.com\/?archivo=aqui-puedes-escuchar-el-programa-especial-el-botin-del-estado-de-mexico","title":{"rendered":"Aqu\u00ed puedes escuchar el programa especial El Bot\u00edn del Estado de M\u00e9xico"},"content":{"rendered":"<p>A escasos d\u00edas de una de las elecciones m\u00e1s medi\u00e1ticas y polarizadas por la <strong>gubernatura del Estado de M\u00e9xico<\/strong>, el equipo de los <strong>#EspecialesNoFM y Mel\u00ed Mel\u00f3<\/strong> presentaron el programa <strong>El Bot\u00edn del Estado de M\u00e9xico<\/strong>, un debate entre dos simpatizantes de los proyectos que, hasta ahora se hallan en un empate t\u00e9cnico en las encuestas. El objetivo de este programa fue mostrar, m\u00e1s all\u00e1 de las plataformas de campa\u00f1a de <strong>Delfina G\u00f3mez<\/strong> y <strong>Alfredo del Mazo<\/strong>, la manera en que los partidos a los que se representan se aproximan a la idea de democracia, de participaci\u00f3n y de bienestar ciudadano.<br \/>\n<strong>Antonio Attolini<\/strong> y <strong>Luis \u00c1ngel J\u00e1come<\/strong> sostuvieron un debate sobre las necesidades de la entidad m\u00e1s poblada del pa\u00eds, una de las m\u00e1s marginadas, un basti\u00f3n pri\u00edsta y, sobre todo, el territorio que es considerado la joya de la corona en este pa\u00eds. Nunca la <strong>elecci\u00f3n a la gubernatura del Estado de M\u00e9xico<\/strong> hab\u00eda sido tan seguida por el ojo p\u00fablico, nunca el <strong>PRI<\/strong> ha estado tan cerca de perderla. Viabilidad de propuestas, principios de partidos y un electorado que m\u00e1s que en promesas se interesa en c\u00f3mo lograr un cambio en el Estado de M\u00e9xico, fueron los puntos m\u00e1s relevantes de este programa especial.<br \/>\nAgradecemos a <strong>Paloma Oseguera, M\u00f3nica Moreno, Juan Pablo San Esteban, Diego Mej\u00eda<\/strong> y <strong>Gabriela Astorga<\/strong>, en la coordinaci\u00f3n del programa; as\u00ed como a <strong>Alan Plata<\/strong> y <strong>Sergio P\u00e9rez<\/strong> en la redacci\u00f3n,\u00a0y a <strong>Sebastian Morales<\/strong> y <strong>\u00d3scar Su\u00e1rez Alem\u00e1n<\/strong> en la producci\u00f3n.<br \/>\n#EspecialesNoFM y Mel\u00ed Mel\u00ed presentan El Bot\u00edn del Estado de M\u00e9xico<br \/>\n[audio:http:\/\/nofm-radio.com\/podcast\/2017\/El_Botin_del_Estado_de_Mexico_I.mp3]<br \/>\n[audio:http:\/\/nofm-radio.com\/podcast\/2017\/El_Botin_del_Estado_de_Mexico_II.mp3]<\/p>\n","protected":false},"template":"","meta":{"_id_youtube":"","_id_vimeo":"","_podcasts_duration":"","_podcasts_url":"","_podcasts_show":"","_prog_horario_dias":"","_prog_hora":"","_prog_duration":""},"class_list":["post-23753","archivo","type-archivo","status-publish","hentry"],"_links":{"self":[{"href":"https:\/\/nofm-radio.com\/index.php?rest_route=\/wp\/v2\/archivo\/23753","targetHints":{"allow":["GET"]}}],"collection":[{"href":"https:\/\/nofm-radio.com\/index.php?rest_route=\/wp\/v2\/archivo"}],"about":[{"href":"https:\/\/nofm-radio.com\/index.php?rest_route=\/wp\/v2\/types\/archivo"}],"wp:attachment":[{"href":"https:\/\/nofm-radio.com\/index.php?rest_route=%2Fwp%2Fv2%2Fmedia&parent=23753"}],"curies":[{"name":"wp","href":"https:\/\/api.w.org\/{rel}","templated":true}]}}