{"id":23776,"date":"2017-05-31T15:12:42","date_gmt":"2017-05-31T20:12:42","guid":{"rendered":"http:\/\/nofm-radio.com\/?p=23776"},"modified":"2017-05-31T15:12:42","modified_gmt":"2017-05-31T20:12:42","slug":"fallece-sergio-haro-reportero-historico","status":"publish","type":"archivo","link":"https:\/\/nofm-radio.com\/?archivo=fallece-sergio-haro-reportero-historico","title":{"rendered":"Fallece Sergio Haro, reportero hist\u00f3rico"},"content":{"rendered":"<p>Esta ma\u00f1ana despertamos con la triste noticia del fallecimiento de <strong>Sergio Haro<\/strong>, <strong>editor<\/strong>, <strong>fot\u00f3grafo<\/strong> y <strong>reportero<\/strong> del <strong>semanario ZETA<\/strong> de <strong>Tijuana<\/strong>, y una de las figuras m\u00e1s importantes y respetadas del <strong>periodismo nacional<\/strong>.<br \/>\nJunto a <strong>ZETA<\/strong> dedic\u00f3 todos sus esfuerzos en reportar con la verdad la violencia de la zona y las muy produndas <strong>relaciones entre narcotr\u00e1fico y gobierno<\/strong>, hecho que le acredit\u00f3 varias amenazas de muerte y un acoso generalizado contra su medio, mismo que fue retratado por el <strong>documental Reportero<\/strong>, centrado en su figura y en el trabajo de <strong>ZETA<\/strong>.<br \/>\n<iframe loading=\"lazy\" src=\"https:\/\/www.youtube.com\/embed\/xvqpyZ1Jzng\" width=\"560\" height=\"315\" frameborder=\"0\" allowfullscreen=\"allowfullscreen\"><\/iframe><br \/>\nHaro tambi\u00e9n fue profesor y public\u00f3 recientemente <em><strong>No Se Olviden De Nosotros<\/strong><\/em>, una selecci\u00f3n de los reportajes m\u00e1s relevantes en una carrera de 30 a\u00f1os en los que vio todo lo sucedido en <strong>Baja California<\/strong>, incluyendo su presencia el <strong>23 de marzo de 1994<\/strong> en el asesinato de <strong>Luis Donaldo Colosio<\/strong>.<br \/>\n<strong>A 20 a\u00f1os del asesinato de Luis Donaldo Colosio<\/strong><br \/>\n<em>Son los detalles de aquel hecho que marc\u00f3 el rumbo de M\u00e9xico, el mit\u00edn en Lomas Taurinas Tijuana despu\u00e9s de 20 a\u00f1os del asesinato de Luis Donaldo Colosio Murrieta.<\/em> <a href=\"http:\/\/www.plexmx.info\/2014\/03\/23\/a-20-anos-del-asesinato-de-luis-donaldo-colosio\/\" target=\"_blank\" rel=\"noopener noreferrer\"><strong>Siga leyendo aqu\u00ed<\/strong><\/a>.<br \/>\nLa trayectoria de <strong>Sergio Haro<\/strong> sin duda alguna ha marcado escuela y su forma humana y disciplinada de mostrar la realidad formar\u00e1 a generaciones de periodistas por venir. Junto a <strong>ZETA<\/strong> ha dado uno de los ejemplos m\u00e1s marcados de \u00e9tica y oficio, a la par de su caracter\u00edstica humildad que no le permit\u00eda recibir otro apelativo m\u00e1s que el de <strong>Reportero<\/strong>. Mismo que llev\u00f3 con orgullo hasta el \u00faltimo d\u00eda de su vida.<br \/>\nDescanse en paz,\u00a0<strong>Reportero<\/strong>.<br \/>\n<a class=\"no-eff img-link lightbox\" href=\"http:\/\/nofm-radio.com\/wp-content\/uploads\/2017\/05\/haro1.jpg\"><img loading=\"lazy\" decoding=\"async\" class=\"alignnone size-full wp-image-23778\" src=\"http:\/\/nofm-radio.com\/wp-content\/uploads\/2017\/05\/haro1.jpg\" alt=\"haro1\" width=\"700\" height=\"390\" \/><\/a><\/p>\n","protected":false},"template":"","meta":{"_id_youtube":"","_id_vimeo":"","_podcasts_duration":"","_podcasts_url":"","_podcasts_show":"","_prog_horario_dias":"","_prog_hora":"","_prog_duration":""},"class_list":["post-23776","archivo","type-archivo","status-publish","hentry"],"_links":{"self":[{"href":"https:\/\/nofm-radio.com\/index.php?rest_route=\/wp\/v2\/archivo\/23776","targetHints":{"allow":["GET"]}}],"collection":[{"href":"https:\/\/nofm-radio.com\/index.php?rest_route=\/wp\/v2\/archivo"}],"about":[{"href":"https:\/\/nofm-radio.com\/index.php?rest_route=\/wp\/v2\/types\/archivo"}],"wp:attachment":[{"href":"https:\/\/nofm-radio.com\/index.php?rest_route=%2Fwp%2Fv2%2Fmedia&parent=23776"}],"curies":[{"name":"wp","href":"https:\/\/api.w.org\/{rel}","templated":true}]}}