{"id":25015,"date":"2017-08-22T12:15:09","date_gmt":"2017-08-22T17:15:09","guid":{"rendered":"http:\/\/nofm-radio.com\/?p=25015"},"modified":"2017-08-22T12:15:09","modified_gmt":"2017-08-22T17:15:09","slug":"las-bandas-de-la-semanair-una-apuesta-por-la-comunidad","status":"publish","type":"archivo","link":"https:\/\/nofm-radio.com\/?archivo=las-bandas-de-la-semanair-una-apuesta-por-la-comunidad","title":{"rendered":"Las bandas de la #SemanaIR, una apuesta por la comunidad"},"content":{"rendered":"<p>por <strong>Ana Mart\u00ednez de Buen<\/strong><br \/>\n<a href=\"https:\/\/twitter.com\/Anamdb\" target=\"_blank\" rel=\"noopener noreferrer\">@Anamdb<\/a><br \/>\nEl 28 de agosto comienza la <strong>#SemanaIR<\/strong> con presentaciones de grandes grupos internacionales: <strong>Blonde Redhead, Clap Your Hands Say Yeah!, Dead Meadow, Austra, y Digitalism<\/strong>, en el Foro Indie Rocks! Calificada como una de las semanas musicales m\u00e1s ecl\u00e9cticas del a\u00f1o, el talento nacional acompa\u00f1ar\u00e1 este cartel y lo har\u00e1 de forma brillante con presentaciones de <strong>Rosk, Ramona, Young Tender, Terror C\u00f3smico, Data y Mylko<\/strong>. Los organizadores del evento nos invitaron a platicar con las bandas y a NoFM nos pareci\u00f3 una gran oportunidad para preguntarles sus opiniones sobre la <strong>escena nacional<\/strong>, sus colaboraciones y la manera en que los medios distribuyen sus propuestas.<br \/>\nPara<strong> Ramona<\/strong>, la escena entr\u00f3 en un punto de transici\u00f3n muy interesante desde el 2005, cuando se dejaron atr\u00e1s las disqueras y los grandes presupuestos. Ahora \u201clos morros pueden escuchar m\u00fasica de todo el mundo, as\u00ed que el panorama nacional se va a seguir ampliando y eso se ve en la multiplicidad de g\u00e9neros que conviven en los nuevos festivales. Todo gracias al internet\u201d.\u00a0Hasta hace poco eran cerrados en sus <strong>procesos creativos<\/strong>, hasta que se dieron cuenta que les gusta colaborar con otras personas, al grado que su pr\u00f3ximo material es un disco de colaboraciones donde invitan a alguien diferente en cada canci\u00f3n. Esperan contar con uno de los integrantes de <strong>Jard\u00edn<\/strong>, Daniel Dennis, y otros.<br \/>\n<iframe loading=\"lazy\" src=\"https:\/\/www.youtube.com\/embed\/Lb0Nz0cIDJo\" width=\"560\" height=\"315\" frameborder=\"0\" allowfullscreen=\"allowfullscreen\"><\/iframe><br \/>\nEl dueto<strong> Mylko<\/strong> considera que la escena est\u00e1 en un \u201cmomento muy interesante por los nuevos productores \u201ctodologos\u201d que tocan, componen y mezclan. Eso da una sensaci\u00f3n m\u00e1s refrescante para la producci\u00f3n\u201d. Observan que esta generaci\u00f3n ha tenido acceso a experiencias de producci\u00f3n musical desde la pubertad. Sus propios inicios autodidactas se enfocaron en intervenir material ya existente y elaborar canciones desde el inicio con la tecnolog\u00eda a su disposici\u00f3n. En este sentido ven la gran diferencia generacional, pues las bandas de antes se ve\u00edan obligadas a perfeccionar un s\u00f3lo instrumento antes de tener acceso a la profesionalizaci\u00f3n. \u201cTodo puede hacerse con bajo presupuesto. Nos copiamos y crecemos con eso. <strong>I can chase dragons, Sotomayor, Fishlights<\/strong>, tienen genialidad en sus shows en vivo. La escena se auto alimenta y hace que crezca la calidad de la m\u00fasica electr\u00f3nica\u201d. Se sienten desconectados de la radio tradicional porque no alimenta la carrera de bandas alternativas o de nicho. En cambio, las <strong>plataformas de streamig<\/strong> les han dado un apoyo muy amoroso con la promoci\u00f3n de su material. La<strong> National Public Radio<\/strong> fue de los primeros medios en mostrar su m\u00fasica y con eso pudieron ver que \u201cLa gente busca alternativas fuera del loop de la radio nacional (fm\/am). Gracias a la <strong>radio independiente<\/strong> uno puede sentirse como un descubridor de m\u00fasica que nos llena y nos significa, pues nos saca de ese loop infinito de la radio pop\u201d.<br \/>\n<iframe loading=\"lazy\" src=\"https:\/\/www.youtube.com\/embed\/ABg6fTv9zwA\" width=\"560\" height=\"315\" frameborder=\"0\" allowfullscreen=\"allowfullscreen\"><\/iframe><br \/>\n<strong>Data<\/strong> ve en la escena<em> underground<\/em> de m\u00fasica electr\u00f3nica una \u201cGran camarader\u00eda entre bandas y apoyo mutuo entre los productores de los eventos\u201d. Para este dueto calificado como Synth Pop, la <strong>#SemanaIR<\/strong> es un indicador de que lo que est\u00e1n haciendo va por buen camino. \u201cLas bandas necesitan preocuparse por subir los est\u00e1ndares, no por ser under las cosas deben tener menos calidad y nosotros nos exigimos mucho en ese sentido\u201d.\u00a0Les parece dif\u00edcil tener acceso a medios con alcance grande sin tener conocidos dentro de ellos. En su caso, el <strong>Internet<\/strong> ha sido muy importante porque son autogestivos, en cuanto a producci\u00f3n musical y promoci\u00f3n. Los medios alternativos han sido un gran apoyo para impulsarlos.<br \/>\n<iframe loading=\"lazy\" style=\"border: 0; width: 350px; height: 470px;\" src=\"https:\/\/bandcamp.com\/EmbeddedPlayer\/album=1417594825\/size=large\/bgcol=ffffff\/linkcol=0687f5\/tracklist=false\/transparent=true\/\" width=\"300\" height=\"150\" seamless=\"\"><a href=\"http:\/\/datamx.bandcamp.com\/album\/camina-sola\">Camina Sola by DATA<\/a><\/iframe><br \/>\nLos muchachos de <strong>Terror C\u00f3smico<\/strong> disfrutan mucho su trabajo. Nos platicaron que \u201cLo que hacemos entra en un nicho peque\u00f1o y estamos bastante felices porque vemos que la gente toma acciones propias, desde medios hasta bandas. La uni\u00f3n de las bandas es algo caracter\u00edstico de nuestra escena espec\u00edfica, unidos con <strong>medios alternativos y revistas digitales<\/strong>. Estos esfuerzos promueven la profesionalizaci\u00f3n de todos\u201d. En su experiencia, para llegar a la exposici\u00f3n nacional, las bandas mismas deben de buscarlo continuamente. En ese camino, se encontraron con gratas sorpresas, en especial para colaboraciones:\u00a0\u201cPor ignorancia, cuando empezamos no sab\u00edamos que hab\u00eda otras personas que hac\u00edan esto. Tocando y escuchando a otros nos dimos cuenta de que la escena era m\u00e1s amplia de lo que pens\u00e1bamos y que la gente est\u00e1 abierta y con muchas ganas de entrarle a colaboraciones distintas. Por esa pasi\u00f3n, uno sabe que la gente que se involucra va a estar comprometida\u201d.<br \/>\n<iframe loading=\"lazy\" src=\"https:\/\/www.youtube.com\/embed\/OSIphDFeiXQ\" width=\"560\" height=\"315\" frameborder=\"0\" allowfullscreen=\"allowfullscreen\"><\/iframe><br \/>\nEl grupo <strong>Rosk<\/strong> estuvo recientemente en Europa, donde observaron que el orgullo y apoyo a las bandas nacionales era impresionante. \u201cAqu\u00ed la escena est\u00e1 dominada por bandas que llevan 20 a\u00f1os, excepto en la escena under. Falta que el p\u00fablico se comprometa con la m\u00fasica en vivo, m\u00e1s all\u00e1 del <em><strong>mainstream<\/strong><\/em>. Hay mucho talento, pero no siempre es f\u00e1cil profesionalizarse\u201d. En su camino, las colaboraciones internacionales con m\u00fasica m\u00e1s experimental les ayud\u00f3 a darse nombre y a preguntarse de qu\u00e9 forma el negocio de la m\u00fasica parece un tema fantasma en nuestro pa\u00eds. \u201cNo hay libros sobre el negocio de la m\u00fasica en M\u00e9xico y a veces la gente vende m\u00e1s verbo que acciones\u201d, comenta <strong>Rosan Sashida<\/strong>, vocalista de la banda. A pesar de eso, notan que existe una gran hermandad entre miembros de la escena nacional y medios alternativos. Eso s\u00ed, para ellos, la mejor promoci\u00f3n es tocar en vivo e ir a conciertos porque \u201cComo m\u00fasico, tambi\u00e9n hay que ser fan\u201d.<br \/>\n<iframe loading=\"lazy\" src=\"https:\/\/www.youtube.com\/embed\/FW8MT2aJvR8\" width=\"560\" height=\"315\" frameborder=\"0\" allowfullscreen=\"allowfullscreen\"><\/iframe><br \/>\nDel<strong> 28 de agosto al 2 de septiembre<\/strong> nos espera una semana llena de propuestas dignas de considerarse. Ya lo dijeron ellos, la mejor forma de disfrutar la m\u00fasica es en vivo, dispuestos a sorprendernos. Por nuestra parte, estaremos compartiendo contenido especial toda la semana, as\u00ed que est\u00e9n pendientes. Nos vemos en el <strong>Foro Indie Rocks!<\/strong><br \/>\n<a class=\"no-eff img-link lightbox\" href=\"http:\/\/nofm-radio.com\/wp-content\/uploads\/2017\/08\/SemanaIRCartel.png\"><img loading=\"lazy\" decoding=\"async\" class=\"alignnone size-full wp-image-25020\" src=\"http:\/\/nofm-radio.com\/wp-content\/uploads\/2017\/08\/SemanaIRCartel.png\" alt=\"SemanaIRCartel\" width=\"960\" height=\"503\" \/><\/a><\/p>\n","protected":false},"template":"","meta":{"_id_youtube":"","_id_vimeo":"","_podcasts_duration":"","_podcasts_url":"","_podcasts_show":"","_prog_horario_dias":"","_prog_hora":"","_prog_duration":""},"class_list":["post-25015","archivo","type-archivo","status-publish","hentry"],"_links":{"self":[{"href":"https:\/\/nofm-radio.com\/index.php?rest_route=\/wp\/v2\/archivo\/25015","targetHints":{"allow":["GET"]}}],"collection":[{"href":"https:\/\/nofm-radio.com\/index.php?rest_route=\/wp\/v2\/archivo"}],"about":[{"href":"https:\/\/nofm-radio.com\/index.php?rest_route=\/wp\/v2\/types\/archivo"}],"wp:attachment":[{"href":"https:\/\/nofm-radio.com\/index.php?rest_route=%2Fwp%2Fv2%2Fmedia&parent=25015"}],"curies":[{"name":"wp","href":"https:\/\/api.w.org\/{rel}","templated":true}]}}