{"id":25125,"date":"2017-08-28T14:27:30","date_gmt":"2017-08-28T19:27:30","guid":{"rendered":"http:\/\/nofm-radio.com\/?p=25125"},"modified":"2017-08-28T14:27:30","modified_gmt":"2017-08-28T19:27:30","slug":"aqui-puedes-escuchar-el-especial-la-caida-del-tlatoani-mancera","status":"publish","type":"archivo","link":"https:\/\/nofm-radio.com\/?archivo=aqui-puedes-escuchar-el-especial-la-caida-del-tlatoani-mancera","title":{"rendered":"Aqu\u00ed puedes escuchar el Especial La Ca\u00edda del Tlatoani Mancera"},"content":{"rendered":"<p>S\u00f3lo hace falta salir a las calles de la<strong> Ciudad de M\u00e9xico<\/strong> para entender del todo la gesti\u00f3n de <strong>Miguel \u00c1ngel Mancera<\/strong>. Los cinco a\u00f1os que lleva de sexenio del <strong>Jefe de Gobierno<\/strong> ha sido una obra mal planeada, cara, mal comunicada y que parece que nunca llegar\u00e1 al final. Desde su triunfo en las urnas con m\u00e1s de cuarenta puntos de ventaja sobre sus opositores hasta una gesti\u00f3n con la desaprobaci\u00f3n del 60% de los capitalinos, Mancera ha pasado por mucho. Ese fue el punto de partida de la m\u00e1s reciente emisi\u00f3n de los <strong>#EspecialesNoFM y Mel\u00ed Mel\u00f3: La ca\u00edda del tlatoani Mancera.<\/strong><br \/>\nEl especial realiz\u00f3 una evaluaci\u00f3n de la gesti\u00f3n del Jefe de Gobierno de acuerdo con los cinco ejes tem\u00e1ticos de su <strong>plan sexenal<\/strong>. Desarrollo humano, seguridad, desarrollo econ\u00f3mico, espacio p\u00fablico y rendici\u00f3n de cuentas fueron los temas que se analizaron y que enmarcan las aspiraciones presidenciales de Mancera.<br \/>\nAgradecemos la presencia de nuestros invitados. As\u00ed como la colaboraci\u00f3n de <strong>Alan Plata<\/strong> y <strong>Sergio P\u00e9rez Schjetnan<\/strong> en la investigaci\u00f3n y notas, y a <strong>M\u00f3nica Moreno, Diego Mej\u00eda,<\/strong>\u00a0<strong>Paloma Oseguera\u00a0<\/strong>y al equipo de producci\u00f3n. Les dejamos completo el programa especial que deja claro el estado en que nuestra capital enfrenta el 2018.<br \/>\n<strong>#EspecialesNoFM y Mel\u00ed Mel\u00ed presentan La ca\u00edda del tlatoani Mancera I<\/strong><br \/>\nEntrevista con:<br \/>\n&#8211; <strong>Ra\u00fal Zepeda<\/strong> sobre el estado de seguridad de la capital.<br \/>\n&#8211; <strong>Diego Casta\u00f1eda<\/strong> sobre el desarrollo econ\u00f3mico de la CDMX<br \/>\n[audio:http:\/\/nofm-radio.com\/podcast\/EspecialesNoFM_La_caida_del_tlatoani_Mancera_I.mp3]<br \/>\n<strong>#EspecialesNoFM y Mel\u00ed Mel\u00ed presentan La ca\u00edda del tlatoani Mancera II<\/strong><br \/>\nEntrevista con<br \/>\n&#8211; <strong>Salvador Medina<\/strong> sobre la recuperaci\u00f3n del esopacio p\u00fablico y la relaci\u00f3n de Mancera con la inmobiliarias.<br \/>\n&#8211; <strong>Eur\u00edpides Flores<\/strong> sobre los niveles de corrupci\u00f3n y la rendici\u00f3n de cuentas en el gobierno de Mancera.<br \/>\n[audio:http:\/\/nofm-radio.com\/podcast\/EspecialesNoFM_La_caida_del_tlatoani_Mancera_II.mp3]<\/p>\n","protected":false},"template":"","meta":{"_id_youtube":"","_id_vimeo":"","_podcasts_duration":"","_podcasts_url":"","_podcasts_show":"","_prog_horario_dias":"","_prog_hora":"","_prog_duration":""},"class_list":["post-25125","archivo","type-archivo","status-publish","hentry"],"_links":{"self":[{"href":"https:\/\/nofm-radio.com\/index.php?rest_route=\/wp\/v2\/archivo\/25125","targetHints":{"allow":["GET"]}}],"collection":[{"href":"https:\/\/nofm-radio.com\/index.php?rest_route=\/wp\/v2\/archivo"}],"about":[{"href":"https:\/\/nofm-radio.com\/index.php?rest_route=\/wp\/v2\/types\/archivo"}],"wp:attachment":[{"href":"https:\/\/nofm-radio.com\/index.php?rest_route=%2Fwp%2Fv2%2Fmedia&parent=25125"}],"curies":[{"name":"wp","href":"https:\/\/api.w.org\/{rel}","templated":true}]}}