{"id":25357,"date":"2017-09-08T13:50:30","date_gmt":"2017-09-08T18:50:30","guid":{"rendered":"http:\/\/nofm-radio.com\/?p=25357"},"modified":"2017-09-08T13:50:30","modified_gmt":"2017-09-08T18:50:30","slug":"crear-comunidad-en-tiempos-de-guerra","status":"publish","type":"archivo","link":"https:\/\/nofm-radio.com\/?archivo=crear-comunidad-en-tiempos-de-guerra","title":{"rendered":"Crear comunidad en tiempos de guerra"},"content":{"rendered":"<p><em>Durante estos cinco a\u00f1os de existencia, uno de los objetivos fundamentales de NoFM Radio ha sido la defensa de la comunidad. Esa idea tan resbaladiza nos ha sido robada en m\u00e1s de una forma, en particular durante los a\u00f1os del nuevo PRI en la silla presidencial. Uno de los grupos m\u00e1s vulnerados, pero que tambi\u00e9n ha levantado la voz con m\u00e1s fuerza, es el de las mujeres. \u00bfC\u00f3mo ha cambiado la discusi\u00f3n en torno a las comunidades a partir de los discursos de lucha por la equidad? \u00bfC\u00f3mo han florecido estos discursos en uno de los entornos m\u00e1s violentos de la historia de nuestro pa\u00eds? A partir de estas preguntas, convocamos a varias autoras a reflexionar acerca de la creaci\u00f3n de comunidades desde diferentes trincheras y con distintos objetivos, en un momento en que los defensores de &#8220;el cambio est\u00e1 en uno mismo&#8221; atacan con m\u00e1s fuerza. Tras cinco a\u00f1os, lo que nos queda claro es que el futuro es colectivo y con Todo Menos Miedo. <\/em><\/p>\n<p style=\"text-align: center;\"><strong>Crear comunidad en tiempos de guerra<\/strong><\/p>\n<p>por<strong> Diana del \u00c1ngel<\/strong><br \/>\n<a href=\"https:\/\/twitter.com\/espejodetierra\" target=\"_blank\" rel=\"noopener noreferrer\">@espejodetierra<\/a><br \/>\nUno de los episodios m\u00e1s significativos en torno a la represi\u00f3n en M\u00e9xico ocurri\u00f3 el 3 y 4 de mayo del 2006, en <strong>San Salvador Atenco, Estado de M\u00e9xico<\/strong>, entonces gobernado por <strong>Enrique Pe\u00f1a Nieto<\/strong>. El despliegue, primero de la polic\u00eda municipal, luego de la <strong>Polic\u00eda Federal Preventiva<\/strong> y elementos de la <strong>Agencia Estatal de Seguridad<\/strong>, bajo las \u00f3rdenes del entonces gobernador dejaron una larga lista de <strong>violaciones de derechos humanos<\/strong>, de entre las cuales, destacan las agresiones y violaciones sexuales a 26 mujeres. Otro rasgo significativo del mandato de EPN es el ocultamiento de las cifras de <strong>feminicidios<\/strong> en su gesti\u00f3n. Con estos datos, maquillados por la intensa y espectacular campa\u00f1a televisiva, un fraude electoral y las historias, tambi\u00e9n silenciadas, sobre la sospechosa muerte de su primera esposa, EPN lleg\u00f3 a la presidencia.<br \/>\n<iframe loading=\"lazy\" src=\"https:\/\/www.youtube.com\/embed\/dZgMn7QMTeo\" width=\"560\" height=\"315\" frameborder=\"0\" allowfullscreen=\"allowfullscreen\"><\/iframe><br \/>\nHasta el 6 de marzo del 2016, el portal<em><strong> Desinform\u00e9monos<\/strong><\/em>, daba la cifra de 6 mil 488 mujeres asesinadas bajo en mandato de Pe\u00f1a Nieto. Por desgracia, el n\u00famero \u2014aunque ominoso\u2014 de mujeres asesinadas en M\u00e9xico, por el hecho de ser mujeres, es s\u00f3lo una de las estad\u00edsticas del horror en el pa\u00eds, donde la muerte de hombres y mujeres en la <strong>guerra contra el narco<\/strong>, o las cifras en aumento de desaparecidos, o los casos emblem\u00e1ticos como los <strong>72 migrantes asesinados, la masacre de Allende, la desaparici\u00f3n de los 43 estudiantes de Ayotzinapa o el caso Tlataya<\/strong> son cosa de diario.<br \/>\nEn este contexto, crear comunidades y di\u00e1logos implica una manera de <strong>resistencia<\/strong> abierta y ardua, aunque el panorama resulta desalentador. Uno de los prop\u00f3sitos de la guerra y del clima de terror que deviene de ella es generar aislamiento y crueldad en las personas. La conocida re-victimizaci\u00f3n al difamar a quienes han visto vulnerados sus derechos: el caso de<strong> Julio C\u00e9sar Mondrag\u00f3n,<\/strong> de quien se dijo era l\u00edder de un grupo de narcos, o el m\u00e1s reciente de <strong>Lesvy Berl\u00edn<\/strong>, difamada desde la cuenta de la PGJ de la CDMX, dan cuenta de este mecanismo. Hay gente que contribuye a la <strong>revictimizaci\u00f3n<\/strong>, cree a pie juntillas que las v\u00edctimas no lo son tanto porque en cierto sentido se lo buscaron o se lo merec\u00edan. Hay quienes hacen patente sus ideas en el desprecio, en el silencio, en los mensajes violentos en redes sociales y, quienes son funcionarios o servidores p\u00fablicos no s\u00f3lo no ayudan a quienes se atreven a pedir justicia sino que ahondan m\u00e1s las heridas con violencia burocr\u00e1tica. Eso tambi\u00e9n es la guerra, o es el triunfo de la guerra impuesta desde hace a\u00f1os.<br \/>\n<iframe loading=\"lazy\" style=\"border: none; overflow: hidden;\" src=\"https:\/\/www.facebook.com\/plugins\/video.php?href=https%3A%2F%2Fwww.facebook.com%2Fdiana.delangel.39%2Fvideos%2F10152488299705678%2F&amp;show_text=0&amp;width=560\" width=\"560\" height=\"315\" frameborder=\"0\" scrolling=\"no\" allowfullscreen=\"allowfullscreen\"><\/iframe><br \/>\nCreo que esta fragmentaci\u00f3n, este aislamiento, s\u00f3lo es posible de sanar creando di\u00e1logo. En mi experiencia, la escucha es el primer paso, escuchar con el coraz\u00f3n abierto a los otros. Una se siente en<strong> comunidad<\/strong> cuando es escuchada con respeto y amor; esa comunidad puede ser de dos o un pueblo entero. Pienso que no hay s\u00f3lo una comunidad, sino varias, tantas como las necesidades de las personas que las conforman lo definan. Yo me siento parte de una <strong>comunidad de mujeres feministas<\/strong>, aunque no las conozca a todas, pero el <strong>feminismo<\/strong> no es un movimiento homog\u00e9neo, no hay una plataforma com\u00fan, por ello a veces hay ataques entre colectivas y colectivos: desde luego no es el fin del mundo. Algo importante por aprender es que el di\u00e1logo implica disentir, y que el conflicto, incluso entre gente que tiene los mismos objetivos, siempre va a estar ah\u00ed y es necesario.<br \/>\n<a class=\"no-eff img-link lightbox\" href=\"http:\/\/nofm-radio.com\/wp-content\/uploads\/2017\/09\/Diana1.jpg\"><img loading=\"lazy\" decoding=\"async\" class=\"alignleft wp-image-25360 size-medium\" src=\"http:\/\/nofm-radio.com\/wp-content\/uploads\/2017\/09\/Diana1-250x391.jpg\" alt=\"Diana1\" width=\"191\" height=\"300\" \/><\/a><br \/>\nUna de las experiencias m\u00e1s amargas es sentir los efectos de la <strong>violencia del Estado<\/strong> al interior de una comunidad, cuyo objetivo era buscar acompa\u00f1ar a v\u00edctimas o generar un cambio social o llevar a cabo un proyecto comunitario. Creo que muchos hemos pasado por eso, en distintos niveles y con distintos resultados; lo terrible es ver que las pr\u00e1cticas contra las que luchamos est\u00e1n dentro de nuestras comunidades. Pero si se piensa bien, no tiene nada de extra\u00f1o, pues por m\u00e1s que no nos guste el sistema en que vivimos y que hagamos cosas para cambiarlo, al final en \u00e9l nos formamos y no es f\u00e1cil cambiar h\u00e1bitos. Esto puede resultar frustrante si uno busca la perfecci\u00f3n. Es duro despertar de esa idea y aceptar que, en verdad, la <strong>utop\u00eda<\/strong> no tiene lugar. S\u00f3lo existe lo que hacemos d\u00eda con d\u00eda.<br \/>\nMe parece importante hablar de esto porque creo que a veces pensamos, al menos yo lo he pensado, que para hacer comunidad basta con tener buenas intenciones o una amistad entra\u00f1able. Sin duda los lazos afectivos son parte de los hilos que unen una comunidad, pero no lo son todo; en \u00faltima instancia, creo, hacer comunidad es un<strong> trabajo sostenido<\/strong>. Del d\u00eda a d\u00eda, de palabra por palabra, de acto y acto, es una labor m\u00e1s de gota que de aguacero, por decirlo de alg\u00fan modo. Crear comunidad no es f\u00e1cil y los resultados pueden parecer muy peque\u00f1os en comparaci\u00f3n con lo que nos rodea; sin embargo sus efectos son duraderos y fuertes. Crear comunidad implica abrir puertas dentro de una misma y estar dispuesta a dejarse habitar por otras palabras, estar dispuesta a ver con los ojos del otro (no tanto para ser convencida, como para ampliar la visi\u00f3n propia).<br \/>\nDe las m\u00faltiples comunidades que existen y de las que me siento parte, me gustar\u00eda hablar de esa <strong>comunidad imaginaria<\/strong> que se crea mediante la lectura de esa otra manera de narrar la <strong>violencia en M\u00e9xico<\/strong> (me refiero a la propuesta que con m\u00e1s claridad han planteado las <strong>Periodistas de a pie<\/strong>, pero que por fortuna se ha replicado por otrxs). Esta otra narrativa complementa su sentido con una lectura muy consciente sobre la comunidad que se construye en la medida otras personas leen los textos. La imaginaci\u00f3n en este caso no est\u00e1 vinculada a la no existencia, sino a la <strong>actividad de imaginar<\/strong>. Una comunidad imaginaria ser\u00eda la que est\u00e1 imaginando a partir de lo le\u00eddo, por ello es importante dar cuenta de las resistencias con que otras comunidades apartadas o silenciadas hacen frente a su realidad. Crear ese archivo de \u2018<strong>otras historias<\/strong>\u2019 es el principio de esa comunidad que nos imagina distintos cada d\u00eda.<br \/>\n_______<br \/>\n<em><strong>Diana del \u00c1ngel<\/strong> (Ciudad de M\u00e9xico, 1982)\u00a0Poeta, ensayista y defensora de derechos humanos. Ha sido becaria de la Fundaci\u00f3n para las Letras Mexicanas de 2010 a 2012 y del FONCA, en su programa de residencias art\u00edsticas, obtuvo la primera residencia de creaci\u00f3n literaria otorgada por Fondo Ventura y la editorial Almad\u00eda, para terminar <strong>Procesos de la noche<\/strong>, un libro de cr\u00f3nicas sobre el caso de <strong>Julio C\u00e9sar Mondrag\u00f3n Fontes<\/strong>. \u00a0Ha publicado Vasija (2013) y art\u00edculos sobre literatura en revistas como Tierra adentro, Este pa\u00eds, Cuadrivio, Casa del tiempo, C\u00edrculo de poes\u00eda y Artetipos. Actualmente realiza un Doctorado en Letras.<\/em><\/p>\n","protected":false},"template":"","meta":{"_id_youtube":"","_id_vimeo":"","_podcasts_duration":"","_podcasts_url":"","_podcasts_show":"","_prog_horario_dias":"","_prog_hora":"","_prog_duration":""},"class_list":["post-25357","archivo","type-archivo","status-publish","hentry"],"_links":{"self":[{"href":"https:\/\/nofm-radio.com\/index.php?rest_route=\/wp\/v2\/archivo\/25357","targetHints":{"allow":["GET"]}}],"collection":[{"href":"https:\/\/nofm-radio.com\/index.php?rest_route=\/wp\/v2\/archivo"}],"about":[{"href":"https:\/\/nofm-radio.com\/index.php?rest_route=\/wp\/v2\/types\/archivo"}],"wp:attachment":[{"href":"https:\/\/nofm-radio.com\/index.php?rest_route=%2Fwp%2Fv2%2Fmedia&parent=25357"}],"curies":[{"name":"wp","href":"https:\/\/api.w.org\/{rel}","templated":true}]}}