{"id":25374,"date":"2017-09-12T13:25:34","date_gmt":"2017-09-12T18:25:34","guid":{"rendered":"http:\/\/nofm-radio.com\/?p=25374"},"modified":"2017-09-12T13:25:34","modified_gmt":"2017-09-12T18:25:34","slug":"nofm5-cinco-entrevistas-memorables-en-nofm","status":"publish","type":"archivo","link":"https:\/\/nofm-radio.com\/?archivo=nofm5-cinco-entrevistas-memorables-en-nofm","title":{"rendered":"#NoFM5&#8230; Cinco entrevistas memorables en NoFM"},"content":{"rendered":"<p>Por los micr\u00f3fonos de <strong>NoFM<\/strong> ha pasado mucha gente, muuuucha gente, quiz\u00e1 m\u00e1s que la que deber\u00eda. Pero sin duda hay personajes que han iluminado la cabina, algunos por la gran din\u00e1mica que se arm\u00f3 <strong>al aire<\/strong>, otros por su importancia hist\u00f3rica y algunos m\u00e1s porque la verdad son muy cagados. As\u00ed, en un repaso rel\u00e1mpago por estos cinco a\u00f1os de historia, nos dimos a la dif\u00edcil tarea de elegir las <strong>cinco entrevistas<\/strong> m\u00e1s memorables que se han hecho al aire. Disfruten.<br \/>\n<strong>* La Changa<\/strong><br \/>\nEl a\u00f1o pasado tuvimos historia viva en NoFM. Don <strong>Ram\u00f3n Rojo Villa<\/strong> estuvo en nuestras instalaciones para platicar con el <strong>Tremendo<\/strong>. Tras unas horas de espera porque el maestro atraves\u00f3 la ciudad, <strong>La Changa<\/strong> nos cont\u00f3 de c\u00f3mo empez\u00f3 su carrera como sonidero, c\u00f3mo lo contrataron para su primer toqu\u00edn, qu\u00e9 cumbiones trajo a M\u00e9xico, a qui\u00e9n le heredar\u00e1 el trono y, para rematar, acab\u00f3 recomendando los mejores tacos de la ciudad. Una verdadera delicia.<br \/>\n[audio:http:\/\/nofm-radio.com\/podcast\/2017\/Entrevista_La_Changa.mp3]<br \/>\n<strong>* Camila Moreno<\/strong><br \/>\nUna de las entrevistas m\u00e1s esperadas por nosotros sucedi\u00f3 de la manera m\u00e1s at\u00edpica. Estuvimos semanas cuadrando la visita de <strong>Camila Moreno<\/strong> a NoFM, previa a un par de tocadas en la CDMX, y cuando por fin pudo venir nosotros nos hab\u00edamos sumado al paro por el D\u00eda Internacional de la Mujer. A\u00fan as\u00ed, decidimos, junto con ella, grabar la entrevista para transmitirla al d\u00eda siguiente. En cabina, acompa\u00f1ada \u00fanicamente del gorila mayor, Banjam\u00edn Morales, Camila nos dio un de las entrevistas m\u00e1s bellas en que habl\u00f3 de poes\u00eda, de Chile, de ser madre, y un poco s\u00ed de su discazo <strong><em>Mala madre<\/em><\/strong>.<br \/>\n[audio:http:\/\/nofm-radio.com\/podcast\/2017\/Entrevista_CamilaMoreno_BuenDiaGorilas.mp3]<br \/>\n<strong>* Arturo Hern\u00e1ndez<\/strong><br \/>\nYa varias veces nos han escuchado hablar muy mal del <strong>mercado de la nostalgia<\/strong>: eso de poner en las fiestas las canciones de las caricaturas o clavarnos en lo chido que fue la secu, nos saca un poco de ro\u00f1a. Pero tenemos que aceptar que por all\u00e1 del 2014 nuestro coraz\u00f3n adolescente tuvo un d\u00eda de gran orgullo. El <strong>Yo Voy<\/strong>, de <strong>Claudio Mart\u00ednez<\/strong>, tuvo el placer de entrevistar a una de las voces ic\u00f3nicas para nuestar generaci\u00f3n: <strong>Arturo Hern\u00e1ndez<\/strong>, conductor fundador de <strong>MTV Latinoam\u00e9rica<\/strong>. Y la neta es que s\u00ed nos emocionamos al estar departiendo con el tipo que nos present\u00f3 un mont\u00f3n de rolas que nos tienen ac\u00e1 manteniendo esta estaci\u00f3n. Arturo volvi\u00f3 despu\u00e9s, ya con los <strong>Superc\u00edvicos<\/strong>, pero esa primera vez s\u00ed fue como cumplirle un deseo a los pubertos que ya queremos enterrar.<br \/>\n[audio:http:\/\/nofm-radio.com\/podcast\/2014\/Yo_Voy_23032014z.mp3]<br \/>\n<strong>* Mariana Favela<\/strong><br \/>\nEn diciembre de 2013 los \u00e1nimos no andaban muy festivos, el primer a\u00f1o de <strong>Enrique Pe\u00f1a Nieto<\/strong> en el poder se hab\u00eda encargado de demostrar que el <strong>PRI<\/strong> estaba de vuelta. A pocos d\u00edas de cerrar las transmisiones del a\u00f1o, Claudio Mart\u00ednez recibi\u00f3 a nuestra querida y siempre brillante <strong>Mariana Favela<\/strong>, quien nos regal\u00f3 un momento para pensar en c\u00f3mo quer\u00edamos seguir y para d\u00f3nde jalar. <em>&#8220;La felicidad como un principio de organizaci\u00f3n pol\u00edtica es buscar una vida digna. Esa dignidad humana que pasa por la dignidad de los dem\u00e1s, y que rompe completamente con la l\u00f3gica capitalista en que uno se beneficia con la explotaci\u00f3n de los otros. Hay que romper con la idea de que no podemos hacer nada&#8221;<\/em>, son palabras que siguen\u00a0resonando cada vez que nos da por perguntarnos para qu\u00e9 hacemos esto y c\u00f3mo hacer para seguir viviendo en este pa\u00eds.<br \/>\n[audio:http:\/\/nofm-radio.com\/podcast\/2014\/Yo_Voy_13122013.mp3]<br \/>\n<strong>* Radio Venceremos<\/strong><br \/>\nHay veces que uno busca hacer historia en cabina y otras en que la Historia visita la cabina. Uno de los momentos m\u00e1s importantes de NoFM fue cuando el se\u00f1or <strong>Carlos Henr\u00edquez Consalvi<\/strong>, <strong>Santiago<\/strong>, fundador de <strong>Radio Venceremos<\/strong>, visit\u00f3 <strong>Mancha<\/strong>. Santiago habl\u00f3 de la hist\u00f3rica radio de la resistencia salvadore\u00f1a, pero sobre todo de abrir y defender espacios, f\u00edsicos y emotivos, de defender nuestro derecho de decir y de saber. Fue brutal tener un trozo vivo de la historia de <strong>Latinoam\u00e9rica<\/strong>, y a un maestro de la \u00e9tica y el respeto que merece un medio de comunicaci\u00f3n que lucha por su derecho de estar al aire.<br \/>\n[audio:http:\/\/nofm-radio.com\/podcast\/2014\/Mancha_20032015_Radio_Venceremos.mp3]<br \/>\nAs\u00ed es, muchachos y muchachas, estos son nuestras entrevistas favoritas de los cinco a\u00f1os que llevamos. Agradeceremos siempre a las personas que nos visitan en cabina y que, en gran medida, han determinado lo que pasa en ella tras su partida.<\/p>\n","protected":false},"template":"","meta":{"_id_youtube":"","_id_vimeo":"","_podcasts_duration":"","_podcasts_url":"","_podcasts_show":"","_prog_horario_dias":"","_prog_hora":"","_prog_duration":""},"class_list":["post-25374","archivo","type-archivo","status-publish","hentry"],"_links":{"self":[{"href":"https:\/\/nofm-radio.com\/index.php?rest_route=\/wp\/v2\/archivo\/25374","targetHints":{"allow":["GET"]}}],"collection":[{"href":"https:\/\/nofm-radio.com\/index.php?rest_route=\/wp\/v2\/archivo"}],"about":[{"href":"https:\/\/nofm-radio.com\/index.php?rest_route=\/wp\/v2\/types\/archivo"}],"wp:attachment":[{"href":"https:\/\/nofm-radio.com\/index.php?rest_route=%2Fwp%2Fv2%2Fmedia&parent=25374"}],"curies":[{"name":"wp","href":"https:\/\/api.w.org\/{rel}","templated":true}]}}