{"id":25447,"date":"2017-09-18T20:26:32","date_gmt":"2017-09-19T01:26:32","guid":{"rendered":"http:\/\/nofm-radio.com\/?p=25447"},"modified":"2017-09-18T20:26:32","modified_gmt":"2017-09-19T01:26:32","slug":"altiro-hombres-del-mundo-para-atras-y-sus-por-ques","status":"publish","type":"archivo","link":"https:\/\/nofm-radio.com\/?archivo=altiro-hombres-del-mundo-para-atras-y-sus-por-ques","title":{"rendered":"#AlTiro. Hombres del mundo, para atr\u00e1s (y sus porqu\u00e9s)"},"content":{"rendered":"<p>Empecemos por lo importante, lo verdaderamente importante: <strong>Mara Castilla<\/strong> fue asesinada. En <strong>M\u00e9xico<\/strong> este titular ya no puede ser, ni debemos dejar que sea, despreciado u opacado. Sin embargo, pas\u00f3. La <strong>marcha<\/strong> que el <strong>domingo 17 de septiembre<\/strong> se llev\u00f3 a cabo fue coptada por el &#8220;rechazo&#8221; al periodista <strong>Jenaro Villamil<\/strong>. Se pueden arguir muchos puntos a favor y muchos en contra, sin embargo algo es claro: frente a instrucciones dadas, el respeto y el profesionalismo deben imperar.<br \/>\nPor si tuvieron la cabeza en un agujero ese d\u00eda, aqu\u00ed una probadita muy sesgada de lo que pas\u00f3:<\/p>\n<blockquote class=\"twitter-tweet\" data-lang=\"es\">\n<p dir=\"ltr\" lang=\"es\"><a href=\"https:\/\/twitter.com\/hashtag\/MarchaporMara?src=hash\">#MarchaporMara<\/a><br \/>\nRadicales sacan del contingente al periodista <a href=\"https:\/\/twitter.com\/jenarovillamil\">@jenarovillamil<\/a> y lanzan agua a los reporteros <a href=\"https:\/\/t.co\/VHl4kyLP6f\">https:\/\/t.co\/VHl4kyLP6f<\/a> <a href=\"https:\/\/t.co\/E1kHC3iMSy\">pic.twitter.com\/E1kHC3iMSy<\/a><\/p>\n<p>\u2014 Efekto Noticias (@EfektoNoticias) <a href=\"https:\/\/twitter.com\/EfektoNoticias\/status\/909491769963716608\">17 de septiembre de 2017<\/a><\/p><\/blockquote>\n<p><script src=\"\/\/platform.twitter.com\/widgets.js\" async=\"\" charset=\"utf-8\"><\/script><a class=\"no-eff img-link lightbox\" href=\"http:\/\/nofm-radio.com\/wp-content\/uploads\/2017\/09\/jenaro.jpg\"><img loading=\"lazy\" decoding=\"async\" class=\"size-full wp-image-25448 aligncenter\" src=\"http:\/\/nofm-radio.com\/wp-content\/uploads\/2017\/09\/jenaro.jpg\" alt=\"jenaro\" width=\"480\" height=\"336\" \/><\/a><\/p>\n<blockquote class=\"twitter-tweet\" data-lang=\"es\"><p>\n<a href=\"https:\/\/twitter.com\/hashtag\/YoSoyMara?src=hash\">#YoSoyMara<\/a>. <a href=\"https:\/\/twitter.com\/hashtag\/ViveSinMiedo?src=hash\">#ViveSinMiedo<\/a>. Solo es lamentable que algunas compa\u00f1eras no entiendan que un periodista ejerce su profesi\u00f3n y las apoya. \u2014 Jenaro Villamil (@jenarovillamil) <a href=\"https:\/\/twitter.com\/jenarovillamil\/status\/909503210255114240\">17 de septiembre de 2017<\/a>\n<\/p><\/blockquote>\n<p><script src=\"\/\/platform.twitter.com\/widgets.js\" async=\"\" charset=\"utf-8\"><\/script><br \/>\nAhora, m\u00e1s all\u00e1 de lo indignante de la discusi\u00f3n y lo f\u00e1cil que es perder <strong>el foco en la v\u00edctima<\/strong>, hemos notado que casi ning\u00fan hombre entiende qu\u00e9 pas\u00f3. Ni entienden el hecho de que hay <strong>reglas a seguir seg\u00fan la organizaci\u00f3n de una marcha<\/strong>, o simple y llanamente les pesa much\u00edsimo no tener la posibilidad de estar en donde quieran y cuando quieran por el simple hecho de no ser parte de esa otra y tan mentada &#8220;<em>bolsa<\/em>&#8221; de la que nadie quiere ser parte.<br \/>\nPensando en esto, recopilamos 8 opiniones chingonas sobre el famoso separatismo de la <strong>marcha feminista<\/strong>. 8 opiniones que debemos entender, porque a los hombres nadie les est\u00e1 pidiendo ayuda ni permiso, sino que escuchen y dejen de forzar todas las manifestaciones de poder popular a su imagen y semejanza.<br \/>\n<strong>\u00bfPor qu\u00e9 no queremos onvres en las marchas feministas?, de Karen Cymerman<\/strong><br \/>\n<em>Siempre es lo mismo con los onvres. Siempre. Hasta cuando salimos a marchar por nosotras y para exigir al Estado y a la sociedad que nos miren como personas, tenemos que hablar de hombres. Tenemos que justificar por qu\u00e9 \u201cno se nos antoja\u201d marchar con ellos. Tenemos que tener su aprobaci\u00f3n, asegurarnos de que no les molesta que salgamos entre nosotras (no solas).<\/em> <strong><a href=\"http:\/\/antesdeeva.com\/queremos-onvres-en-las-marchas-feministas\/?utm_content=bufferf57d8&amp;utm_medium=social&amp;utm_source=twitter.com&amp;utm_campaign=buffer\" target=\"_blank\" rel=\"noopener noreferrer\">Sigue leyendo aqu\u00ed.<\/a><br \/>\n<\/strong><\/p>\n<blockquote class=\"twitter-tweet\" data-lang=\"es\">\n<p dir=\"ltr\" lang=\"es\">A ver, ONVRES, hay muchos espacios que son &#8220;solo para mujeres&#8221; a los cuales ustedes no est\u00e1n insisistiendo en entrar, por ejemplo:<\/p>\n<p>\u2014 Catalinapordi\u00f3s (@catalinapordios) <a href=\"https:\/\/twitter.com\/catalinapordios\/status\/909805669943070720\">18 de septiembre de 2017<\/a><\/p><\/blockquote>\n<p><script src=\"\/\/platform.twitter.com\/widgets.js\" async=\"\" charset=\"utf-8\"><\/script><strong>No es tan dif\u00edcil de entender: en una marcha de mujeres no queremos protagonismos de hombres, de Hebzoariba Hern\u00e1ndez G\u00f3mez<\/strong><br \/>\n<em>\u00bfPor qu\u00e9 los hombres deben marchar en la parte de atr\u00e1s en una protesta organizada por mujeres? Porque en esas marchas somos las mujeres quienes tomamos el espacio p\u00fablico, ese que siempre est\u00e1 ocupado por los hombres, y porque no es necesario su protagonismo.<\/em> <strong><a href=\"https:\/\/plumasatomicas.com\/2017\/09\/marcha-mujeres-feminismo-contingente-separatista\/\" target=\"_blank\" rel=\"noopener noreferrer\">Sigue leyendo aqu\u00ed.<\/a><\/strong><\/p>\n<blockquote class=\"twitter-tweet\" data-lang=\"es\"><p>\nLo m\u00e1s duro de todo es que una movilizaci\u00f3n de mujeres, tratando de vivir termine teniendo como tema lo que piensan y sienten los hombres. \u2014 Violeta Horcasitas (@violetajajaja) <a href=\"https:\/\/twitter.com\/violetajajaja\/status\/909503195029884930\">17 de septiembre de 2017<\/a>\n<\/p><\/blockquote>\n<p><script src=\"\/\/platform.twitter.com\/widgets.js\" async=\"\" charset=\"utf-8\"><\/script><br \/>\n<strong>Con peras y manzanas: Mara Castilla y nuestro machismo, de Esteban Illades<\/strong><br \/>\n<em>Por eso, por tratarse de una secci\u00f3n de temas importantes, es que hoy tenemos que hablar del feminicidio de Mara Castilla. Es imposible no tratar otra cosa esta semana. Hay que aprovechar esta plataforma para hablar de varias cosas que nos tienen que entrar a la cabeza a los hombres, y que tenemos que entender a la de ya. <\/em><strong><a href=\"http:\/\/www.sopitas.com\/795898-peras-manzanas-mara-castilla-machismo\/\" target=\"_blank\" rel=\"noopener noreferrer\">Sigue leyendo aqu\u00ed.<\/a><\/strong><\/p>\n<blockquote class=\"twitter-tweet\" data-lang=\"es\">\n<p dir=\"ltr\" lang=\"es\">El vernos forzadas a pedagogizar a hombres necios: otra labor emocional que no nos deber\u00eda tocar&#8230; aprendan a escuchar, aprendan solitos.<\/p>\n<p>\u2014 MarinaAzahua (@azahua) <a href=\"https:\/\/twitter.com\/azahua\/status\/909773542073470976\">18 de septiembre de 2017<\/a><\/p><\/blockquote>\n<p><script src=\"\/\/platform.twitter.com\/widgets.js\" async=\"\" charset=\"utf-8\"><\/script><strong>Qu\u00e9 cansado es cuidar las susceptibilidades masculinas, de Ana G. Gonz\u00e1lez<\/strong><br \/>\n<em>Una de las cosas que m\u00e1s me gustan de la Liga Peatonal es que decimos &#8220;la revoluci\u00f3n urbana ser\u00e1 feminista o no ser\u00e1&#8221;. Para ser parte de se necesita tener perspectiva de g\u00e9nero, o por lo menos tener apertura hacia los feminismos. Este marzo nos organizamos e hicimos una serie de foros con perspectiva de g\u00e9nero bajo el nombre de #LasDeLaMovilidad. El punto de los foros es entablar un di\u00e1logo entre mujeres que hacen cosas de ciudad y de movilidad. En uno de los foros surgi\u00f3 la cuesti\u00f3n de los grupos exclusivos de mujeres. <\/em><strong><a href=\"http:\/\/www.huffingtonpost.com.mx\/ana-g-gonzalez\/que-cansado-es-cuidar-las-susceptibilidades-masculinas_a_22013169\/\" target=\"_blank\" rel=\"noopener noreferrer\">Sigue leyendo aqu\u00ed.<\/a> <\/strong><\/p>\n<blockquote class=\"twitter-tweet\" data-lang=\"es\"><p>\nMedios nacionales e internacionales: env\u00eden a mujeres corresponsales a las marchas. No a sus machos que no entienden el separatismo. \u2014 Alejandra Ar\u00e9valo (@soy_sputnik) <a href=\"https:\/\/twitter.com\/soy_sputnik\/status\/909528040186691584\">17 de septiembre de 2017<\/a>\n<\/p><\/blockquote>\n<p><script src=\"\/\/platform.twitter.com\/widgets.js\" async=\"\" charset=\"utf-8\"><\/script><\/p>\n","protected":false},"template":"","meta":{"_id_youtube":"","_id_vimeo":"","_podcasts_duration":"","_podcasts_url":"","_podcasts_show":"","_prog_horario_dias":"","_prog_hora":"","_prog_duration":""},"class_list":["post-25447","archivo","type-archivo","status-publish","hentry"],"_links":{"self":[{"href":"https:\/\/nofm-radio.com\/index.php?rest_route=\/wp\/v2\/archivo\/25447","targetHints":{"allow":["GET"]}}],"collection":[{"href":"https:\/\/nofm-radio.com\/index.php?rest_route=\/wp\/v2\/archivo"}],"about":[{"href":"https:\/\/nofm-radio.com\/index.php?rest_route=\/wp\/v2\/types\/archivo"}],"wp:attachment":[{"href":"https:\/\/nofm-radio.com\/index.php?rest_route=%2Fwp%2Fv2%2Fmedia&parent=25447"}],"curies":[{"name":"wp","href":"https:\/\/api.w.org\/{rel}","templated":true}]}}