{"id":25672,"date":"2017-10-16T17:10:37","date_gmt":"2017-10-16T22:10:37","guid":{"rendered":"http:\/\/nofm-radio.com\/?p=25672"},"modified":"2017-10-16T17:10:37","modified_gmt":"2017-10-16T22:10:37","slug":"homenaje-a-eugenio-polgovsky","status":"publish","type":"archivo","link":"https:\/\/nofm-radio.com\/?archivo=homenaje-a-eugenio-polgovsky","title":{"rendered":"Homenaje a Eugenio Polgovsky"},"content":{"rendered":"<p>El pr\u00f3ximo <strong>mi\u00e9rcoles 18 de octubre<\/strong>, a las <strong>18:30<\/strong> se llevar\u00e1 a cabo el primer homenaje cinematogr\u00e1fico a <strong>Eugenio Polgovsky Ezcurra<\/strong> <strong>(Ciudad de M\u00e9xico, 29 de junio de 1977-Londres, 11 de agosto de 2017\u200b)<\/strong>, con la proyecci\u00f3n del documental <strong>Resurrecci\u00f3n (2016)<\/strong>, en la <strong>sala Julio Bracho<\/strong> del <strong>Centro Cultural Universitario<\/strong>. Para presentar la pel\u00edcula y discutir el trabajo de Eugenio se contar\u00e1 con la participaci\u00f3n de <strong>Nicol\u00e1s Echevarr\u00eda<\/strong>, <strong>Michel Lipkes<\/strong> y <strong>Enrique Enciso<\/strong>, este \u00faltimo, miembro del <strong>Colectivo Salto del Agua<\/strong>.<br \/>\n<iframe loading=\"lazy\" width=\"560\" height=\"315\" src=\"https:\/\/www.youtube.com\/embed\/3MbhhPumIc0\" frameborder=\"0\" allowfullscreen><\/iframe><br \/>\nEl <strong>documental<\/strong> es una importante herramienta de reflexi\u00f3n sobre nuestra realidad, que toma como punto de partida la contaminaci\u00f3n descontrolada del <strong>R\u00edo Santiago<\/strong>, en <strong>Jalisco<\/strong>. El antes conocido como el \u201c<strong>Ni\u00e1gara mexicano<\/strong>\u201d, ahora es un <strong>vertedero t\u00f3xico<\/strong>, el cauce de un <strong>ecocidio<\/strong> lento e impune, que ha terminado con buena parte de la vida al interior de sus aguas, as\u00ed como a sus orillas: plantas, animales, gente, a quien se le ha arrebatado la oportunidad de continuar la memoria de aquel para\u00edso, de convivir en armon\u00eda con el espacio natural de sus antepasados, quienes tambi\u00e9n obten\u00edan del r\u00edo su sustento. Hoy, el caudal del <strong>R\u00edo Santiago<\/strong> contiene <strong>1090 contaminantes<\/strong>, de los cuales 100 son persistentes: lo recorren sin descanso.<br \/>\n<iframe loading=\"lazy\" width=\"560\" height=\"315\" src=\"https:\/\/www.youtube.com\/embed\/4EGvbqw_X7A\" frameborder=\"0\" allowfullscreen><\/iframe><br \/>\nEste <strong>documental<\/strong> es tan honesto como lo fue <strong>Eugenio<\/strong>. En \u00e9l tambi\u00e9n fluye su mirada po\u00e9tica, la belleza de su arte; una fuerza continua que busca sanar aquel cuerpo de agua, as\u00ed como los lazos entre nuestra sociedad, en cuyo entramado se sostiene a\u00fan la posibilidad de una realidad digna para la naturaleza y los seres humanos.<br \/>\nLa proyecci\u00f3n del 18 de octubre servir\u00e1 tambi\u00e9n para homenajear a Eugenio, charlando sobre su trabajo y <strong>legado cinematogr\u00e1fico<\/strong>. <strong>Resurrecci\u00f3n (2016)<\/strong> estar\u00e1 en la cartelera de la <strong>U.N.A.M.<\/strong> durante toda la tercera semana de octubre, antes de su estreno comercial.<br \/>\n<a href=\"http:\/\/nofm-radio.com\/wp-content\/uploads\/2017\/10\/imagen.png\" class=\"no-eff img-link lightbox\" ><img loading=\"lazy\" decoding=\"async\" src=\"http:\/\/nofm-radio.com\/wp-content\/uploads\/2017\/10\/imagen.png\" alt=\"imagen\" width=\"1133\" height=\"727\" class=\"alignnone size-full wp-image-25673\" \/><\/a><\/p>\n","protected":false},"template":"","meta":{"_id_youtube":"","_id_vimeo":"","_podcasts_duration":"","_podcasts_url":"","_podcasts_show":"","_prog_horario_dias":"","_prog_hora":"","_prog_duration":""},"class_list":["post-25672","archivo","type-archivo","status-publish","hentry"],"_links":{"self":[{"href":"https:\/\/nofm-radio.com\/index.php?rest_route=\/wp\/v2\/archivo\/25672","targetHints":{"allow":["GET"]}}],"collection":[{"href":"https:\/\/nofm-radio.com\/index.php?rest_route=\/wp\/v2\/archivo"}],"about":[{"href":"https:\/\/nofm-radio.com\/index.php?rest_route=\/wp\/v2\/types\/archivo"}],"wp:attachment":[{"href":"https:\/\/nofm-radio.com\/index.php?rest_route=%2Fwp%2Fv2%2Fmedia&parent=25672"}],"curies":[{"name":"wp","href":"https:\/\/api.w.org\/{rel}","templated":true}]}}