{"id":25677,"date":"2017-10-17T14:01:22","date_gmt":"2017-10-17T19:01:22","guid":{"rendered":"http:\/\/nofm-radio.com\/?p=25677"},"modified":"2017-10-17T14:01:22","modified_gmt":"2017-10-17T19:01:22","slug":"bastidores-un-documental-colectivo-sobre-la-singularidad-en-el-arte","status":"publish","type":"archivo","link":"https:\/\/nofm-radio.com\/?archivo=bastidores-un-documental-colectivo-sobre-la-singularidad-en-el-arte","title":{"rendered":"Bastidores, un documental colectivo sobre la singularidad en el arte"},"content":{"rendered":"<p>Pareciera que cuando hablamos de <strong>arte<\/strong> hablamos de una inmensa generalidad que toca un sin fin de puntos claves para la humanidad, y hasta cierto grado es cierto. Sin embargo, cuando en ese inmenso pastel uno fija la atenci\u00f3n en los detalles y en las migajas, descubre que en realidad estamos frente a un concierto de individualidades y voces irrepetibles.<br \/>\nJustamente ese es el tema del <strong>documental Bastidores<\/strong>, producido por <strong>H\u00e9ctor Toledo<\/strong> y dirigido por <strong>Ra\u00fal Cuesta<\/strong>. Este trabajo estimulante es un compendio de miradas intensas. Un lente atrapa un ojo que atrapa una est\u00e9tica. Entonces son veinte a los que pretendemos reconocer. Diez cineastas y diez artistas pl\u00e1sticos en di\u00e1logo: <strong>Ra\u00fal Cuesta, Javier P\u00e9laez, Rodrigo VVG, Sof\u00eda Fern\u00e1ndez D\u00edaz, Carlos Mu\u00f1oz, Javier Are\u00e1n, Juliana G\u00f3mez, Andrea Borges, Jorge Hern\u00e1ndez, Agust\u00edn Gonz\u00e1lez, Jan Markowski, Galia Eibenschutz, Ana\u00efs Huerta, Itzamna Reyes, Carlos Mignon, Daniel P\u00e9rez Coronel, Bruno Bancalari, Daniel Lezama, Paulina del Paso y \u00c1lvaro Verduzco<\/strong>.<br \/>\nEn hora y media de <strong>filmaci\u00f3n<\/strong>, el <strong>documental<\/strong> trasciende hacia el <strong>ensayo<\/strong> generando preguntas que tal vez sean respondidas o anuladas en cada uno de los cortos que lo componen intensificando la experiencia del p\u00fablico y sus posibles lecturas. <strong>Bastidores <\/strong>entonces no camina, sino se expande sin orden claro sobre otro bastidor.<br \/>\nDe verdad no se pierdan este trabajo notable que ser\u00e1 proyectado en <strong>DocsMX<\/strong> que se podr\u00e1 ver el Jueves 19 en <strong>Cine Tonal\u00e1<\/strong>, el Viernes 20 en el <strong>Parque M\u00e9xico<\/strong> y el S\u00e1bado 21 en el <strong>Parque Espa\u00f1a<\/strong>.<br \/>\n<a class=\"no-eff img-link lightbox\" href=\"http:\/\/nofm-radio.com\/wp-content\/uploads\/2017\/10\/bastidoresposter_ODI_HR-002.jpg\"><img loading=\"lazy\" decoding=\"async\" class=\"alignnone size-full wp-image-25678\" src=\"http:\/\/nofm-radio.com\/wp-content\/uploads\/2017\/10\/bastidoresposter_ODI_HR-002.jpg\" alt=\"bastidoresposter_ODI_HR-002\" width=\"4004\" height=\"5734\" \/><\/a><\/p>\n","protected":false},"template":"","meta":{"_id_youtube":"","_id_vimeo":"","_podcasts_duration":"","_podcasts_url":"","_podcasts_show":"","_prog_horario_dias":"","_prog_hora":"","_prog_duration":""},"class_list":["post-25677","archivo","type-archivo","status-publish","hentry"],"_links":{"self":[{"href":"https:\/\/nofm-radio.com\/index.php?rest_route=\/wp\/v2\/archivo\/25677","targetHints":{"allow":["GET"]}}],"collection":[{"href":"https:\/\/nofm-radio.com\/index.php?rest_route=\/wp\/v2\/archivo"}],"about":[{"href":"https:\/\/nofm-radio.com\/index.php?rest_route=\/wp\/v2\/types\/archivo"}],"wp:attachment":[{"href":"https:\/\/nofm-radio.com\/index.php?rest_route=%2Fwp%2Fv2%2Fmedia&parent=25677"}],"curies":[{"name":"wp","href":"https:\/\/api.w.org\/{rel}","templated":true}]}}