{"id":25683,"date":"2017-10-17T17:57:54","date_gmt":"2017-10-17T22:57:54","guid":{"rendered":"http:\/\/nofm-radio.com\/?p=25683"},"modified":"2017-10-17T17:57:54","modified_gmt":"2017-10-17T22:57:54","slug":"altiro-8-textos-que-muestran-lo-que-hay-detras-de-yotambien-metoo","status":"publish","type":"archivo","link":"https:\/\/nofm-radio.com\/?archivo=altiro-8-textos-que-muestran-lo-que-hay-detras-de-yotambien-metoo","title":{"rendered":"#AlTiro. 8 textos que muestran lo que hay detr\u00e1s de #YoTambi\u00e9n #MeToo"},"content":{"rendered":"<p>Una vez m\u00e1s, y gracias a un caso de alto perfil como el del productor <strong>Harvey Weinstein<\/strong>, el ojo p\u00fablico se ha concentrado en el cotidiano y normalizado ambiente violento en que las mujeres vivimos. A partir de las denuncias al productor hollywoodense y las respuestas intimidatorias como la que la actriz <strong>Rose McGowan<\/strong> recibi\u00f3 de <strong>Twitter<\/strong> al cancelar su cuenta tras denunciar la complicidad que otros actores hab\u00eda tenido con Weinstein, las redes respondieron reviviendo un movimiento que la activista <strong>Tarana Burke<\/strong> inci\u00f3 hace m\u00e1s de una d\u00e9cada. <strong>#MeToo<\/strong>, que naci\u00f3 para crear empat\u00eda entre v\u00edctimas de abuso sexual, en los \u00faltimos d\u00edas se ha convertido en una forma de mostrar la dimensi\u00f3n de la violencia hacia las mujeres. M\u00e1s all\u00e1 de invitarlos a revisar los testimonios vertidos por las uasuarias de las redes sociales, les dejamos 8 textos que reflexionan acerca de lo que implica incluso salir a dar dichos testimonios.<br \/>\n<strong>* #YoTambi\u00e9n, de Juliana Aba\u00fanza Jaramillo<\/strong><br \/>\n<em>&#8220;Cada vez que recuerdo que no fui capaz de frenar directamente al man, me odio un poquito. Cada vez que pienso en que me qued\u00e9 callada ante la posibilidad de que el tipo haya hecho sentir inc\u00f3modas a otras mujeres que trabajaban en la empresa, me odio un poquito. Cada vez que recuerdo mi decisi\u00f3n de hacerme la loca ante un comportamiento como ese porque qu\u00e9 pereza meterme en el mierdero de una pelea en recursos humanos, me odio un poquito. Cada vez que pienso en mi decisi\u00f3n de seguir trabajando porque \u201cseguro si digo algo, el man se va a poner en contra m\u00eda y me va a echar\u201d, me odio un poquito. Cada vez que me llamo a m\u00ed misma feminista, una vocecita en mi cabeza dice \u201c\u00bfah s\u00ed? \u00bfmuy feminista? \u00bfpor qu\u00e9 entonces no hizo nada esa vez?\u201d y me odio un poquito.&#8221;<\/em> Lee el texto completo publicado en el blog de la autora <strong><a href=\"https:\/\/julianaabaunza.wordpress.com\/2017\/10\/16\/yotambien-metoo\/\" target=\"_blank\" rel=\"noopener noreferrer\">aqu\u00ed<\/a><\/strong>.<br \/>\n<strong>* Me suspendieron de Facebook por mi post #YoTambi\u00e9n, de Deborah Copaken<\/strong><br \/>\n<em>&#8220;Hace 30 a\u00f1os que fotografi\u00e9 la serie &#8216;Shooting Back&#8217;, y finalmente estamos hablando acerca del comportamiento depredador de los hombres hacia las mujeres de una manera distinta, m\u00e1s urgente, gracias al indignante Harvey Weinstein. Eso no ha parado para m\u00ed, ni para ninguna de nosotras. Me quitaron una columna, y un ingreso extra decente, despu\u00e9s de no responder un correo de mi editor, que respond\u00eda a uno m\u00edo preguntando a qu\u00e9 hora empezar\u00eda una fiesta para el staff, con un &#8216;A la 1 pm, \u00bfc\u00f3mo es que nunca me has invitado a salir?&#8217; Pero hasta que Alyssa Milano sugiri\u00f3 el #MeToo, hasta que todas nuestras redes sociales se inundaron con historias del comportamiento inapropiado y abuso de los hombres, no estoy segura de que muchos de ellos de verdad hayan entendido nuestro dolor silencioso: las agresiones, claro, pero tambi\u00e9n el agujero de silencio, la falta de evidencia, el miedo a ser etiquetada como una mujer que gritaba al lobo. S\u00f3lo que esta vez, \u00a1yo ten\u00eda a los lobos para comprobarlo! No s\u00f3lo estaba gritando, se los estaba mostrando a todos. Y entonces, como suele suceder en este interminable juego de lobos y presas, fui\u00a0castigada por exponerlos.&#8221;<\/em> Lee el texto completo publicado en <strong><em>Medium<\/em><\/strong> <strong><a href=\"https:\/\/medium.com\/@dcopaken\/sunday-night-like-so-many-other-women-i-created-a-metoo-post-65574472c33e\" target=\"_blank\" rel=\"noopener noreferrer\">aqu\u00ed<\/a><\/strong>.<br \/>\n<iframe loading=\"lazy\" style=\"border: none; overflow: hidden;\" src=\"https:\/\/www.facebook.com\/plugins\/post.php?href=https%3A%2F%2Fwww.facebook.com%2Ftania.tagle%2Fposts%2F10154728441925870&amp;width=500\" width=\"500\" height=\"257\" frameborder=\"0\" scrolling=\"no\"><\/iframe><br \/>\n<strong>* \u00bfPor qu\u00e9, literalmente no puedo decir #YoTambi\u00e9n?, de Veronica Ruckh<\/strong><br \/>\n<em>&#8220;Me siento culpable de usar esas palabras. Siento que estoy siendo dram\u00e1tica o desesperada por ser parte de la conversaci\u00f3n. Siento que estoy exagerando. Y de verdad, en mi coraz\u00f3n, no s\u00e9 si lo hago. No puedo y no conf\u00edo en mi propio juicio\u00a0sobre las menos que placenteras situaciones que me han pasado en la vida. Nunca ha sido un asunto de que la gente &#8220;no me crea&#8221;. El problema es que apenas puedo &#8220;creerme&#8221; a m\u00ed misma. Y no s\u00e9 qu\u00e9 es lo eso dice de m\u00ed.&#8221;<\/em> Lee el texto completo publicado en <strong><em>Medium<\/em> <a href=\"https:\/\/totalsororitymove.com\/literally-why-cant-i-say-metoo\/\" target=\"_blank\" rel=\"noopener noreferrer\">aqu\u00ed<\/a><\/strong>.<br \/>\n<strong>* Yo tambi\u00e9n fui v\u00edctima de un Harvey Weinstein, de Catalina Ruiz-Navarro<\/strong><br \/>\n<em> &#8220;Lo peor del cuento es que mientras m\u00e1s empoderada se cree uno m\u00e1s culpa siente. Pero ah\u00ed est\u00e1n, Gweneth Paltrow, Angelina Jolie, Mira Sorvino, unas viejas verracas, aspiracionales, hermosas, llenas de poder, en la misma situaci\u00f3n que yo y tantas hemos estado tantas veces. Me duele porque s\u00e9 que la mayor\u00eda de las historias se callan, y porque parece que a veces, solo por ser mujer, no te ven como una persona sino como un pedazo de carne. Me duele porque s\u00e9 que el silencio se debe a que muchas no pueden hablar, por muy buenas razones, empezando por el miedo al desprestigio y al fracaso profesional.&#8221;<\/em> Lee el texto completo publicado en <strong><em>Univisi\u00f3n<\/em> <a href=\"http:\/\/www.univision.com\/entretenimiento\/yo-tambien-fui-victima-de-un-harvey-weinstein\" target=\"_blank\" rel=\"noopener noreferrer\">aqu\u00ed<\/a><\/strong>.<\/p>\n<blockquote class=\"twitter-tweet\" data-lang=\"es\">\n<p dir=\"ltr\" lang=\"es\">Pones <a href=\"https:\/\/twitter.com\/hashtag\/metoo?src=hash&amp;ref_src=twsrc%5Etfw\">#metoo<\/a> en facebook para denunciar el acoso y el abuso sexual y a los diez minutos tengo a uno preguntando \u00bfY los hombres qu\u00e9? <a href=\"https:\/\/t.co\/FmRt5762zK\">pic.twitter.com\/FmRt5762zK<\/a><\/p>\n<p>\u2014 Concepci\u00f3n Perea (@SrtaNicasia) <a href=\"https:\/\/twitter.com\/SrtaNicasia\/status\/920193505749848064?ref_src=twsrc%5Etfw\">17 de octubre de 2017<\/a><\/p><\/blockquote>\n<p><script src=\"\/\/platform.twitter.com\/widgets.js\" async=\"\" charset=\"utf-8\"><\/script><strong>* #YoTambi\u00e9n, y entonces #AhoraQu\u00e9, de Lola Phoenix<\/strong> <em>&#8220;Yo tambi\u00e9n, dir\u00e9, \u00bfy luego qu\u00e9? Me niego a creer que el mundo ignora los abusos, ataques y violaciones generalizados. Me niego a creer que esto es una clase de revelaci\u00f3n que requiere, una vez m\u00e1s, que yo d\u00e9 un paso al frente y descubra por lo que he pasado. Adem\u00e1s de las miradas lastimeras, he sido acusada de usar mis experiencias de ataques sexuales para &#8220;ganar puntos&#8221;. Me han dicho que no me comporto como una persona que ha pasado por una cosa as\u00ed (soy demasiado &#8220;v\u00edctima&#8221;). No se me permite\u00a0tener mis propias experiencias sin que se me diga que a\u00fan no las supero. Sobrevivir a un ataque sexual es caminar en una cuerda floja entre v\u00edctima y sobreviviente; entre ser lo suficientemente fuerte para probar que estoy sana para afirmar con convicci\u00f3n que lo he superado, pero lo suficientemente d\u00e9bil para que la gente se interese por lo que me ha pasado [&#8230;] El problema no es que la gente no sepa. El problema es que aquellos que tienen el poder para hacer algo no se interesan, a menos de que les afecte o que lo puedan usar en su beneficio. No necesito m\u00e1s miradas lastimeras. No necesito m\u00e1s buenos deseos. Necesito que las personas le hablen directamente al poder. Necesito que la gente que est\u00e1 a cargo haga algo. Necesito que esto no sea s\u00f3lo una noticia, que no sea s\u00f3lo sobre Weinstein. Necesito que la gente deje de esperar que yo act\u00fae como una v\u00edctima.&#8221;<\/em> Lee el texto completo publicado en <strong><em>Medium<\/em> <a href=\"https:\/\/medium.com\/@thelolaphoenix\/metoo-so-nowwhat-2ffbd6069fe\" target=\"_blank\" rel=\"noopener noreferrer\">aqu\u00ed<\/a><\/strong>.<\/p>\n<blockquote class=\"twitter-tweet\" data-lang=\"es\"><p>If you\u2019ve been sexually harassed or assaulted write \u2018me too\u2019 as a reply to this tweet. <a href=\"https:\/\/t.co\/k2oeCiUf9n\">pic.twitter.com\/k2oeCiUf9n<\/a> \u2014 Alyssa Milano (@Alyssa_Milano) <a href=\"https:\/\/twitter.com\/Alyssa_Milano\/status\/919659438700670976?ref_src=twsrc%5Etfw\">15 de octubre de 2017<\/a><\/p><\/blockquote>\n<p><script src=\"\/\/platform.twitter.com\/widgets.js\" async=\"\" charset=\"utf-8\"><\/script><\/p>\n","protected":false},"template":"","meta":{"_id_youtube":"","_id_vimeo":"","_podcasts_duration":"","_podcasts_url":"","_podcasts_show":"","_prog_horario_dias":"","_prog_hora":"","_prog_duration":""},"class_list":["post-25683","archivo","type-archivo","status-publish","hentry"],"_links":{"self":[{"href":"https:\/\/nofm-radio.com\/index.php?rest_route=\/wp\/v2\/archivo\/25683","targetHints":{"allow":["GET"]}}],"collection":[{"href":"https:\/\/nofm-radio.com\/index.php?rest_route=\/wp\/v2\/archivo"}],"about":[{"href":"https:\/\/nofm-radio.com\/index.php?rest_route=\/wp\/v2\/types\/archivo"}],"wp:attachment":[{"href":"https:\/\/nofm-radio.com\/index.php?rest_route=%2Fwp%2Fv2%2Fmedia&parent=25683"}],"curies":[{"name":"wp","href":"https:\/\/api.w.org\/{rel}","templated":true}]}}