{"id":25743,"date":"2017-10-20T14:04:49","date_gmt":"2017-10-20T19:04:49","guid":{"rendered":"http:\/\/nofm-radio.com\/?p=25743"},"modified":"2017-10-20T14:04:49","modified_gmt":"2017-10-20T19:04:49","slug":"dime-cuando-voy-a-dartelo-marian-ruzzi-y-su-nuevo-sencillo","status":"publish","type":"archivo","link":"https:\/\/nofm-radio.com\/?archivo=dime-cuando-voy-a-dartelo-marian-ruzzi-y-su-nuevo-sencillo","title":{"rendered":"Dime, Cu\u00e1ndo, -voy a- D\u00e1rtelo: Marian Ruzzi y su nuevo sencillo"},"content":{"rendered":"<p>por <strong>Emiliana Perdomo<\/strong><br \/>\n<a href=\"https:\/\/twitter.com\/emilianita\" target=\"_blank\" rel=\"noopener noreferrer\">@emilianita<\/a><br \/>\n<em><strong>Marian Ruzzi<\/strong> podr\u00eda sonar como un nombre nuevo, pero s\u00f3lo porque los pasteles m\u00e1s ricos que salen del horno requieren tiempo, cuidado y preparaci\u00f3n especial. Cargando un curr\u00edculum asombroso -desde giras con <strong>Julieta Venegas<\/strong> alternando semestre en <strong>Berklee College School of Music<\/strong>, o colaboraciones con <strong>Natalia Lafourcade<\/strong>\u00a0y <strong>Gepe<\/strong>, entre MUCHAS otras- en la mochila, Ruzzi nos presenta ahora el cuarto sencillo de su material debut que est\u00e1 por estrenarse el a\u00f1o que viene. \u201c<strong>Cuando<\/strong>\u201d es el sencillo que estren\u00f3 hoy, viernes 20 de octubre, en una colaboraci\u00f3n con <strong>Alejandro Sergi<\/strong>, compositor y vocalista de <strong>Miranda<\/strong>. Pude entrevistarla brevemente y me platic\u00f3 m\u00e1s a fondo sobre su trabajo y su manera de crear.<\/em><br \/>\n<em><strong>\u00bfMe puedes platicar c\u00f3mo es tu proceso creativo? \u00bfLlegan primero las letras, o las melod\u00edas?<\/strong><\/em><br \/>\nEs imposible saber c\u00f3mo te va a llegar la inspiraci\u00f3n para escribir una canci\u00f3n, para tu proceso creativo. En mi experiencia, casi siempre llega primero la m\u00fasica y luego la letra con la melod\u00eda. Pero puede ser de la otra forma, primero la melod\u00eda, luego letra y luego m\u00fasica o en el orden que la inspiraci\u00f3n decida manifestarse.<br \/>\n<em><strong>Si decimos que una obra se crea a partir de 3 ejes: intuici\u00f3n, imaginaci\u00f3n e inspiraci\u00f3n, \u00bfDesde cu\u00e1l partes t\u00fa, o en cu\u00e1l te apoyas m\u00e1s?<\/strong><\/em><br \/>\nCasi siempre la inspiraci\u00f3n es la que influye m\u00e1s, generalmente desde un pensamiento o una frase que traigo en la cabeza de ah\u00ed me apoyo para escribir.<br \/>\n<em><strong>\u00bfC\u00f3mo fue trabajar con Alejandro Sergi?<\/strong><\/em><br \/>\nMuy relajado y divertido. Ale es una persona muy centrada con su trabajo y sabe qu\u00e9 necesita exactamente una canci\u00f3n para que fluya. Nuestra din\u00e1mica al co-escribir &#8220;Cuando&#8221; fue una tarde en Buenos Aires, le llam\u00e9 y pregunt\u00e9 si querr\u00eda escribir una canci\u00f3n conmigo, dijo que s\u00ed y nos juntamos, llegu\u00e9 con la idea musical y fuimos desarrollando juntos la letra y melod\u00eda. Lo que m\u00e1s me encant\u00f3 fue su manera de grabar voces de coro en una sola toma, las que grab\u00f3 esa tarde de Noviembre en el 2015 en su estudio son las que se quedaron en el resultado final de la canci\u00f3n.<br \/>\nRecuerdo que no nos sal\u00eda el coro, tomamos una pausa y fuimos a la cocina. \u00c9l hizo un licuado de prote\u00edna muy rico, lo tomamos y regresamos a sentarnos a tratar de descubrir el coro y sali\u00f3 as\u00ed como si el licuado nos hubiese ayudado.<br \/>\n<a class=\"no-eff img-link lightbox\" href=\"http:\/\/nofm-radio.com\/wp-content\/uploads\/2017\/10\/marian4.jpg\"><img loading=\"lazy\" decoding=\"async\" class=\"alignnone size-full wp-image-25744\" src=\"http:\/\/nofm-radio.com\/wp-content\/uploads\/2017\/10\/marian4.jpg\" alt=\"marian4\" width=\"5233\" height=\"3488\" \/><\/a><br \/>\n<em><strong>\u00bfMe puedes contar alguna an\u00e9cdota de tu historial trabajando con otros m\u00fasicos, que te signifique mucho para tu producci\u00f3n personal?<\/strong><\/em><br \/>\nTengo muy en mi cabeza y guardo con mucho cari\u00f1o el recuerdo de cuando escrib\u00ed junto a Natalia Lafourcade los arreglos de cuerdas para su disco <em>Hasta La Ra\u00edz.<\/em>\u00a0Nos sent\u00e1bamos en su casa, yo en la computadora y ella al piano. Aprend\u00ed much\u00edsimo de ella esas tardes que nos clav\u00e1bamos con cada frase de cada viol\u00edn o cello en cada parte de cada canci\u00f3n.<br \/>\n<em><strong>&#8220;Cuando&#8221; suena dentro de una atm\u00f3sfera casi on\u00edrica, sabemos que trata sobre las dudas y el amor propio, pero \u00bfhay en ella una petici\u00f3n al otro, una historia? \u00bfTus composiciones abordan narrativas para los otros o son m\u00e1s personale<\/strong><\/em>s?<br \/>\nLa mayor\u00eda son m\u00e1s personales, de experiencias que voy acumulando. &#8220;Cuando&#8221; es una canci\u00f3n de auto-cuestionamiento. A cu\u00e1ndo piensas ser honesto contigo mismo y simplemente ser t\u00fa, ser como eres. Sin que te importe lo que piensen los dem\u00e1s, valiendote madres, b\u00e1sicamente.<br \/>\n<em><strong>\u00bfExiste alg\u00fan tema del que decides no hablar, o alguna constante en tu trabajo que omitas?<\/strong><\/em><br \/>\nEstoy muy orgullosa de lo que he trabajado, con qui\u00e9nes y para qui\u00e9nes he trabajado y logrado hasta hoy, pero no como artista \u00edntegra o solista a\u00fan.\u00a0He trabajado con muchos artistas como su m\u00fasico de show\/sesi\u00f3n. Estoy un poco cansada que me pregunten acerca de mi pasado. Preferir\u00eda enfocarme m\u00e1s en mi m\u00fasica y en lo que sigue, en lugar de lo que ya fue.<br \/>\n<em><strong>Por \u00faltimo, si pudieras elegir en este momento un dueto con cualquier artista, vivo o muerto, \u00bfqui\u00e9n ser\u00eda? \u00bfQu\u00e9 te gustar\u00eda aprender o compartir con \u00e9l\/ella?<\/strong><\/em><br \/>\nJohn Lennon. Soy muy fan de los Beatles pero \u00e9l es mi preferido y me gusta su filosof\u00eda del amor. Me gustar\u00eda poder sentarnos a tocar el piano, nada m\u00e1s.<br \/>\n<em>Ruzzi viene con todo para el pr\u00f3ximo a\u00f1o, para muestra dejo ac\u00e1 \u201c<strong>D\u00e1rtelo<\/strong>\u201d, una canci\u00f3n en colaboraci\u00f3n con Gepe. Todo el material de Ruzzi estar\u00e1 circulando en nuestra programaci\u00f3n para que reciban ustedes un gui\u00f1o de la calidad con la que trabaja Marian. El videoclip de \u201cCuando\u201d se estrenar\u00e1 tambi\u00e9n dentro de poco y, por supuesto, estaremos al pendiente, atentos al derroche de talento de esta bella chihuahuense.<\/em><br \/>\n<iframe loading=\"lazy\" width=\"560\" height=\"315\" src=\"https:\/\/www.youtube.com\/embed\/2tuCI6lhsCY\" frameborder=\"0\" allowfullscreen><\/iframe><br \/>\n<iframe loading=\"lazy\" src=\"https:\/\/open.spotify.com\/embed\/album\/66fENsFQTzzEH4x49hTa2C\" width=\"300\" height=\"380\" frameborder=\"0\" allowtransparency=\"true\"><\/iframe><br \/>\n&nbsp;<br \/>\n<a class=\"no-eff img-link lightbox\" href=\"http:\/\/nofm-radio.com\/wp-content\/uploads\/2017\/10\/Ruzzi.jpg\"><img loading=\"lazy\" decoding=\"async\" class=\"alignnone size-full wp-image-25746\" src=\"http:\/\/nofm-radio.com\/wp-content\/uploads\/2017\/10\/Ruzzi.jpg\" alt=\"Ruzzi\" width=\"1200\" height=\"1200\" \/><\/a><\/p>\n","protected":false},"template":"","meta":{"_id_youtube":"","_id_vimeo":"","_podcasts_duration":"","_podcasts_url":"","_podcasts_show":"","_prog_horario_dias":"","_prog_hora":"","_prog_duration":""},"class_list":["post-25743","archivo","type-archivo","status-publish","hentry"],"_links":{"self":[{"href":"https:\/\/nofm-radio.com\/index.php?rest_route=\/wp\/v2\/archivo\/25743","targetHints":{"allow":["GET"]}}],"collection":[{"href":"https:\/\/nofm-radio.com\/index.php?rest_route=\/wp\/v2\/archivo"}],"about":[{"href":"https:\/\/nofm-radio.com\/index.php?rest_route=\/wp\/v2\/types\/archivo"}],"wp:attachment":[{"href":"https:\/\/nofm-radio.com\/index.php?rest_route=%2Fwp%2Fv2%2Fmedia&parent=25743"}],"curies":[{"name":"wp","href":"https:\/\/api.w.org\/{rel}","templated":true}]}}