{"id":25767,"date":"2017-10-23T14:29:49","date_gmt":"2017-10-23T19:29:49","guid":{"rendered":"http:\/\/nofm-radio.com\/?p=25767"},"modified":"2017-10-23T14:29:49","modified_gmt":"2017-10-23T19:29:49","slug":"alegria-escandinava-entrevista-con-kommode","status":"publish","type":"archivo","link":"https:\/\/nofm-radio.com\/?archivo=alegria-escandinava-entrevista-con-kommode","title":{"rendered":"Alegr\u00eda escandinava. Entrevista con Kommode"},"content":{"rendered":"<p>por <strong>Ana Mart\u00ednez de Buen<\/strong><br \/>\n<a href=\"https:\/\/twitter.com\/Anamdb\" rel=\"noopener noreferrer\" target=\"_blank\">@Anamdb<\/a><br \/>\n<em>Los g\u00e9neros son un hecho, no una necesidad; los tenemos porque nada en este mundo est\u00e1 aislado<\/em>. As\u00ed comienza el statement de la banda <strong>Kommode<\/strong> para su primer \u00e1lbum <strong>Analog Dance Music<\/strong>. El proyecto es liderado por <strong>Eirik Glambek B\u00f8e<\/strong> (<strong>Kings Of Convenience<\/strong>) y <strong>\u00d8ystein Gj\u00e6rder Bruvik<\/strong> (<strong>Skog<\/strong>), apuesta por crear toda la m\u00fasica con instrumentos para que las notas sean sutilmente distintas, a diferencia de la m\u00fasica electr\u00f3nica donde la exactitud de cada nota es determinada por una se\u00f1al que representa matem\u00e1ticamente un sonido.<br \/>\nSuenan a lo que imaginamos como <strong>alegr\u00eda escandinava<\/strong>: se baila con gusto y sin perder control del cuerpo, celebra sin caer en la complacencia, ofrece melod\u00edas ordenadas y bellas que acompa\u00f1an letras que con una voz muy suave nos cantan al o\u00eddo \u201c<em>no, no quiero ser el capit\u00e1n de tu barco naufragante<\/em>\u201d. Tenemos la suerte de que esa voz (<strong>Eirik Glambek B\u00f8e<\/strong>) nos contestara unas preguntas.<br \/>\n<iframe loading=\"lazy\" width=\"560\" height=\"315\" src=\"https:\/\/www.youtube.com\/embed\/Uinb5-lNmAA\" frameborder=\"0\" allowfullscreen><\/iframe><br \/>\n<strong>\u00bfC\u00f3mo reunieron a los m\u00fasicos que colaboraron en el \u00e1lbum con ustedes?<\/strong><br \/>\n<em>EGB: La base de la banda somos <strong>\u00d8ystein<\/strong>, <strong>Anders<\/strong> y yo. <strong>\u00d8ystein<\/strong> toca la guitarra y hace coros, <strong>Anders<\/strong> toca percusiones y yo hago un poco de todo. Cuando grabamos le llamamos a amigos y a amigos de amigos y vinieron al estudio. <strong>Bergen<\/strong> es una ciudad peque\u00f1a con una impresionante cantidad de m\u00fasicos. Y una vibra muy colectiva.<\/em><br \/>\nEl proyecto tiene una gran identidad audiovisual creada por <strong>[Fill in] Productions<\/strong> con videos que trazan una l\u00ednea clara: la colectividad se puede celebrar en espacios \u00edntimos. Los escenarios son sus propias casas, con una iluminaci\u00f3n hermosa y bien cuidada, dando peso a los espacios cotidianos que habitamos acompa\u00f1ados.<br \/>\n<strong>En un \u00e1lbum que celebra los espacios \u00edntimos, \u00bfc\u00f3mo imaginas que los escuchas mexicanos se apropiar\u00e1n de estos sonidos?<\/strong><br \/>\n<em>EGB: El \u00e1lbum es extrovertido e introvertido al mismo tiempo. Mi experiencia es que a los mexicanos les gusta el ruido y la fiesta, pero tambi\u00e9n van a casa solos y piensan sobre la vida, todos lo hacemos. Tratamos de hacer <strong>ADM<\/strong> un \u00e1lbum que funciona en el club o la fiesta, o escuch\u00e1ndolo solo en casa. Tratamos de hacerlo pegadizo y complejo.<\/em><br \/>\n<iframe loading=\"lazy\" width=\"560\" height=\"315\" src=\"https:\/\/www.youtube.com\/embed\/C_vGGuhA0kg\" frameborder=\"0\" allowfullscreen><\/iframe><br \/>\nMe parece que esta complejidad mencionada est\u00e1 en un sitio muy peculiar, alejado del malentendido de que complejo es igual a complicado. Lo interesante de este \u00e1lbum es esa transici\u00f3n que hacemos de un espacio a otro. Tiene raz\u00f3n, es un \u00e1lbum pegadizo que se quedar\u00e1 en tu cabeza por d\u00edas, tiempo en el que vivir\u00e1s como siempre, como todas las semanas. Las canciones tendr\u00e1n sentido al despertarte, al sentarte frente a la computadora, viajando en metro, lavando los trastes o tom\u00e1ndote una chela con tus amigos. Tendr\u00e1n sentido no s\u00f3lo por las historias que cuentan las letras, sino por la sensaci\u00f3n que provoca el conjunto de colores, ritmos y melod\u00edas que construyen el \u00e1lbum, y que encajan sin problema en tu vida diaria.<br \/>\n<strong>Hablas de cierta cualidad t\u00e1ctil en su m\u00fasica, \u00bfpodr\u00edas nombrar 8 objetos que te hayan inspirado a trav\u00e9s del tacto?<\/strong><br \/>\n<em>EGB: \u00a1Gran pregunta! Pero no s\u00e9 si pueda nombrar 8. Me encantan las cosas que se sienten bien entre mis manos. Creo que el tacto es nuestro sentido m\u00e1s olvidado en estos d\u00edas. Esta es una entrevista seria, as\u00ed que me saltar\u00e9 el subtexto er\u00f3tico de la respuesta y pasar\u00e9 r\u00e1pidamente a la siguiente parte. Me encanta la madera, especialmente la de mis guitarras, y la sensaci\u00f3n de tocar las teclas del piano de 120 a\u00f1os que est\u00e1 en casa de mi mam\u00e1, amo las tazas de cer\u00e1mica hechas a mano y la ropa hecha de lana. Esas fueron cinco. Ok. Y amo los libros de papel y los peri\u00f3dicos. Ok, esas fueron 6.<\/em><br \/>\n<strong>Analog Dance Music<\/strong> ya se encuentra en <strong>Apple Music<\/strong>, <strong>Tidal<\/strong> y <strong>Spotify<\/strong>. <a href=\"http:\/\/www.kommode.band\/ \" rel=\"noopener noreferrer\" target=\"_blank\">Tambi\u00e9n pueden visitar la p\u00e1gina oficial de <strong>Kommode<\/strong><\/a> para <strong>comprar el \u00e1lbum en iTunes<\/strong> o, por supuesto, en <strong>vinyl<\/strong>. Esc\u00fachenlo, plat\u00edquenos qu\u00e9 les parece. Los mantendremos al tanto de pr\u00f3ximas noticias.<br \/>\n<iframe title=\"Spotify Embed: Analog Dance Music\" style=\"border-radius: 12px\" width=\"100%\" height=\"352\" frameborder=\"0\" allowfullscreen allow=\"autoplay; clipboard-write; encrypted-media; fullscreen; picture-in-picture\" loading=\"lazy\" src=\"https:\/\/open.spotify.com\/embed\/album\/4ngTSqqNyqyn3KyqbmI3gi?utm_source=oembed\"><\/iframe><\/p>\n","protected":false},"template":"","meta":{"_id_youtube":"","_id_vimeo":"","_podcasts_duration":"","_podcasts_url":"","_podcasts_show":"","_prog_horario_dias":"","_prog_hora":"","_prog_duration":""},"class_list":["post-25767","archivo","type-archivo","status-publish","hentry"],"_links":{"self":[{"href":"https:\/\/nofm-radio.com\/index.php?rest_route=\/wp\/v2\/archivo\/25767","targetHints":{"allow":["GET"]}}],"collection":[{"href":"https:\/\/nofm-radio.com\/index.php?rest_route=\/wp\/v2\/archivo"}],"about":[{"href":"https:\/\/nofm-radio.com\/index.php?rest_route=\/wp\/v2\/types\/archivo"}],"wp:attachment":[{"href":"https:\/\/nofm-radio.com\/index.php?rest_route=%2Fwp%2Fv2%2Fmedia&parent=25767"}],"curies":[{"name":"wp","href":"https:\/\/api.w.org\/{rel}","templated":true}]}}