{"id":25795,"date":"2017-10-24T14:15:52","date_gmt":"2017-10-24T19:15:52","guid":{"rendered":"http:\/\/nofm-radio.com\/?p=25795"},"modified":"2017-10-24T14:15:52","modified_gmt":"2017-10-24T19:15:52","slug":"aqui-puedes-escuchar-que-no-quedara-nadie-atras-radiodocumental-sobre-el-19s","status":"publish","type":"archivo","link":"https:\/\/nofm-radio.com\/?archivo=aqui-puedes-escuchar-que-no-quedara-nadie-atras-radiodocumental-sobre-el-19s","title":{"rendered":"Aqu\u00ed puedes escuchar Que no quedara nadie atr\u00e1s. Radiodocumental sobre el #19s"},"content":{"rendered":"<p>El pasado 19 de octubre a las 13:14 horas, justo un mes despu\u00e9s del <strong>terremoto<\/strong> que nos cambi\u00f3 la realidad en la <strong>Ciudad de M\u00e9xico<\/strong>, transmitimos el radiodocumental<em><strong> Que no se quedara nadie atr\u00e1s<\/strong><\/em>. Este radiodocumental recoge el <strong>testimonio<\/strong> de las m\u00e1s de 60 personas que componen la <strong>comunidad de NoFM Radio<\/strong>, a partir de tres sencillas preguntas: d\u00f3nde estabas, en qui\u00e9n pensaste y c\u00f3mo ayudaste el 19 de septiembre y los d\u00edas posteriores. As\u00ed, creamos un panorama, quiz\u00e1 peque\u00f1o, pero que de diversas formas representa c\u00f3mo vivi\u00f3 la Ciudad un hecho que ya nos hab\u00edamos acostumbrado a conjugar el pasado.<br \/>\nEl <strong>19 de septiembre<\/strong> vuelve a ser para una generaci\u00f3n de ciudadanos algo nuevo, algo que rompi\u00f3 el tiempo y el ritmo de un pa\u00eds que se hab\u00eda acostumbrado a vivir en un malsano, constante y tenso caos.<br \/>\nAgradecemos a cada uno de los miembros de la comunidad de NoFM por su participaci\u00f3n no s\u00f3lo en este radiodocumental, sino tambi\u00e9n en la radio, en la Ciudad que no acaba de salir de la emergencia.<br \/>\n<iframe loading=\"lazy\" src=\"https:\/\/www.youtube.com\/embed\/Wz5L6jfDnag\" width=\"560\" height=\"315\" frameborder=\"0\" allowfullscreen=\"allowfullscreen\"><\/iframe><br \/>\n<strong>Cr\u00e9ditos<\/strong><br \/>\nIdea original, Direcci\u00f3n y producci\u00f3n &#8211; Gabriela Astorga, Joaqu\u00edn Diez-Canedo Novelo, Benjam\u00edn Morales, Sebastian Morales, \u00d3scar Su\u00e1rez Alem\u00e1n.<br \/>\nEdici\u00f3n &#8211; Sebastian Morales<br \/>\nAsistente de edici\u00f3n &#8211; Fernando Jim\u00e9nez<\/p>\n","protected":false},"template":"","meta":{"_id_youtube":"","_id_vimeo":"","_podcasts_duration":"","_podcasts_url":"","_podcasts_show":"","_prog_horario_dias":"","_prog_hora":"","_prog_duration":""},"class_list":["post-25795","archivo","type-archivo","status-publish","hentry"],"_links":{"self":[{"href":"https:\/\/nofm-radio.com\/index.php?rest_route=\/wp\/v2\/archivo\/25795","targetHints":{"allow":["GET"]}}],"collection":[{"href":"https:\/\/nofm-radio.com\/index.php?rest_route=\/wp\/v2\/archivo"}],"about":[{"href":"https:\/\/nofm-radio.com\/index.php?rest_route=\/wp\/v2\/types\/archivo"}],"wp:attachment":[{"href":"https:\/\/nofm-radio.com\/index.php?rest_route=%2Fwp%2Fv2%2Fmedia&parent=25795"}],"curies":[{"name":"wp","href":"https:\/\/api.w.org\/{rel}","templated":true}]}}