{"id":25981,"date":"2017-10-31T12:59:49","date_gmt":"2017-10-31T18:59:49","guid":{"rendered":"http:\/\/nofm-radio.com\/?p=25981"},"modified":"2017-10-31T12:59:49","modified_gmt":"2017-10-31T18:59:49","slug":"viene-mememx-el-primer-festival-de-cultura-viral-en-mexico","status":"publish","type":"archivo","link":"https:\/\/nofm-radio.com\/?archivo=viene-mememx-el-primer-festival-de-cultura-viral-en-mexico","title":{"rendered":"Viene #MEMEMX. El primer festival de cultura viral en M\u00e9xico"},"content":{"rendered":"<p>Cada tanto en esta vida, las personas tienen que enfrentarse son su deber para con la historia. Y del <strong>9 al 11 de noviembre<\/strong> en la Ciudad de M\u00e9xico deberemos cumplir nuestro compromiso con una de las piedras fundacionales de nuestra generaci\u00f3n: el meme. As\u00ed, es muchachos y muchachas, llega a la bella ciudad <strong>MEME MX<\/strong>, el primer festival de <strong>cultura viral<\/strong> que se ha hecho en nuestro pa\u00eds. Y es que m\u00e1s all\u00e1 de re\u00edrnos y pasar un buen rato con lo que circula en la Red, tal vez ya es tiempo de tomarse un poquito m\u00e1s en serio los fen\u00f3menos sociales que un contenido viral puede resumir o desatar.<br \/>\nLa cita para MEME MX es en el <strong>Centro Cultural de Espa\u00f1a<\/strong> (Rep\u00fablica de Guatemala 18, Centro) y el programa est\u00e1 compuesto por <strong>mesas de discusi\u00f3n, talleres y conferencias con invitados nacionales e internacionales<\/strong> que son grandes maestros del meme y del mame. \u00c9chenle un ojo a este programa variadito y pa todos los gustos.\u00a0Si quieren conocer m\u00e1s a fondo a los participantes, \u00e9chenle un ojo <strong><a href=\"https:\/\/www.mememx.com\/participantes\/\" target=\"_blank\" rel=\"noopener noreferrer\">ac\u00e1<\/a><\/strong>.<br \/>\nPor otro lado, si ustedes conf\u00edan en su gran capacidad\u00a0para entrarle al\u00a0meme, tambi\u00e9n hay una <strong>convocatoria abierta<\/strong> para enviar sus mejores piezas. Las categor\u00edas son\u00a0<span style=\"color: #222222;\">pol\u00edtica, entretenimiento, cultura y sociedad. Los memes deben ser originales y los seleccionados de cada categor\u00eda se mostrar\u00e1n durante el festival. Puedes enviar tus memes hasta el 1 de noviembre a<strong> mariana@mememx.com<\/strong>.<\/span><br \/>\n<a class=\"no-eff img-link lightbox\" href=\"http:\/\/nofm-radio.com\/wp-content\/uploads\/2017\/10\/MEME-MX1.jpg\"><img loading=\"lazy\" decoding=\"async\" class=\"alignnone size-full wp-image-25982\" src=\"http:\/\/nofm-radio.com\/wp-content\/uploads\/2017\/10\/MEME-MX1.jpg\" alt=\"MEME MX1\" width=\"843\" height=\"477\" \/><\/a><br \/>\n<a class=\"no-eff img-link lightbox\" href=\"http:\/\/nofm-radio.com\/wp-content\/uploads\/2017\/10\/MEME-MX2.jpg\"><img loading=\"lazy\" decoding=\"async\" class=\"alignnone size-full wp-image-25983\" src=\"http:\/\/nofm-radio.com\/wp-content\/uploads\/2017\/10\/MEME-MX2.jpg\" alt=\"MEME MX2\" width=\"843\" height=\"481\" \/><\/a><br \/>\nPor otro lado, si ustedes conf\u00edan en su gran capacidad y se creen grandes masestros del meme, tambi\u00e9n hay una convocatoria abierta para enviar sus mejores piezas. Las categor\u00edas son\u00a0<span style=\"color: #222222;\">pol\u00edtica, entretenimiento, cultura y sociedad. Los memes deben ser originales y los seleccionados de cada categor\u00eda se mostrar\u00e1n durante el festival. Puedes enviar tus memes hasta el 1 de noviembre a mariana@mememx.com<\/span><\/p>\n","protected":false},"template":"","meta":{"_id_youtube":"","_id_vimeo":"","_podcasts_duration":"","_podcasts_url":"","_podcasts_show":"","_prog_horario_dias":"","_prog_hora":"","_prog_duration":""},"class_list":["post-25981","archivo","type-archivo","status-publish","hentry"],"_links":{"self":[{"href":"https:\/\/nofm-radio.com\/index.php?rest_route=\/wp\/v2\/archivo\/25981","targetHints":{"allow":["GET"]}}],"collection":[{"href":"https:\/\/nofm-radio.com\/index.php?rest_route=\/wp\/v2\/archivo"}],"about":[{"href":"https:\/\/nofm-radio.com\/index.php?rest_route=\/wp\/v2\/types\/archivo"}],"wp:attachment":[{"href":"https:\/\/nofm-radio.com\/index.php?rest_route=%2Fwp%2Fv2%2Fmedia&parent=25981"}],"curies":[{"name":"wp","href":"https:\/\/api.w.org\/{rel}","templated":true}]}}