{"id":26066,"date":"2017-11-07T20:18:45","date_gmt":"2017-11-08T02:18:45","guid":{"rendered":"http:\/\/nofm-radio.com\/?p=26066"},"modified":"2017-11-07T20:18:45","modified_gmt":"2017-11-08T02:18:45","slug":"los-8-mejores-tuits-sobre-los-280caracteres","status":"publish","type":"archivo","link":"https:\/\/nofm-radio.com\/?archivo=los-8-mejores-tuits-sobre-los-280caracteres","title":{"rendered":"Los 8 mejores tuits sobre los #280caracteres"},"content":{"rendered":"<p>Pues ya es oficial. Como todos saben a estas alturas, desde hoy <strong>Twitter<\/strong> ha extendido al doble los <strong>caracteres<\/strong> de los tuits. Aunque no todos los <strong>usuarios<\/strong> tienen disponibles los <strong>#280caracteres<\/strong>, las quejas, las celebraciones y, b\u00e1sicamente, el mame ya arranc\u00f3 con todo. Personalmente ya hab\u00edamos asumido la redacci\u00f3n de tuits de<strong> 140 caracteres<\/strong> como una habilidad digna de poner en el <strong>curriculum vitae<\/strong>, pero as\u00ed es la vida y hay que soportar cada d\u00eda los golpes a nuestra condici\u00f3n laboral millennial.<br \/>\nMientras nos acostumbramos a la nueva faz de la <strong>red social<\/strong> del pajarito, les dejamos los <strong>8 tuits m\u00e1s cagados sobre el cambio a #280caracteres<\/strong>. Disfruten.<br \/>\n<strong>* El &#8220;Hay gente que s\u00f3lo quiere ver el mundo arder&#8221;<\/strong><\/p>\n<blockquote class=\"twitter-tweet\" data-lang=\"es\">\n<p dir=\"ltr\" lang=\"es\">M<br \/>\nU<br \/>\nA<br \/>\nJ<br \/>\nA<br \/>\nA<br \/>\nA<br \/>\nA<br \/>\nA<br \/>\nA<br \/>\nA<br \/>\nA<br \/>\nA<br \/>\nA<br \/>\nA<br \/>\nA<br \/>\nJ<br \/>\nA<br \/>\nJ<br \/>\nA<br \/>\nJ<br \/>\nA<br \/>\nJ<br \/>\nA<br \/>\nJ<br \/>\nA<br \/>\nJ<br \/>\nA<br \/>\nA<br \/>\nA<br \/>\nA<br \/>\nA<br \/>\nA<br \/>\nA<br \/>\nA<br \/>\nA<br \/>\nA<br \/>\nA<br \/>\nA<br \/>\nJ<br \/>\nA<br \/>\nJ<br \/>\nA<br \/>\nJ<br \/>\nA<br \/>\nJ<br \/>\nA<br \/>\nA<br \/>\nA<br \/>\nA<br \/>\nA<br \/>\nA<br \/>\nA<br \/>\nA<br \/>\nA<br \/>\nA<br \/>\nA<br \/>\nA<br \/>\nA<br \/>\nA<br \/>\nA<br \/>\nA<br \/>\nA<br \/>\nA<br \/>\nA<br \/>\nA<br \/>\nA<br \/>\nA<br \/>\nA<br \/>\nA<br \/>\nA<br \/>\nA<br \/>\nA<br \/>\nA<br \/>\nA<br \/>\nA<br \/>\nA<br \/>\nJ<br \/>\nA<br \/>\nJ<br \/>\nA<br \/>\nJ<br \/>\nA<br \/>\nJ<br \/>\nA<br \/>\nJ<br \/>\nA<br \/>\nA<br \/>\nA<br \/>\nA<br \/>\nA<br \/>\nA<br \/>\nA<br \/>\nA<br \/>\nA<br \/>\nA<br \/>\nA<br \/>\nA<br \/>\nA<br \/>\nA<br \/>\nA<br \/>\nA<br \/>\nA<br \/>\nA<br \/>\nA<br \/>\nA<br \/>\nA<br \/>\nA<br \/>\nA<br \/>\nA<br \/>\nA<br \/>\nA<br \/>\nA<br \/>\nA<br \/>\nA<br \/>\nA<br \/>\nA<br \/>\nA<br \/>\nA<br \/>\nA<br \/>\nA<br \/>\nA<br \/>\nA<br \/>\nA<br \/>\nA<br \/>\nA<br \/>\nA<br \/>\nA<a href=\"https:\/\/twitter.com\/hashtag\/JODEOS?src=hash&amp;ref_src=twsrc%5Etfw\">#JODEOS<\/a><a href=\"https:\/\/twitter.com\/hashtag\/280caracteres?src=hash&amp;ref_src=twsrc%5Etfw\">#280caracteres<\/a><\/p>\n<p>\u2014 Mar\u00eda (@enafalliv) <a href=\"https:\/\/twitter.com\/enafalliv\/status\/928023631610957830?ref_src=twsrc%5Etfw\">7 de noviembre de 2017<\/a><\/p><\/blockquote>\n<p><strong><script src=\"https:\/\/platform.twitter.com\/widgets.js\" async=\"\" charset=\"utf-8\"><\/script>* El &#8220;Oh no&#8221;<\/strong><\/p>\n<blockquote class=\"twitter-tweet\" data-lang=\"es\"><p>Lo \u00fanico que me da pereza de <a href=\"https:\/\/twitter.com\/hashtag\/280caracteres?src=hash&amp;ref_src=twsrc%5Etfw\">#280caracteres<\/a> es que estamos en v\u00edsperas de elecciones&#8230; Ya me puedo imaginar el spam y los debates de todologos \u2014 San (@S4n86) <a href=\"https:\/\/twitter.com\/S4n86\/status\/928055941651746817?ref_src=twsrc%5Etfw\">8 de noviembre de 2017<\/a><\/p><\/blockquote>\n<p><script src=\"https:\/\/platform.twitter.com\/widgets.js\" async=\"\" charset=\"utf-8\"><\/script><br \/>\n<strong>* El Te\u00f3rico<\/strong><\/p>\n<blockquote class=\"twitter-tweet\" data-lang=\"es\">\n<p dir=\"ltr\" lang=\"es\">Ya me imagino lo que opinar\u00eda Umberto Eco de los <a href=\"https:\/\/twitter.com\/hashtag\/280caracteres?src=hash&amp;ref_src=twsrc%5Etfw\">#280caracteres<\/a><\/p>\n<p>\u2014 Monero Rap\u00e9 (@monerorape) <a href=\"https:\/\/twitter.com\/monerorape\/status\/928074501589434369?ref_src=twsrc%5Etfw\">8 de noviembre de 2017<\/a><\/p><\/blockquote>\n<p><strong><script src=\"https:\/\/platform.twitter.com\/widgets.js\" async=\"\" charset=\"utf-8\"><\/script>* El confundido<\/strong><\/p>\n<blockquote class=\"twitter-tweet\" data-lang=\"es\"><p>C\u00f3mo puedo saber si tengo los <a href=\"https:\/\/twitter.com\/hashtag\/280caracteres?src=hash&amp;ref_src=twsrc%5Etfw\">#280caracteres<\/a> si lo que me sale es un circulito que se va completando conforme voy escribiendo esta mierda de tuit&#8230; que dices pues cu\u00e9ntalos&#8230; cu\u00e9ntalos t\u00fa que me da pereza hacerlo&#8230; a ver&#8230; \u00bfCu\u00e1ntos caracteres tengo motherfuckers? \u00bf140 \u00f3 280? \u2014 Topi (@cristarques) <a href=\"https:\/\/twitter.com\/cristarques\/status\/922562567872004097?ref_src=twsrc%5Etfw\">23 de octubre de 2017<\/a><\/p><\/blockquote>\n<p><script src=\"https:\/\/platform.twitter.com\/widgets.js\" async=\"\" charset=\"utf-8\"><\/script><br \/>\n<strong>* El &#8220;Este consejo te doy, porque tu amigo yo soy&#8221;<\/strong><\/p>\n<blockquote class=\"twitter-tweet\" data-lang=\"es\">\n<p dir=\"ltr\" lang=\"es\"><a href=\"https:\/\/twitter.com\/hashtag\/280caracteres?src=hash&amp;ref_src=twsrc%5Etfw\">#280caracteres<\/a> para comunicarnos, compartir y debatir&#8230; pero siempre con <a href=\"https:\/\/twitter.com\/hashtag\/Respeto?src=hash&amp;ref_src=twsrc%5Etfw\">#Respeto<\/a>. \u00a1Que no se te vaya de las manos! <a href=\"https:\/\/twitter.com\/hashtag\/LoveTwitter?src=hash&amp;ref_src=twsrc%5Etfw\">#LoveTwitter<\/a> <a href=\"https:\/\/t.co\/jPHDI0HBnH\">https:\/\/t.co\/jPHDI0HBnH<\/a><\/p>\n<p>\u2014 Polic\u00eda Nacional (@policia) <a href=\"https:\/\/twitter.com\/policia\/status\/928022636629774336?ref_src=twsrc%5Etfw\">7 de noviembre de 2017<\/a><\/p><\/blockquote>\n<p><strong><script src=\"https:\/\/platform.twitter.com\/widgets.js\" async=\"\" charset=\"utf-8\"><\/script>* La cruda realidad<\/strong><\/p>\n<blockquote class=\"twitter-tweet\" data-lang=\"es\"><p>Cuando aparece un tweet de <a href=\"https:\/\/twitter.com\/hashtag\/280caracteres?src=hash&amp;ref_src=twsrc%5Etfw\">#280caracteres<\/a> <a href=\"https:\/\/t.co\/IAbU63TyTC\">pic.twitter.com\/IAbU63TyTC<\/a> \u2014 Eduardo Salles (@sallesino) <a href=\"https:\/\/twitter.com\/sallesino\/status\/928053695933136896?ref_src=twsrc%5Etfw\">8 de noviembre de 2017<\/a><\/p><\/blockquote>\n<p><script src=\"https:\/\/platform.twitter.com\/widgets.js\" async=\"\" charset=\"utf-8\"><\/script><br \/>\n<strong>* El &#8220;La historia nos absolver\u00e1&#8221;<\/strong><\/p>\n<blockquote class=\"twitter-tweet\" data-lang=\"es\">\n<p dir=\"ltr\" lang=\"es\">Hasta que no se aclare el l\u00edo catal\u00e1n, no nos dan los <a href=\"https:\/\/twitter.com\/hashtag\/280Caracteres?src=hash&amp;ref_src=twsrc%5Etfw\">#280Caracteres<\/a> a todos.<\/p>\n<p>\u2014 Unam\u00fcno (@Unamuno__) <a href=\"https:\/\/twitter.com\/Unamuno__\/status\/921901813133205504?ref_src=twsrc%5Etfw\">22 de octubre de 2017<\/a><\/p><\/blockquote>\n<p><strong><script src=\"https:\/\/platform.twitter.com\/widgets.js\" async=\"\" charset=\"utf-8\"><\/script>* El True Fact<\/strong><\/p>\n<blockquote class=\"twitter-tweet\" data-lang=\"es\"><p>Oigan, no es a huevo gastarse los <a href=\"https:\/\/twitter.com\/hashtag\/280caracteres?src=hash&amp;ref_src=twsrc%5Etfw\">#280caracteres<\/a> \u2014 Dolor de Huevos (@Doiorcillo) <a href=\"https:\/\/twitter.com\/Doiorcillo\/status\/928065861776265217?ref_src=twsrc%5Etfw\">8 de noviembre de 2017<\/a><\/p><\/blockquote>\n<p><script src=\"https:\/\/platform.twitter.com\/widgets.js\" async=\"\" charset=\"utf-8\"><\/script><\/p>\n","protected":false},"template":"","meta":{"_id_youtube":"","_id_vimeo":"","_podcasts_duration":"","_podcasts_url":"","_podcasts_show":"","_prog_horario_dias":"","_prog_hora":"","_prog_duration":""},"class_list":["post-26066","archivo","type-archivo","status-publish","hentry"],"_links":{"self":[{"href":"https:\/\/nofm-radio.com\/index.php?rest_route=\/wp\/v2\/archivo\/26066","targetHints":{"allow":["GET"]}}],"collection":[{"href":"https:\/\/nofm-radio.com\/index.php?rest_route=\/wp\/v2\/archivo"}],"about":[{"href":"https:\/\/nofm-radio.com\/index.php?rest_route=\/wp\/v2\/types\/archivo"}],"wp:attachment":[{"href":"https:\/\/nofm-radio.com\/index.php?rest_route=%2Fwp%2Fv2%2Fmedia&parent=26066"}],"curies":[{"name":"wp","href":"https:\/\/api.w.org\/{rel}","templated":true}]}}