{"id":26114,"date":"2017-11-13T14:10:18","date_gmt":"2017-11-13T20:10:18","guid":{"rendered":"http:\/\/nofm-radio.com\/?p=26114"},"modified":"2017-11-13T14:10:18","modified_gmt":"2017-11-13T20:10:18","slug":"felizcumpleanosamlo-8-momentos-inolvidables-en-la-carrera-politica-del-tabasqueno","status":"publish","type":"archivo","link":"https:\/\/nofm-radio.com\/?archivo=felizcumpleanosamlo-8-momentos-inolvidables-en-la-carrera-politica-del-tabasqueno","title":{"rendered":"#FelizCumplea\u00f1osAMLO. 8 momentos inolvidables en la carrera p\u00f3l\u00edtica del tabasque\u00f1o"},"content":{"rendered":"<p>Le pese a quien le pese, y <em>haiga sido como haiga sido<\/em> (jeje), <strong>Andr\u00e9s Manuel L\u00f3pez Obrador<\/strong> es una figura crucial en la<strong> pol\u00edtica mexicana<\/strong>. Estemos de acuerdo o no con sus propuestas pol\u00edticas, sus llamados a la acci\u00f3n, o la manera en que se presenta ante el p\u00fablico, no podemos negar que desde hace a\u00f1os ha sido un contrapeso a las formas de hacer p\u00f3l\u00edtica en nuestro pa\u00eds. Si somos muy c\u00ednicos, podemos decir que <strong>AMLO<\/strong> representa a un extremo de las tonalidades del pri\u00edsmo; si somos optimistas, podemos decir que es una alternativa viable.<br \/>\nM\u00e1s all\u00e1 de eso, si algo ha sabido hacer el se\u00f1or <strong>L\u00f3pez Obrador<\/strong> es manejar su <strong>imagen p\u00fablica<\/strong>. Desde sus conferencias ma\u00f1aneras en sus tiempos de <strong>Jefe de Gobierno capitalino<\/strong>, hasta sus m\u00e1s recientes publicaciones en <strong><em>el face<\/em><\/strong> y en<strong> twitter<\/strong>, ha logrado que todos en este pa\u00eds estamos al tanto de lo que tiene que decir. As\u00ed, hoy que anda de manteles largos con la celebraci\u00f3n de su cumplea\u00f1os, les dejamos ocho momentos inolvidables de la carerra pol\u00edtica del tabasque\u00f1o.<br \/>\n<strong>* Ante el Congreso<\/strong><br \/>\n<iframe loading=\"lazy\" src=\"https:\/\/www.youtube.com\/embed\/r3IlsQ_vIZ0\" width=\"560\" height=\"315\" frameborder=\"0\" allowfullscreen=\"allowfullscreen\"><\/iframe><br \/>\n<strong>* C\u00e1llate, Chachalaca<\/strong><br \/>\n<iframe loading=\"lazy\" src=\"https:\/\/www.youtube.com\/embed\/WaOCqp6DN60\" width=\"560\" height=\"315\" frameborder=\"0\" allowfullscreen=\"allowfullscreen\"><\/iframe><br \/>\n<strong>* La l\u00e1grimas en Tlatelolco<\/strong><br \/>\n<iframe loading=\"lazy\" src=\"https:\/\/www.youtube.com\/embed\/SBtjT2l5ZOI\" width=\"560\" height=\"315\" frameborder=\"0\" allowfullscreen=\"allowfullscreen\"><\/iframe><br \/>\n<strong>* La paloma<\/strong><br \/>\n<iframe loading=\"lazy\" src=\"https:\/\/www.youtube.com\/embed\/gmJeKHZOdSQ\" width=\"560\" height=\"315\" frameborder=\"0\" allowfullscreen=\"allowfullscreen\"><\/iframe><br \/>\n<strong>* El presidente leg\u00edtimo<\/strong><br \/>\n<iframe loading=\"lazy\" src=\"https:\/\/www.youtube.com\/embed\/T2hV3UVLSDE\" width=\"560\" height=\"315\" frameborder=\"0\" allowfullscreen=\"allowfullscreen\"><\/iframe><br \/>\n<strong>* Despajito<\/strong><\/p>\n<blockquote class=\"twitter-tweet\" data-lang=\"es\">\n<p dir=\"ltr\" lang=\"es\">Pe\u00f1a rel\u00e1jate. No va a pasar nada, s\u00f3lo les vamos a ganar el 4 de junio y la gente va celebrar bailando &#8220;despajito&#8221; <a href=\"https:\/\/t.co\/NVqRH87wnx\">https:\/\/t.co\/NVqRH87wnx<\/a><\/p>\n<p>\u2014 Andr\u00e9s Manuel (@lopezobrador_) <a href=\"https:\/\/twitter.com\/lopezobrador_\/status\/858096098967080960?ref_src=twsrc%5Etfw\">28 de abril de 2017<\/a><\/p><\/blockquote>\n<p><script src=\"https:\/\/platform.twitter.com\/widgets.js\" async=\"\" charset=\"utf-8\"><\/script><strong>* El debate <\/strong> <iframe loading=\"lazy\" src=\"https:\/\/www.youtube.com\/embed\/OPxRvb79Sz4\" width=\"560\" height=\"315\" frameborder=\"0\" allowfullscreen=\"allowfullscreen\"><\/iframe> <strong>* Ser\u00e1 Safe <\/strong><\/p>\n<blockquote class=\"twitter-tweet\" data-lang=\"es\"><p>\nEPN recibi\u00f3 de Yunes los videos de Eva y los billullos &#8220;para m\u00ed &#8221; y orden\u00f3 a Chong difundirlos. Es incre\u00edble tanta bajeza. Pero ser\u00e1 safe <a href=\"https:\/\/t.co\/UrFNkoAdNI\">pic.twitter.com\/UrFNkoAdNI<\/a> \u2014 Andr\u00e9s Manuel (@lopezobrador_) <a href=\"https:\/\/twitter.com\/lopezobrador_\/status\/857777096612913152?ref_src=twsrc%5Etfw\">28 de abril de 2017<\/a>\n<\/p><\/blockquote>\n<p><script src=\"https:\/\/platform.twitter.com\/widgets.js\" async=\"\" charset=\"utf-8\"><\/script><br \/>\n<strong>BONUS TRACK<\/strong><br \/>\n<strong>* La chingada<\/strong><br \/>\n<iframe loading=\"lazy\" src=\"https:\/\/www.youtube.com\/embed\/n20ezacyY44\" width=\"560\" height=\"315\" frameborder=\"0\" allowfullscreen=\"allowfullscreen\"><\/iframe><br \/>\nAs\u00ed es, muchachos y muchachas, grandes momentos nos ha regalado<strong> Andr\u00e9s Manuel<\/strong>. Y antes de que entremos a tiempos de elecciones en que\u00a0 vamos a desear encerrarnos a llorar por nuestra especie por las propuestas, los spots y los debates, disfrutemos estos momentos y digamos juntos: <strong>#FelizCumplea\u00f1osAMLO<\/strong>.<\/p>\n","protected":false},"template":"","meta":{"_id_youtube":"","_id_vimeo":"","_podcasts_duration":"","_podcasts_url":"","_podcasts_show":"","_prog_horario_dias":"","_prog_hora":"","_prog_duration":""},"class_list":["post-26114","archivo","type-archivo","status-publish","hentry"],"_links":{"self":[{"href":"https:\/\/nofm-radio.com\/index.php?rest_route=\/wp\/v2\/archivo\/26114","targetHints":{"allow":["GET"]}}],"collection":[{"href":"https:\/\/nofm-radio.com\/index.php?rest_route=\/wp\/v2\/archivo"}],"about":[{"href":"https:\/\/nofm-radio.com\/index.php?rest_route=\/wp\/v2\/types\/archivo"}],"wp:attachment":[{"href":"https:\/\/nofm-radio.com\/index.php?rest_route=%2Fwp%2Fv2%2Fmedia&parent=26114"}],"curies":[{"name":"wp","href":"https:\/\/api.w.org\/{rel}","templated":true}]}}