{"id":26283,"date":"2017-11-27T14:03:45","date_gmt":"2017-11-27T20:03:45","guid":{"rendered":"http:\/\/nofm-radio.com\/?p=26283"},"modified":"2017-11-27T14:03:45","modified_gmt":"2017-11-27T20:03:45","slug":"cni-marichuy-cu-unam-discurso","status":"publish","type":"archivo","link":"https:\/\/nofm-radio.com\/?archivo=cni-marichuy-cu-unam-discurso","title":{"rendered":"#AlTiro. El CNI y Mar\u00eda de Jes\u00fas Patricio llegan a CU"},"content":{"rendered":"<p style=\"text-align: center;\">Este martes 28 de noviembre<strong> Las Islas<\/strong> de <strong>Ciudad Universitaria<\/strong> volver\u00e1n a ser un escenario fundamental en la <strong>vida p\u00fablica<\/strong> del pa\u00eds. A partir de las 3:30 de la tarde llegar\u00e1 <strong>Mar\u00eda de Jes\u00fas Patricio Mart\u00ednez<\/strong>, vocera del <strong>Concejo Nacional Ind\u00edgena<\/strong>, no s\u00f3lo para recabar firmas de apoyo para obtener la candidatura, sino para establecer un di\u00e1logo con la comunidad universitaria, algo que ninguno del resto de los aspirantes a la boleta (o a la silla presidencial) quiere o puede hacer.<\/p>\n<p>M\u00e1s all\u00e1 de ser un acto de apoyo, la visita del <strong>CNI<\/strong> es una oportunidad para la <strong>participaci\u00f3n ciudadana<\/strong> de los j\u00f3venes en un proceso electoral que desde hace meses se pronostica como una carnicer\u00eda. Llegue o no Mar\u00eda de Jes\u00fas Patricio a la boleta, esta es una gran oportunidad para ver que s\u00ed hay organizaci\u00f3n de otro tipo, que no todos son lo mismo y que hay otras formas de di\u00e1logo.<br \/>\nEn la presentaci\u00f3n, estar\u00e1n tambi\u00e9n <strong>Rub\u00e9n Albarr\u00e1n<\/strong> y <strong>Emanuel del Real<\/strong>, de <strong>Caf\u00e9 Tacvba<\/strong>, <strong>Le\u00f3n Ch\u00e1vez Texeiro<\/strong>, el maestro <strong>Francisco Barrios El Mastuerzo<\/strong>, y esperamos que un mont\u00f3n de estudiantes. Para prepararnos, les dejamos 8 discursos que Mar\u00eda de Jes\u00fas Patricio Mart\u00ednez ha dicho a lo largo de esta gira que es, en sus palabras, una lucha por la vida. Nos vemos en CU.<br \/>\n<strong>* Registro ante el INE<\/strong><br \/>\n<iframe loading=\"lazy\" src=\"https:\/\/www.youtube.com\/embed\/gJeS5qLgoIU\" width=\"560\" height=\"315\" frameborder=\"0\" allowfullscreen=\"allowfullscreen\"><\/iframe><br \/>\n<strong>* San Crist\u00f3bal de las Casas<\/strong><br \/>\n<iframe loading=\"lazy\" src=\"https:\/\/www.youtube.com\/embed\/s050_avwnRQ\" width=\"560\" height=\"315\" frameborder=\"0\" allowfullscreen=\"allowfullscreen\"><\/iframe><br \/>\n<strong>* Caracol Oventik<\/strong><br \/>\n<iframe loading=\"lazy\" src=\"https:\/\/www.youtube.com\/embed\/8knxnLkzgII\" width=\"560\" height=\"315\" frameborder=\"0\" allowfullscreen=\"allowfullscreen\"><\/iframe><br \/>\n<strong>* Tehuac\u00e1n<\/strong><br \/>\n<iframe loading=\"lazy\" src=\"https:\/\/www.youtube.com\/embed\/wKbdFTzmw6g\" width=\"560\" height=\"315\" frameborder=\"0\" allowfullscreen=\"allowfullscreen\"><\/iframe><br \/>\n<strong>* Caracol La Garrucha<\/strong><br \/>\n<iframe loading=\"lazy\" src=\"https:\/\/www.youtube.com\/embed\/enWFvGsF6dI\" width=\"560\" height=\"315\" frameborder=\"0\" allowfullscreen=\"allowfullscreen\"><\/iframe><br \/>\n<strong>* Papantla<\/strong><br \/>\n<iframe loading=\"lazy\" src=\"https:\/\/www.youtube.com\/embed\/gxvSWe3Nz28\" width=\"560\" height=\"315\" frameborder=\"0\" allowfullscreen=\"allowfullscreen\"><\/iframe><br \/>\n<strong>* San Mateo Cuanal\u00e1<\/strong><br \/>\n<iframe loading=\"lazy\" src=\"https:\/\/www.youtube.com\/embed\/UPmm0wg4rzQ\" width=\"560\" height=\"315\" frameborder=\"0\" allowfullscreen=\"allowfullscreen\"><\/iframe><br \/>\n<strong>* Ecatepec<\/strong><\/p>\n<blockquote class=\"twitter-video\" data-lang=\"es\">\n<p dir=\"ltr\" lang=\"es\">&#8220;Es tiempo de organizarnos sin el mal gobierno, esto que vimos en Ecatepec sucede en todo el pa\u00eds, es hora de platicar con todos con los vecinos y caminar juntos&#8221; Palabras de nuestra vocera <a href=\"https:\/\/twitter.com\/hashtag\/Marichuy?src=hash&amp;ref_src=twsrc%5Etfw\">#Marichuy<\/a> en Ecatepec, <a href=\"https:\/\/twitter.com\/hashtag\/EDOMEX?src=hash&amp;ref_src=twsrc%5Etfw\">#EDOMEX<\/a> <a href=\"https:\/\/twitter.com\/hashtag\/RecorridoCIG?src=hash&amp;ref_src=twsrc%5Etfw\">#RecorridoCIG<\/a> <a href=\"https:\/\/t.co\/6lrdqrdM6n\">pic.twitter.com\/6lrdqrdM6n<\/a><\/p>\n<p>\u2014 CNI M\u00e9xico (@CNI_Mexico) <a href=\"https:\/\/twitter.com\/CNI_Mexico\/status\/934588631330770945?ref_src=twsrc%5Etfw\">26 de noviembre de 2017<\/a><\/p><\/blockquote>\n<p><script src=\"https:\/\/platform.twitter.com\/widgets.js\" async=\"\" charset=\"utf-8\"><\/script><br \/>\n<a class=\"no-eff img-link lightbox\" href=\"http:\/\/nofm-radio.com\/wp-content\/uploads\/2017\/11\/23795632_998765286939408_1741697021318906511_n.jpg\"><img loading=\"lazy\" decoding=\"async\" class=\"alignnone size-full wp-image-26298\" src=\"http:\/\/nofm-radio.com\/wp-content\/uploads\/2017\/11\/23795632_998765286939408_1741697021318906511_n.jpg\" alt=\"23795632_998765286939408_1741697021318906511_n\" width=\"720\" height=\"936\" \/><\/a><\/p>\n","protected":false},"template":"","meta":{"_id_youtube":"","_id_vimeo":"","_podcasts_duration":"","_podcasts_url":"","_podcasts_show":"","_prog_horario_dias":"","_prog_hora":"","_prog_duration":""},"class_list":["post-26283","archivo","type-archivo","status-publish","hentry"],"_links":{"self":[{"href":"https:\/\/nofm-radio.com\/index.php?rest_route=\/wp\/v2\/archivo\/26283","targetHints":{"allow":["GET"]}}],"collection":[{"href":"https:\/\/nofm-radio.com\/index.php?rest_route=\/wp\/v2\/archivo"}],"about":[{"href":"https:\/\/nofm-radio.com\/index.php?rest_route=\/wp\/v2\/types\/archivo"}],"wp:attachment":[{"href":"https:\/\/nofm-radio.com\/index.php?rest_route=%2Fwp%2Fv2%2Fmedia&parent=26283"}],"curies":[{"name":"wp","href":"https:\/\/api.w.org\/{rel}","templated":true}]}}