{"id":26488,"date":"2018-01-09T13:37:13","date_gmt":"2018-01-09T19:37:13","guid":{"rendered":"http:\/\/nofm-radio.com\/?p=26488"},"modified":"2018-01-09T13:37:13","modified_gmt":"2018-01-09T19:37:13","slug":"los-8-mejores-tuits-sobre-las-hazanasdericardoanaya","status":"publish","type":"archivo","link":"https:\/\/nofm-radio.com\/?archivo=los-8-mejores-tuits-sobre-las-hazanasdericardoanaya","title":{"rendered":"Los 8 mejores tuits sobre las #Haza\u00f1asdeRicardoAnaya"},"content":{"rendered":"<p>Antes que nada, ya sabemos que ni supieron de d\u00f3nde sali\u00f3 esta maravilla. As\u00ed que saltemos a las <strong>7:40 AM del 9 de enero del 2018<\/strong>. En ese momento, <strong>Ricardo Anaya<\/strong>, l\u00edder famoso del <strong>PAN<\/strong> y precandidato a la presidencia por la coalici\u00f3n <strong>Por M\u00e9xico Al Frente<\/strong>, sali\u00f3 a dejar a su hijo a la escuela. Y cometi\u00f3 un error. Inocentemente lo anunci\u00f3 en el pozo de los tiburones: <strong>twitter<\/strong>.<\/p>\n<blockquote class=\"twitter-tweet\" data-lang=\"es\">\n<p dir=\"ltr\" lang=\"es\">Hoy muy temprano llev\u00e9 a Mateo al colegio. <a href=\"https:\/\/t.co\/c70MlE0BxL\">pic.twitter.com\/c70MlE0BxL<\/a><\/p>\n<p>\u2014 RicardoAnayaC (@RicardoAnayaC) <a href=\"https:\/\/twitter.com\/RicardoAnayaC\/status\/950723882146607106?ref_src=twsrc%5Etfw\">9 de enero de 2018<\/a><\/p><\/blockquote>\n<p><script async src=\"https:\/\/platform.twitter.com\/widgets.js\" charset=\"utf-8\"><\/script><br \/>\nTras este momento de franca y rid\u00edcula campa\u00f1ita pol\u00edtica al estilo <em>Juana Cuevas va al s\u00faper<\/em>, surgui\u00f3 el hermoso <strong>#Haza\u00f1asdeRicardoAnaya<\/strong>, la oportunidad perfecta para morir de risa el d\u00eda de hoy gracias a la mala leche e ingenio de todo el respetable mexicano.<br \/>\nLes pasamos nuestros 8 ejemplos favoritos del <strong>#Haza\u00f1asdeRicardoAnaya<\/strong>. Tal vez lo \u00fanico chido que tendremos en estas elecciones ser\u00e1n momentos como estos.<br \/>\n<strong>* El oficinista<\/strong><\/p>\n<blockquote class=\"twitter-tweet\" data-lang=\"es\">\n<p dir=\"ltr\" lang=\"es\">Al amanecer, puse unos clips es su caja.<br \/>\n<a href=\"https:\/\/twitter.com\/hashtag\/Haza%C3%B1asdeRicardoAnaya?src=hash&amp;ref_src=twsrc%5Etfw\">#Haza\u00f1asdeRicardoAnaya<\/a> <a href=\"https:\/\/t.co\/o1q9LS6nJf\">pic.twitter.com\/o1q9LS6nJf<\/a><\/p>\n<p>\u2014 Arne aus den Ruthen (@arnemx) <a href=\"https:\/\/twitter.com\/arnemx\/status\/950747756640993280?ref_src=twsrc%5Etfw\">9 de enero de 2018<\/a><\/p><\/blockquote>\n<p><script async src=\"https:\/\/platform.twitter.com\/widgets.js\" charset=\"utf-8\"><\/script><br \/>\n<strong>* El comprensivo<\/strong><\/p>\n<blockquote class=\"twitter-tweet\" data-lang=\"es\">\n<p dir=\"ltr\" lang=\"es\">BOLA DE ENVIDIOSOS Y CRITICONES&#8230;qui\u00e9n va de M\u00e9xico a Atlanta a dejar a su hijo al colegio y de regreso. Ah vedaa!!<a href=\"https:\/\/twitter.com\/hashtag\/Haza%C3%B1asdeRicardoAnaya?src=hash&amp;ref_src=twsrc%5Etfw\">#Haza\u00f1asdeRicardoAnaya<\/a><\/p>\n<p>\u2014 ? Pollowsky ? (@pollowsky666) <a href=\"https:\/\/twitter.com\/pollowsky666\/status\/950747479166869509?ref_src=twsrc%5Etfw\">9 de enero de 2018<\/a><\/p><\/blockquote>\n<p><script async src=\"https:\/\/platform.twitter.com\/widgets.js\" charset=\"utf-8\"><\/script><br \/>\n<strong>* El ecologista<\/strong><\/p>\n<blockquote class=\"twitter-tweet\" data-lang=\"es\">\n<p dir=\"ltr\" lang=\"es\">Hoy muy temprano hice una bolsa tri\u00e1ngulo <a href=\"https:\/\/twitter.com\/hashtag\/Haza%C3%B1asdeRicardoAnaya?src=hash&amp;ref_src=twsrc%5Etfw\">#Haza\u00f1asdeRicardoAnaya<\/a> <a href=\"https:\/\/t.co\/mrif74sKLl\">pic.twitter.com\/mrif74sKLl<\/a><\/p>\n<p>\u2014 David G\u00f3mez Mu\u00f1oz (@davidfgo) <a href=\"https:\/\/twitter.com\/davidfgo\/status\/950749290321842181?ref_src=twsrc%5Etfw\">9 de enero de 2018<\/a><\/p><\/blockquote>\n<p><script async src=\"https:\/\/platform.twitter.com\/widgets.js\" charset=\"utf-8\"><\/script><br \/>\n<strong>* El filos\u00f3fico<\/strong><\/p>\n<blockquote class=\"twitter-tweet\" data-lang=\"es\">\n<p dir=\"ltr\" lang=\"es\">Muy temprano, me puse a ver crecer el pasto. <a href=\"https:\/\/twitter.com\/hashtag\/Haza%C3%B1asdeRicardoAnaya?src=hash&amp;ref_src=twsrc%5Etfw\">#Haza\u00f1asdeRicardoAnaya<\/a> <a href=\"https:\/\/t.co\/thAxQqcyaE\">pic.twitter.com\/thAxQqcyaE<\/a><\/p>\n<p>\u2014 Enrique GM (@enriquem_gm) <a href=\"https:\/\/twitter.com\/enriquem_gm\/status\/950762748757135361?ref_src=twsrc%5Etfw\">9 de enero de 2018<\/a><\/p><\/blockquote>\n<p><script async src=\"https:\/\/platform.twitter.com\/widgets.js\" charset=\"utf-8\"><\/script><br \/>\n<strong>* El malacopa <\/strong><\/p>\n<blockquote class=\"twitter-tweet\" data-lang=\"es\">\n<p dir=\"ltr\" lang=\"es\"><a href=\"https:\/\/twitter.com\/hashtag\/AhedTamimi?src=hash&amp;ref_src=twsrc%5Etfw\">#AhedTamimi<\/a> permanece presa por haber impedido que militares israel\u00edes dispararan a palestinos desde el patio de su casa, esas son haza\u00f1as, no las est\u00fapidas <a href=\"https:\/\/twitter.com\/hashtag\/Haza%C3%B1asdeRicardoAnaya?src=hash&amp;ref_src=twsrc%5Etfw\">#Haza\u00f1asdeRicardoAnaya<\/a><a href=\"https:\/\/twitter.com\/hashtag\/Palestina?src=hash&amp;ref_src=twsrc%5Etfw\">#Palestina<\/a> <a href=\"https:\/\/t.co\/FZ0oJULvno\">pic.twitter.com\/FZ0oJULvno<\/a><\/p>\n<p>\u2014 Sandra Romero (@tklibera) <a href=\"https:\/\/twitter.com\/tklibera\/status\/950790792599293953?ref_src=twsrc%5Etfw\">9 de enero de 2018<\/a><\/p><\/blockquote>\n<p><script async src=\"https:\/\/platform.twitter.com\/widgets.js\" charset=\"utf-8\"><\/script><br \/>\n<strong>* El justo <\/strong><\/p>\n<blockquote class=\"twitter-tweet\" data-lang=\"es\">\n<p dir=\"ltr\" lang=\"es\"><a href=\"https:\/\/twitter.com\/hashtag\/Haza%C3%B1asdeRicardoAnaya?src=hash&amp;ref_src=twsrc%5Etfw\">#Haza\u00f1asdeRicardoAnaya<\/a> excluir a <a href=\"https:\/\/twitter.com\/FelipeCalderon?ref_src=twsrc%5Etfw\">@FelipeCalderon<\/a> y <a href=\"https:\/\/twitter.com\/Mzavalagc?ref_src=twsrc%5Etfw\">@Mzavalagc<\/a> del <a href=\"https:\/\/twitter.com\/hashtag\/PAN?src=hash&amp;ref_src=twsrc%5Etfw\">#PAN<\/a> por la interna para e 2018<\/p>\n<p>\u2014 YO (@cmtzo) <a href=\"https:\/\/twitter.com\/cmtzo\/status\/950807880654979073?ref_src=twsrc%5Etfw\">9 de enero de 2018<\/a><\/p><\/blockquote>\n<p><script async src=\"https:\/\/platform.twitter.com\/widgets.js\" charset=\"utf-8\"><\/script><br \/>\n<strong>* El biol\u00f3gico<\/strong><\/p>\n<blockquote class=\"twitter-tweet\" data-lang=\"es\">\n<p dir=\"ltr\" lang=\"es\">Muy temprano ya sabr\u00e1n lo que hice&#8230;<br \/>\n<a href=\"https:\/\/twitter.com\/hashtag\/Haza%C3%B1asdeRicardoAnaya?src=hash&amp;ref_src=twsrc%5Etfw\">#Haza\u00f1asdeRicardoAnaya<\/a> <a href=\"https:\/\/t.co\/J3bFXrB7LJ\">pic.twitter.com\/J3bFXrB7LJ<\/a><\/p>\n<p>\u2014 Mexican_Kurious (@mexican_kurious) <a href=\"https:\/\/twitter.com\/mexican_kurious\/status\/950752992877268992?ref_src=twsrc%5Etfw\">9 de enero de 2018<\/a><\/p><\/blockquote>\n<p><script async src=\"https:\/\/platform.twitter.com\/widgets.js\" charset=\"utf-8\"><\/script><br \/>\n<strong>* El Animal Planet<\/strong><\/p>\n<blockquote class=\"twitter-tweet\" data-lang=\"es\">\n<p dir=\"ltr\" lang=\"es\">Hoy, mi gato mat\u00f3 un rat\u00f3n. <a href=\"https:\/\/twitter.com\/hashtag\/Haza%C3%B1asdeRicardoAnaya?src=hash&amp;ref_src=twsrc%5Etfw\">#Haza\u00f1asdeRicardoAnaya<\/a> <a href=\"https:\/\/t.co\/u5prJv4HHN\">pic.twitter.com\/u5prJv4HHN<\/a><\/p>\n<p>\u2014 trilo (@Nicef13) <a href=\"https:\/\/twitter.com\/Nicef13\/status\/950751101736939521?ref_src=twsrc%5Etfw\">9 de enero de 2018<\/a><\/p><\/blockquote>\n<p><script async src=\"https:\/\/platform.twitter.com\/widgets.js\" charset=\"utf-8\"><\/script><br \/>\n<strong>Y bueno, el pil\u00f3n y que nos hubiera encantado que saliera bajo la ahora famosa r\u00fabrica:<\/strong><\/p>\n<blockquote class=\"twitter-tweet\" data-lang=\"es\">\n<p dir=\"ltr\" lang=\"und\"><a href=\"https:\/\/twitter.com\/hashtag\/MeVoyDelPAN?src=hash&amp;ref_src=twsrc%5Etfw\">#MeVoyDelPAN<\/a> <a href=\"https:\/\/t.co\/J2nmOoscaF\">https:\/\/t.co\/J2nmOoscaF<\/a><\/p>\n<p>\u2014 Javier Lozano A (@JLozanoA) <a href=\"https:\/\/twitter.com\/JLozanoA\/status\/950787268544991233?ref_src=twsrc%5Etfw\">9 de enero de 2018<\/a><\/p><\/blockquote>\n<p><script async src=\"https:\/\/platform.twitter.com\/widgets.js\" charset=\"utf-8\"><\/script><\/p>\n","protected":false},"template":"","meta":{"_id_youtube":"","_id_vimeo":"","_podcasts_duration":"","_podcasts_url":"","_podcasts_show":"","_prog_horario_dias":"","_prog_hora":"","_prog_duration":""},"class_list":["post-26488","archivo","type-archivo","status-publish","hentry"],"_links":{"self":[{"href":"https:\/\/nofm-radio.com\/index.php?rest_route=\/wp\/v2\/archivo\/26488","targetHints":{"allow":["GET"]}}],"collection":[{"href":"https:\/\/nofm-radio.com\/index.php?rest_route=\/wp\/v2\/archivo"}],"about":[{"href":"https:\/\/nofm-radio.com\/index.php?rest_route=\/wp\/v2\/types\/archivo"}],"wp:attachment":[{"href":"https:\/\/nofm-radio.com\/index.php?rest_route=%2Fwp%2Fv2%2Fmedia&parent=26488"}],"curies":[{"name":"wp","href":"https:\/\/api.w.org\/{rel}","templated":true}]}}