{"id":26787,"date":"2018-02-09T12:45:35","date_gmt":"2018-02-09T18:45:35","guid":{"rendered":"http:\/\/nofm-radio.com\/?p=26787"},"modified":"2018-02-09T12:45:35","modified_gmt":"2018-02-09T18:45:35","slug":"celebremos-la-vida-el-cumpleanos-de-nadia-vera-en-buendiagorilas","status":"publish","type":"archivo","link":"https:\/\/nofm-radio.com\/?archivo=celebremos-la-vida-el-cumpleanos-de-nadia-vera-en-buendiagorilas","title":{"rendered":"Celebremos la vida. El cumplea\u00f1os de Nadia Vera en #BuenD\u00edaGorilas"},"content":{"rendered":"<p><em>El 8 de febrero de 2018, Nadia Vera habr\u00eda cumplido 35 a\u00f1os. Esta fecha nos llena de tristeza porque se hace m\u00e1s patente su ausencia, pero tambi\u00e9n nos hace celebrar su vida y la de todas las personas a las que toc\u00f3 y sigue tocando. De esta manera, NoFM se una a la convocatoria de las amigas y familiares de Nadia y nos unimos a esta celebraci\u00f3n en el programa #BuenD\u00edaGorilas. Les dejamos el programa en que nos acompa\u00f1aron Erika &#8220;Kuru&#8221; Lozano e Itza Ponce con m\u00fasica, poemas y las ideas que Shanti Vera, hermano de Nadia nos dej\u00f3 para celebrar su cumplea\u00f1os. Les dejamos el programa completo, un texto de nuestras invitadas y los regalos con los que decimos &#8220;Feliz cumplea\u00f1os, Nadia&#8221; con la misma fuerza con que seguiremos pidiendo JUSTICIA.<\/em><br \/>\n<a class=\"no-eff img-link lightbox\" href=\"http:\/\/nofm-radio.com\/wp-content\/uploads\/2018\/02\/ShantiVera.jpg\"><img loading=\"lazy\" decoding=\"async\" class=\"size-full wp-image-26790 aligncenter\" src=\"http:\/\/nofm-radio.com\/wp-content\/uploads\/2018\/02\/ShantiVera.jpg\" alt=\"\" width=\"268\" height=\"200\" \/><\/a><br \/>\n<em>No se pierdan <strong>#BuenD\u00edaGorilas<\/strong> de lunes a viernes a las 9 de la ma\u00f1ana por <strong><a href=\"http:\/\/www.nofm-radio.com\" target=\"_blank\" rel=\"noopener noreferrer\">www.nofm-radio.com<\/a><\/strong><\/em><br \/>\n<em>Buen D\u00eda, Gorilas!!! (9 de febrero de 2018 &#8211; El Cumplea\u00f1os de Nadia Vera)<\/em><br \/>\n[audio:http:\/\/nofm-radio.com\/podcast\/2018\/Buen_Dia_Gorilas_09_2_2018.mp3]<\/p>\n<div style=\"text-align: center;\">\n<div style=\"margin: 8px 0px 4px;\"><strong>Feliz cumplea\u00f1os 35, Nadia\u00a0<\/strong><\/div>\n<\/div>\n<p>por <strong>Erika Lozano<\/strong><br \/>\n<a href=\"https:\/\/twitter.com\/e_lozanog\" target=\"_blank\" rel=\"noopener noreferrer\">@e_lozanog<\/a><br \/>\ne <strong>Itzamn\u00e1 Ponce<\/strong><br \/>\nEste<strong> 8 de febrero<\/strong> fue el cumplea\u00f1os 35 de <strong>Nadia Vera<\/strong>, antrop\u00f3loga y activista ejecutada junto a <strong>Alejandra Negrete, Mile Mart\u00edn, Yesenia Quiroz y Rub\u00e9n Espinosa<\/strong> el 31 de julio del 2015 en la colonia Narvarte en la Ciudad de M\u00e9xico.<br \/>\nNadia fue muy cr\u00edtica con el narcogobierno de Javier Duarte, quien hoy se encuentra preso y bajo proceso por lavado de dinero y <strong>delincuencia organizada<\/strong>, (pero no ha sido juzgado por otros cr\u00edmenes), pues desde el a\u00f1o 2010, en el que \u00e9ste asumi\u00f3 el poder en el estado, hubo un alza en el \u00edndice de desapariciones. Tambi\u00e9n por los niveles de impunidad y el gran n\u00famero de asesinatos de periodistas. A Duarte lo responsabiliz\u00f3 directamente por su integridad f\u00edsica. En una entrevista con <em><strong>Rompeviento TV<\/strong><\/em> en 2014, ella hablaba sobre la alarmante situaci\u00f3n en Veracruz, donde las personas j\u00f3venes son carne de ca\u00f1\u00f3n para el sicariato o la trata de personas. \u201cEs necesario accionar porque nos est\u00e1n aniquilando\u201d, pensaba.<br \/>\n<strong>Rub\u00e9n<\/strong>, tambi\u00e9n incomodaba al poder con su trabajo fotoperiod\u00edstico, pues siempre fue solidario con quienes se movilizaban y cr\u00edtico de<strong>\u00a0Duarte<\/strong>. Durante meses denunci\u00f3 la intimidaci\u00f3n.<br \/>\nTras una serie de amenazas, en julio de 2015,<strong>\u00a0Nadia Vera<\/strong> y Rub\u00e9n huyeron de<strong> Xalapa<\/strong> y llegaron a la <strong>Ciudad de M\u00e9xico<\/strong> buscando refugiarse.<br \/>\nA partir de que fue arrebatada, la memoria de Nadia se ha movilizado y levantado muchas voces, rabia, indignaci\u00f3n y creado lazos afectivos entre quienes la seguimos recordando.<br \/>\nNadia fue gestora del <strong>Festival Cuatro x Cuatro<\/strong> de arte esc\u00e9nico contempor\u00e1neo, pues cre\u00eda fundamental el arte como forma de lucha. En las ediciones del festival del 2016 y 2017 sus amigas, amigos y familia, le rindieron homenaje. Tambi\u00e9n se han organizado diversos encuentros en su memoria, como las protestas afuera del departamento de la calle <strong>Luz Savi\u00f1\u00f3n 1909<\/strong> de la colonia <strong>Narvarte<\/strong>, los Festivales de Arte para No Olvidar, por nombrar algunas muestras de solidaridad entre tantas.<br \/>\nEn su cumplea\u00f1os 34, integrantes del <strong>Diplomado Transversales<\/strong> convocaron a un suceso donde 46 personas escribieron una carta a la mujer que no quisieran que se fuera de su vida. El resultado fue una carta colectiva a <em><strong>Nadia.<\/strong><\/em><br \/>\n<iframe loading=\"lazy\" src=\"https:\/\/player.vimeo.com\/video\/233223125\" width=\"640\" height=\"360\" frameborder=\"0\" allowfullscreen=\"allowfullscreen\"><\/iframe><br \/>\nRecordarla es insistir en la exigencia de<strong> justicia<\/strong> ante un Estado que busca paralizarnos de miedo.\u00a0Hoy estamos de fiesta para celebrar su vida y su paso por este mundo.\u00a0Con abrazos, encuentros, fiesta y baile. Como Nadia hubiera vivido.<br \/>\nLe dedicamos estas canciones, escogidas por sus amigas, amigos y su hermano, entre tantas que acompa\u00f1aron su vida.\u00a0Desde aqu\u00ed abrazamos a <strong>Mirtha Luz P\u00e9rez Robledo<\/strong>, y a toda su familia.<br \/>\n&nbsp;<\/p>\n<div style=\"text-align: center;\">\n<div style=\"margin: 8px 0px 4px;\"><a href=\"http:\/\/www.calameo.com\/books\/0046542856be612944d7a\" target=\"_blank\" rel=\"noopener noreferrer\">&#8220;La muerte no es todav\u00eda una fiesta&#8221; de Mirtha Luz P\u00e9rez Robledo<\/a><\/div>\n<p><iframe loading=\"lazy\" style=\"margin: 0 auto;\" src=\"\/\/v.calameo.com\/?bkcode=0046542856be612944d7a&amp;mode=mini\" width=\"480\" height=\"300\" frameborder=\"0\" scrolling=\"no\" allowfullscreen=\"allowfullscreen\"><\/iframe><\/p>\n<div style=\"margin: 4px 0px 8px;\"><a href=\"http:\/\/www.calameo.com\/\" target=\"_blank\" rel=\"noopener noreferrer\">Leer m\u00e1s publicaciones en Calam\u00e9o<\/a><\/div>\n<\/div>\n<p><iframe loading=\"lazy\" title=\"Feliz cumplea\u00f1os, Nadia\" src=\"https:\/\/player.vimeo.com\/video\/231583116?dnt=1&amp;app_id=122963\" width=\"640\" height=\"360\" frameborder=\"0\" allow=\"autoplay; fullscreen; picture-in-picture; clipboard-write; encrypted-media\"><\/iframe><br \/>\n<iframe loading=\"lazy\" title=\"Chico Trujillo-Loca\" width=\"640\" height=\"480\" src=\"https:\/\/www.youtube.com\/embed\/ZwtcyXl5y9c?feature=oembed\" frameborder=\"0\" allow=\"accelerometer; autoplay; clipboard-write; encrypted-media; gyroscope; picture-in-picture; web-share\" referrerpolicy=\"strict-origin-when-cross-origin\" allowfullscreen><\/iframe><br \/>\nhttps:\/\/www.youtube.com\/watch?v=MAp-bVWXz6c<br \/>\n<iframe loading=\"lazy\" title=\"Ampersan - Mujer Mariposa (Le\u00f3n Ch\u00e1vez Teixeiro)\" width=\"640\" height=\"480\" src=\"https:\/\/www.youtube.com\/embed\/FKTLJvGcFsQ?feature=oembed\" frameborder=\"0\" allow=\"accelerometer; autoplay; clipboard-write; encrypted-media; gyroscope; picture-in-picture; web-share\" referrerpolicy=\"strict-origin-when-cross-origin\" allowfullscreen><\/iframe><br \/>\n<iframe loading=\"lazy\" title=\"Natalia Lafourcade - Hasta la Ra\u00edz\" width=\"640\" height=\"360\" src=\"https:\/\/www.youtube.com\/embed\/IKmPci5VXz0?feature=oembed\" frameborder=\"0\" allow=\"accelerometer; autoplay; clipboard-write; encrypted-media; gyroscope; picture-in-picture; web-share\" referrerpolicy=\"strict-origin-when-cross-origin\" allowfullscreen><\/iframe><br \/>\nhttps:\/\/www.youtube.com\/watch?v=fRvARVdNVPA<br \/>\n<iframe loading=\"lazy\" title=\"Andr\u00e9s Calamaro - La Parte De Adelante.flv\" width=\"640\" height=\"480\" src=\"https:\/\/www.youtube.com\/embed\/yz3NmuRWujs?feature=oembed\" frameborder=\"0\" allow=\"accelerometer; autoplay; clipboard-write; encrypted-media; gyroscope; picture-in-picture; web-share\" referrerpolicy=\"strict-origin-when-cross-origin\" allowfullscreen><\/iframe><br \/>\n<iframe loading=\"lazy\" title=\"Selena Y Los Dinos - Como La Flor\" width=\"640\" height=\"480\" src=\"https:\/\/www.youtube.com\/embed\/JsUt2jsLM1k?feature=oembed\" frameborder=\"0\" allow=\"accelerometer; autoplay; clipboard-write; encrypted-media; gyroscope; picture-in-picture; web-share\" referrerpolicy=\"strict-origin-when-cross-origin\" allowfullscreen><\/iframe><br \/>\n<iframe loading=\"lazy\" title=\"[HD] Jose Jose - El Triste (En Vivo)\" width=\"640\" height=\"360\" src=\"https:\/\/www.youtube.com\/embed\/MKhuZGk5qZ8?feature=oembed\" frameborder=\"0\" allow=\"accelerometer; autoplay; clipboard-write; encrypted-media; gyroscope; picture-in-picture; web-share\" referrerpolicy=\"strict-origin-when-cross-origin\" allowfullscreen><\/iframe><br \/>\n______<br \/>\nFoto de Eka R\u00edos.<\/p>\n","protected":false},"template":"","meta":{"_id_youtube":"","_id_vimeo":"","_podcasts_duration":"","_podcasts_url":"","_podcasts_show":"","_prog_horario_dias":"","_prog_hora":"","_prog_duration":""},"class_list":["post-26787","archivo","type-archivo","status-publish","hentry"],"_links":{"self":[{"href":"https:\/\/nofm-radio.com\/index.php?rest_route=\/wp\/v2\/archivo\/26787","targetHints":{"allow":["GET"]}}],"collection":[{"href":"https:\/\/nofm-radio.com\/index.php?rest_route=\/wp\/v2\/archivo"}],"about":[{"href":"https:\/\/nofm-radio.com\/index.php?rest_route=\/wp\/v2\/types\/archivo"}],"wp:attachment":[{"href":"https:\/\/nofm-radio.com\/index.php?rest_route=%2Fwp%2Fv2%2Fmedia&parent=26787"}],"curies":[{"name":"wp","href":"https:\/\/api.w.org\/{rel}","templated":true}]}}