{"id":26831,"date":"2018-02-14T14:35:50","date_gmt":"2018-02-14T20:35:50","guid":{"rendered":"http:\/\/nofm-radio.com\/?p=26831"},"modified":"2018-02-14T14:35:50","modified_gmt":"2018-02-14T20:35:50","slug":"que-firmaron-el-ine-y-facebook-le-vendieron-nuestra-alma-al-diablo","status":"publish","type":"archivo","link":"https:\/\/nofm-radio.com\/?archivo=que-firmaron-el-ine-y-facebook-le-vendieron-nuestra-alma-al-diablo","title":{"rendered":"\u00bfQu\u00e9 firmaron el INE y Facebook? \u00bfLe vendieron nuestra alma al diablo?"},"content":{"rendered":"<p style=\"text-align: left;\">La semana pasada, el <strong>Instituto Nacional Electoral<\/strong> anunci\u00f3 con bombo y platillo un <strong>convenio<\/strong> con la empresa <strong>Facebook<\/strong>. El objetivo principal de este acuerdo, calificado de hist\u00f3rico e in\u00e9dito en el mundo, era combatir al enemigo mortal del momento: las<strong> noticias falsas<\/strong>. El anuncio sonaba muy bien: un trato que pon\u00eda al<strong> INE<\/strong> a la vanguardia justo en el momento en que los rusos aparec\u00edan en la escena para apoyar a <strong>Andres Manuelovich<\/strong>. Pero de pronto, como le sucede seguido al INE, todo se derrumb\u00f3. El d\u00eda de hoy, en la primera plana del diario<em><strong> El Universal<\/strong> <\/em>se informaba que el acuerdo era tan <strong><em>fake<\/em> <\/strong>como las noticias que supuestamente iba a combatir. El peri\u00f3dico public\u00f3 el convenio (que se hab\u00eda mantenido en lo oscurito) y es no s\u00f3lo de pena ajena, sino de un peligro latente. Resulta que a los del INE les ganaron las ganas de hacer historia, y dejaron al \u00f3rgano regulador a merced de la buena voluntad de Facebook (pausa para risas).<\/p>\n<p>Para dejar un poco m\u00e1s claro por qu\u00e9 el convenio no es favorable ni para el INE ni para el<strong> electorado mexicano<\/strong>, les dejamos ocho puntos para entender c\u00f3mo <strong>Mark Zuckergberg<\/strong> y compa\u00f1\u00eda se agandallaron al INE.<br \/>\n<strong>* Empezando por el principio<\/strong><br \/>\nCabr\u00eda suponer que un acuerdo que firma una instituci\u00f3n gubernamental tiene que ser lo suficientemente serio como para tener un tipo de marco legal, o no. El primer problema del convenio entre <strong>Facebook Irlanda<\/strong> (brazo internacional de la red social) y el INE est\u00e1 en el primer p\u00e1rrafo del documento que dice a la letra:<\/p>\n<blockquote><p>Las partes acuerdan y reconocen que, con excepci\u00f3n de las obligaciones de confidencialidad que se detallan en la secci\u00f3n 4 siguiente, los t\u00e9rminos aqu\u00ed contenidos no constituyen ni crean obligaci\u00f3n(es) legalmente vinculantes u obligatorias para cualquiera de las partes.<\/p><\/blockquote>\n<p>En llano espa\u00f1ol, el primer p\u00e1rrafo indica que se establece un convenio en el que nadie se compromete a nada m\u00e1s a que a guardar la <strong>confidencialidad<\/strong>. Si ustedes se preguntan qui\u00e9n se atrevi\u00f3 a firmar algo as\u00ed, pues les contamos que fue<a href=\"https:\/\/www.ine.mx\/lic-edmundo-jacobo-molina\/\" target=\"_blank\" rel=\"noopener noreferrer\"> <strong>Edumndo Jacobo Molina<\/strong><\/a>, <strong>Secretario Ejecutivo del INE<\/strong>, quien cuenta con una licenciatura en Filosof\u00eda y Letras, lo que podr\u00eda explicar el potencial novelesco del acuerdo. De otra forma, no nos lo explicamos.<br \/>\n<iframe loading=\"lazy\" class=\"giphy-embed\" src=\"https:\/\/giphy.com\/embed\/l3q2SaisWTeZnV9wk\" width=\"480\" height=\"270\" frameborder=\"0\" allowfullscreen=\"allowfullscreen\"><\/iframe><br \/>\n<strong>* Pocos puntos, \u00bfmuchas nueces?<\/strong><br \/>\nEl resto del convenio consta de siete puntos, de los cu\u00e1les los primeros dos dicen que el <strong>INE<\/strong> es el &#8220;Instituto&#8221; y que es un \u00f3rgano aut\u00f3nomo y constitucional encargado de regular el <strong>proceso electoral<\/strong>. Una vez descubierta el agua tibia en los dos primeros puntos (dentro de los cuales no se define qu\u00e9 tipo de figura legal es Facebook ni nada), en el tercero empiezan de nuevo los problemas, pues dice que<\/p>\n<blockquote><p>Durante el per\u00edodo de Elecciones (del 30 de marzo al 1 de julio), Facebook tiene la intenci\u00f3n (pero no la obligaci\u00f3n) de hacer que algunos de sus productos de participaci\u00f3n ciudadana est\u00e9n disponibles en su plataforma para usuarios en M\u00e9xico.<\/p><\/blockquote>\n<p>Es decir, para Facebook la intenci\u00f3n es lo que cuenta y no se obliga a nada. Nos deja con la expectativa de saber si implementar\u00e1 herramientas como botones para obtener informaci\u00f3n sobre el proceso electoral, para que los usuarios ubiquen su <strong>casilla<\/strong>, o para incentivar el <strong>voto<\/strong>. Las obligaciones comienzan despu\u00e9s en esa misma cl\u00e1usula cuando el INE se compromete a darle a Facebook acceso a <strong>los resultados del PREP<\/strong> en tiempo real durante el d\u00eda de la elecci\u00f3n, a brindarle un espacio f\u00edsico en el instituto para la cobertura el 1 de julio, que incluir\u00e1 la publicaci\u00f3n de videos en la plataforma de Facebook y en la de sus aliados. Obvio no se aclara qui\u00e9nes son los &#8220;aliados&#8221;, aunque para el nivel que trae <strong>Zuckerberg<\/strong> sospechamos que est\u00e1n m\u00e1s macizos que el <strong>Berl\u00edn-Roma-Tokio<\/strong>.<br \/>\n<iframe loading=\"lazy\" class=\"giphy-embed\" src=\"https:\/\/giphy.com\/embed\/ckvuK4mlUuohi\" width=\"480\" height=\"203\" frameborder=\"0\" allowfullscreen=\"allowfullscreen\"><\/iframe><br \/>\n<strong>* You know nothing, periodistas<\/strong><br \/>\nUno de los puntos de convenio que ha causado m\u00e1s indignaci\u00f3n es el que dice<\/p>\n<blockquote><p>Las Partes tambi\u00e9n trabajar\u00e1n en conjunto para crear foros y eventos relacionados en general con las elecciones, tales como sesiones de aprendizaje para periodistas sobre c\u00f3mo se organizan y celebran las elecciones en M\u00e9xico.<\/p><\/blockquote>\n<p>Tssss est\u00e1 bien que hay algunos <strong>columnistas<\/strong> que han dado muestra de una impune ignorancia, o que los medios de comunicaci\u00f3n est\u00e9n llenos de opin\u00f3logos, pero de ah\u00ed a que los <strong>periodistas<\/strong> mexicanos necesiten clases de c\u00f3mo es el proceso electoral de su propio pa\u00eds, y que esas clases est\u00e9n organizadas por Facebook, hay cierta distancia. En este punto tambi\u00e9n tenemos que detenernos a aclarar que este p\u00e1rrafo puede tener problemas de <strong>traducci\u00f3n<\/strong>. En la versi\u00f3n en ingl\u00e9s del convenio, este punto habla de &#8220;learning lessons&#8221;, que tiene una carga sem\u00e1ntica y cultural distinta que &#8220;sesiones de aprendizaje&#8221;; las &#8220;learning lessons&#8221; tienen m\u00e1s esta idea de aprender a aprender, aprender haciendo, y esas ondas de escuela activa. La traducci\u00f3n literal al espa\u00f1ol suena mucho m\u00e1s ruda, como si se viniera a educar a los periodistas sobre un proceso que desconocen del todo. No obstante los problemas de traducci\u00f3n, la oferta educativa de Facebook en el convenio es bastante pobre respecto de las ventajas de cobertura que obtiene. Es decir, no nos preocupan las clases sino el agandalle.<br \/>\n<iframe loading=\"lazy\" class=\"giphy-embed\" src=\"https:\/\/giphy.com\/embed\/xULW8ivq1Y53JUFbsQ\" width=\"480\" height=\"254\" frameborder=\"0\" allowfullscreen=\"allowfullscreen\"><\/iframe><br \/>\n<strong>* La primera regla del club de la pelea<\/strong><br \/>\nOtro de los reclamos nacidos de la nota del <em><strong>Universal<\/strong><\/em> fue el secretismo con que se manej\u00f3 el convenio. Los reporteros del diario aseguraron que no se les entreg\u00f3 el documento cuando lo solicitaron y que tuvieron que conseguirlo de manera ingeniosa. La respuesta del INE fue que de ninguna manera el acuerdo era secreto, salvo que s\u00ed lo es. La <strong>cl\u00e1usula 4<\/strong> del convenio (esa que se mencion\u00f3 desde el primer p\u00e1rrafo) dice<\/p>\n<blockquote><p>Ninguna de las partes deber\u00e1 (ni permitir\u00e1, ni causar\u00e1 que cualquiera de sus empleados, representantes o agentes) divulgue, disemine o haga p\u00fablica informaci\u00f3n relacionada con este MOC [Memor\u00e1ndum de cooperaci\u00f3n, por sus siglas en ingl\u00e9s], incluyendo la existencia de este MOC, a ning\u00fan tercero, salvo que lo exija la ley o para cumplir con los t\u00e9rminos de este MOC.<\/p><\/blockquote>\n<p>Osea aplicaron la de &#8220;El convenio no es secreto porque no hay convenio&#8221;, gui\u00f1o gui\u00f1o. Parte de la cl\u00e1usula incluye la publicaci\u00f3n de un comunicado de prensa conjunto que fue el que difundi\u00f3 el INE. S\u00f3lo que el instituto se fue de boca y afirm\u00f3 que el objetivo del acuerdo era uno que ni siquiera se menciona. \u00bfO habr\u00e1 sido para despistar al enemigo?<br \/>\nAl cuestion\u00e1rsele a <strong>Lorenzo C\u00f3rdova<\/strong> por qu\u00e9 hab\u00eda sido tan opaco el trato, dijo no era secreto, que se hab\u00eda avisado a todo mundo, pero que se hab\u00eda mantenido confidencial a petici\u00f3n de Facebook.<br \/>\n<iframe loading=\"lazy\" class=\"giphy-embed\" src=\"https:\/\/giphy.com\/embed\/aijty3bkVmxR6\" width=\"480\" height=\"342\" frameborder=\"0\" allowfullscreen=\"allowfullscreen\"><\/iframe><br \/>\n<strong>* Esto dura hasta que se acaba<\/strong><br \/>\nEl punto de &#8220;<strong>Plazos y t\u00e9rminos<\/strong>&#8221; es otra buena puntada que aclara que el convenio estar\u00e1 vigente hasta el <strong>10 de julio de 2018<\/strong>, es decir, 9 d\u00edas despu\u00e9s de la <strong>jornada electoral<\/strong> (nada tontos los de Facebook, se aseguraron de tener cobertura por si se desconocen elecciones, se impugnan o hay desmadre). Pero con la salvedad de que &#8220;alguna de las partes lo d\u00e9 por terminado anticipadamente (por cualquier causa o sin causa) mediante notificaci\u00f3n por escrito&#8221;. As\u00ed, en cualquier momento, el INE o Facebook pueden aplicar la Shakira de &#8220;Te aviso, te anuncio que hoy renuncio&#8221; y adi\u00f3s historia, adi\u00f3s vanguardia, adi\u00f3s convenio. En resumen, hasta ahora el convenio no obliga a nada a nadie, Facebook tiene intenciones no obligaciones, el convenio existe pero no podemos decir que existe, y se acaba a voluntad sin mayores argumentos. Es decir, el INE y Facebook tienen, como dir\u00edamos all\u00e1 anta\u00f1o en los 90, un <strong><em>free<\/em><\/strong>.<br \/>\n<iframe loading=\"lazy\" class=\"giphy-embed\" src=\"https:\/\/giphy.com\/embed\/568EAslmS9h8Q\" width=\"429\" height=\"480\" frameborder=\"0\" allowfullscreen=\"allowfullscreen\"><\/iframe><br \/>\n<strong>* En mi casa y con mi gente, se me respeta<\/strong><br \/>\nUno de los \u00faltimos puntos del dichoso convenio s\u00ed est\u00e1 grave, e ir\u00f3nicamente est\u00e1 dispuesto bajo la etiqueta &#8220;<strong>Disposiciones Varias<\/strong>&#8220;. Esta cl\u00e1usula indica que el acuerdo est\u00e1<\/p>\n<blockquote><p>sujeto y se rige por la Declaraci\u00f3n de Derechos y Responsabilidades de Facebook que se encuentra en <a href=\"https:\/\/www.facebook.com\/terms\" target=\"_blank\" rel=\"noopener noreferrer\">https:\/\/www.facebook.com\/terms<\/a> (inclu\u00eddas todas las pol\u00edticas y gu\u00edas a las que hace referencia) (la &#8220;SRR&#8221; por sus siglas en ingl\u00e9s), mismo SRR que se incorpora al presente como referencia.<\/p><\/blockquote>\n<p>De tal forma que este convenio firmado entre un \u00f3rgano aut\u00f3nomo y constitucional y una empresa trasnacional no se rige por la ley internacional, la ley mexicana o la ley de dios, sino por los<strong> t\u00e9rminos y condiciones de la red social<\/strong>. Es decir, el INE tiene tantos derechos como cualquiera que se convierte en usuario de Facebook, inclu\u00eddas su pol\u00edtica de datos, comercializaci\u00f3n y servicios. No sabemos si el secretario Ejecutivo que firm\u00f3 el convenio en efecto ley\u00f3 esta <strong>Declaraci\u00f3n de Derechos y Responsabilidades<\/strong> o, como el usuario promedio, movi\u00f3 el <strong><em>mouse<\/em><\/strong> hasta donde dec\u00eda &#8220;<strong>Acepto<\/strong>&#8221; y dio clic para aceptar la ley de Facebook.<br \/>\nEste punto es particularmente delicado por el manejo de datos que tiene el INE. Aunque el <strong>Consejero Presidente<\/strong> ya afirm\u00f3 que no se compartir\u00e1n <strong>datos personales del padr\u00f3n electoral<\/strong>, no se explica c\u00f3mo se blindar\u00e1n los datos para obtener los &#8220;servicios c\u00edvicos&#8221; como la ubicaci\u00f3n de la casilla, o peor, qu\u00e9 elementos de seguridad se tendr\u00e1 para los datos del <strong>PREP<\/strong> que se compartir\u00e1n en Facebook en tiempo real el <strong>1 de julio<\/strong>. Olv\u00eddense de sus fotos de infancia, peroc\u00fapense por el PREP.<br \/>\n<iframe loading=\"lazy\" class=\"giphy-embed\" src=\"https:\/\/giphy.com\/embed\/fo1nzAgzjaZaw\" width=\"480\" height=\"259\" frameborder=\"0\" allowfullscreen=\"allowfullscreen\"><\/iframe><br \/>\n<strong>* Si nadie lo ha hecho, preg\u00fantate por qu\u00e9<\/strong><br \/>\nPues ya vi\u00e9ndolo con calmita, empezamos a entender por qu\u00e9 ning\u00fan gobierno hab\u00eda firmado un acuerdo semejante con Facebook, \u00bfno? S\u00f3lo basta rascarle un poquito al papel que ha jugado la red social en algunas elecciones (la gringa, por ejemplo) para desconfiar de los beneficios. Los<strong> expertos en seguridad<\/strong> han calificado el acuerdo que firm\u00f3 el INE como una gran<strong> campa\u00f1a de publicidad<\/strong> para la plataforma, pues busca que los usuarios prefieran la <strong>red social<\/strong> como fuente de informaci\u00f3n. Esto no est\u00e1 mal en s\u00ed, salvo que Facebook se rige por su pol\u00edtica de <strong>comercializaci\u00f3n<\/strong> que no le impide mezclar la <strong>transmisi\u00f3n de los debates<\/strong> con una noticia falsa que alguien haya patrocinado para que llegue a millones de usuarios. En otros pa\u00edses hay actualmente grupos de medios de comunicaci\u00f3n que han entablado una guerra contra los gigantes de la tecnolog\u00eda Facebook y <strong>Google<\/strong>, porque mientras alguien pague no tienen reparos en difundir m\u00e1s y mejor noticias no verificadas y de fuentes sospechosas. Que el INE d\u00e9 a Facebook un trato parecido al de cualquier medio de comunicaci\u00f3n es muy grave porque la plataforma no se rige bajo ninguna ley a la que s\u00ed est\u00e1n sujetos peri\u00f3dicos, revistas, canales de radio y televisi\u00f3n. El INE no ha entendido que Mark Zuckerberg y compa\u00f1\u00eda son mercenarios, tanto as\u00ed que ya est\u00e1 planenado firmar convenios parecidos con <strong>Twitter<\/strong> y Google.<br \/>\n<iframe loading=\"lazy\" class=\"giphy-embed\" src=\"https:\/\/giphy.com\/embed\/mRh4cLIYhrs9G\" width=\"480\" height=\"259\" frameborder=\"0\" allowfullscreen=\"allowfullscreen\"><\/iframe><br \/>\n<strong>* A o\u00eddos sordos, palabras necias<\/strong><br \/>\nLas cr\u00edticas al convenio no han sido bien recibidas por el INE. Desde la difusi\u00f3n del documento no se han cansado de decir que lo que pasa es que no entendemos, que el acuerdo es apenas un punto de partida y que se podr\u00e1 cumplir con el objetivo de combatir las <strong>noticias falsas<\/strong>. Lo cierto es que ninguna de las frases anteriores se sostiene en el papel que firmaron el Secretario Ejecutivo y el<strong> Jefe de Finanzas Internacionales de Facebook<\/strong>. <a href=\"https:\/\/centralelectoral.ine.mx\/2018\/02\/13\/difundir-informacion-validada-uno-de-los-objetivos-del-convenio-ine-facebook-cordova\/\" target=\"_blank\" rel=\"noopener noreferrer\">Cada explicaci\u00f3n que ha dado Lorenzo C\u00f3rdova<\/a> ha sido desmentida incluso por al red social. Dijo que Facebook pod\u00eda indentificar las noticias falsas para que el INE las contrarrestara con informaci\u00f3n veradera, y ya dijo Facebook que su <strong>algoritmo<\/strong> no puede hacer eso, pero que les recomienda unos programitas. Lo cierto es que el \u00f3rgano regulador no acaba de entender la dimensi\u00f3n del impacto de las noticias falsas en la elecci\u00f3n, ni el funcionamiento de las redes sociales. El convenio lo \u00fanico que muestra es que nuestras instituciones son v\u00edctimas de su propia ingenuidad y soberbia. Tras la firma del convenio, valdr\u00eda la pena que el instituto reculara y lo terminara (ya vimos que es muy f\u00e1cil), en cambio, fiel al sexenio, prefiere sentirse atacado ante la cr\u00edtica, y ver en ella palabras necias de un infundado<strong> enojo social<\/strong>.<br \/>\n<iframe loading=\"lazy\" class=\"giphy-embed\" src=\"https:\/\/giphy.com\/embed\/3ohs80n71chCV8Q05a\" width=\"480\" height=\"258\" frameborder=\"0\" allowfullscreen=\"allowfullscreen\"><\/iframe><br \/>\nAs\u00ed es, muchachos y muchachas, m\u00e1s all\u00e1 de clavarnos en detalles, lo m\u00e1s dif\u00edcil de creer es que alguien se haya atrevido a firmar un convenio que no cumple ni con el protocolo que todos aprendimos en la primaria. Si no nos creen, \u00e9chenle un ojo<strong> <a href=\"http:\/\/interactivo.eluniversal.com.mx\/graficos\/online\/pdf-18\/convenio-facebook.pdf\" target=\"_blank\" rel=\"noopener noreferrer\">aqu\u00ed<\/a><\/strong>, no perder\u00e1n mucho tiempo, pues, adem\u00e1s de todo, el hist\u00f3rico documento consta apenas de tres paginitas. Para m\u00e1s informaci\u00f3n sobre los problemas de este convenio les recomendamos leer <strong><a href=\"http:\/\/www.eluniversal.com.mx\/columna\/ana-francisca-vega\/nacion\/facebook-y-su-ejercicio-de-relaciones-publicas-en-mexico\" target=\"_blank\" rel=\"noopener noreferrer\">este art\u00edculo de Ana Francisca Vega.<\/a><\/strong><\/p>\n","protected":false},"template":"","meta":{"_id_youtube":"","_id_vimeo":"","_podcasts_duration":"","_podcasts_url":"","_podcasts_show":"","_prog_horario_dias":"","_prog_hora":"","_prog_duration":""},"class_list":["post-26831","archivo","type-archivo","status-publish","hentry"],"_links":{"self":[{"href":"https:\/\/nofm-radio.com\/index.php?rest_route=\/wp\/v2\/archivo\/26831","targetHints":{"allow":["GET"]}}],"collection":[{"href":"https:\/\/nofm-radio.com\/index.php?rest_route=\/wp\/v2\/archivo"}],"about":[{"href":"https:\/\/nofm-radio.com\/index.php?rest_route=\/wp\/v2\/types\/archivo"}],"wp:attachment":[{"href":"https:\/\/nofm-radio.com\/index.php?rest_route=%2Fwp%2Fv2%2Fmedia&parent=26831"}],"curies":[{"name":"wp","href":"https:\/\/api.w.org\/{rel}","templated":true}]}}