{"id":26904,"date":"2018-02-19T19:01:28","date_gmt":"2018-02-20T01:01:28","guid":{"rendered":"http:\/\/nofm-radio.com\/?p=26904"},"modified":"2018-02-19T19:01:28","modified_gmt":"2018-02-20T01:01:28","slug":"los-10-momentos-mas-dados-del-carnaval-de-bahidora-2018","status":"publish","type":"archivo","link":"https:\/\/nofm-radio.com\/?archivo=los-10-momentos-mas-dados-del-carnaval-de-bahidora-2018","title":{"rendered":"Los 10 momentos m\u00e1s DADOS del Carnaval de Bahidor\u00e1 2018"},"content":{"rendered":"<p>por <strong>Alejandro Guerrero<\/strong><br \/>\n<a href=\"https:\/\/twitter.com\/elAleGuarrero\" target=\"_blank\" rel=\"noopener noreferrer\">@elAleGuarrero<\/a><br \/>\nFotograf\u00edas de <strong>Diego Alva<\/strong><br \/>\n<a href=\"https:\/\/www.instagram.com\/aalvum\/?hl=es-la\" rel=\"noopener noreferrer\" target=\"_blank\">@aalvum<\/a><br \/>\nLa m\u00e1s reciente edici\u00f3n del <strong>Carnaval de Bahidor\u00e1<\/strong> reuni\u00f3 a m\u00e1s de 60 artistas de diversos rincones del orbe. Cine, m\u00fasica, pintura y escultura se conjugaron en <strong>Las Estacas<\/strong>\u00a0para compartir sus propuestas est\u00e9ticas al calor del sol de <strong>Tlaltizapan, Morelos<\/strong>.\u00a0Como ser\u00eda infinitamente tedioso e in\u00fatil rese\u00f1ar cada uno de los actos a los que asist\u00ed, he decidido traer hasta ustedes un relato diferente de lo que viv\u00ed y sent\u00ed el pasado fin de semana. Es por eso que ah\u00ed les van <strong>los 10 momentos m\u00e1s DADOS del Carnaval de Bahidor\u00e1 2018<\/strong>.<br \/>\n<a href=\"http:\/\/nofm-radio.com\/wp-content\/uploads\/2018\/02\/LAA_0286.jpg\" class=\"no-eff img-link lightbox\" ><img loading=\"lazy\" decoding=\"async\" src=\"http:\/\/nofm-radio.com\/wp-content\/uploads\/2018\/02\/LAA_0286.jpg\" alt=\"\" width=\"1200\" height=\"801\" class=\"alignnone size-full wp-image-26913\" \/><\/a><br \/>\n<strong>\u2022 \u201cY retiemble en sus sue\u00f1os la tierra\u201d<\/strong><br \/>\nLlegamos rayando las 15h al parque <strong>Las Estacas<\/strong>. Despu\u00e9s de colocar las tiendas y cambiarnos de ropa, decidimos ir a dar un paseo por el lugar para observar el montaje de los <strong>escenarios<\/strong>. As\u00ed llegamos al <strong>Asoleadero<\/strong>, vac\u00edo, de aguas pr\u00edstinas y frescas, apenas un grupo de chicas se encontraba disfrutando del r\u00edo. Nos tumbamos en el pasto para intentar relajarnos del viaje. Fue en ese momento que la tierra comenz\u00f3 a cimbrarse con un ligero movimiento que, en principio, pensamos hab\u00eda sido provocado por el paso de alguno de los muchos camiones que circundaban el lugar, sin embargo, el jal\u00f3n dur\u00f3 m\u00e1s de lo esperado y comenz\u00f3 a intensificarse. Sonaron las <strong>alarmas<\/strong>, las palmeras se mec\u00edan en un vaiv\u00e9n asustador mientras nosotros apenas nos inmutamos pues el sitio en el que nos encontr\u00e1bamos era seguro y descampado. Despu\u00e9s de unos minutos <strong>el sismo<\/strong> se detuvo y pudimos constatar que no hab\u00eda afectaciones en la infraestructura que sosten\u00eda al festival. Todo qued\u00f3 en un susto. <strong>Bahidor\u00e1<\/strong> nos recib\u00eda con un <strong>temblor<\/strong>, tal vez como una met\u00e1fora de lo que suceder\u00eda con nuestras emociones durante el fin de semana.<br \/>\n<a href=\"http:\/\/nofm-radio.com\/wp-content\/uploads\/2018\/02\/LAA_0532.jpg\" class=\"no-eff img-link lightbox\" ><img loading=\"lazy\" decoding=\"async\" src=\"http:\/\/nofm-radio.com\/wp-content\/uploads\/2018\/02\/LAA_0532.jpg\" alt=\"\" width=\"1200\" height=\"801\" class=\"alignnone size-full wp-image-26914\" \/><\/a><br \/>\n<strong>\u2022 El suelo que todo lo da<\/strong><br \/>\nCa\u00eda la noche en <strong>Tlaltizapan<\/strong> y con ella comenzaban las <strong>actividades de bienvenida<\/strong> para la prensa y aquellas avecillas nocturnas que se anticiparon a la llegada del p\u00f3pulo. Llegamos a <strong>El Umbral<\/strong> para asistir la presentaci\u00f3n de <strong>Sabine Blatzin<\/strong> y <strong>Nickodemus<\/strong> representando al sello <strong>Fania<\/strong>,<strong>\u00a0<\/strong>uno de los m\u00e1s emblem\u00e1ticos en cuanto a m\u00fasica latina refiere. Hab\u00eda unas cien personas quienes disfrutaban de los ritmos cumbiancherosalserobogaloofunkosos, hasta que de repente, fuimos sorprendidos por un <strong>castillo de pirotecnia<\/strong> que se encend\u00eda atr\u00e1s de nosotros, fundi\u00e9ndose en coloridos destellos y estruendosos resplandores. Todo lo anterior provoc\u00f3, al parecer, que la chica que se encontraba frente a nosotros extraviara en el pasto algo de mucho valor, no sab\u00edamos qu\u00e9 chingados buscaba con tanta enjundia y determinaci\u00f3n, por lo que le preguntamos qu\u00e9 se le hab\u00eda ca\u00eddo, a lo que respondi\u00f3 con una mirada alterada y un tanto avergonzada, se levant\u00f3 abruptamente y sali\u00f3 de ah\u00ed. Sin embargo, mis gentiles y abusados acompa\u00f1antes aguzaron los sentidos y casi al instante advirtieron una <strong>pastilla azul<\/strong> en forma de garrita beb\u00e9, que yac\u00eda entre la hierba del pasto.<strong> Jah<\/strong> todo poderoso nos estaba mandando esa<strong> tacha<\/strong> de dudosa procedencia para probar nuestro temple y determinaci\u00f3n para la acci\u00f3n de drogarse. No nos la dimos en el momento y al d\u00eda siguiente pasamos al stand de la banda de <strong>SPOLEA<\/strong> para que checaran la calidad del regalo que la naturaleza nos hab\u00eda dado. El resultado: un comprimido metanfetaminoso que pues no estaba chido pero tampoco estaba gacho. Acab\u00f3 disuelto en un poco de agua de la que de vez en vez le daba un traguito, nom\u00e1s pa\u2019 espantarme el sue\u00f1o.<br \/>\n<a href=\"http:\/\/nofm-radio.com\/wp-content\/uploads\/2018\/02\/LAA_0534.jpg\" class=\"no-eff img-link lightbox\" ><img loading=\"lazy\" decoding=\"async\" src=\"http:\/\/nofm-radio.com\/wp-content\/uploads\/2018\/02\/LAA_0534.jpg\" alt=\"\" width=\"1200\" height=\"801\" class=\"alignnone size-full wp-image-26915\" \/><\/a><br \/>\n<strong>\u2022 \u201c\u00a1Uy! Ya s\u00f3lo tenemos desayunos para medios oficiales\u201d<\/strong><br \/>\nFue la frase que escuchamos como respuesta a nuestra solicitud de desayuno.\u00a0Chale, la neta la <strong>producci\u00f3n<\/strong> s\u00ed se vio bien chaqueta al negarnos los sacrosantos alimentos del d\u00eda s\u00e1bado y domingo nom\u00e1s por no ser <strong>medio \u201coficial&#8221;<\/strong>.\u00a0Con decirles que ni a nuestros colegas de<strong> La Jornada<\/strong> les quer\u00edan dar sus chilaquilitos. La verdad es que s\u00ed sentimos casi tan gacho como la comida que nos daban, en fin, alg\u00fan d\u00eda esperemos se acaben estas distinciones para la <strong>prensa<\/strong> y lleguemos al fin de las categor\u00edas que separan a quienes desayunan de quienes no, en general, para la sociedad tambi\u00e9n, hablando de todo.<br \/>\n<a href=\"http:\/\/nofm-radio.com\/wp-content\/uploads\/2018\/02\/LAA_0645.jpg\" class=\"no-eff img-link lightbox\" ><img loading=\"lazy\" decoding=\"async\" src=\"http:\/\/nofm-radio.com\/wp-content\/uploads\/2018\/02\/LAA_0645.jpg\" alt=\"\" width=\"1200\" height=\"800\" class=\"alignnone size-full wp-image-26916\" \/><\/a><br \/>\n<strong>\u2022 Del dancehall al soca de la Isla San Andr\u00e9s<\/strong><br \/>\nEl reloj maracaba las 12 y las actividades del <strong>escenario principal<\/strong> comenzaban con mucho ritmo y poder. Los colombianos <strong>Hetty y Zambo<\/strong> sal\u00edan a un caliente escenario que crasheaba las compus del Mc, haciendo que el show se detuviera por momentos y lo que provoc\u00f3 que la producci\u00f3n improvisara una sombrilla y un ventilador para mantener frescos los distintos equipamientos de la banda. Al solucionarse el pedo, la dupla comenzar\u00eda a encantar a los asistentes con la fuerza de la <strong>cultura criolla<\/strong>, al tiempo que aprovechaban los pocos espacios entre tema y tema para invitarnos a visitar esa bonita isla del caribe colombiano: <strong>San Andr\u00e9s<\/strong>. No era mucha la audiencia que se congreg\u00f3 pero s\u00ed fuerte y determinada, pues siguieron a la perfecci\u00f3n los pasos que la dupla nos ense\u00f1aba como para mostrarnos c\u00f3mo se baila ese tipo de m\u00fasica, all\u00e1 por esas paradis\u00edacas y turquesas aguas. Esperen pr\u00f3ximamente a este d\u00fao en vivo en el <strong>HipHop\u00f3tamo<\/strong> de la <strong>NoFM<\/strong> charlando con el buen <strong>Rafa Mart\u00ednez<\/strong>. Muy chida manera de comenzar, con esta agrupaci\u00f3n tan orgullosa de sus ra\u00edces e identidad criolla, esa mezcla cultural que interesa al festival y que lo hace ya una constante edici\u00f3n tras edici\u00f3n.<br \/>\n<a href=\"http:\/\/nofm-radio.com\/wp-content\/uploads\/2018\/02\/LAA_0660.jpg\" class=\"no-eff img-link lightbox\" ><img loading=\"lazy\" decoding=\"async\" src=\"http:\/\/nofm-radio.com\/wp-content\/uploads\/2018\/02\/LAA_0660.jpg\" alt=\"\" width=\"1200\" height=\"801\" class=\"alignnone size-full wp-image-26917\" \/><\/a><br \/>\n<strong>\u2022 Poner las palabras \u201ccampesinos\u201d y \u201cobreros\u201d dentro del contexto<\/strong><br \/>\nSigui\u00f3 el turno de <strong>Los Aguas Aguas<\/strong>, agrupaci\u00f3n nacional que mezcla ritmos como el <strong>son jarocho, cumbia, ska y rock<\/strong> de manera magistral. Hicieron uso de sus dotes provocando fuerte movedera de cadera en la asistencia, al tiempo que sus letras, cargadas de fuerte <strong>contenido social<\/strong>, hicieran aparecer por momentos en ese<strong><em> ethos<\/em><\/strong> invisible que flota sobre la colecividad, algunas palabras y conceptos que parecieran olvidados por nuestra condici\u00f3n de clase: <strong>\u201cobreros y campesinos\u201d<\/strong>, <strong>\u201cjusticia, paz y dignidad\u201d<\/strong>, \u201calto a la guerra contra la sociedad civil\u201d. Alguien lo ten\u00eda que hacer y qu\u00e9 bueno que fuera una agrupaci\u00f3n nacional, quienes recordaron la funci\u00f3n social que tienen los m\u00fasicos: ser voceros del pueblo y sus necesidades, denunciar los abusos del gobierno e intentar abrir una brecha en la conciencia colectiva para provocar un cambio. Algo que al parecer a nadie le importa ya estos d\u00edas, y menos en un festival que va dirigido a un p\u00fablico pudiente y econ\u00f3micamente c\u00f3modo.<br \/>\n<a href=\"http:\/\/nofm-radio.com\/wp-content\/uploads\/2018\/02\/LAA_0759.jpg\" class=\"no-eff img-link lightbox\" ><img loading=\"lazy\" decoding=\"async\" src=\"http:\/\/nofm-radio.com\/wp-content\/uploads\/2018\/02\/LAA_0759.jpg\" alt=\"\" width=\"1200\" height=\"801\" class=\"alignnone size-full wp-image-26918\" \/><\/a><br \/>\n<strong>\u2022 De la apropiaci\u00f3n cultural y las reflexiones en torno<\/strong><br \/>\nLlegaba el turno de los argentinos <strong>Chancha V\u00eda Circuito<\/strong>, d\u00fao que mezcla la m\u00fasica del folclore andino con elementos electr\u00f3nicos. Lo hacen bien, hasta llegan a producir conmovedores estados cuasi ente\u00f3genos, sin embargo, un pensamiento me asalt\u00f3 casi al mismo siento de sentir tal fruici\u00f3n: \u00bfcu\u00e1l ser\u00eda la reacci\u00f3n de la gente perteneciente a esas comunidades perdidas en la infinidad de las monta\u00f1as sudamericanas al escuchar la m\u00fasica de sus pueblos, sampleada en electr\u00f3nicos <strong>beats<\/strong> tocados para un p\u00fablico mayoritariamente blanco y privilegiado? No s\u00e9 si andaba muy pasado, y mi comentario no va en torno a atacar lo que hacen estos compas, sino mas bien a reflexionar sobre el fen\u00f3meno de la <strong>apropiaci\u00f3n cultural.<\/strong>\u00a0\u00bfQu\u00e9 tanto se lucra con la<strong> herencia<\/strong> de los diversos pueblos del mundo?, \u00bfqu\u00e9 tanto se resignifica la cultura en entornos ajenos al que la vieron nacer?, \u00bfes acaso esto un fen\u00f3meno impulsado por la <strong>econom\u00eda<\/strong> o meramente un producto de la<strong> globalizaci\u00f3n<\/strong> de estos tiempos? No s\u00e9 responder a estas preguntas, no s\u00e9 si sea \u201cbueno\u201d o \u201cmalo\u201d apropiarse de elementos culturales como la m\u00fasica y el vestido para ser usados en contextos completamente diferentes a los que los originan, reduciendo las partes esenciales y emblem\u00e1ticas de ciertos pueblos a meros<strong> objetos de consumo<\/strong> dentro el mercado global. Lo mismo pasa con esa gente que lleva penachos a los festivales, o pelucas afro, o huipiles o dreadlocks o turbantes, \u00bfsomos todos responsables de estos fen\u00f3menos? Y si s\u00ed, \u00bfen qu\u00e9 medida?, \u00bfqu\u00e9 tanto de la cultura contempor\u00e1nea se ha construido con base en referentes de elementos propios de otros pueblos con otra <strong>cosmogon\u00eda<\/strong>? En fin, ah\u00ed est\u00e1n esas preguntas cuyas respuestas podemos imaginar, a trav\u00e9s de distintos procesos de reflexi\u00f3n.<br \/>\n<a href=\"http:\/\/nofm-radio.com\/wp-content\/uploads\/2018\/02\/LAA_0793.jpg\" class=\"no-eff img-link lightbox\" ><img loading=\"lazy\" decoding=\"async\" src=\"http:\/\/nofm-radio.com\/wp-content\/uploads\/2018\/02\/LAA_0793.jpg\" alt=\"\" width=\"1200\" height=\"801\" class=\"alignnone size-full wp-image-26919\" \/><\/a><br \/>\n\u2022<strong> El vato pedo que nos robaba la chela<\/strong><br \/>\nDespu\u00e9s de clavarme un rato en eso de la apropiaci\u00f3n cultural, decid\u00ed darme un respiro del escenario principal pues el buen <strong>Javi<\/strong> (<strong>Sonido Martines<\/strong>), ya estaba pinchando sus vinilos en el Asoleadero. Iba entrando al \u201cTepetongo\u201d del Bahidor\u00e1, cuando me encontr\u00e9 a mi amigo Nimai sentado diciendo cosas incoherentes. Me invit\u00f3 de su michelada, yo le di unos haloweens del caf\u00e9 que llevaba y una cosa llevo a la otra, sali\u00f3 el <strong>MDMA<\/strong> y seguimos en la fritas hasta que un carnal bien pedo, en tono juguet\u00f3n castroso, nos quit\u00f3 nuestro vaso de chela y ya no nos lo quer\u00eda devolver, hasta nos dec\u00eda que era de \u00e9l y que no mamaramos. Le dimos por su lado, armamos otra cheve y despu\u00e9s de unos tragos comenzamos a dudar si en verdad esa chela era de nosotros. Reencontrar viejos amigos es siempre una delicia, como delicioso fue el set que nos comparti\u00f3 el Javi, quien nos llev\u00f3 en un viaje an\u00e1logo por la francofon\u00eda caribe\u00f1a, el \u00c1frica occidental, los Andes sudamericanos, la selva del Per\u00fa y las playas del Brasil; siempre con el sello caracter\u00edstico del <strong>Sonido Martines<\/strong>, un investigador que no duda en zambullirse dentro de las polvosas cajas que ofrecen toda clase de<strong> vinilos<\/strong> en los tianguis perdidos alrededor del mundo, otorgando una experiencia completamente novedosa para las nuevas generaciones acostumbradas a la m\u00fasica digital hecha 100% por computadoras; un sonido que les resulta curioso en principio y que despu\u00e9s de un rato, termina por atraparlos dentro del hipn\u00f3tico trance que provoca la fricci\u00f3n de la aguja con el zurco del vinil. Qu\u00e9 bueno que gran parte del programa del festival fue ocupado por dj\u2019s y selectores que utilizan formatos an\u00e1logos. La m\u00fasica y sus texturas les agradecen.<br \/>\n<a href=\"http:\/\/nofm-radio.com\/wp-content\/uploads\/2018\/02\/LAA_0840.jpg\" class=\"no-eff img-link lightbox\" ><img loading=\"lazy\" decoding=\"async\" src=\"http:\/\/nofm-radio.com\/wp-content\/uploads\/2018\/02\/LAA_0840.jpg\" alt=\"\" width=\"1200\" height=\"801\" class=\"alignnone size-full wp-image-26920\" \/><\/a><br \/>\n<strong>\u2022 La Isla Pic\u00f3<\/strong><br \/>\nEste a\u00f1o el Carnaval de Bahidor\u00e1 cont\u00f3 con diversos escenarios alternos, alejados del bullicio y las aglomeraciones del Asoleadero y el escenario principal, la <strong>Isla Pic\u00f3<\/strong> ofreci\u00f3 experiencias sonideras de <strong>m\u00fasica tropical latina y vanguardia<\/strong>. Fue en este escenario, ataviado al estilo de los sonideros picoteros del caribe colombiano y venezolano, donde lo mejor del mundo de la m\u00fasica grabada se manifestar\u00eda con el candor propio de los lugares que les vieron nacer: la<strong> fiesta de barrio<\/strong>. Lleg\u00f3 pues el turno del <strong>Sonido Confirmaci\u00f3n<\/strong>, viejo favorito de <strong>La hora DADA<\/strong> y sus festivales de parrandas, para hacer las delicias de la noche con sus menciones y dedicatorias 100% confirmaci\u00f3n. El buen Danny rifando y controlando desde las tornas, pinchando puro tema bailable ching\u00f3n, que congreg\u00f3 a la malandragem: la banda de la <strong>Resistencia Modulada<\/strong> (el <strong>Apache O\u2019Raspi<\/strong> con el <strong>Paquito de Pablo<\/strong>), el Javi (Sonido Martines), <strong>Carlos Tropicaza<\/strong> y<strong> Julien<\/strong> (La ReDaDa) quienes tocar\u00edan pasando el turno de Confirmaci\u00f3n. Todo en un ambiente suave y tranquilo, la noche hab\u00eda ca\u00eddo en Las Estacas cuando el escenario se transform\u00f3 completamente, ampliando su capacidad y haciendo emerger una bater\u00eda en medio de la nada. Era el turno de <strong>La ReDaDa<\/strong>, agrupaci\u00f3n chilanga oriunda de la colonia de Doctores en el mero centro de la capirucha, mexicalpan extra ponketo. Estos locos del ritmo nos hicieron bailar con su groovy repertorio cargado de sintetizadores, theremins y notas de sax que surfean sobre el vaiv\u00e9n de su base percutiva, atrayendo al asistente a un viaje psicod\u00e9lico y tropical dotado de fuertes momentos disco funky. En fin, se viene una fecha pr\u00f3ximamente en el <strong>Alicia<\/strong>, c\u00e1iganle pa\u2019 que sepan de qu\u00e9 lado masca la iguana.<br \/>\n<a href=\"http:\/\/nofm-radio.com\/wp-content\/uploads\/2018\/02\/LAA_0945.jpg\" class=\"no-eff img-link lightbox\" ><img loading=\"lazy\" decoding=\"async\" src=\"http:\/\/nofm-radio.com\/wp-content\/uploads\/2018\/02\/LAA_0945.jpg\" alt=\"\" width=\"1200\" height=\"801\" class=\"alignnone size-full wp-image-26921\" \/><\/a><br \/>\n<strong>\u2022 Un oscuro claro de luna<\/strong><br \/>\nLleg\u00f3 el turno de uno de los actos m\u00e1s esperados del carnaval, la presentaci\u00f3n de<strong> Kamasi Washington<\/strong>. Uno de los jazzeros m\u00e1s prol\u00edficos y activos del momento, colaborador de sinf\u00edn de proyectos, encendi\u00f3 la noche desde el primer momento de su presentaci\u00f3n para luego bajar y llevarnos a un suave valle <strong>soul<\/strong> en compa\u00f1\u00eda de sus talentosos m\u00fasicos, quienes tambi\u00e9n son parte de su<strong> familia<\/strong>. Kamasi nos recuerda el valor de hacer las cosas con el coraz\u00f3n, rodeados de la gente que queremos en un ambiente de cari\u00f1o y camarader\u00eda, eso se transmite en el escenario y dota a la m\u00fasica de un plus muy especial, ese sentimiento aut\u00e9ntico tan necesario para esta onda de la m\u00fasica. Fue incre\u00edble c\u00f3mo las rolas se extend\u00edan en infinitos solos de cada uno de los miembros de la banda: trompeta, flauta transversa y hasta DOS BATACAS precedieron el solo del gur\u00fa, quien, dando lecci\u00f3n sobre <strong>improvisaci\u00f3n<\/strong>, demostr\u00f3 una vez m\u00e1s que, m\u00e1s all\u00e1 de una t\u00e9cnica refinada, lo que hace a <strong>un solo<\/strong> crispar la piel es la intenci\u00f3n con la que se toca. Este maestro se qued\u00f3 varias vueltas parado firmemente sobre una nota, y as\u00ed, improvisando en un \u00fanico sonido, concret\u00f3 uno de los momentos m\u00e1s chingones del <strong>festival<\/strong>. Nos hizo\u00a0reparar sobre lo indispensable que resulta para todo <strong>m\u00fasico<\/strong> y ejecutante hacer de su instrumento una extensi\u00f3n de su cuerpo, sintiendo con \u00e9l, movi\u00e9ndose a trav\u00e9s del sonido con s\u00f3lo sentir, sentir sintiendo el sentimiento presente del aqu\u00ed y ahora, tan fluido que no se necesita parar a pensar.<br \/>\n<a href=\"http:\/\/nofm-radio.com\/wp-content\/uploads\/2018\/02\/LAA_1095.jpg\" class=\"no-eff img-link lightbox\" ><img loading=\"lazy\" decoding=\"async\" src=\"http:\/\/nofm-radio.com\/wp-content\/uploads\/2018\/02\/LAA_1095.jpg\" alt=\"\" width=\"1200\" height=\"673\" class=\"alignnone size-full wp-image-26922\" \/><\/a><br \/>\n<strong>\u2022 El rinc\u00f3n de los tee-pees<\/strong><br \/>\nDespu\u00e9s del ritual que signific\u00f3 la presentaci\u00f3n de Kamasi Washington, y un poco desencantados de lo que sigui\u00f3 en el escenario principal, nos dirigimos al recinto m\u00e1s alejado del carnaval (no sin antes echar el taco de rigor, pa aguantar la madrugada):<strong> La Madriguera<\/strong>, un escenario \u00edntimo y acogedor que presentaba propuestas diferentes a lo que se escuchaba en otros escenarios de Bahidor\u00e1. Encontramos el show de<strong> Benny Bajo &amp; the Kings of Creole<\/strong>, agrupaci\u00f3n que nos dej\u00f3 un buen sabor de boca por lo bien lograda de sus fusiones que reun\u00edan elementos de la m\u00fasica caribe\u00f1a como el reggaet\u00f3n, con el free jazz de John Coltrane y otras ondas funky. Muy chiro, muy suave, con mucha onda, varias parejitas aprovechaban la luz baja del lugar para cachondear dentro de los <strong>tee-pees<\/strong> dispuestos, al parecer, para los placeres del cuerpo. Emulando antiguas casas de opio, estos tee-pees ofrec\u00edan un ambiente relajado y sensual para quienes se adentraban en ellos a descubrir las bondades de los frutos corp\u00f3reos. L\u00e1stima haberlo encontrado tan tarde, hubiera sido bueno tener m\u00e1s tiempo para disfrutar del programa de La Madriguera y sus rincones.<br \/>\nAs\u00ed pues esta breve lista de <strong>lo m\u00e1s DADO<\/strong> que aconteci\u00f3 en la m\u00e1s reciente edici\u00f3n del <strong>Carnaval de Bahidor\u00e1<\/strong>, importante evento que ya est\u00e1 consagrado dentro del horizonte cultural de Tlaltizapan, Morelos, y que a\u00f1o con a\u00f1o ofrece al p\u00fablico un variado cartel que conjuga diversos artistas de distintos rincones del globo, todos con una propuesta \u00fanica que habla de sus ra\u00edces y es parte fundamental de su identidad.<br \/>\nCabe se\u00f1alar que este a\u00f1o, a diferencia de otros, me sent\u00ed muy c\u00f3modo dentro del festival y eso se debi\u00f3 a la gran cantidad de amigos que encontr\u00e9 y con quienes compart\u00ed risas, sorpresas y sustancias; la verdad es que sin esas personas mi experiencia habr\u00eda sido radicalmente diferente. La aventura est\u00e1 a la vuelta de la esquina, es s\u00f3lo fluir y dejar de agarrar. <strong>Magia<\/strong> le llaman algunos, <strong>ley de la atracci\u00f3n<\/strong> otros, pero lo cierto es que nada me falt\u00f3, del piso encontr\u00e9 desde cigarros hasta tachas, y de la mano de los amigos vinieron chelas, mezcales, galletas de mostaza, emedemea y hasta hojita de coca directamente de La Paz, Bolivia. Esa es la ense\u00f1anza que me deja Bahidor\u00e1: tu mente es un im\u00e1n que atrae y repele lo que deseas y rechazas, una actitud estoica y parsimoniosa es fluir con el momento, tus deseos se proyectan en el universo reflej\u00e1ndose n\u00edtidamente en el <strong>mundo material<\/strong> al tiempo en el que los sueltas, los dejas de agarrar, te desapegas. La pr\u00f3xima vez que desees algo, visual\u00edzalo en tu mente mientras evocas la sensaci\u00f3n que te producir\u00eda el obtenerlo, experim\u00e9ntala fuertemente, v\u00edvidamente y despu\u00e9s\u2026 olv\u00eddate de ella. Llegar\u00e1.<br \/>\n<a href=\"http:\/\/nofm-radio.com\/wp-content\/uploads\/2018\/02\/LAA_9926.jpg\" class=\"no-eff img-link lightbox\" ><img loading=\"lazy\" decoding=\"async\" src=\"http:\/\/nofm-radio.com\/wp-content\/uploads\/2018\/02\/LAA_9926.jpg\" alt=\"\" width=\"1200\" height=\"801\" class=\"alignnone size-full wp-image-26923\" \/><\/a><\/p>\n","protected":false},"template":"","meta":{"_id_youtube":"","_id_vimeo":"","_podcasts_duration":"","_podcasts_url":"","_podcasts_show":"","_prog_horario_dias":"","_prog_hora":"","_prog_duration":""},"class_list":["post-26904","archivo","type-archivo","status-publish","hentry"],"_links":{"self":[{"href":"https:\/\/nofm-radio.com\/index.php?rest_route=\/wp\/v2\/archivo\/26904","targetHints":{"allow":["GET"]}}],"collection":[{"href":"https:\/\/nofm-radio.com\/index.php?rest_route=\/wp\/v2\/archivo"}],"about":[{"href":"https:\/\/nofm-radio.com\/index.php?rest_route=\/wp\/v2\/types\/archivo"}],"wp:attachment":[{"href":"https:\/\/nofm-radio.com\/index.php?rest_route=%2Fwp%2Fv2%2Fmedia&parent=26904"}],"curies":[{"name":"wp","href":"https:\/\/api.w.org\/{rel}","templated":true}]}}