{"id":27234,"date":"2018-03-01T12:23:47","date_gmt":"2018-03-01T18:23:47","guid":{"rendered":"http:\/\/nofm-radio.com\/?p=27234"},"modified":"2018-03-01T12:23:47","modified_gmt":"2018-03-01T18:23:47","slug":"de-que-trata-cuna-de-lobos","status":"publish","type":"archivo","link":"https:\/\/nofm-radio.com\/?archivo=de-que-trata-cuna-de-lobos","title":{"rendered":"\u00bfDe qu\u00e9 trata Cuna de Lobos y por qu\u00e9 nos duele tanto la muerte de Catalina Creel?"},"content":{"rendered":"<p>Hoy por la ma\u00f1ana se dio la noticia de la muerte de la actriz <strong>Mar\u00eda Rubio<\/strong>, conocid\u00edsima por el papel de <strong>Catalina Creel<\/strong>. \u00bfPero qui\u00e9n carajos es Catalina Creel y por qu\u00e9 todo mundo dice que cambi\u00f3 la televisi\u00f3n mexicana?<br \/>\nLa gran <strong>villana<\/strong> fue la protagonista de la telenovela <em><strong>Cuna de Lobos<\/strong><\/em>, que se transmiti\u00f3 entre 1986 y 1987 en M\u00e9xico y que es celebrada como la m\u00e1s grande muestra del g\u00e9nero. Tanto as\u00ed que la mayor\u00eda de nosotros reconocemos al personaje de Catalina Creel porque ya es parte de la cultura popular. Pero \u00bfde qu\u00e9 trat\u00f3 Cuna de Lobos y por qu\u00e9 paraliz\u00f3 al pa\u00eds? La <strong>telenovela<\/strong> en realidad cuenta la pelea de dos hermanos por la herencia familiar, y el claro favoritismo de la madre (Catalina) por el hijo menor. Entre asesinatos, drama e hijos robados, lo mejor de <em>Cuna de Lobos<\/em> era que estaba magistralmente escrita por <strong>Carlos Olmos<\/strong> y adaptada por <strong>Enrique Serna<\/strong> y <strong>Margarita Villase\u00f1or<\/strong>, y que las actuaciones son memorables.<br \/>\nY bueno, en lugar de spoilerearles la historia o hacerles un recopilado de los grandes insultos que escup\u00eda do\u00f1a Catalina, les dejamos el <strong>primer cap\u00edtulo completo<\/strong> de la teleserie. Y no se apuren, que si se clavan, en <strong><a href=\"https:\/\/app.box.com\/s\/mkcw0g8r0mva9pd310nj8a8etjsec8ir?sortColumn=date&amp;sortDirection=desc&amp;pageSize=20&amp;pageNumber=0\" target=\"_blank\" rel=\"noopener noreferrer\">este link<\/a> <\/strong>podr\u00e1n descargarla completa.<br \/>\nP\u00f3nganse su parche y disfruten.<br \/>\n<iframe loading=\"lazy\" src=\"\/\/www.dailymotion.com\/embed\/video\/x4xwjxp\" width=\"480\" height=\"270\" frameborder=\"0\" allowfullscreen=\"allowfullscreen\"><\/iframe><\/p>\n","protected":false},"template":"","meta":{"_id_youtube":"","_id_vimeo":"","_podcasts_duration":"","_podcasts_url":"","_podcasts_show":"","_prog_horario_dias":"","_prog_hora":"","_prog_duration":""},"class_list":["post-27234","archivo","type-archivo","status-publish","hentry"],"_links":{"self":[{"href":"https:\/\/nofm-radio.com\/index.php?rest_route=\/wp\/v2\/archivo\/27234","targetHints":{"allow":["GET"]}}],"collection":[{"href":"https:\/\/nofm-radio.com\/index.php?rest_route=\/wp\/v2\/archivo"}],"about":[{"href":"https:\/\/nofm-radio.com\/index.php?rest_route=\/wp\/v2\/types\/archivo"}],"wp:attachment":[{"href":"https:\/\/nofm-radio.com\/index.php?rest_route=%2Fwp%2Fv2%2Fmedia&parent=27234"}],"curies":[{"name":"wp","href":"https:\/\/api.w.org\/{rel}","templated":true}]}}